{"id":37883,"date":"2026-02-02T10:00:38","date_gmt":"2026-02-02T08:00:38","guid":{"rendered":"https:\/\/fundatiaregala.ro\/?page_id=37883"},"modified":"2026-02-09T11:56:02","modified_gmt":"2026-02-09T09:56:02","slug":"proiecte-finalizate","status":"publish","type":"page","link":"https:\/\/fundatiaregala.ro\/en\/proiecte-finalizate\/","title":{"rendered":"Proiecte Finalizate"},"content":{"rendered":"<section class=\"vc_row liquid-row-shadowbox-69f42f9346e5b\"><div class=\"ld-container container\"><div class=\"row ld-row ld-row-outer\"><div class=\"wpb_column vc_column_container vc_col-sm-12 liquid-column-69f42f934753a\"><div class=\"vc_column-inner\" ><div class=\"wpb_wrapper\"  ><style>.ld_spacer_69f42f934762a{height:200px;}<\/style>\n<div class=\"ld-empty-space ld_spacer_69f42f934762a\"><\/div><\/div><\/div><\/div><\/div><\/div><\/section><section class=\"vc_row liquid-row-shadowbox-69f42f9347a7e\"><div class=\"ld-container container\"><div class=\"row ld-row ld-row-outer\"><div class=\"wpb_column vc_column_container vc_col-sm-12 liquid-column-69f42f9347f3a\"><div class=\"vc_column-inner\" ><div class=\"wpb_wrapper\"  ><style>.ld_fancy_heading_69f42f9348105 h1{color:#262528;}.ld_fancy_heading_69f42f9348105 .lqd-highlight-inner{height:0.275em!important;bottom:0px!important;}<\/style><div class=\"ld-fancy-heading text-center ld_fancy_heading_69f42f9348105\">\n\t<h1 class=\"ld-fh-element lqd-highlight-underline lqd-highlight-grow-left text-decoration-default\"   >  COMPLETED PROJECTS<\/h1><\/div><style>.ld_spacer_69f42f93482d9{height:100px;}<\/style>\n<div class=\"ld-empty-space ld_spacer_69f42f93482d9\"><\/div><\/div><\/div><\/div><\/div><\/div><\/section><style>@media (min-width: 1200px) { .liquid-row-responsive-69f42f93486e3 {padding-top:0px !important;  }  }    <\/style><section class=\"vc_row vc_custom_1770378727725 liquid-row-responsive-69f42f93486e3 liquid-row-shadowbox-69f42f9348709\"><div class=\"ld-container container\"><div class=\"row ld-row ld-row-outer\"><div class=\"wpb_column vc_column_container vc_col-sm-12 liquid-column-69f42f934916d\"><div class=\"vc_column-inner\" ><div class=\"wpb_wrapper\"  ><style>.vc_accordion_69f42f940a274 .accordion-title a{color:#262528;}.vc_accordion_69f42f940a274 .accordion-item.active .accordion-title a{color:#262528;}.vc_accordion_69f42f940a274 .accordion-title a, .vc_accordion_69f42f940a274 .accordion-item{border-color:#d2a12a;}.vc_accordion_69f42f940a274 .accordion-item.active .accordion-title a, .vc_accordion_69f42f940a274 .accordion-item.active{border-color:#1d4484;}<\/style><div class=\"accordion accordion-sm accordion-title-bordered vc_accordion_69f42f940a274\" id=\"vc_accordion_69f42f940a274\"\n     role=\"tablist\" aria-multiselectable=\"true\">\n\n\t            <div class=\"accordion-item panel\">\n\n                <div class=\"accordion-heading\" role=\"tab\" id=\"heading_lqd-1770297545285-29cbd9eb-89e3\" data-id=\"lqd-1770297545285-29cbd9eb-89e3\">\n                    <p class=\"accordion-title\" data-controls=\"lqd-1770297545285-29cbd9eb-89e3\" tabindex=\"-1\">\n                        <a tabindex=\"0\" class=\"collapsed\" data-toggle=\"collapse\"  data-bs-toggle=\"collapse\"\n                           data-parent=\"#vc_accordion_69f42f940a274\" data-bs-parent=\"#vc_accordion_69f42f940a274\" href=\"#lqd-1770297545285-29cbd9eb-89e3\" data-bs-target=\"#lqd-1770297545285-29cbd9eb-89e3\"\n                           aria-expanded=\"false\" aria-controls=\"lqd-1770297545285-29cbd9eb-89e3\">\n\n\t\t\t\t\t\t\t\n\t\t\t\t\t\t\tBridges Between Generations - Connecting Generations Through Technology\n\t\t\t\t\t\t\t                                <span class=\"accordion-expander\">\n\t\t\t\t\t\t\t\t\t\t\t\t\t\t\t\t\t\t\t<i class=\"lqd-icn-ess icon-ion-ios-add\"><\/i>\n\t\t\t\t\t\t\t\t\t\n\t\t\t\t\t\t\t\t\t\t\t\t\t\t\t\t\t\t\t<i class=\"lqd-icn-ess icon-ion-ios-remove\"><\/i>\n\t\t\t\t\t\t\t\t\t\t\t\t\t\t\t\t\t<\/span>\n\t\t\t\t\t\t\t\n                        <\/a>\n\n                    <\/p>\n                <\/div>\n\n                <div id=\"lqd-1770297545285-29cbd9eb-89e3\" class=\"accordion-collapse collapse\"\n                    data-bs-parent=\"#vc_accordion_69f42f940a274\" role=\"tabpanel\" aria-labelledby=\"heading_lqd-1770297545285-29cbd9eb-89e3\">\n                    <div class=\"accordion-content\">\n\t\t\t\t\t\t<div class=\"vc_row vc_inner vc_row-fluid liquid-row-shadowbox-69f42f9349ef3\"><div class=\"ld-container container-fluid\"><div class=\"row ld-row ld-row-inner\"><div class=\"wpb_column vc_column_container vc_col-sm-2 liquid-column-69f42f934a409\"><div class=\"vc_column-inner\" ><div class=\"wpb_wrapper\" ><\/div><\/div><\/div><div class=\"wpb_column vc_column_container vc_col-sm-8 liquid-column-69f42f934a7b7\"><div class=\"vc_column-inner\" ><div class=\"wpb_wrapper\" >\n\t<div  class=\"wpb_single_image wpb_content_element vc_align_  liquid_vc_single_image-69f42f934aec0\">\n\t\t\n\t\t<figure class=\"wpb_wrapper vc_figure\">\n\t\t\t<div class=\"vc_single_image-wrapper\"><img decoding=\"async\" width=\"2040\" height=\"173\" src=\"https:\/\/fundatiaregala.ro\/wp-content\/uploads\/Identitate-PNRR.png\" class=\"vc_single_image-img attachment-full\" alt=\"\" title=\"Identitate---PNRR\" srcset=\"https:\/\/fundatiaregala.ro\/wp-content\/uploads\/Identitate-PNRR.png 2040w, https:\/\/fundatiaregala.ro\/wp-content\/uploads\/Identitate-PNRR-300x25.png 300w, https:\/\/fundatiaregala.ro\/wp-content\/uploads\/Identitate-PNRR-1024x87.png 1024w, https:\/\/fundatiaregala.ro\/wp-content\/uploads\/Identitate-PNRR-18x2.png 18w\" sizes=\"(max-width: 2040px) 100vw, 2040px\" itemprop=\"image\" \/><\/div>\n\t\t<\/figure>\n\t<\/div>\n<\/div><\/div><\/div><div class=\"wpb_column vc_column_container vc_col-sm-2 liquid-column-69f42f934b293\"><div class=\"vc_column-inner\" ><div class=\"wpb_wrapper\" ><\/div><\/div><\/div><\/div><\/div><\/div><div class=\"vc_row vc_inner vc_row-fluid liquid-row-shadowbox-69f42f934b51e\"><div class=\"ld-container container-fluid\"><div class=\"row ld-row ld-row-inner\"><div class=\"wpb_column vc_column_container vc_col-sm-12 liquid-column-69f42f934b984\"><div class=\"vc_column-inner\" ><div class=\"wpb_wrapper\" ><style>.ld_fancy_heading_69f42f934bb54 h2{color:#262528;}.ld_fancy_heading_69f42f934bb54 .lqd-highlight-inner{height:0.275em!important;bottom:0px!important;}<\/style><div class=\"ld-fancy-heading text-center ld_fancy_heading_69f42f934bb54\">\n\t<h2 class=\"ld-fh-element lqd-highlight-underline lqd-highlight-grow-left text-decoration-default\"   >  <\/p>\n<p style=\"text-align: center\">PROJECT DESCRIPTION<\/p>\n<p><\/h2><\/div><style>.ld_fancy_heading_69f42f934be10 p{color:#262528;}.ld_fancy_heading_69f42f934be10 .lqd-highlight-inner{height:0.275em!important;bottom:0px!important;}<\/style><div class=\"ld-fancy-heading text-justified ld_fancy_heading_69f42f934be10\">\n\t<p class=\"ld-fh-element lqd-highlight-underline lqd-highlight-grow-left text-decoration-default\"   >  <\/p>\n<p style=\"text-align: justify\"><strong>The Margareta of Romania Royal Foundation <\/strong>is implementing the project Bridges Between Generations \u2013 Connecting Generations Through Technology during the period 24 July 2025 \u2013 23 January 2026.\nThe project is funded by the European Union \u2013 NextGenerationEU scholarships through the National Recovery and Resilience Plan, under the call Digitalization of the Non-Governmental Organizations Sector, based on Financing Contract No. 755\/2025.\nThe total value of the project is RON 207,453.85, of which the Beneficiary\u2019s co-financing amounts to RON 10,299.75. <strong>24.07.2025 \u2013 23.01.2026<\/strong> proiectul <strong><em>Pun\u021bi \u00eentre Genera\u021bii &#8211; Conectarea Genera\u021biilor prin Tehnologie<\/em><\/strong>, proiect\u00a0 finan\u021bat de <strong>Uniunea European\u0103 &#8211; <em>Urm\u0103toareaGenera\u021bieU<\/em>E<\/strong> through <strong><em>Planul Na\u021bional de Redresare \u0219i Rezilien\u021b\u0103<\/em>, <\/strong>apel de proiecte <strong><em>Digitalizarea Sectorului Organiza\u021biilor Neguvernamentale <\/em><\/strong><em>\u00een baza contractului de finan\u021bare nr 755\/2025. Valoare total\u0103 a proiectului este <\/em><em>207.453,85 <\/em><em>lei din care valoarea cofinan\u021b\u0103rii Beneficiarului este 10.299,75 lei.<\/em><\/p>\n<p><\/p><\/div><\/div><\/div><\/div><\/div><\/div><\/div><div class=\"vc_row vc_inner vc_row-fluid liquid-row-shadowbox-69f42f934c2d1\"><div class=\"ld-container container-fluid\"><div class=\"row ld-row ld-row-inner\"><div class=\"wpb_column vc_column_container vc_col-sm-12 liquid-column-69f42f934c6c3\"><div class=\"vc_column-inner\" ><div class=\"wpb_wrapper\" ><style>.ld_fancy_heading_69f42f934c82b h2{color:#262528;}.ld_fancy_heading_69f42f934c82b .lqd-highlight-inner{height:0.275em!important;bottom:0px!important;}<\/style><div class=\"ld-fancy-heading text-center ld_fancy_heading_69f42f934c82b\">\n\t<h2 class=\"ld-fh-element lqd-highlight-underline lqd-highlight-grow-left text-decoration-default\"   >  <\/p>\n<p style=\"text-align: center\">GENERAL OBJECTIVE<\/p>\n<p><\/h2><\/div><style>.ld_fancy_heading_69f42f934cad0 p{color:#262528;}.ld_fancy_heading_69f42f934cad0 .lqd-highlight-inner{height:0.275em!important;bottom:0px!important;}<\/style><div class=\"ld-fancy-heading text-justified ld_fancy_heading_69f42f934cad0\">\n\t<p class=\"ld-fh-element lqd-highlight-underline lqd-highlight-grow-left text-decoration-default\"   >  <\/p>\n<p style=\"text-align: justify\">The digital transformation of the Royal Margareta of Romania Foundation through the development of a sustainable technological infrastructure and a resilient digital infrastructure, enabling remote access to services for beneficiaries, improving the digital accessibility of the organization\u2019s services for seniors, and strengthening the digital skills of 28 employees and volunteers over the 6-month implementation period of the project.<\/p>\n<p><\/p><\/div><\/div><\/div><\/div><\/div><\/div><\/div><div class=\"vc_row vc_inner vc_row-fluid liquid-row-shadowbox-69f42f934cec3\"><div class=\"ld-container container-fluid\"><div class=\"row ld-row ld-row-inner\"><div class=\"wpb_column vc_column_container vc_col-sm-12 liquid-column-69f42f934d2f9\"><div class=\"vc_column-inner\" ><div class=\"wpb_wrapper\" ><style>.ld_fancy_heading_69f42f934d468 h4{color:#262528;}.ld_fancy_heading_69f42f934d468 .lqd-highlight-inner{height:0.275em!important;bottom:0px!important;}<\/style><div class=\"ld-fancy-heading text-center ld_fancy_heading_69f42f934d468\">\n\t<h4 class=\"ld-fh-element lqd-highlight-underline lqd-highlight-grow-left text-decoration-default\"   >  <\/p>\n<p style=\"text-align: center\"><strong>THE PROJECT HAS 3 SPECIFIC OBJECTIVES:<\/strong><\/p>\n<p><\/h4><\/div><style>.ld_fancy_heading_69f42f934d6f3 h2{color:#262528;}.ld_fancy_heading_69f42f934d6f3 .lqd-highlight-inner{height:0.275em!important;bottom:0px!important;}<\/style><div class=\"ld-fancy-heading text-center ld_fancy_heading_69f42f934d6f3\">\n\t<h2 class=\"ld-fh-element lqd-highlight-underline lqd-highlight-grow-left text-decoration-default\"   >  <\/p>\n<p style=\"text-align: center\"><strong>SPECIFIC OBJECTIVE NO. 1<\/strong><\/p>\n<p><\/h2><\/div><style>.ld_fancy_heading_69f42f934d974 p{color:#262528;}.ld_fancy_heading_69f42f934d974 .lqd-highlight-inner{height:0.275em!important;bottom:0px!important;}<\/style><div class=\"ld-fancy-heading text-justified ld_fancy_heading_69f42f934d974\">\n\t<p class=\"ld-fh-element lqd-highlight-underline lqd-highlight-grow-left text-decoration-default\"   >  <\/p>\n<p style=\"text-align: justify\">The digital transformation of the Royal Margareta of Romania Foundation at infrastructure level through the implementation of sustainable hardware technical solutions (5 laptops, 1 server, 1 IoT system) and resilient software solutions (5 ERP licenses, 5 CRM licenses, 2 AI licenses, 22 server licenses, 22 antivirus licenses, 5 creative\/photo licenses, 5 document processing licenses, 5 cloud-computing licenses), tailored to the organization\u2019s needs, over a period of 6 months.<\/p>\n<p><\/p><\/div><style>.ld_spacer_69f42f934db17{height:50px;}<\/style>\n<div class=\"ld-empty-space ld_spacer_69f42f934db17\"><\/div><style>.ld_fancy_heading_69f42f934dc75 h2{color:#262528;}.ld_fancy_heading_69f42f934dc75 .lqd-highlight-inner{height:0.275em!important;bottom:0px!important;}<\/style><div class=\"ld-fancy-heading text-center ld_fancy_heading_69f42f934dc75\">\n\t<h2 class=\"ld-fh-element lqd-highlight-underline lqd-highlight-grow-left text-decoration-default\"   >  <\/p>\n<p style=\"text-align: center\"><strong>SPECIFIC OBJECTIVE NO. 2<\/strong><\/p>\n<p><\/h2><\/div><style>.ld_fancy_heading_69f42f934dee9 p{color:#262528;}.ld_fancy_heading_69f42f934dee9 .lqd-highlight-inner{height:0.275em!important;bottom:0px!important;}<\/style><div class=\"ld-fancy-heading text-justified ld_fancy_heading_69f42f934dee9\">\n\t<p class=\"ld-fh-element lqd-highlight-underline lqd-highlight-grow-left text-decoration-default\"   >  <\/p>\n<p style=\"text-align: justify\">Increasing the level of accessibility of the Royal Margareta of Romania Foundation\u2019s services for seniors by developing 1 modern and creative organizational website, adapted to new technologies and optimized for persons with disabilities. The website will facilitate access for beneficiaries, volunteers, sponsors, donors, and partners, and will be complemented by the publication of 1 Internet navigation guide for elderly people, over a period of 4 months.<\/p>\n<p><\/p><\/div><style>.ld_spacer_69f42f934e087{height:50px;}<\/style>\n<div class=\"ld-empty-space ld_spacer_69f42f934e087\"><\/div><style>.ld_fancy_heading_69f42f934e1f3 h2{color:#262528;}.ld_fancy_heading_69f42f934e1f3 .lqd-highlight-inner{height:0.275em!important;bottom:0px!important;}<\/style><div class=\"ld-fancy-heading text-center ld_fancy_heading_69f42f934e1f3\">\n\t<h2 class=\"ld-fh-element lqd-highlight-underline lqd-highlight-grow-left text-decoration-default\"   >  <\/p>\n<p style=\"text-align: center\"><strong>SPECIFIC OBJECTIVE NO. 3<\/strong><\/p>\n<p><\/h2><\/div><style>.ld_fancy_heading_69f42f934e45e p{color:#262528;}.ld_fancy_heading_69f42f934e45e .lqd-highlight-inner{height:0.275em!important;bottom:0px!important;}<\/style><div class=\"ld-fancy-heading text-justified ld_fancy_heading_69f42f934e45e\">\n\t<p class=\"ld-fh-element lqd-highlight-underline lqd-highlight-grow-left text-decoration-default\"   >  <\/p>\n<p style=\"text-align: justify\">Developing digital skills for 18 employees and 10 volunteers of the Royal Margareta of Romania Foundation regarding the provision of remote services to beneficiaries, the efficient use of new technologies in relations with the organization\u2019s stakeholders (beneficiaries, institutions, sponsors, donors, partners), and the optimization of work processes, contributing to improved performance and productivity over a period of 4 months.<\/p>\n<p><\/p><\/div><\/div><\/div><\/div><\/div><\/div><\/div><div class=\"vc_row vc_inner vc_row-fluid liquid-row-shadowbox-69f42f934e85e\"><div class=\"ld-container container-fluid\"><div class=\"row ld-row ld-row-inner\"><div class=\"wpb_column vc_column_container vc_col-sm-12 liquid-column-69f42f934ec94\"><div class=\"vc_column-inner\" ><div class=\"wpb_wrapper\" ><style>.ld_spacer_69f42f934ed3e{height:100px;}<\/style>\n<div class=\"ld-empty-space ld_spacer_69f42f934ed3e\"><\/div><style>.ld_fancy_heading_69f42f934eea4 h2{color:#262528;}.ld_fancy_heading_69f42f934eea4 .lqd-highlight-inner{height:0.275em!important;bottom:0px!important;}<\/style><div class=\"ld-fancy-heading text-center ld_fancy_heading_69f42f934eea4\">\n\t<h2 class=\"ld-fh-element lqd-highlight-underline lqd-highlight-grow-left text-decoration-default\"   >  <\/p>\n<p style=\"text-align: center\"><strong>PROJECT ACTIVITIES<\/strong><\/p>\n<p><\/h2><\/div><style>.ld_fancy_heading_69f42f934f13d p{color:#262528;}.ld_fancy_heading_69f42f934f13d .lqd-highlight-inner{height:0.275em!important;bottom:0px!important;}<\/style><div class=\"ld-fancy-heading text-justified ld_fancy_heading_69f42f934f13d\">\n\t<p class=\"ld-fh-element lqd-highlight-underline lqd-highlight-grow-left text-decoration-default\"   >  <\/p>\n<p style=\"text-align: justify\"><strong>A1 \u2013 Project Management<\/strong><\/p>\n<ul>\n<li>A1.1 \u2013 Overall project management: planning, organization, monitoring, control, and verification of the project<\/li>\n<\/ul>\n<p>&nbsp;<\/p>\n<p style=\"text-align: justify\"><strong>A2 \u2013 Digital Transformation of the Organization<\/strong><\/p>\n<ul style=\"text-align: justify\">\n<li>A2.1 \u2013 Development of the organization\u2019s hardware technological infrastructure in a sustainable manner<\/li>\n<li>A2.2 \u2013 Development of the organization\u2019s software digital infrastructure in a resilient manner<\/li>\n<\/ul>\n<p>&nbsp;<\/p>\n<p style=\"text-align: justify\"><strong>A3 \u2013 Increasing the Level of Digital Accessibility of Services<\/strong>:<\/p>\n<ul style=\"text-align: justify\">\n<li>A3.1 \u2013 Improving the accessibility of the organization\u2019s services for seniors through new technologies<\/li>\n<\/ul>\n<p>&nbsp;<\/p>\n<p style=\"text-align: justify\"><strong>A4 \u2013 Development of Digital Skills<\/strong>:<\/p>\n<ul style=\"text-align: justify\">\n<li>A4.1 \u2013 Organization and delivery of digital skills training courses for employees and volunteers<\/li>\n<\/ul>\n<p><\/p><\/div><style>.ld_spacer_69f42f934f454{height:50px;}<\/style>\n<div class=\"ld-empty-space ld_spacer_69f42f934f454\"><\/div><\/div><\/div><\/div><\/div><\/div><\/div>                    <\/div>\n                <\/div>\n            <\/div>\n\t\t\t            <div class=\"accordion-item panel\">\n\n                <div class=\"accordion-heading\" role=\"tab\" id=\"heading_lqd-1770629933661-c4de59aa-dd59\" data-id=\"lqd-1770629933661-c4de59aa-dd59\">\n                    <p class=\"accordion-title\" data-controls=\"lqd-1770629933661-c4de59aa-dd59\" tabindex=\"-1\">\n                        <a tabindex=\"0\" class=\"collapsed\" data-toggle=\"collapse\"  data-bs-toggle=\"collapse\"\n                           data-parent=\"#vc_accordion_69f42f940a274\" data-bs-parent=\"#vc_accordion_69f42f940a274\" href=\"#lqd-1770629933661-c4de59aa-dd59\" data-bs-target=\"#lqd-1770629933661-c4de59aa-dd59\"\n                           aria-expanded=\"false\" aria-controls=\"lqd-1770629933661-c4de59aa-dd59\">\n\n\t\t\t\t\t\t\t\n\t\t\t\t\t\t\tStrengthening Non-Governmental Organizations through Fundraising and Results Efficiency\n\t\t\t\t\t\t\t                                <span class=\"accordion-expander\">\n\t\t\t\t\t\t\t\t\t\t\t\t\t\t\t\t\t\t\t<i class=\"lqd-icn-ess icon-ion-ios-add\"><\/i>\n\t\t\t\t\t\t\t\t\t\n\t\t\t\t\t\t\t\t\t\t\t\t\t\t\t\t\t\t\t<i class=\"lqd-icn-ess icon-ion-ios-remove\"><\/i>\n\t\t\t\t\t\t\t\t\t\t\t\t\t\t\t\t\t<\/span>\n\t\t\t\t\t\t\t\n                        <\/a>\n\n                    <\/p>\n                <\/div>\n\n                <div id=\"lqd-1770629933661-c4de59aa-dd59\" class=\"accordion-collapse collapse\"\n                    data-bs-parent=\"#vc_accordion_69f42f940a274\" role=\"tabpanel\" aria-labelledby=\"heading_lqd-1770629933661-c4de59aa-dd59\">\n                    <div class=\"accordion-content\">\n\t\t\t\t\t\t\n\t<div  class=\"wpb_single_image wpb_content_element vc_align_center  liquid_vc_single_image-69f42f93562be\">\n\t\t\n\t\t<figure class=\"wpb_wrapper vc_figure\">\n\t\t\t<div class=\"vc_single_image-wrapper\"><img decoding=\"async\" width=\"780\" height=\"390\" src=\"data:image\/svg+xml;charset=utf-8,%3Csvg xmlns%3D&#039;http%3A%2F%2Fwww.w3.org%2F2000%2Fsvg&#039; viewBox%3D&#039;0 0 1024 512&#039;%2F%3E\" class=\"vc_single_image-img attachment-large ld-lazyload\" alt=\"\" title=\"FRMR-Lucram-impreuna-pentru-o-Europa-verde-competitiva-si-inc\" itemprop=\"image\" data-src=\"https:\/\/fundatiaregala.ro\/wp-content\/uploads\/FRMR-Lucram-impreuna-pentru-o-Europa-verde-competitiva-si-inc-1024x512.png\" data-srcset=\"https:\/\/fundatiaregala.ro\/wp-content\/uploads\/FRMR-Lucram-impreuna-pentru-o-Europa-verde-competitiva-si-inc-1024x512.png 1024w, https:\/\/fundatiaregala.ro\/wp-content\/uploads\/FRMR-Lucram-impreuna-pentru-o-Europa-verde-competitiva-si-inc-300x150.png 300w, https:\/\/fundatiaregala.ro\/wp-content\/uploads\/FRMR-Lucram-impreuna-pentru-o-Europa-verde-competitiva-si-inc-18x9.png 18w, https:\/\/fundatiaregala.ro\/wp-content\/uploads\/FRMR-Lucram-impreuna-pentru-o-Europa-verde-competitiva-si-inc.png 2048w\" data-sizes=\"(max-width: 780px) 100vw, 780px\" data-aspect=\"2\" \/><\/div>\n\t\t<\/figure>\n\t<\/div>\n<style>.ld_fancy_heading_69f42f9356485 p{color:#262528;}.ld_fancy_heading_69f42f9356485 .lqd-highlight-inner{height:0.275em!important;bottom:0px!important;}<\/style><div class=\"ld-fancy-heading ld_fancy_heading_69f42f9356485\">\n\t<p class=\"ld-fh-element lqd-highlight-underline lqd-highlight-grow-left text-decoration-default\"   >  <\/p>\n<h3><strong>CONFER EVENT - FRIDAY, FEBRUARY 9<\/strong><\/h3>\n<p style=\"text-align: justify\" class=\"translation-block\"><strong>The Royal Margareta of Romania Foundation<\/strong> <strong>invites NGOs to a networking event<\/strong> <strong>focused on the exchange of best practices and network collaboration aimed at diversifying funding sources<\/strong>, <strong>Friday, February 9<\/strong>, from <strong>11:00\u20135:30 PM, in Bucharest, at Casa Siqua<\/strong><strong>.<\/strong> The event will bring together experts from the non-profit sector to present strategies and effective ways of mobilizing communities for sustainable projects, as well as NGOs to share successful experiences and best practices in community fundraising.<\/p>\n<p style=\"text-align: justify\">Registration is done by completing the\u00a0<strong><a href=\"https:\/\/docs.google.com\/forms\/d\/1zUEbXp05eaJw0ySyPeEbV3NXsQEGFPqJDcm34eujy2M\/viewform?edit_requested=true\">PARTICIPATION FORM<\/a><\/strong><\/p>\n<p><\/p><\/div><div class=\"vc_row vc_inner vc_row-fluid liquid-row-shadowbox-69f42f9356b2a\"><div class=\"ld-container container-fluid\"><div class=\"row ld-row ld-row-inner\"><div class=\"wpb_column vc_column_container vc_col-sm-1\/5 liquid-column-69f42f9357290\"><div class=\"vc_column-inner\" ><div class=\"wpb_wrapper\" ><style>.ld_icon_box_69f42f93574df .iconbox-icon-container{color:#1d4484;margin-bottom:10px !important;border-radius:px;}.ld_icon_box_69f42f93574df:hover .iconbox-icon-container{color:#1d4484;}.ld_icon_box_69f42f93574df .lqd-iconbox-title{margin-bottom:px;}<\/style>\n<div class=\"iconbox text-align-default ld_icon_box_69f42f93574df vc_custom_1770020034461\" id=\"ld_icon_box_69f42f93574df\"  data-animate-icon=\"true\" data-plugin-options='{\"color\":\"#1d4484\",\"hoverColor\":\"#1d4484\"}'  >\n\t\n\t\t\t\t\t\n\t\n\t<div class=\"iconbox-icon-wrap\"><span class=\"iconbox-icon-container\"><i class=\"fas fa-file-alt\"><\/i><\/span><\/div>\t\n\t\t\n\t<div class=\"contents\">\t\n\t\t\n\t\t<p><b>NON-PROFIT ORGANIZATION STRATEGY<\/b><\/p>\n\t\t\n\t<\/div>\t\n\t\n<\/div>\n<\/div><\/div><\/div><div class=\"wpb_column vc_column_container vc_col-sm-1\/5 liquid-column-69f42f93587de\"><div class=\"vc_column-inner\" ><div class=\"wpb_wrapper\" ><style>.ld_icon_box_69f42f93589df .iconbox-icon-container{color:#1d4484;margin-bottom:10px !important;border-radius:px;}.ld_icon_box_69f42f93589df:hover .iconbox-icon-container{color:#1d4484;}.ld_icon_box_69f42f93589df .lqd-iconbox-title{margin-bottom:px;}<\/style>\n<div class=\"iconbox text-align-default ld_icon_box_69f42f93589df vc_custom_1770020070502\" id=\"ld_icon_box_69f42f93589df\"  data-animate-icon=\"true\" data-plugin-options='{\"color\":\"#1d4484\",\"hoverColor\":\"#1d4484\"}'  >\n\t\n\t\t\t\t\t\n\t\n\t<div class=\"iconbox-icon-wrap\"><span class=\"iconbox-icon-container\"><i class=\"fas fa-check-circle\"><\/i><\/span><\/div>\t\n\t\t\n\t<div class=\"contents\">\t\n\t\t\n\t\t<p><b>ACCESSING PUBLIC FUNDS<\/b><\/p>\n\t\t\n\t<\/div>\t\n\t\n<\/div>\n<\/div><\/div><\/div><div class=\"wpb_column vc_column_container vc_col-sm-1\/5 liquid-column-69f42f935977e\"><div class=\"vc_column-inner\" ><div class=\"wpb_wrapper\" ><style>.ld_icon_box_69f42f9359937 .iconbox-icon-container{color:#1d4484;margin-bottom:10px !important;border-radius:px;}.ld_icon_box_69f42f9359937:hover .iconbox-icon-container{color:#1d4484;}.ld_icon_box_69f42f9359937 .lqd-iconbox-title{margin-bottom:px;}<\/style>\n<div class=\"iconbox text-align-default ld_icon_box_69f42f9359937 vc_custom_1770026230933\" id=\"ld_icon_box_69f42f9359937\"  data-animate-icon=\"true\" data-plugin-options='{\"color\":\"#1d4484\",\"hoverColor\":\"#1d4484\"}'  >\n\t\n\t\t\t\t\t\n\t\n\t<div class=\"iconbox-icon-wrap\"><span class=\"iconbox-icon-container\"><i class=\"fas fa-handshake\"><\/i><\/span><\/div>\t\n\t\t\n\t<div class=\"contents\">\t\n\t\t\n\t\t<p><b>CORPORATE SPONSORSHIPS<\/b><\/p>\n<p>\u200e \u200e \u200e \u200e \u200e<\/p>\n\t\t\n\t<\/div>\t\n\t\n<\/div>\n<\/div><\/div><\/div><div class=\"wpb_column vc_column_container vc_col-sm-1\/5 liquid-column-69f42f935a237\"><div class=\"vc_column-inner\" ><div class=\"wpb_wrapper\" ><style>.ld_icon_box_69f42f935a3d4 .iconbox-icon-container{color:#1d4484;margin-bottom:10px !important;border-radius:px;}.ld_icon_box_69f42f935a3d4:hover .iconbox-icon-container{color:#1d4484;}.ld_icon_box_69f42f935a3d4 .lqd-iconbox-title{margin-bottom:px;}<\/style>\n<div class=\"iconbox text-align-default ld_icon_box_69f42f935a3d4 vc_custom_1770026239303\" id=\"ld_icon_box_69f42f935a3d4\"  data-animate-icon=\"true\" data-plugin-options='{\"color\":\"#1d4484\",\"hoverColor\":\"#1d4484\"}'  >\n\t\n\t\t\t\t\t\n\t\n\t<div class=\"iconbox-icon-wrap\"><span class=\"iconbox-icon-container\"><i class=\"fas fa-hand-holding-usd\"><\/i><\/span><\/div>\t\n\t\t\n\t<div class=\"contents\">\t\n\t\t\n\t\t<p><b>INDIVIDUAL DONATIONS<\/b><\/p>\n<p>\u200e \u200e \u200e \u200e \u200e<\/p>\n\t\t\n\t<\/div>\t\n\t\n<\/div>\n<\/div><\/div><\/div><div class=\"wpb_column vc_column_container vc_col-sm-1\/5 liquid-column-69f42f935a9b5\"><div class=\"vc_column-inner\" ><div class=\"wpb_wrapper\" ><style>.ld_icon_box_69f42f935ab4f .iconbox-icon-container{color:#1d4484;margin-bottom:10px !important;border-radius:px;}.ld_icon_box_69f42f935ab4f:hover .iconbox-icon-container{color:#1d4484;}.ld_icon_box_69f42f935ab4f .lqd-iconbox-title{margin-bottom:px;}<\/style>\n<div class=\"iconbox text-align-default ld_icon_box_69f42f935ab4f vc_custom_1770026247038\" id=\"ld_icon_box_69f42f935ab4f\"  data-animate-icon=\"true\" data-plugin-options='{\"color\":\"#1d4484\",\"hoverColor\":\"#1d4484\"}'  >\n\t\n\t\t\t\t\t\n\t\n\t<div class=\"iconbox-icon-wrap\"><span class=\"iconbox-icon-container\"><i class=\"fas fa-clipboard-list\"><\/i><\/span><\/div>\t\n\t\t\n\t<div class=\"contents\">\t\n\t\t\n\t\t<p><b>2024 ACTION PLAN<\/b><\/p>\n<p>\u200e \u200e \u200e \u200e \u200e<\/p>\n\t\t\n\t<\/div>\t\n\t\n<\/div>\n<\/div><\/div><\/div><\/div><\/div><\/div><style>.ld_fancy_heading_69f42f935aeec p{color:#262528;}.ld_fancy_heading_69f42f935aeec .lqd-highlight-inner{height:0.275em!important;bottom:0px!important;}<\/style><div class=\"ld-fancy-heading text-justified ld_fancy_heading_69f42f935aeec\">\n\t<p class=\"ld-fh-element lqd-highlight-underline lqd-highlight-grow-left text-decoration-default\"   >  Participation is free of charge, limited to 50 places, for any non-governmental organization in the social, educational, or cultural field.<\/p>\n<p>Following registration, you will be contacted to confirm your participation in the event.<\/p><\/div><style>.ld_fancy_heading_69f42f935b539 p{color:#262528;}.ld_fancy_heading_69f42f935b539 .lqd-highlight-inner{height:0.275em!important;bottom:0px!important;}<\/style><div class=\"ld-fancy-heading text-justified ld_fancy_heading_69f42f935b539\">\n\t<p class=\"ld-fh-element lqd-highlight-underline lqd-highlight-grow-left text-decoration-default\"   >  <\/p>\n<p style=\"text-align: justify\"><strong>WHY DO SO FEW NGOs SUCCEED IN ATTRACTING FUNDS?<\/strong><\/p>\n<p style=\"text-align: justify\">Due to a series of identified issues, such as: long-term dependence on external and public funding, lack of expertise in fundraising and public communication (including dedicated human resources), and the absence of development strategies or diversification of funding sources.<\/p>\n<p style=\"text-align: justify\">In order for these NGOs to develop their financial resources, they need fundraising knowledge and expertise, communication and digitalization skills, new fundraising mechanisms and techniques, as well as strategies, action plans, and internal procedures relevant to funding diversification.<\/p>\n<p style=\"text-align: justify\"><strong>WHAT DOES THE CONFER PROJECT ENTAIL?<\/strong><br \/>\nCONFER supported 12 less-developed non-governmental organizations from small urban and rural areas to strengthen their capacity to mobilize funds and promote their educational and social programs within the community. Our mission is to discover leaders, guide them, and inspire them to create sustainable communities by offering them a deeply transformational experience.<\/p>\n<p><\/p><\/div><style>.ld_fancy_heading_69f42f935bed2 h6{color:#262528;}.ld_fancy_heading_69f42f935bed2 .lqd-highlight-inner{height:0.275em!important;bottom:0px!important;}<\/style><div class=\"ld-fancy-heading text-center ld_fancy_heading_69f42f935bed2\">\n\t<h6 class=\"ld-fh-element lqd-highlight-underline lqd-highlight-grow-left text-decoration-default\"   >  HOW DO WE HELP NGOs?<\/p>\n<p>Together with a team of experts possessing vast experience in the Romanian NGO sector, we conducted an intensive 22-month program, through which we offered NGOs the following benefits:<\/h6><\/div><div class=\"vc_row vc_inner vc_row-fluid liquid-row-shadowbox-69f42f935c587\"><div class=\"ld-container container-fluid\"><div class=\"row ld-row ld-row-inner vc_row-o-equal-height vc_row-flex\"><div class=\"wpb_column vc_column_container vc_col-sm-4 liquid-column-69f42f935c99b vc_col-has-fill\"><div class=\"vc_column-inner vc_custom_1770104983873\" ><div class=\"wpb_wrapper\" ><style>.ld_icon_box_69f42f935cb4c .iconbox-icon-container{color:#1d4484;margin-bottom:10px !important;border-radius:px;}.ld_icon_box_69f42f935cb4c:hover .iconbox-icon-container{color:#1d4484;}.ld_icon_box_69f42f935cb4c .lqd-iconbox-title{margin-bottom:px;}<\/style>\n<div class=\"iconbox text-align-default ld_icon_box_69f42f935cb4c vc_custom_1770105243901\" id=\"ld_icon_box_69f42f935cb4c\"  data-animate-icon=\"true\" data-plugin-options='{\"color\":\"#1d4484\",\"hoverColor\":\"#1d4484\"}'  >\n\t\n\t\t\t\t\t\n\t\n\t<div class=\"iconbox-icon-wrap\"><span class=\"iconbox-icon-container\"><i class=\"fas fa-window-restore\"><\/i><\/span><\/div>\t\n\t\t\n\t<div class=\"contents\">\t\n\t\t\n\t\t<p style=\"text-align: left\">Digital communication, fundraising, and project writing skills<\/p>\n<p>\u200e \u200e \u200e \u200e \u200e \u200e \u200e<\/p>\n\t\t\n\t<\/div>\t\n\t\n<\/div>\n<\/div><\/div><\/div><div class=\"wpb_column vc_column_container vc_col-sm-4 liquid-column-69f42f935d48a vc_col-has-fill\"><div class=\"vc_column-inner vc_custom_1770104992555\" ><div class=\"wpb_wrapper\" ><style>.ld_icon_box_69f42f935d630 .iconbox-icon-container{color:#1d4484;margin-bottom:10px !important;border-radius:px;}.ld_icon_box_69f42f935d630:hover .iconbox-icon-container{color:#1d4484;}.ld_icon_box_69f42f935d630 .lqd-iconbox-title{margin-bottom:px;}<\/style>\n<div class=\"iconbox text-align-default ld_icon_box_69f42f935d630 vc_custom_1770105175698\" id=\"ld_icon_box_69f42f935d630\"  data-animate-icon=\"true\" data-plugin-options='{\"color\":\"#1d4484\",\"hoverColor\":\"#1d4484\"}'  >\n\t\n\t\t\t\t\t\n\t\n\t<div class=\"iconbox-icon-wrap\"><span class=\"iconbox-icon-container\"><i class=\"fas fa-retweet\"><\/i><\/span><\/div>\t\n\t\t\n\t<div class=\"contents\">\t\n\t\t\n\t\t<p style=\"text-align: left\">Digital transformation and promotion kit: branding elements, website, social media presence<\/p>\n\t\t\n\t<\/div>\t\n\t\n<\/div>\n<\/div><\/div><\/div><div class=\"wpb_column vc_column_container vc_col-sm-4 liquid-column-69f42f935e242 vc_col-has-fill\"><div class=\"vc_column-inner vc_custom_1770105000559\" ><div class=\"wpb_wrapper\" ><style>.ld_icon_box_69f42f935e3f7 .iconbox-icon-container{color:#1d4484;margin-bottom:10px !important;border-radius:px;}.ld_icon_box_69f42f935e3f7:hover .iconbox-icon-container{color:#1d4484;}.ld_icon_box_69f42f935e3f7 .lqd-iconbox-title{margin-bottom:px;}<\/style>\n<div class=\"iconbox text-align-default ld_icon_box_69f42f935e3f7 vc_custom_1770105168040\" id=\"ld_icon_box_69f42f935e3f7\"  data-animate-icon=\"true\" data-plugin-options='{\"color\":\"#1d4484\",\"hoverColor\":\"#1d4484\"}'  >\n\t\n\t\t\t\t\t\n\t\n\t<div class=\"iconbox-icon-wrap\"><span class=\"iconbox-icon-container\"><i class=\"fas fa-bullseye\"><\/i><\/span><\/div>\t\n\t\t\n\t<div class=\"contents\">\t\n\t\t\n\t\t<p style=\"text-align: left\">Support for developing individualized fundraising strategies<\/p>\n\t\t\n\t<\/div>\t\n\t\n<\/div>\n<\/div><\/div><\/div><\/div><\/div><\/div><div class=\"vc_row vc_inner vc_row-fluid liquid-row-shadowbox-69f42f935eb03\"><div class=\"ld-container container-fluid\"><div class=\"row ld-row ld-row-inner vc_row-o-equal-height vc_row-flex\"><div class=\"wpb_column vc_column_container vc_col-sm-4 liquid-column-69f42f935ef05 vc_col-has-fill\"><div class=\"vc_column-inner vc_custom_1770105017226\" ><div class=\"wpb_wrapper\" ><style>.ld_icon_box_69f42f935f0a9 .iconbox-icon-container{color:#1d4484;margin-bottom:10px !important;border-radius:px;}.ld_icon_box_69f42f935f0a9:hover .iconbox-icon-container{color:#1d4484;}.ld_icon_box_69f42f935f0a9 .lqd-iconbox-title{margin-bottom:px;}<\/style>\n<div class=\"iconbox text-align-default ld_icon_box_69f42f935f0a9 vc_custom_1770104768831\" id=\"ld_icon_box_69f42f935f0a9\"  data-animate-icon=\"true\" data-plugin-options='{\"color\":\"#1d4484\",\"hoverColor\":\"#1d4484\"}'  >\n\t\n\t\t\t\t\t\n\t\n\t<div class=\"iconbox-icon-wrap\"><span class=\"iconbox-icon-container\"><i class=\"fas fa-hands-helping\"><\/i><\/span><\/div>\t\n\t\t\n\t<div class=\"contents\">\t\n\t\t\n\t\t<p style=\"text-align: left\">Guidance and assistance in organizing local fundraising campaigns<\/p>\n\t\t\n\t<\/div>\t\n\t\n<\/div>\n<\/div><\/div><\/div><div class=\"wpb_column vc_column_container vc_col-sm-4 liquid-column-69f42f935f63a vc_col-has-fill\"><div class=\"vc_column-inner vc_custom_1770105079585\" ><div class=\"wpb_wrapper\" ><style>.ld_icon_box_69f42f935f7e4 .iconbox-icon-container{color:#1d4484;margin-bottom:10px !important;border-radius:px;}.ld_icon_box_69f42f935f7e4:hover .iconbox-icon-container{color:#1d4484;}.ld_icon_box_69f42f935f7e4 .lqd-iconbox-title{margin-bottom:px;}<\/style>\n<div class=\"iconbox text-align-default ld_icon_box_69f42f935f7e4 vc_custom_1770104777952\" id=\"ld_icon_box_69f42f935f7e4\"  data-animate-icon=\"true\" data-plugin-options='{\"color\":\"#1d4484\",\"hoverColor\":\"#1d4484\"}'  >\n\t\n\t\t\t\t\t\n\t\n\t<div class=\"iconbox-icon-wrap\"><span class=\"iconbox-icon-container\"><i class=\"fas fa-angle-double-right\"><\/i><\/span><\/div>\t\n\t\t\n\t<div class=\"contents\">\t\n\t\t\n\t\t<p style=\"text-align: left\">Streamlining internal management procedures (human resources, finance, and digital communication);<\/p>\n\t\t\n\t<\/div>\t\n\t\n<\/div>\n<\/div><\/div><\/div><div class=\"wpb_column vc_column_container vc_col-sm-4 liquid-column-69f42f935fd6b vc_col-has-fill\"><div class=\"vc_column-inner vc_custom_1770105035094\" ><div class=\"wpb_wrapper\" ><style>.ld_icon_box_69f42f935ff18 .iconbox-icon-container{color:#1d4484;margin-bottom:10px !important;border-radius:px;}.ld_icon_box_69f42f935ff18:hover .iconbox-icon-container{color:#1d4484;}.ld_icon_box_69f42f935ff18 .lqd-iconbox-title{margin-bottom:px;}<\/style>\n<div class=\"iconbox text-align-default ld_icon_box_69f42f935ff18 vc_custom_1770104736997\" id=\"ld_icon_box_69f42f935ff18\"  data-animate-icon=\"true\" data-plugin-options='{\"color\":\"#1d4484\",\"hoverColor\":\"#1d4484\"}'  >\n\t\n\t\t\t\t\t\n\t\n\t<div class=\"iconbox-icon-wrap\"><span class=\"iconbox-icon-container\"><i class=\"fas fa-users-cog\"><\/i><\/span><\/div>\t\n\t\t\n\t<div class=\"contents\">\t\n\t\t\n\t\t<p style=\"text-align: left\">Assistance in organizing networking events to build loyalty among donors and sponsors<\/p>\n\t\t\n\t<\/div>\t\n\t\n<\/div>\n<\/div><\/div><\/div><\/div><\/div><\/div><div class=\"vc_row vc_inner vc_row-fluid liquid-row-shadowbox-69f42f936036f\"><div class=\"ld-container container-fluid\"><div class=\"row ld-row ld-row-inner vc_row-o-equal-height vc_row-flex\"><div class=\"wpb_column vc_column_container vc_col-sm-4 liquid-column-69f42f9360769 vc_col-has-fill\"><div class=\"vc_column-inner vc_custom_1770104983873\" ><div class=\"wpb_wrapper\" ><\/div><\/div><\/div><div class=\"wpb_column vc_column_container vc_col-sm-4 liquid-column-69f42f9360b52 vc_col-has-fill\"><div class=\"vc_column-inner vc_custom_1770104992555\" ><div class=\"wpb_wrapper\" ><style>.ld_icon_box_69f42f9360cf2 .iconbox-icon-container{color:#1d4484;margin-bottom:10px !important;border-radius:px;}.ld_icon_box_69f42f9360cf2:hover .iconbox-icon-container{color:#1d4484;}.ld_icon_box_69f42f9360cf2 .lqd-iconbox-title{margin-bottom:px;}<\/style>\n<div class=\"iconbox text-align-default ld_icon_box_69f42f9360cf2 vc_custom_1770105190344\" id=\"ld_icon_box_69f42f9360cf2\"  data-animate-icon=\"true\" data-plugin-options='{\"color\":\"#1d4484\",\"hoverColor\":\"#1d4484\"}'  >\n\t\n\t\t\t\t\t\n\t\n\t<div class=\"iconbox-icon-wrap\"><span class=\"iconbox-icon-container\"><i class=\"fas fa-hand-holding-heart\"><\/i><\/span><\/div>\t\n\t\t\n\t<div class=\"contents\">\t\n\t\t\n\t\t<p style=\"text-align: left\">Methodology of intergenerational best practices and responsible governance in NGOs.<\/p>\n\t\t\n\t<\/div>\t\n\t\n<\/div>\n<\/div><\/div><\/div><div class=\"wpb_column vc_column_container vc_col-sm-4 liquid-column-69f42f936128c vc_col-has-fill\"><div class=\"vc_column-inner vc_custom_1770105000559\" ><div class=\"wpb_wrapper\" ><\/div><\/div><\/div><\/div><\/div><\/div><style>.ld_fancy_heading_69f42f9361415 p{color:#262528;}.ld_fancy_heading_69f42f9361415 .lqd-highlight-inner{height:0.275em!important;bottom:0px!important;}<\/style><div class=\"ld-fancy-heading ld_fancy_heading_69f42f9361415\">\n\t<p class=\"ld-fh-element lqd-highlight-underline lqd-highlight-grow-left text-decoration-default\"   >  <strong>WHO ARE THE BENEFICIARY NGOs?<\/strong><br \/>\nAfter a rigorous evaluation process of the organizations that applied for the CONFER program, the 10 beneficiary NGOs are:<\/p><\/div><div class=\"vc_row vc_inner vc_row-fluid liquid-row-shadowbox-69f42f9361bc6\"><div class=\"ld-container container-fluid\"><div class=\"row ld-row ld-row-inner vc_row-o-equal-height vc_row-flex\"><div class=\"wpb_column vc_column_container vc_col-sm-2 liquid-column-69f42f9361fdb vc_col-has-fill\"><div class=\"vc_column-inner vc_custom_1770024412586\" ><div class=\"wpb_wrapper\" ><\/div><\/div><\/div><div class=\"wpb_column vc_column_container vc_col-sm-8 text-center text-sm-center text-md-center text-lg-center liquid-column-69f42f93623c7 vc_col-has-fill\"><div class=\"vc_column-inner vc_custom_1770105393868\" ><div class=\"wpb_wrapper\" ><style>.ld_icon_box_69f42f936257b .iconbox-icon-container{color:#1d4484;margin-bottom:10px !important;border-radius:px;}.ld_icon_box_69f42f936257b:hover .iconbox-icon-container{color:#1d4484;}.ld_icon_box_69f42f936257b .lqd-iconbox-title{margin-bottom:px;}<\/style>\n<div class=\"iconbox text-align-default ld_icon_box_69f42f936257b vc_custom_1770105463961\" id=\"ld_icon_box_69f42f936257b\"  data-animate-icon=\"true\" data-plugin-options='{\"color\":\"#1d4484\",\"hoverColor\":\"#1d4484\"}'  >\n\t\n\t\t\t\t\t\n\t\n\t<div class=\"iconbox-icon-wrap\"><span class=\"iconbox-icon-container\"><\/span><\/div>\t\n\t\t\n\t<div class=\"contents\">\t\n\t\t\n\t\t<p><strong>InspirAction Association \u2013 Ilfov County<\/strong><\/p>\n\t\t\n\t<\/div>\t\n\t\n<\/div>\n<style>.ld_icon_box_69f42f9362f16 .iconbox-icon-container{color:#1d4484;margin-bottom:10px !important;border-radius:px;}.ld_icon_box_69f42f9362f16:hover .iconbox-icon-container{color:#1d4484;}.ld_icon_box_69f42f9362f16 .lqd-iconbox-title{margin-bottom:px;}<\/style>\n<div class=\"iconbox text-align-default ld_icon_box_69f42f9362f16 vc_custom_1770105471910\" id=\"ld_icon_box_69f42f9362f16\"  data-animate-icon=\"true\" data-plugin-options='{\"color\":\"#1d4484\",\"hoverColor\":\"#1d4484\"}'  >\n\t\n\t\t\t\t\t\n\t\n\t<div class=\"iconbox-icon-wrap\"><span class=\"iconbox-icon-container\"><\/span><\/div>\t\n\t\t\n\t<div class=\"contents\">\t\n\t\t\n\t\t<p><strong>Mansio Association \u2013 Maramure\u0219 County<\/strong><\/p>\n\t\t\n\t<\/div>\t\n\t\n<\/div>\n<style>.ld_icon_box_69f42f936380c .iconbox-icon-container{color:#1d4484;margin-bottom:10px !important;border-radius:px;}.ld_icon_box_69f42f936380c:hover .iconbox-icon-container{color:#1d4484;}.ld_icon_box_69f42f936380c .lqd-iconbox-title{margin-bottom:px;}<\/style>\n<div class=\"iconbox text-align-default ld_icon_box_69f42f936380c vc_custom_1770025189613\" id=\"ld_icon_box_69f42f936380c\"  data-animate-icon=\"true\" data-plugin-options='{\"color\":\"#1d4484\",\"hoverColor\":\"#1d4484\"}'  >\n\t\n\t\t\t\t\t\n\t\n\t<div class=\"iconbox-icon-wrap\"><span class=\"iconbox-icon-container\"><\/span><\/div>\t\n\t\t\n\t<div class=\"contents\">\t\n\t\t\n\t\t<p class=\"translation-block\"><strong>\u201eOastea Domnului\u201d Gherla Association \u2013 Cluj County<\/strong><\/p>\n\t\t\n\t<\/div>\t\n\t\n<\/div>\n<style>.ld_icon_box_69f42f9363da9 .iconbox-icon-container{color:#1d4484;margin-bottom:10px !important;border-radius:px;}.ld_icon_box_69f42f9363da9:hover .iconbox-icon-container{color:#1d4484;}.ld_icon_box_69f42f9363da9 .lqd-iconbox-title{margin-bottom:px;}<\/style>\n<div class=\"iconbox text-align-default ld_icon_box_69f42f9363da9 vc_custom_1770105481346\" id=\"ld_icon_box_69f42f9363da9\"  data-animate-icon=\"true\" data-plugin-options='{\"color\":\"#1d4484\",\"hoverColor\":\"#1d4484\"}'  >\n\t\n\t\t\t\t\t\n\t\n\t<div class=\"iconbox-icon-wrap\"><span class=\"iconbox-icon-container\"><\/span><\/div>\t\n\t\t\n\t<div class=\"contents\">\t\n\t\t\n\t\t<p><strong>Oaza Association \u2013 Arad County<\/strong><\/p>\n\t\t\n\t<\/div>\t\n\t\n<\/div>\n<style>.ld_icon_box_69f42f93640b2 .iconbox-icon-container{color:#1d4484;margin-bottom:10px !important;border-radius:px;}.ld_icon_box_69f42f93640b2:hover .iconbox-icon-container{color:#1d4484;}.ld_icon_box_69f42f93640b2 .lqd-iconbox-title{margin-bottom:px;}<\/style>\n<div class=\"iconbox text-align-default ld_icon_box_69f42f93640b2 vc_custom_1770105489678\" id=\"ld_icon_box_69f42f93640b2\"  data-animate-icon=\"true\" data-plugin-options='{\"color\":\"#1d4484\",\"hoverColor\":\"#1d4484\"}'  >\n\t\n\t\t\t\t\t\n\t\n\t<div class=\"iconbox-icon-wrap\"><span class=\"iconbox-icon-container\"><\/span><\/div>\t\n\t\t\n\t<div class=\"contents\">\t\n\t\t\n\t\t<p><strong>\u201eFamilia 2004\u201d Association \u2013 Alba County<\/strong><\/p>\n\t\t\n\t<\/div>\t\n\t\n<\/div>\n<style>.ld_icon_box_69f42f936437f .iconbox-icon-container{color:#1d4484;margin-bottom:10px !important;border-radius:px;}.ld_icon_box_69f42f936437f:hover .iconbox-icon-container{color:#1d4484;}.ld_icon_box_69f42f936437f .lqd-iconbox-title{margin-bottom:px;}<\/style>\n<div class=\"iconbox text-align-default ld_icon_box_69f42f936437f vc_custom_1770025267430\" id=\"ld_icon_box_69f42f936437f\"  data-animate-icon=\"true\" data-plugin-options='{\"color\":\"#1d4484\",\"hoverColor\":\"#1d4484\"}'  >\n\t\n\t\t\t\t\t\n\t\n\t<div class=\"iconbox-icon-wrap\"><span class=\"iconbox-icon-container\"><\/span><\/div>\t\n\t\t\n\t<div class=\"contents\">\t\n\t\t\n\t\t<p><strong>Florian Cristescu Community Development Association \u2013 Teleorman County<\/strong><\/p>\n\t\t\n\t<\/div>\t\n\t\n<\/div>\n<style>.ld_icon_box_69f42f9364654 .iconbox-icon-container{color:#1d4484;margin-bottom:10px !important;border-radius:px;}.ld_icon_box_69f42f9364654:hover .iconbox-icon-container{color:#1d4484;}.ld_icon_box_69f42f9364654 .lqd-iconbox-title{margin-bottom:px;}<\/style>\n<div class=\"iconbox text-align-default ld_icon_box_69f42f9364654 vc_custom_1770105503215\" id=\"ld_icon_box_69f42f9364654\"  data-animate-icon=\"true\" data-plugin-options='{\"color\":\"#1d4484\",\"hoverColor\":\"#1d4484\"}'  >\n\t\n\t\t\t\t\t\n\t\n\t<div class=\"iconbox-icon-wrap\"><span class=\"iconbox-icon-container\"><\/span><\/div>\t\n\t\t\n\t<div class=\"contents\">\t\n\t\t\n\t\t<p><strong>Talentum Foundation \u2013 Mure\u0219 County<\/strong><\/p>\n\t\t\n\t<\/div>\t\n\t\n<\/div>\n<style>.ld_icon_box_69f42f9364925 .iconbox-icon-container{color:#1d4484;margin-bottom:10px !important;border-radius:px;}.ld_icon_box_69f42f9364925:hover .iconbox-icon-container{color:#1d4484;}.ld_icon_box_69f42f9364925 .lqd-iconbox-title{margin-bottom:px;}<\/style>\n<div class=\"iconbox text-align-default ld_icon_box_69f42f9364925 vc_custom_1770105513261\" id=\"ld_icon_box_69f42f9364925\"  data-animate-icon=\"true\" data-plugin-options='{\"color\":\"#1d4484\",\"hoverColor\":\"#1d4484\"}'  >\n\t\n\t\t\t\t\t\n\t\n\t<div class=\"iconbox-icon-wrap\"><span class=\"iconbox-icon-container\"><\/span><\/div>\t\n\t\t\n\t<div class=\"contents\">\t\n\t\t\n\t\t<p><strong>Veritas Foundation \u2013 Mure\u0219 County<\/strong><\/p>\n\t\t\n\t<\/div>\t\n\t\n<\/div>\n<style>.ld_icon_box_69f42f9364bec .iconbox-icon-container{color:#1d4484;margin-bottom:10px !important;border-radius:px;}.ld_icon_box_69f42f9364bec:hover .iconbox-icon-container{color:#1d4484;}.ld_icon_box_69f42f9364bec .lqd-iconbox-title{margin-bottom:px;}<\/style>\n<div class=\"iconbox text-align-default ld_icon_box_69f42f9364bec vc_custom_1770025374658\" id=\"ld_icon_box_69f42f9364bec\"  data-animate-icon=\"true\" data-plugin-options='{\"color\":\"#1d4484\",\"hoverColor\":\"#1d4484\"}'  >\n\t\n\t\t\t\t\t\n\t\n\t<div class=\"iconbox-icon-wrap\"><span class=\"iconbox-icon-container\"><\/span><\/div>\t\n\t\t\n\t<div class=\"contents\">\t\n\t\t\n\t\t<p class=\"translation-block\"><strong>Atelierul de Bine Association \u2013 Buz\u0103u County<\/strong><\/p>\n\t\t\n\t<\/div>\t\n\t\n<\/div>\n<style>.ld_icon_box_69f42f9364f15 .iconbox-icon-container{color:#1d4484;margin-bottom:10px !important;border-radius:px;}.ld_icon_box_69f42f9364f15:hover .iconbox-icon-container{color:#1d4484;}.ld_icon_box_69f42f9364f15 .lqd-iconbox-title{margin-bottom:px;}<\/style>\n<div class=\"iconbox text-align-default ld_icon_box_69f42f9364f15 vc_custom_1770105524996\" id=\"ld_icon_box_69f42f9364f15\"  data-animate-icon=\"true\" data-plugin-options='{\"color\":\"#1d4484\",\"hoverColor\":\"#1d4484\"}'  >\n\t\n\t\t\t\t\t\n\t\n\t<div class=\"iconbox-icon-wrap\"><span class=\"iconbox-icon-container\"><\/span><\/div>\t\n\t\t\n\t<div class=\"contents\">\t\n\t\t\n\t\t<p><strong>Semper Agape Association \u2013 Timi\u0219 County<\/strong><\/p>\n\t\t\n\t<\/div>\t\n\t\n<\/div>\n<style>.ld_icon_box_69f42f9365204 .iconbox-icon-container{color:#1d4484;margin-bottom:10px !important;border-radius:px;}.ld_icon_box_69f42f9365204:hover .iconbox-icon-container{color:#1d4484;}.ld_icon_box_69f42f9365204 .lqd-iconbox-title{margin-bottom:px;}<\/style>\n<div class=\"iconbox text-align-default ld_icon_box_69f42f9365204 vc_custom_1770026204587\" id=\"ld_icon_box_69f42f9365204\"  data-animate-icon=\"true\" data-plugin-options='{\"color\":\"#1d4484\",\"hoverColor\":\"#1d4484\"}'  >\n\t\n\t\t\t\t\t\n\t\n\t<div class=\"iconbox-icon-wrap\"><span class=\"iconbox-icon-container\"><\/span><\/div>\t\n\t\t\n\t<div class=\"contents\">\t\n\t\t\n\t\t<p><strong>Stern der Hoffnung Rumanien Association \u2013 Timi\u0219 County<\/strong><\/p>\n\t\t\n\t<\/div>\t\n\t\n<\/div>\n<style>.ld_icon_box_69f42f93654ed .iconbox-icon-container{color:#1d4484;margin-bottom:10px !important;border-radius:px;}.ld_icon_box_69f42f93654ed:hover .iconbox-icon-container{color:#1d4484;}.ld_icon_box_69f42f93654ed .lqd-iconbox-title{margin-bottom:px;}<\/style>\n<div class=\"iconbox text-align-default ld_icon_box_69f42f93654ed vc_custom_1770025316896\" id=\"ld_icon_box_69f42f93654ed\"  data-animate-icon=\"true\" data-plugin-options='{\"color\":\"#1d4484\",\"hoverColor\":\"#1d4484\"}'  >\n\t\n\t\t\t\t\t\n\t\n\t<div class=\"iconbox-icon-wrap\"><span class=\"iconbox-icon-container\"><\/span><\/div>\t\n\t\t\n\t<div class=\"contents\">\t\n\t\t\n\t\t<p><strong>\u201eDiakonia-Kapernaum\u201d Christian Foundation \u2013 Covasna County<\/strong><\/p>\n\t\t\n\t<\/div>\t\n\t\n<\/div>\n<\/div><\/div><\/div><div class=\"wpb_column vc_column_container vc_col-sm-2 liquid-column-69f42f9365aa5 vc_col-has-fill\"><div class=\"vc_column-inner vc_custom_1770024428030\" ><div class=\"wpb_wrapper\" ><\/div><\/div><\/div><\/div><\/div><\/div><style>.ld_fancy_heading_69f42f9365c75 p{color:#262528;}.ld_fancy_heading_69f42f9365c75 .lqd-highlight-inner{height:0.275em!important;bottom:0px!important;}<\/style><div class=\"ld-fancy-heading ld_fancy_heading_69f42f9365c75\">\n\t<p class=\"ld-fh-element lqd-highlight-underline lqd-highlight-grow-left text-decoration-default\"   >  <strong>WHAT WAS THE SELECTION PROCESS?<\/strong><\/p>\n<p style=\"text-align: justify\">We launched the call for selection on February 14 and received applications from numerous NGOs until the final day, February 28, 2022. During this period, we also organized an information session for candidates to provide clarifications and additional details regarding project participation.<\/p>\n<p style=\"text-align: justify\">The entire application process was online: applicant organizations submitted a registration file with several relevant documents, such as the articles of association\/statutes, proof of registration in the Registry of Associations and Foundations, the organization's tax certificate, and the annual report or another transparent activity reporting mechanism (e.g., website, Facebook page, etc.), plus 4 other annexes: an applicant form, a letter of intent, a self-declaration, and an agreement regarding the use of personal data.<\/p>\n<p style=\"text-align: justify\">In addition to these, we had a list of eligibility criteria that had to be met cumulatively for the NGO applications to be validated.<\/p>\n<p>Eligible NGOs met the following criteria:<\/p>\n<ul>\n<li style=\"text-align: justify\">Revenues recorded in 2021: under 200,000 Euro;<\/li>\n<li style=\"text-align: justify\">Number of employees: under 10;<\/li>\n<li style=\"text-align: justify\">Operates in: small urban or rural areas (localities under 200,000 inhabitants);<\/li>\n<li style=\"text-align: justify\">Runs social or educational projects with at least 1 year of experience;<\/li>\n<li style=\"text-align: justify\">The organization must be established for at least 2 years;<\/li>\n<li style=\"text-align: justify\">Demonstrates openness and willingness to participate in an organizational development program aimed at consolidating capacity and financial sustainability.<\/li>\n<\/ul>\n<p>&nbsp;<\/p>\n<p style=\"text-align: justify\">Priority was given to applicant organizations headquartered in or running social projects in the following counties: Alba, Arad, Bac\u0103u, Bihor, Bistri\u021ba N\u0103s\u0103ud, Bra\u0219ov, Cluj, Constan\u021ba, Covasna, Gala\u021bi, Ialomi\u021ba, Ilfov, Mure\u0219, Maramure\u0219, Neam\u021b, Prahova, Sibiu, Teleorman, Timi\u0219, and those implementing or wishing to address intergenerational activities.<\/p>\n<p><\/p><\/div><style>.ld_fancy_heading_69f42f936656a h2{color:#262528;}.ld_fancy_heading_69f42f936656a .lqd-highlight-inner{height:0.275em!important;bottom:0px!important;}<\/style><div class=\"ld-fancy-heading text-center ld_fancy_heading_69f42f936656a\">\n\t<h2 class=\"ld-fh-element lqd-highlight-underline lqd-highlight-grow-left text-decoration-default\"   >  THE PEOPLE BEHIND CONFER<\/h2><\/div>\n\t<div  class=\"wpb_single_image wpb_content_element vc_align_center  liquid_vc_single_image-69f42f936e84f\">\n\t\t\n\t\t<figure class=\"wpb_wrapper vc_figure\">\n\t\t\t<div class=\"vc_single_image-wrapper\"><img decoding=\"async\" width=\"780\" height=\"654\" src=\"data:image\/svg+xml;charset=utf-8,%3Csvg xmlns%3D&#039;http%3A%2F%2Fwww.w3.org%2F2000%2Fsvg&#039; viewBox%3D&#039;0 0 1024 859&#039;%2F%3E\" class=\"vc_single_image-img attachment-large ld-lazyload\" alt=\"\" title=\"Echipa-proiect-CONFER\" itemprop=\"image\" data-src=\"https:\/\/fundatiaregala.ro\/wp-content\/uploads\/Echipa-proiect-CONFER-1024x859.png\" data-srcset=\"https:\/\/fundatiaregala.ro\/wp-content\/uploads\/Echipa-proiect-CONFER-1024x859.png 1024w, https:\/\/fundatiaregala.ro\/wp-content\/uploads\/Echipa-proiect-CONFER-300x252.png 300w, https:\/\/fundatiaregala.ro\/wp-content\/uploads\/Echipa-proiect-CONFER-14x12.png 14w, https:\/\/fundatiaregala.ro\/wp-content\/uploads\/Echipa-proiect-CONFER.png 1536w\" data-sizes=\"(max-width: 780px) 100vw, 780px\" data-aspect=\"1.1920838183935\" \/><\/div>\n\t\t<\/figure>\n\t<\/div>\n<style>.ld_fancy_heading_69f42f936ea27 p{color:#262528;}.ld_fancy_heading_69f42f936ea27 .lqd-highlight-inner{height:0.275em!important;bottom:0px!important;}<\/style><div class=\"ld-fancy-heading ld_fancy_heading_69f42f936ea27\">\n\t<p class=\"ld-fh-element lqd-highlight-underline lqd-highlight-grow-left text-decoration-default\"   >  <\/p>\n<p style=\"text-align: center\"><strong>Methodology for transparent, participatory, responsible governance and intergenerational best practices within Romanian NGOs<\/strong><\/p>\n<p style=\"text-align: justify\">By its nature, The Margareta of Romania Royal Foundation builds bridges of communication between generations and encourages the exchange of values and experience between the young and the elderly. The experience of working with vulnerable categories and the desire to support as many micro-communities as possible are the basis for creating this material, which we share with those who want to create a lasting link between those going through difficult life situations and the local community.<\/p>\n<p style=\"text-align: justify\">The purpose of this methodology is to provide practical information and support resources for social workers\/specialists who wish to implement intergenerational programs in their community. When we created this methodology, we considered principles of transparency, responsibility, and collaboration to increase the quality of projects developing in underserved geographical areas.<\/p>\n<p style=\"text-align: justify\">The full Methodology for transparent, participatory, and responsible governance and intergenerational best practices within Romanian NGOs can be accessed with a simple click\u00a0<a href=\"https:\/\/fundatiaregala.ro\/wp-content\/uploads\/Metodologie-CONFER_V3.pdf\" target=\"_blank\" rel=\"noopener\"><strong>here<\/strong><\/a>.<\/p>\n<p><\/p><\/div><div class=\"vc_row vc_inner vc_row-fluid liquid-row-shadowbox-69f42f936f0be\"><div class=\"ld-container container-fluid\"><div class=\"row ld-row ld-row-inner\"><div class=\"wpb_column vc_column_container vc_col-sm-12 liquid-column-69f42f936f5af\"><div class=\"vc_column-inner\" ><div class=\"wpb_wrapper\" ><style>.ld_fancy_heading_69f42f936f758 p{color:#262528;}.ld_fancy_heading_69f42f936f758 .lqd-highlight-inner{height:0.275em!important;bottom:0px!important;}<\/style><div class=\"ld-fancy-heading ld_fancy_heading_69f42f936f758\">\n\t<p class=\"ld-fh-element lqd-highlight-underline lqd-highlight-grow-left text-decoration-default\"   >  <\/p>\n<p style=\"text-align: justify\">The project is carried out by The Margareta of Romania Royal Foundation, in partnership with Nedland Kultur, and benefits from a grant worth 97,914.00 euros through the Active Citizens Fund Romania program, funded by Iceland, Liechtenstein, and Norway through the EEA Grants 2014-2021. The content of this website does not necessarily represent the official position of the EEA and Norway Grants 2014-2021; for more information, visit www.eeagrants.org.\u00a0<em><a href=\"http:\/\/www.eeagrants.org.\/\"><strong>www.eeagrants.org<\/strong><\/a><\/em>Information about Active Citizens Fund Romania is\u00a0<em>The project is carried out by The Margareta of Romania Royal Foundation, in partnership with Nedland Kultur, and benefits from a grant worth 97,914.00 euros through the Active Citizens Fund Romania program, funded by Iceland, Liechtenstein, and Norway through the EEA Grants 2014-2021. The content of this website does not necessarily represent the official position of the EEA and Norway Grants 2014-2021; for more information, visit www.eeagrants.org. Information about Active Citizens Fund Romania is available at www.activecitizensfund.ro.\u00a0<\/em><a href=\"http:\/\/www.activecitizensfund.ro.\/\"><strong><em>www.activecitizensfund.ro<\/em>.<\/strong><\/a><\/p>\n<p><\/p><\/div><\/div><\/div><\/div><\/div><\/div><\/div>                    <\/div>\n                <\/div>\n            <\/div>\n\t\t\t            <div class=\"accordion-item panel\">\n\n                <div class=\"accordion-heading\" role=\"tab\" id=\"heading_lqd-1770026381127-6b3df191-1e90\" data-id=\"lqd-1770026381127-6b3df191-1e90\">\n                    <p class=\"accordion-title\" data-controls=\"lqd-1770026381127-6b3df191-1e90\" tabindex=\"-1\">\n                        <a tabindex=\"0\" class=\"collapsed\" data-toggle=\"collapse\"  data-bs-toggle=\"collapse\"\n                           data-parent=\"#vc_accordion_69f42f940a274\" data-bs-parent=\"#vc_accordion_69f42f940a274\" href=\"#lqd-1770026381127-6b3df191-1e90\" data-bs-target=\"#lqd-1770026381127-6b3df191-1e90\"\n                           aria-expanded=\"false\" aria-controls=\"lqd-1770026381127-6b3df191-1e90\">\n\n\t\t\t\t\t\t\t\n\t\t\t\t\t\t\tOrganizational Development of NGOs in Romania for Sustainability\n\t\t\t\t\t\t\t                                <span class=\"accordion-expander\">\n\t\t\t\t\t\t\t\t\t\t\t\t\t\t\t\t\t\t\t<i class=\"lqd-icn-ess icon-ion-ios-add\"><\/i>\n\t\t\t\t\t\t\t\t\t\n\t\t\t\t\t\t\t\t\t\t\t\t\t\t\t\t\t\t\t<i class=\"lqd-icn-ess icon-ion-ios-remove\"><\/i>\n\t\t\t\t\t\t\t\t\t\t\t\t\t\t\t\t\t<\/span>\n\t\t\t\t\t\t\t\n                        <\/a>\n\n                    <\/p>\n                <\/div>\n\n                <div id=\"lqd-1770026381127-6b3df191-1e90\" class=\"accordion-collapse collapse\"\n                    data-bs-parent=\"#vc_accordion_69f42f940a274\" role=\"tabpanel\" aria-labelledby=\"heading_lqd-1770026381127-6b3df191-1e90\">\n                    <div class=\"accordion-content\">\n\t\t\t\t\t\t\n\t<div  class=\"wpb_single_image wpb_content_element vc_align_center  liquid_vc_single_image-69f42f93764e2\">\n\t\t\n\t\t<figure class=\"wpb_wrapper vc_figure\">\n\t\t\t<div class=\"vc_single_image-wrapper\"><img decoding=\"async\" width=\"780\" height=\"390\" src=\"data:image\/svg+xml;charset=utf-8,%3Csvg xmlns%3D&#039;http%3A%2F%2Fwww.w3.org%2F2000%2Fsvg&#039; viewBox%3D&#039;0 0 1024 512&#039;%2F%3E\" class=\"vc_single_image-img attachment-large ld-lazyload\" alt=\"\" title=\"FRMR-Proiect-DOORS\" itemprop=\"image\" data-src=\"https:\/\/fundatiaregala.ro\/wp-content\/uploads\/FRMR-Proiect-DOORS.png\" data-srcset=\"https:\/\/fundatiaregala.ro\/wp-content\/uploads\/FRMR-Proiect-DOORS.png 1024w, https:\/\/fundatiaregala.ro\/wp-content\/uploads\/FRMR-Proiect-DOORS-300x150.png 300w, https:\/\/fundatiaregala.ro\/wp-content\/uploads\/FRMR-Proiect-DOORS-18x9.png 18w\" data-sizes=\"(max-width: 780px) 100vw, 780px\" data-aspect=\"2\" \/><\/div>\n\t\t<\/figure>\n\t<\/div>\n<style>.ld_fancy_heading_69f42f9376689 p{color:#262528;}.ld_fancy_heading_69f42f9376689 .lqd-highlight-inner{height:0.275em!important;bottom:0px!important;}<\/style><div class=\"ld-fancy-heading ld_fancy_heading_69f42f9376689\">\n\t<p class=\"ld-fh-element lqd-highlight-underline lqd-highlight-grow-left text-decoration-default\"   >  <\/p>\n<p style=\"text-align: justify\"><strong>\u201cDOORS \u2013 Organizational Development of NGOs in Romania for Sustainability\u201d<\/strong> addresses the need for sustainable development of the organizational capacity of 20 NGOs. The project aims to strengthen the capacity of 20 NGOs active in the social, education, health, civic, and environmental sectors, which operate in underserved geographical areas and face limited human, material, and financial resources.<br \/>\nThe project responds to the urgent need for NGOs to become sustainable in a changing social and economic context. According to a report by FDSC, 90% of respondents are concerned that they will not be able to continue providing their current services over the next six months, while 10% of respondents fear that their organizations may cease operations or dissolve in the near future.<\/p>\n<p style=\"text-align: justify\"><strong>DOORS<\/strong> supports these 20 NGOs by improving the skills of organizational staff,\nupdating internal procedures,\ndeveloping organizational strategies,\nproviding support for digitalization,\nstrengthening cooperation with stakeholders and local authorities,\nfacilitating the transfer of best practices, and\nfostering network collaboration for sustainable consolidation.<\/p>\n<p><\/p><\/div><style>.ld_fancy_heading_69f42f9376a67 p{color:#262528;}.ld_fancy_heading_69f42f9376a67 .lqd-highlight-inner{height:0.275em!important;bottom:0px!important;}<\/style><div class=\"ld-fancy-heading ld_fancy_heading_69f42f9376a67\">\n\t<p class=\"ld-fh-element lqd-highlight-underline lqd-highlight-grow-left text-decoration-default\"   >  <strong>BENEFITS OF THE DOORS PROJECT<\/strong><\/p>\n<p style=\"text-align: justify\">Within the DOORS project, organizations work in partnership with experts from the non-governmental sector to ensure sustainability, fulfill their mission, and serve their communities.\nOver 20 months, 20 less-experienced NGOs from small urban and rural areas across the country receive support to develop their organizational capacity through a comprehensive program that includes:<\/p>\n<p><\/p><\/div><div class=\"vc_row vc_inner vc_row-fluid liquid-row-shadowbox-69f42f9376eff\"><div class=\"ld-container container-fluid\"><div class=\"row ld-row ld-row-inner vc_row-o-equal-height vc_row-flex\"><div class=\"wpb_column vc_column_container vc_col-sm-2 liquid-column-69f42f93773f4 vc_col-has-fill\"><div class=\"vc_column-inner vc_custom_1770106161364\" ><div class=\"wpb_wrapper\" ><\/div><\/div><\/div><div class=\"wpb_column vc_column_container vc_col-sm-8 liquid-column-69f42f9377847\"><div class=\"vc_column-inner\" ><div class=\"wpb_wrapper\" ><style>.ld_icon_box_69f42f9377a61 .iconbox-icon-container{color:#1d4484;border-radius:px;}.ld_icon_box_69f42f9377a61:hover .iconbox-icon-container{color:#1d4484;}.ld_icon_box_69f42f9377a61 .iconbox-icon-wrap{margin-inline-end:10px !important;}.ld_icon_box_69f42f9377a61 .lqd-iconbox-title{margin-bottom:px;}<\/style>\n<div class=\"iconbox iconbox-side text-align-default align-items-center ld_icon_box_69f42f9377a61 vc_custom_1770106171164\" id=\"ld_icon_box_69f42f9377a61\"  data-animate-icon=\"true\" data-plugin-options='{\"color\":\"#1d4484\",\"hoverColor\":\"#1d4484\"}'  >\n\t\n\t\t\t\t\t\n\t\n\t<div class=\"iconbox-icon-wrap\"><span class=\"iconbox-icon-container\"><i class=\"fas fa-window-restore\"><\/i><\/span><\/div>\t\n\t\t\n\t<div class=\"contents\">\t\n\t\t\n\t\t<p style=\"text-align: left\">A digital transformation and promotion kit (assistance and development): branding elements, website, social media presence<\/p>\n\t\t\n\t<\/div>\t\n\t\n<\/div>\n<style>.ld_icon_box_69f42f93785dc .iconbox-icon-container{color:#1d4484;border-radius:px;}.ld_icon_box_69f42f93785dc:hover .iconbox-icon-container{color:#1d4484;}.ld_icon_box_69f42f93785dc .iconbox-icon-wrap{margin-inline-end:10px !important;}.ld_icon_box_69f42f93785dc .lqd-iconbox-title{margin-bottom:px;}<\/style>\n<div class=\"iconbox iconbox-side text-align-default align-items-center ld_icon_box_69f42f93785dc vc_custom_1770106177860\" id=\"ld_icon_box_69f42f93785dc\"  data-animate-icon=\"true\" data-plugin-options='{\"color\":\"#1d4484\",\"hoverColor\":\"#1d4484\"}'  >\n\t\n\t\t\t\t\t\n\t\n\t<div class=\"iconbox-icon-wrap\"><span class=\"iconbox-icon-container\"><i class=\"fas fa-bullseye\"><\/i><\/span><\/div>\t\n\t\t\n\t<div class=\"contents\">\t\n\t\t\n\t\t<p style=\"text-align: left\">Guidance and support in organizing networking events aimed at donor cultivation, sponsor retention, exchange of best practices, and network collaboration<\/p>\n\t\t\n\t<\/div>\t\n\t\n<\/div>\n<style>.ld_icon_box_69f42f937951b .iconbox-icon-container{color:#1d4484;border-radius:px;}.ld_icon_box_69f42f937951b:hover .iconbox-icon-container{color:#1d4484;}.ld_icon_box_69f42f937951b .iconbox-icon-wrap{margin-inline-end:10px !important;}.ld_icon_box_69f42f937951b .lqd-iconbox-title{margin-bottom:px;}<\/style>\n<div class=\"iconbox iconbox-side text-align-default align-items-center ld_icon_box_69f42f937951b vc_custom_1770106184093\" id=\"ld_icon_box_69f42f937951b\"  data-animate-icon=\"true\" data-plugin-options='{\"color\":\"#1d4484\",\"hoverColor\":\"#1d4484\"}'  >\n\t\n\t\t\t\t\t\n\t\n\t<div class=\"iconbox-icon-wrap\"><span class=\"iconbox-icon-container\"><i class=\"fas fa-retweet\"><\/i><\/span><\/div>\t\n\t\t\n\t<div class=\"contents\">\t\n\t\t\n\t\t<p style=\"text-align: left\">Support for developing individual strategies<\/p>\n\t\t\n\t<\/div>\t\n\t\n<\/div>\n<style>.ld_icon_box_69f42f9379ba7 .iconbox-icon-container{color:#1d4484;border-radius:px;}.ld_icon_box_69f42f9379ba7:hover .iconbox-icon-container{color:#1d4484;}.ld_icon_box_69f42f9379ba7 .iconbox-icon-wrap{margin-inline-end:10px !important;}.ld_icon_box_69f42f9379ba7 .lqd-iconbox-title{margin-bottom:px;}<\/style>\n<div class=\"iconbox iconbox-side text-align-default align-items-center ld_icon_box_69f42f9379ba7 vc_custom_1770106196745\" id=\"ld_icon_box_69f42f9379ba7\"  data-animate-icon=\"true\" data-plugin-options='{\"color\":\"#1d4484\",\"hoverColor\":\"#1d4484\"}'  >\n\t\n\t\t\t\t\t\n\t\n\t<div class=\"iconbox-icon-wrap\"><span class=\"iconbox-icon-container\"><i class=\"fas fa-hands-helping\"><\/i><\/span><\/div>\t\n\t\t\n\t<div class=\"contents\">\t\n\t\t\n\t\t<p style=\"text-align: left\">Training and coaching programs<\/p>\n\t\t\n\t<\/div>\t\n\t\n<\/div>\n<\/div><\/div><\/div><div class=\"wpb_column vc_column_container vc_col-sm-2 liquid-column-69f42f937a28b\"><div class=\"vc_column-inner\" ><div class=\"wpb_wrapper\" ><\/div><\/div><\/div><\/div><\/div><\/div><style>.ld_spacer_69f42f937a38b{height:50px;}<\/style>\n<div class=\"ld-empty-space ld_spacer_69f42f937a38b\"><\/div><style>.ld_fancy_heading_69f42f937a56b h3{color:#262528;}.ld_fancy_heading_69f42f937a56b h3 {margin-bottom:50px !important;  } .ld_fancy_heading_69f42f937a56b .lqd-highlight-inner{height:0.275em!important;bottom:0px!important;}.ld_fancy_heading_69f42f937a56b h3 {margin-bottom:50px !important;  } <\/style><div class=\"ld-fancy-heading text-center ld_fancy_heading_69f42f937a56b\">\n\t<h3 class=\"ld-fh-element lqd-highlight-underline lqd-highlight-grow-left text-decoration-default\"   >  <strong>WHO ARE THE BENEFICIARY NGOs?<\/strong><\/h3><\/div><div class=\"vc_row vc_inner vc_row-fluid vc_custom_1770031338209 liquid-row-shadowbox-69f42f937add8\"><div class=\"ld-container container-fluid\"><div class=\"row ld-row ld-row-inner vc_row-o-equal-height vc_row-flex\"><div class=\"wpb_column vc_column_container vc_col-sm-2 liquid-column-69f42f937b259 vc_col-has-fill\"><div class=\"vc_column-inner vc_custom_1770029649699\" ><div class=\"wpb_wrapper\" ><\/div><\/div><\/div><div class=\"wpb_column vc_column_container vc_col-sm-8 liquid-column-69f42f937b6a8 vc_col-has-fill\"><div class=\"vc_column-inner vc_custom_1770029744021\" ><div class=\"wpb_wrapper\" ><style>.ld_icon_box_69f42f937b89d .iconbox-icon-container{color:#1d4484;border-radius:px;}.ld_icon_box_69f42f937b89d:hover .iconbox-icon-container{color:#1d4484;}.ld_icon_box_69f42f937b89d .iconbox-icon-wrap{margin-inline-end:10px !important;}.ld_icon_box_69f42f937b89d .lqd-iconbox-title{margin-bottom:px;}<\/style>\n<div class=\"iconbox iconbox-side text-align-default align-items-center ld_icon_box_69f42f937b89d vc_custom_1770126517219\" id=\"ld_icon_box_69f42f937b89d\"  data-animate-icon=\"true\" data-plugin-options='{\"color\":\"#1d4484\",\"hoverColor\":\"#1d4484\"}'  >\n\t\n\t\t\t\t\t\n\t\n\t<div class=\"iconbox-icon-wrap\"><span class=\"iconbox-icon-container\"><\/span><\/div>\t\n\t\t\n\t<div class=\"contents\">\t\n\t\t\n\t\t<p>Association of Patients with Hepatic Diseases<\/p>\n\t\t\n\t<\/div>\t\n\t\n<\/div>\n<style>.ld_icon_box_69f42f937c28a .iconbox-icon-container{color:#1d4484;border-radius:px;}.ld_icon_box_69f42f937c28a:hover .iconbox-icon-container{color:#1d4484;}.ld_icon_box_69f42f937c28a .iconbox-icon-wrap{margin-inline-end:10px !important;}.ld_icon_box_69f42f937c28a .lqd-iconbox-title{margin-bottom:px;}<\/style>\n<div class=\"iconbox iconbox-side text-align-default align-items-center ld_icon_box_69f42f937c28a vc_custom_1770126531271\" id=\"ld_icon_box_69f42f937c28a\"  data-animate-icon=\"true\" data-plugin-options='{\"color\":\"#1d4484\",\"hoverColor\":\"#1d4484\"}'  >\n\t\n\t\t\t\t\t\n\t\n\t<div class=\"iconbox-icon-wrap\"><span class=\"iconbox-icon-container\"><\/span><\/div>\t\n\t\t\n\t<div class=\"contents\">\t\n\t\t\n\t\t<p>Cernavod\u0103 Plus Association<\/p>\n\t\t\n\t<\/div>\t\n\t\n<\/div>\n<style>.ld_icon_box_69f42f937cc47 .iconbox-icon-container{color:#1d4484;border-radius:px;}.ld_icon_box_69f42f937cc47:hover .iconbox-icon-container{color:#1d4484;}.ld_icon_box_69f42f937cc47 .iconbox-icon-wrap{margin-inline-end:10px !important;}.ld_icon_box_69f42f937cc47 .lqd-iconbox-title{margin-bottom:px;}<\/style>\n<div class=\"iconbox iconbox-side text-align-default align-items-center ld_icon_box_69f42f937cc47 vc_custom_1770126546357\" id=\"ld_icon_box_69f42f937cc47\"  data-animate-icon=\"true\" data-plugin-options='{\"color\":\"#1d4484\",\"hoverColor\":\"#1d4484\"}'  >\n\t\n\t\t\t\t\t\n\t\n\t<div class=\"iconbox-icon-wrap\"><span class=\"iconbox-icon-container\"><\/span><\/div>\t\n\t\t\n\t<div class=\"contents\">\t\n\t\t\n\t\t<p>Art in Context Sl\u0103nic Moldova Association<\/p>\n\t\t\n\t<\/div>\t\n\t\n<\/div>\n<style>.ld_icon_box_69f42f937d22f .iconbox-icon-container{color:#1d4484;border-radius:px;}.ld_icon_box_69f42f937d22f:hover .iconbox-icon-container{color:#1d4484;}.ld_icon_box_69f42f937d22f .iconbox-icon-wrap{margin-inline-end:10px !important;}.ld_icon_box_69f42f937d22f .lqd-iconbox-title{margin-bottom:px;}<\/style>\n<div class=\"iconbox iconbox-side text-align-default align-items-center ld_icon_box_69f42f937d22f vc_custom_1770126561298\" id=\"ld_icon_box_69f42f937d22f\"  data-animate-icon=\"true\" data-plugin-options='{\"color\":\"#1d4484\",\"hoverColor\":\"#1d4484\"}'  >\n\t\n\t\t\t\t\t\n\t\n\t<div class=\"iconbox-icon-wrap\"><span class=\"iconbox-icon-container\"><\/span><\/div>\t\n\t\t\n\t<div class=\"contents\">\t\n\t\t\n\t\t<p>Global Network for Democracy and Human Rights (GNDHR)<\/p>\n\t\t\n\t<\/div>\t\n\t\n<\/div>\n<style>.ld_icon_box_69f42f937d550 .iconbox-icon-container{color:#1d4484;border-radius:px;}.ld_icon_box_69f42f937d550:hover .iconbox-icon-container{color:#1d4484;}.ld_icon_box_69f42f937d550 .iconbox-icon-wrap{margin-inline-end:10px !important;}.ld_icon_box_69f42f937d550 .lqd-iconbox-title{margin-bottom:px;}<\/style>\n<div class=\"iconbox iconbox-side text-align-default align-items-center ld_icon_box_69f42f937d550 vc_custom_1770126575076\" id=\"ld_icon_box_69f42f937d550\"  data-animate-icon=\"true\" data-plugin-options='{\"color\":\"#1d4484\",\"hoverColor\":\"#1d4484\"}'  >\n\t\n\t\t\t\t\t\n\t\n\t<div class=\"iconbox-icon-wrap\"><span class=\"iconbox-icon-container\"><\/span><\/div>\t\n\t\t\n\t<div class=\"contents\">\t\n\t\t\n\t\t<p>Plaiuri Noi Association<\/p>\n\t\t\n\t<\/div>\t\n\t\n<\/div>\n<style>.ld_icon_box_69f42f937d847 .iconbox-icon-container{color:#1d4484;border-radius:px;}.ld_icon_box_69f42f937d847:hover .iconbox-icon-container{color:#1d4484;}.ld_icon_box_69f42f937d847 .iconbox-icon-wrap{margin-inline-end:10px !important;}.ld_icon_box_69f42f937d847 .lqd-iconbox-title{margin-bottom:px;}<\/style>\n<div class=\"iconbox iconbox-side text-align-default align-items-center ld_icon_box_69f42f937d847 vc_custom_1770126587086\" id=\"ld_icon_box_69f42f937d847\"  data-animate-icon=\"true\" data-plugin-options='{\"color\":\"#1d4484\",\"hoverColor\":\"#1d4484\"}'  >\n\t\n\t\t\t\t\t\n\t\n\t<div class=\"iconbox-icon-wrap\"><span class=\"iconbox-icon-container\"><\/span><\/div>\t\n\t\t\n\t<div class=\"contents\">\t\n\t\t\n\t\t<p>ROBOCLUB Association<\/p>\n\t\t\n\t<\/div>\t\n\t\n<\/div>\n<style>.ld_icon_box_69f42f937db21 .iconbox-icon-container{color:#1d4484;border-radius:px;}.ld_icon_box_69f42f937db21:hover .iconbox-icon-container{color:#1d4484;}.ld_icon_box_69f42f937db21 .iconbox-icon-wrap{margin-inline-end:10px !important;}.ld_icon_box_69f42f937db21 .lqd-iconbox-title{margin-bottom:px;}<\/style>\n<div class=\"iconbox iconbox-side text-align-default align-items-center ld_icon_box_69f42f937db21 vc_custom_1770126596175\" id=\"ld_icon_box_69f42f937db21\"  data-animate-icon=\"true\" data-plugin-options='{\"color\":\"#1d4484\",\"hoverColor\":\"#1d4484\"}'  >\n\t\n\t\t\t\t\t\n\t\n\t<div class=\"iconbox-icon-wrap\"><span class=\"iconbox-icon-container\"><\/span><\/div>\t\n\t\t\n\t<div class=\"contents\">\t\n\t\t\n\t\t<p>DARES Association<\/p>\n\t\t\n\t<\/div>\t\n\t\n<\/div>\n<style>.ld_icon_box_69f42f937de1d .iconbox-icon-container{color:#1d4484;border-radius:px;}.ld_icon_box_69f42f937de1d:hover .iconbox-icon-container{color:#1d4484;}.ld_icon_box_69f42f937de1d .iconbox-icon-wrap{margin-inline-end:10px !important;}.ld_icon_box_69f42f937de1d .lqd-iconbox-title{margin-bottom:px;}<\/style>\n<div class=\"iconbox iconbox-side text-align-default align-items-center ld_icon_box_69f42f937de1d vc_custom_1770126605881\" id=\"ld_icon_box_69f42f937de1d\"  data-animate-icon=\"true\" data-plugin-options='{\"color\":\"#1d4484\",\"hoverColor\":\"#1d4484\"}'  >\n\t\n\t\t\t\t\t\n\t\n\t<div class=\"iconbox-icon-wrap\"><span class=\"iconbox-icon-container\"><\/span><\/div>\t\n\t\t\n\t<div class=\"contents\">\t\n\t\t\n\t\t<p>Little and Magical Soul Association<\/p>\n\t\t\n\t<\/div>\t\n\t\n<\/div>\n<style>.ld_icon_box_69f42f937e121 .iconbox-icon-container{color:#1d4484;border-radius:px;}.ld_icon_box_69f42f937e121:hover .iconbox-icon-container{color:#1d4484;}.ld_icon_box_69f42f937e121 .iconbox-icon-wrap{margin-inline-end:10px !important;}.ld_icon_box_69f42f937e121 .lqd-iconbox-title{margin-bottom:px;}<\/style>\n<div class=\"iconbox iconbox-side text-align-default align-items-center ld_icon_box_69f42f937e121 vc_custom_1770126615028\" id=\"ld_icon_box_69f42f937e121\"  data-animate-icon=\"true\" data-plugin-options='{\"color\":\"#1d4484\",\"hoverColor\":\"#1d4484\"}'  >\n\t\n\t\t\t\t\t\n\t\n\t<div class=\"iconbox-icon-wrap\"><span class=\"iconbox-icon-container\"><\/span><\/div>\t\n\t\t\n\t<div class=\"contents\">\t\n\t\t\n\t\t<p>Te Aud Rom\u00e2nia Foundation<\/p>\n\t\t\n\t<\/div>\t\n\t\n<\/div>\n<style>.ld_icon_box_69f42f937e3f0 .iconbox-icon-container{color:#1d4484;border-radius:px;}.ld_icon_box_69f42f937e3f0:hover .iconbox-icon-container{color:#1d4484;}.ld_icon_box_69f42f937e3f0 .iconbox-icon-wrap{margin-inline-end:10px !important;}.ld_icon_box_69f42f937e3f0 .lqd-iconbox-title{margin-bottom:px;}<\/style>\n<div class=\"iconbox iconbox-side text-align-default align-items-center ld_icon_box_69f42f937e3f0 vc_custom_1770126624553\" id=\"ld_icon_box_69f42f937e3f0\"  data-animate-icon=\"true\" data-plugin-options='{\"color\":\"#1d4484\",\"hoverColor\":\"#1d4484\"}'  >\n\t\n\t\t\t\t\t\n\t\n\t<div class=\"iconbox-icon-wrap\"><span class=\"iconbox-icon-container\"><\/span><\/div>\t\n\t\t\n\t<div class=\"contents\">\t\n\t\t\n\t\t<p>OPEN Association<\/p>\n\t\t\n\t<\/div>\t\n\t\n<\/div>\n<style>.ld_icon_box_69f42f937e6cd .iconbox-icon-container{color:#1d4484;border-radius:px;}.ld_icon_box_69f42f937e6cd:hover .iconbox-icon-container{color:#1d4484;}.ld_icon_box_69f42f937e6cd .iconbox-icon-wrap{margin-inline-end:10px !important;}.ld_icon_box_69f42f937e6cd .lqd-iconbox-title{margin-bottom:px;}<\/style>\n<div class=\"iconbox iconbox-side text-align-default align-items-center ld_icon_box_69f42f937e6cd vc_custom_1770126633960\" id=\"ld_icon_box_69f42f937e6cd\"  data-animate-icon=\"true\" data-plugin-options='{\"color\":\"#1d4484\",\"hoverColor\":\"#1d4484\"}'  >\n\t\n\t\t\t\t\t\n\t\n\t<div class=\"iconbox-icon-wrap\"><span class=\"iconbox-icon-container\"><\/span><\/div>\t\n\t\t\n\t<div class=\"contents\">\t\n\t\t\n\t\t<p>Pro Eco Tur Association<\/p>\n\t\t\n\t<\/div>\t\n\t\n<\/div>\n<style>.ld_icon_box_69f42f937e9c8 .iconbox-icon-container{color:#1d4484;border-radius:px;}.ld_icon_box_69f42f937e9c8:hover .iconbox-icon-container{color:#1d4484;}.ld_icon_box_69f42f937e9c8 .iconbox-icon-wrap{margin-inline-end:10px !important;}.ld_icon_box_69f42f937e9c8 .lqd-iconbox-title{margin-bottom:px;}<\/style>\n<div class=\"iconbox iconbox-side text-align-default align-items-center ld_icon_box_69f42f937e9c8 vc_custom_1770126646387\" id=\"ld_icon_box_69f42f937e9c8\"  data-animate-icon=\"true\" data-plugin-options='{\"color\":\"#1d4484\",\"hoverColor\":\"#1d4484\"}'  >\n\t\n\t\t\t\t\t\n\t\n\t<div class=\"iconbox-icon-wrap\"><span class=\"iconbox-icon-container\"><\/span><\/div>\t\n\t\t\n\t<div class=\"contents\">\t\n\t\t\n\t\t<p>Samaritans in the Community Association<\/p>\n\t\t\n\t<\/div>\t\n\t\n<\/div>\n<style>.ld_icon_box_69f42f937ecbf .iconbox-icon-container{color:#1d4484;border-radius:px;}.ld_icon_box_69f42f937ecbf:hover .iconbox-icon-container{color:#1d4484;}.ld_icon_box_69f42f937ecbf .iconbox-icon-wrap{margin-inline-end:10px !important;}.ld_icon_box_69f42f937ecbf .lqd-iconbox-title{margin-bottom:px;}<\/style>\n<div class=\"iconbox iconbox-side text-align-default align-items-center ld_icon_box_69f42f937ecbf vc_custom_1770126658262\" id=\"ld_icon_box_69f42f937ecbf\"  data-animate-icon=\"true\" data-plugin-options='{\"color\":\"#1d4484\",\"hoverColor\":\"#1d4484\"}'  >\n\t\n\t\t\t\t\t\n\t\n\t<div class=\"iconbox-icon-wrap\"><span class=\"iconbox-icon-container\"><\/span><\/div>\t\n\t\t\n\t<div class=\"contents\">\t\n\t\t\n\t\t<p>Sellification4Education Association<\/p>\n\t\t\n\t<\/div>\t\n\t\n<\/div>\n<style>.ld_icon_box_69f42f937efc6 .iconbox-icon-container{color:#1d4484;border-radius:px;}.ld_icon_box_69f42f937efc6:hover .iconbox-icon-container{color:#1d4484;}.ld_icon_box_69f42f937efc6 .iconbox-icon-wrap{margin-inline-end:10px !important;}.ld_icon_box_69f42f937efc6 .lqd-iconbox-title{margin-bottom:px;}<\/style>\n<div class=\"iconbox iconbox-side text-align-default align-items-center ld_icon_box_69f42f937efc6 vc_custom_1770126669886\" id=\"ld_icon_box_69f42f937efc6\"  data-animate-icon=\"true\" data-plugin-options='{\"color\":\"#1d4484\",\"hoverColor\":\"#1d4484\"}'  >\n\t\n\t\t\t\t\t\n\t\n\t<div class=\"iconbox-icon-wrap\"><span class=\"iconbox-icon-container\"><\/span><\/div>\t\n\t\t\n\t<div class=\"contents\">\t\n\t\t\n\t\t<p>Sports Club Lucky Dragons<\/p>\n\t\t\n\t<\/div>\t\n\t\n<\/div>\n<style>.ld_icon_box_69f42f937f2cb .iconbox-icon-container{color:#1d4484;border-radius:px;}.ld_icon_box_69f42f937f2cb:hover .iconbox-icon-container{color:#1d4484;}.ld_icon_box_69f42f937f2cb .iconbox-icon-wrap{margin-inline-end:10px !important;}.ld_icon_box_69f42f937f2cb .lqd-iconbox-title{margin-bottom:px;}<\/style>\n<div class=\"iconbox iconbox-side text-align-default align-items-center ld_icon_box_69f42f937f2cb vc_custom_1770126681728\" id=\"ld_icon_box_69f42f937f2cb\"  data-animate-icon=\"true\" data-plugin-options='{\"color\":\"#1d4484\",\"hoverColor\":\"#1d4484\"}'  >\n\t\n\t\t\t\t\t\n\t\n\t<div class=\"iconbox-icon-wrap\"><span class=\"iconbox-icon-container\"><\/span><\/div>\t\n\t\t\n\t<div class=\"contents\">\t\n\t\t\n\t\t<p>\u201cRise Up and Walk\u201d Association \u2013 Arad Branch<\/p>\n\t\t\n\t<\/div>\t\n\t\n<\/div>\n<style>.ld_icon_box_69f42f937f5a1 .iconbox-icon-container{color:#1d4484;border-radius:px;}.ld_icon_box_69f42f937f5a1:hover .iconbox-icon-container{color:#1d4484;}.ld_icon_box_69f42f937f5a1 .iconbox-icon-wrap{margin-inline-end:10px !important;}.ld_icon_box_69f42f937f5a1 .lqd-iconbox-title{margin-bottom:px;}<\/style>\n<div class=\"iconbox iconbox-side text-align-default align-items-center ld_icon_box_69f42f937f5a1 vc_custom_1770126695159\" id=\"ld_icon_box_69f42f937f5a1\"  data-animate-icon=\"true\" data-plugin-options='{\"color\":\"#1d4484\",\"hoverColor\":\"#1d4484\"}'  >\n\t\n\t\t\t\t\t\n\t\n\t<div class=\"iconbox-icon-wrap\"><span class=\"iconbox-icon-container\"><\/span><\/div>\t\n\t\t\n\t<div class=\"contents\">\t\n\t\t\n\t\t<p>Bac\u0103u County Branch of the Romanian Association of the Blind<\/p>\n\t\t\n\t<\/div>\t\n\t\n<\/div>\n<style>.ld_icon_box_69f42f937f87c .iconbox-icon-container{color:#1d4484;border-radius:px;}.ld_icon_box_69f42f937f87c:hover .iconbox-icon-container{color:#1d4484;}.ld_icon_box_69f42f937f87c .iconbox-icon-wrap{margin-inline-end:10px !important;}.ld_icon_box_69f42f937f87c .lqd-iconbox-title{margin-bottom:px;}<\/style>\n<div class=\"iconbox iconbox-side text-align-default align-items-center ld_icon_box_69f42f937f87c vc_custom_1770126712510\" id=\"ld_icon_box_69f42f937f87c\"  data-animate-icon=\"true\" data-plugin-options='{\"color\":\"#1d4484\",\"hoverColor\":\"#1d4484\"}'  >\n\t\n\t\t\t\t\t\n\t\n\t<div class=\"iconbox-icon-wrap\"><span class=\"iconbox-icon-container\"><\/span><\/div>\t\n\t\t\n\t<div class=\"contents\">\t\n\t\t\n\t\t<p>European Center for Cultural Excellence Diverbium Association<\/p>\n\t\t\n\t<\/div>\t\n\t\n<\/div>\n<style>.ld_icon_box_69f42f937fb60 .iconbox-icon-container{color:#1d4484;border-radius:px;}.ld_icon_box_69f42f937fb60:hover .iconbox-icon-container{color:#1d4484;}.ld_icon_box_69f42f937fb60 .iconbox-icon-wrap{margin-inline-end:10px !important;}.ld_icon_box_69f42f937fb60 .lqd-iconbox-title{margin-bottom:px;}<\/style>\n<div class=\"iconbox iconbox-side text-align-default align-items-center ld_icon_box_69f42f937fb60 vc_custom_1770126777018\" id=\"ld_icon_box_69f42f937fb60\"  data-animate-icon=\"true\" data-plugin-options='{\"color\":\"#1d4484\",\"hoverColor\":\"#1d4484\"}'  >\n\t\n\t\t\t\t\t\n\t\n\t<div class=\"iconbox-icon-wrap\"><span class=\"iconbox-icon-container\"><\/span><\/div>\t\n\t\t\n\t<div class=\"contents\">\t\n\t\t\n\t\t<p>Beyond Today Association<\/p>\n\t\t\n\t<\/div>\t\n\t\n<\/div>\n<style>.ld_icon_box_69f42f937fe30 .iconbox-icon-container{color:#1d4484;border-radius:px;}.ld_icon_box_69f42f937fe30:hover .iconbox-icon-container{color:#1d4484;}.ld_icon_box_69f42f937fe30 .iconbox-icon-wrap{margin-inline-end:10px !important;}.ld_icon_box_69f42f937fe30 .lqd-iconbox-title{margin-bottom:px;}<\/style>\n<div class=\"iconbox iconbox-side text-align-default align-items-center ld_icon_box_69f42f937fe30 vc_custom_1770126727047\" id=\"ld_icon_box_69f42f937fe30\"  data-animate-icon=\"true\" data-plugin-options='{\"color\":\"#1d4484\",\"hoverColor\":\"#1d4484\"}'  >\n\t\n\t\t\t\t\t\n\t\n\t<div class=\"iconbox-icon-wrap\"><span class=\"iconbox-icon-container\"><\/span><\/div>\t\n\t\t\n\t<div class=\"contents\">\t\n\t\t\n\t\t<p>Saint Spiridon Multifunctional Association<\/p>\n\t\t\n\t<\/div>\t\n\t\n<\/div>\n<style>.ld_icon_box_69f42f93800fe .iconbox-icon-container{color:#1d4484;border-radius:px;}.ld_icon_box_69f42f93800fe:hover .iconbox-icon-container{color:#1d4484;}.ld_icon_box_69f42f93800fe .iconbox-icon-wrap{margin-inline-end:10px !important;}.ld_icon_box_69f42f93800fe .lqd-iconbox-title{margin-bottom:px;}<\/style>\n<div class=\"iconbox iconbox-side text-align-default align-items-center ld_icon_box_69f42f93800fe vc_custom_1770126740381\" id=\"ld_icon_box_69f42f93800fe\"  data-animate-icon=\"true\" data-plugin-options='{\"color\":\"#1d4484\",\"hoverColor\":\"#1d4484\"}'  >\n\t\n\t\t\t\t\t\n\t\n\t<div class=\"iconbox-icon-wrap\"><span class=\"iconbox-icon-container\"><\/span><\/div>\t\n\t\t\n\t<div class=\"contents\">\t\n\t\t\n\t\t<p>Children Without Childhood Association<\/p>\n\t\t\n\t<\/div>\t\n\t\n<\/div>\n<\/div><\/div><\/div><div class=\"wpb_column vc_column_container vc_col-sm-2 liquid-column-69f42f93806f0 vc_col-has-fill\"><div class=\"vc_column-inner vc_custom_1770029752474\" ><div class=\"wpb_wrapper\" ><\/div><\/div><\/div><\/div><\/div><\/div><style>.ld_spacer_69f42f938154c{height:50px;}<\/style>\n<div class=\"ld-empty-space ld_spacer_69f42f938154c\"><\/div><style>.ld_spacer_69f42f93815ef{height:50px;}<\/style>\n<div class=\"ld-empty-space ld_spacer_69f42f93815ef\"><\/div>\n\t<div  class=\"wpb_single_image wpb_content_element vc_align_center  liquid_vc_single_image-69f42f9388bb3\">\n\t\t\n\t\t<figure class=\"wpb_wrapper vc_figure\">\n\t\t\t<div class=\"vc_single_image-wrapper\"><img decoding=\"async\" width=\"780\" height=\"551\" src=\"data:image\/svg+xml;charset=utf-8,%3Csvg xmlns%3D&#039;http%3A%2F%2Fwww.w3.org%2F2000%2Fsvg&#039; viewBox%3D&#039;0 0 1024 724&#039;%2F%3E\" class=\"vc_single_image-img attachment-large ld-lazyload\" alt=\"\" title=\"FRMR-Proiect-DOORS-Timeline\" itemprop=\"image\" data-src=\"https:\/\/fundatiaregala.ro\/wp-content\/uploads\/FRMR-Proiect-DOORS-Timeline-1024x724.png\" data-srcset=\"https:\/\/fundatiaregala.ro\/wp-content\/uploads\/FRMR-Proiect-DOORS-Timeline-1024x724.png 1024w, https:\/\/fundatiaregala.ro\/wp-content\/uploads\/FRMR-Proiect-DOORS-Timeline-300x212.png 300w, https:\/\/fundatiaregala.ro\/wp-content\/uploads\/FRMR-Proiect-DOORS-Timeline-18x12.png 18w, https:\/\/fundatiaregala.ro\/wp-content\/uploads\/FRMR-Proiect-DOORS-Timeline.png 2000w\" data-sizes=\"(max-width: 780px) 100vw, 780px\" data-aspect=\"1.414364640884\" \/><\/div>\n\t\t<\/figure>\n\t<\/div>\n<style>.ld_fancy_heading_69f42f9388d88 p{color:#262528;}.ld_fancy_heading_69f42f9388d88 .lqd-highlight-inner{height:0.275em!important;bottom:0px!important;}<\/style><div class=\"ld-fancy-heading ld_fancy_heading_69f42f9388d88\">\n\t<p class=\"ld-fh-element lqd-highlight-underline lqd-highlight-grow-left text-decoration-default\"   >  <\/p>\n<p style=\"text-align: justify\"><strong>In September, four stakeholder consultations took place, as follows:<\/strong><\/p>\n<p style=\"text-align: justify\"><strong>SEPTEMBER 6<\/strong> Children Without Childhood Association (V\u00e2lcea) held a discussion on fundraising with stakeholders primarily from the corporate and institutional sectors.<\/p>\n<p style=\"text-align: justify\"><strong>SEPTEMBER 14<\/strong>in T\u00e2rgu Mure\u0219, Sports Club Gladius Lucky Dragons invited representatives of the local business community and supporting authorities to discuss communication practices and potential improvements.<\/p>\n<p style=\"text-align: justify\"><strong>SEPTEMBER 16<\/strong> At the border with Moldova, Pro Eco Tour organized a community consultation focused on the development of Suceveni village, involving local authorities, business representatives, and interested citizens.<\/p>\n<p style=\"text-align: justify\"><strong>SEPTEMBER 24 <\/strong>European Center for Cultural Excellence Diverbium\/dialog (Telciu) held a consultation with the mayor, business representatives, volunteers, and parents to discuss how to develop the area for the benefit of children.<\/p>\n<p style=\"text-align: justify\"><strong>In October, two additional communities from the DOORS project were visited:<\/strong><\/p>\n<p style=\"text-align: justify\">Samaritans in the Community Association (M\u0103rcule\u0219ti) brought together the mayor, business representatives, and senior volunteers to discuss fundraising for a children\u2019s camp and the possibility of organizing a cultural event showcasing children\u2019s activities (choir, dance, weaving).<br \/>\nPlaiuri Noi Association (Cluj) invited business and academic representatives and members of rural communities to discuss sustainable development that respects community values and heritage.<\/p>\n<p style=\"text-align: justify\"><strong>In november:<\/strong> technology and education came together in Ro\u0219iori, Teleorman County, during a spectacular community consultation organized by ROBOCLUB Association, involving teachers, parents, children, and even robots.<\/p>\n<p style=\"text-align: justify\"><strong>The first stakeholder consultation of 2024 took place in Cernavod\u0103,<\/strong> focusing on the integration of young people with disabilities. The mayor and deputy mayor attended, and special guest Ms. Sanda Gligu, President of the Romanian Association for Autism and ADHD Therapies, presented an intervention model hoped to be implemented locally.<\/p>\n<p style=\"text-align: justify\"><strong>In February, two consultations were held in southern Romania:<\/strong><\/p>\n<p style=\"text-align: justify\">February 23, Beyond Today Association (Craiova) focused on engaging young people in civic projects.<br \/>\nFebruary 27, in Bucharest, Global Network for Democracy and Human Rights hosted a debate on labor market integration of youth from vulnerable backgrounds.<\/p>\n<p style=\"text-align: justify\" class=\"translation-block\"><strong>March marked a marathon of six local events<\/strong> across western, northern, and northeastern Romania:<\/p>\n<p style=\"text-align: justify\"><strong>March 14<\/strong> Rise Up and Walk Association \u2013 Arad Branch hosted an emotional consultation with beneficiaries with physical, hearing, and visual disabilities, discussing local needs in S\u00e2ntana.<\/p>\n<p style=\"text-align: justify\"><strong>March 15<\/strong> In Timi\u0219oara, Sellification4Education Association addressed teachers\u2019 training needs related to Key Competences for Lifelong Learning, with examples of non-formal education using technology.<\/p>\n<p style=\"text-align: justify\"><strong>March 19<\/strong> In Foc\u0219ani, DARES Association discussed challenges faced by adolescents, especially communication with adults, teachers, and parents.<\/p>\n<p style=\"text-align: justify\"><strong>March 20<\/strong> Romanian Association of the Blind \u2013 Bac\u0103u Branch held a consultation on accessibility and disability-related challenges.<\/p>\n<p style=\"text-align: justify\"><strong>March 21<\/strong> Art in Context (Sl\u0103nic Moldova) organized a debate on upcycling and recycling.<br \/>\nMarch 29 \u2013 In Turda, APAH Transilvania discussed the need to establish a community center for residents of C\u00e2mpia Turzii and surrounding localities.<\/p>\n<p style=\"text-align: justify\"><strong>April brought the final three public consultations:<\/strong><\/p>\n<p style=\"text-align: justify\">April 4 \u2013 Saint Spiridon Day Center for Children (Gala\u021bi) presented its projects to key stakeholders.<br \/>\nApril 6 \u2013 OPEN Association (T\u00e2rgovi\u0219te), a student organization, hosted an intergenerational consultation on educational development.<br \/>\nApril 12 \u2013 The final consultation took place in Gura Humorului, hosted by Te Aud Rom\u00e2nia Association, focusing on promoting inclusive and accessible rugby programs.<\/p>\n<p><\/p><\/div><style>.ld_fancy_heading_69f42f9389b5b p{color:#262528;}.ld_fancy_heading_69f42f9389b5b .lqd-highlight-inner{height:0.275em!important;bottom:0px!important;}<\/style><div class=\"ld-fancy-heading text-center ld_fancy_heading_69f42f9389b5b\">\n\t<p class=\"ld-fh-element lqd-highlight-underline lqd-highlight-grow-left text-decoration-default\"   >  <\/p>\n<h3><strong>OPEN DOORS CONFERENCE \u2013 3 DAYS OF INSPIRATION AND DEVELOPMENT IN BUCHAREST<\/strong><\/h3>\n<p style=\"text-align: justify\">Between March 1\u20133, beneficiary organizations gathered in Bucharest for an intensive networking and best-practice exchange event, featuring speakers from the business, NGO, and public administration sectors. The event was organized with the support of partner Nedland Kultur.<\/p>\n<p><\/p><\/div>\n\t<div class=\"wpb_video_widget wpb_content_element vc_clearfix   vc_video-aspect-ratio-169 vc_video-el-width-80 vc_video-align-center\" >\n\t\t<div class=\"wpb_wrapper\">\n\t\t\t\n\t\t\t<div class=\"wpb_video_wrapper\"><iframe title=\"Conferin\u021ba Open DOORS | 1-3 martie | Bucure\u0219ti\" width=\"780\" height=\"439\" src=\"https:\/\/www.youtube.com\/embed\/C45iAl2aL6U?feature=oembed\" frameborder=\"0\" allow=\"accelerometer; autoplay; clipboard-write; encrypted-media; gyroscope; picture-in-picture; web-share\" referrerpolicy=\"strict-origin-when-cross-origin\" allowfullscreen><\/iframe><\/div>\n\t\t<\/div>\n\t<\/div>\n<div class=\"vc_row vc_inner vc_row-fluid liquid-row-shadowbox-69f42f938b44a\"><div class=\"ld-container container-fluid\"><div class=\"row ld-row ld-row-inner\"><div class=\"wpb_column vc_column_container vc_col-sm-12 liquid-column-69f42f938b8a7\"><div class=\"vc_column-inner\" ><div class=\"wpb_wrapper\" ><style>.ld_fancy_heading_69f42f938ba26 p{color:#262528;}.ld_fancy_heading_69f42f938ba26 .lqd-highlight-inner{height:0.275em!important;bottom:0px!important;}<\/style><div class=\"ld-fancy-heading ld_fancy_heading_69f42f938ba26\">\n\t<p class=\"ld-fh-element lqd-highlight-underline lqd-highlight-grow-left text-decoration-default\"   >  <\/p>\n<p style=\"text-align: center\">The project concluded on April 19 with the Closing the DOORS Conference.<\/p>\n<p style=\"text-align: justify\">The event was held in a hybrid format (in Bucharest and online), marking the launch of the Intergenerational Guide, later published as an open-source resource for organizations interested in this methodology.<\/p>\n<p><\/p><\/div><\/div><\/div><\/div><\/div><\/div><\/div><div class=\"vc_row vc_inner vc_row-fluid liquid-row-shadowbox-69f42f938be79\"><div class=\"ld-container container-fluid\"><div class=\"row ld-row ld-row-inner\"><div class=\"wpb_column vc_column_container vc_col-sm-6 liquid-column-69f42f938c272\"><div class=\"vc_column-inner\" ><div class=\"wpb_wrapper\" >\n\t<div  class=\"wpb_single_image wpb_content_element vc_align_  liquid_vc_single_image-69f42f9392cc7\">\n\t\t\n\t\t<figure class=\"wpb_wrapper vc_figure\">\n\t\t\t<div class=\"vc_single_image-wrapper\"><img decoding=\"async\" width=\"1918\" height=\"1015\" src=\"data:image\/svg+xml;charset=utf-8,%3Csvg xmlns%3D&#039;http%3A%2F%2Fwww.w3.org%2F2000%2Fsvg&#039; viewBox%3D&#039;0 0 1918 1015&#039;%2F%3E\" class=\"vc_single_image-img attachment-full ld-lazyload\" alt=\"\" title=\"Doors-5\" itemprop=\"image\" data-src=\"https:\/\/fundatiaregala.ro\/wp-content\/uploads\/Doors-5.jpg\" data-srcset=\"https:\/\/fundatiaregala.ro\/wp-content\/uploads\/Doors-5.jpg 1918w, https:\/\/fundatiaregala.ro\/wp-content\/uploads\/Doors-5-300x159.jpg 300w, https:\/\/fundatiaregala.ro\/wp-content\/uploads\/Doors-5-1024x542.jpg 1024w, https:\/\/fundatiaregala.ro\/wp-content\/uploads\/Doors-5-18x10.jpg 18w\" data-sizes=\"(max-width: 1918px) 100vw, 1918px\" data-aspect=\"1.8896551724138\" \/><\/div>\n\t\t<\/figure>\n\t<\/div>\n<\/div><\/div><\/div><div class=\"wpb_column vc_column_container vc_col-sm-6 liquid-column-69f42f9393216\"><div class=\"vc_column-inner\" ><div class=\"wpb_wrapper\" >\n\t<div  class=\"wpb_single_image wpb_content_element vc_align_  liquid_vc_single_image-69f42f9399575\">\n\t\t\n\t\t<figure class=\"wpb_wrapper vc_figure\">\n\t\t\t<div class=\"vc_single_image-wrapper\"><img decoding=\"async\" width=\"2048\" height=\"1365\" src=\"data:image\/svg+xml;charset=utf-8,%3Csvg xmlns%3D&#039;http%3A%2F%2Fwww.w3.org%2F2000%2Fsvg&#039; viewBox%3D&#039;0 0 2048 1365&#039;%2F%3E\" class=\"vc_single_image-img attachment-full ld-lazyload\" alt=\"\" title=\"Conferinta-de-final-de-proiect-DOORS\" itemprop=\"image\" data-src=\"https:\/\/fundatiaregala.ro\/wp-content\/uploads\/Conferinta-de-final-de-proiect-DOORS.jpg\" data-srcset=\"https:\/\/fundatiaregala.ro\/wp-content\/uploads\/Conferinta-de-final-de-proiect-DOORS.jpg 2048w, https:\/\/fundatiaregala.ro\/wp-content\/uploads\/Conferinta-de-final-de-proiect-DOORS-300x200.jpg 300w, https:\/\/fundatiaregala.ro\/wp-content\/uploads\/Conferinta-de-final-de-proiect-DOORS-1024x683.jpg 1024w, https:\/\/fundatiaregala.ro\/wp-content\/uploads\/Conferinta-de-final-de-proiect-DOORS-18x12.jpg 18w\" data-sizes=\"(max-width: 2048px) 100vw, 2048px\" data-aspect=\"1.5003663003663\" \/><\/div>\n\t\t<\/figure>\n\t<\/div>\n<\/div><\/div><\/div><\/div><\/div><\/div><style>.ld_fancy_heading_69f42f93997a0 p{color:#262528;}.ld_fancy_heading_69f42f93997a0 .lqd-highlight-inner{height:0.275em!important;bottom:0px!important;}<\/style><div class=\"ld-fancy-heading ld_fancy_heading_69f42f93997a0\">\n\t<p class=\"ld-fh-element lqd-highlight-underline lqd-highlight-grow-left text-decoration-default\"   >  <\/p>\n<p style=\"text-align: justify\"><strong>WHAT WAS THE SELECTION PROCESS?<\/strong><\/p>\n<p style=\"text-align: justify\">The selection call was launched on October 14, receiving applications from numerous NGOs. The entire application process was conducted online. Applicants submitted a registration file including founding documents, proof of registration, fiscal certificates, annual reports or transparent activity reporting mechanisms (website, Facebook page, etc.), along with four annexes: applicant form, letter of intent, declaration of responsibility, and data protection agreement.<\/p>\n<p style=\"text-align: justify\">In addition to these, we had a list of eligibility criteria that had to be met cumulatively for the NGO applications to be validated.<\/p>\n<p>Eligible NGOs met the following criteria:<\/p>\n<p>are legally established and active for at least one year;<\/p>\n<p>operate in the social, education, health, civic, or environmental fields;<\/p>\n<p style=\"text-align: justify\">operate in underserved areas characterized by limited civil society presence or community deprivation (low human capital, low employment rates, poor housing conditions, insufficient services for vulnerable groups).<\/p>\n<p style=\"text-align: justify\">Priority was given to organizations with fewer than 10 employees and a 2021 budget below EUR 200,000.<\/p>\n<p><\/p><\/div><div class=\"vc_row vc_inner vc_row-fluid liquid-row-shadowbox-69f42f9399dc3\"><div class=\"ld-container container-fluid\"><div class=\"row ld-row ld-row-inner\"><div class=\"wpb_column vc_column_container vc_col-sm-12 liquid-column-69f42f939a29c\"><div class=\"vc_column-inner\" ><div class=\"wpb_wrapper\" ><style>.ld_fancy_heading_69f42f939a43d p{color:#262528;}.ld_fancy_heading_69f42f939a43d .lqd-highlight-inner{height:0.275em!important;bottom:0px!important;}<\/style><div class=\"ld-fancy-heading ld_fancy_heading_69f42f939a43d\">\n\t<p class=\"ld-fh-element lqd-highlight-underline lqd-highlight-grow-left text-decoration-default\"   >  <\/p>\n<p style=\"text-align: justify\">The project was implemented by the Royal Margareta of Romania Foundation, in partnership with Nedland Kultur, and benefited from funding of EUR 195,218.20 through the Active Citizens Fund Romania, financed by Iceland, Liechtenstein, and Norway through the EEA Grants 2014\u20132021.\n\nThe content of this website does not necessarily reflect the official views of the EEA and Norwegian Grants 2014\u20132021. For more information, visit www.eeagrants.org\n. Information about Active Citizens Fund Romania is available at www.activecitizensfund.ro<\/p>\n<p><\/p><\/div><\/div><\/div><\/div><\/div><\/div><\/div>                    <\/div>\n                <\/div>\n            <\/div>\n\t\t\t            <div class=\"accordion-item panel\">\n\n                <div class=\"accordion-heading\" role=\"tab\" id=\"heading_lqd-1770630047291-921ccd69-e91f\" data-id=\"lqd-1770630047291-921ccd69-e91f\">\n                    <p class=\"accordion-title\" data-controls=\"lqd-1770630047291-921ccd69-e91f\" tabindex=\"-1\">\n                        <a tabindex=\"0\" class=\"collapsed\" data-toggle=\"collapse\"  data-bs-toggle=\"collapse\"\n                           data-parent=\"#vc_accordion_69f42f940a274\" data-bs-parent=\"#vc_accordion_69f42f940a274\" href=\"#lqd-1770630047291-921ccd69-e91f\" data-bs-target=\"#lqd-1770630047291-921ccd69-e91f\"\n                           aria-expanded=\"false\" aria-controls=\"lqd-1770630047291-921ccd69-e91f\">\n\n\t\t\t\t\t\t\t\n\t\t\t\t\t\t\tGenerations Clubs\n\t\t\t\t\t\t\t                                <span class=\"accordion-expander\">\n\t\t\t\t\t\t\t\t\t\t\t\t\t\t\t\t\t\t\t<i class=\"lqd-icn-ess icon-ion-ios-add\"><\/i>\n\t\t\t\t\t\t\t\t\t\n\t\t\t\t\t\t\t\t\t\t\t\t\t\t\t\t\t\t\t<i class=\"lqd-icn-ess icon-ion-ios-remove\"><\/i>\n\t\t\t\t\t\t\t\t\t\t\t\t\t\t\t\t\t<\/span>\n\t\t\t\t\t\t\t\n                        <\/a>\n\n                    <\/p>\n                <\/div>\n\n                <div id=\"lqd-1770630047291-921ccd69-e91f\" class=\"accordion-collapse collapse\"\n                    data-bs-parent=\"#vc_accordion_69f42f940a274\" role=\"tabpanel\" aria-labelledby=\"heading_lqd-1770630047291-921ccd69-e91f\">\n                    <div class=\"accordion-content\">\n\t\t\t\t\t\t\n\t<div  class=\"wpb_single_image wpb_content_element vc_align_center  liquid_vc_single_image-69f42f93a0e8b\">\n\t\t\n\t\t<figure class=\"wpb_wrapper vc_figure\">\n\t\t\t<div class=\"vc_single_image-wrapper\"><img decoding=\"async\" width=\"780\" height=\"289\" src=\"data:image\/svg+xml;charset=utf-8,%3Csvg xmlns%3D&#039;http%3A%2F%2Fwww.w3.org%2F2000%2Fsvg&#039; viewBox%3D&#039;0 0 851 315&#039;%2F%3E\" class=\"vc_single_image-img attachment-large ld-lazyload\" alt=\"\" title=\"FRMR-Cluburile-Genera\u021bii-Proiecte-Finalizate\" itemprop=\"image\" data-src=\"https:\/\/fundatiaregala.ro\/wp-content\/uploads\/FRMR-Cluburile-Generatii-Proiecte-Finalizate.png\" data-srcset=\"https:\/\/fundatiaregala.ro\/wp-content\/uploads\/FRMR-Cluburile-Generatii-Proiecte-Finalizate.png 851w, https:\/\/fundatiaregala.ro\/wp-content\/uploads\/FRMR-Cluburile-Generatii-Proiecte-Finalizate-300x111.png 300w, https:\/\/fundatiaregala.ro\/wp-content\/uploads\/FRMR-Cluburile-Generatii-Proiecte-Finalizate-18x7.png 18w\" data-sizes=\"(max-width: 780px) 100vw, 780px\" data-aspect=\"2.7015873015873\" \/><\/div>\n\t\t<\/figure>\n\t<\/div>\n<style>.ld_fancy_heading_69f42f93a1060 p{color:#262528;}.ld_fancy_heading_69f42f93a1060 .lqd-highlight-inner{height:0.275em!important;bottom:0px!important;}<\/style><div class=\"ld-fancy-heading ld_fancy_heading_69f42f93a1060\">\n\t<p class=\"ld-fh-element lqd-highlight-underline lqd-highlight-grow-left text-decoration-default\"   >  <\/p>\n<p style=\"text-align: justify\">Children from disadvantaged backgrounds need education that helps them create and maintain healthy habits\u2014especially physical ones, but also relational skills\u2014as well as positive life role models to inspire them. At the same time, older adults need to be included in community life, to value and share their experience and skills, and to feel appreciated. These needs are addressed through the Generations Clubs for a Healthy Life, a project implemented by The Margaret of Romania Royal Foundation and funded through the \u201c\u00cen Stare de Bine\u201d program, supported by Kaufland Romania and implemented by the Civil Society Development Foundation.<\/p>\n<p><\/p><\/div><style>.ld_fancy_heading_69f42f93a1453 h3{color:#262528;}.ld_fancy_heading_69f42f93a1453 .lqd-highlight-inner{height:0.275em!important;bottom:0px!important;}<\/style><div class=\"ld-fancy-heading text-center ld_fancy_heading_69f42f93a1453\">\n\t<h3 class=\"ld-fh-element lqd-highlight-underline lqd-highlight-grow-left text-decoration-default\"   >  <\/p>\n<p style=\"text-align: justify\">OBJECTIVES<\/p>\n<p><\/h3><\/div><style>.ld_fancy_heading_69f42f93a1726 p{color:#262528;}.ld_fancy_heading_69f42f93a1726 .lqd-highlight-inner{height:0.275em!important;bottom:0px!important;}<\/style><div class=\"ld-fancy-heading text-center ld_fancy_heading_69f42f93a1726\">\n\t<p class=\"ld-fh-element lqd-highlight-underline lqd-highlight-grow-left text-decoration-default\"   >  <\/p>\n<p style=\"text-align: justify\"><strong>200 children<\/strong> from disadvantaged backgrounds develop healthy skills and habits by participating in thematic sessions on nutrition, hygiene, sports, and social relationships, leading to improvements in their physical and relational quality of life.<\/p>\n<p style=\"text-align: justify\">To reinforce healthy lifestyle habits, children receive sanitary and personal hygiene kits, and for their educational and personal development, they take part in intergenerational school support or vocational guidance sessions.<\/p>\n<p style=\"text-align: justify\"><strong>30 seniors mentors<\/strong> design and deliver thematic modules\u2014both theoretical and practical\u2014aimed at developing healthy habits and skills, as well as supporting children academically and vocationally. Through their involvement in activities dedicated to children, seniors have the opportunity to value their experience and passions.<\/p>\n<p><\/p><\/div><style>.ld_fancy_heading_69f42f93a1a3b p{color:#262528;}.ld_fancy_heading_69f42f93a1a3b .lqd-highlight-inner{height:0.275em!important;bottom:0px!important;}<\/style><div class=\"ld-fancy-heading text-center ld_fancy_heading_69f42f93a1a3b\">\n\t<p class=\"ld-fh-element lqd-highlight-underline lqd-highlight-grow-left text-decoration-default\"   >  <\/p>\n<p style=\"text-align: justify\"><strong>Generations Clubs for a Healthy Life<\/strong> are implemented in five after-school social centers during the period October 2021 \u2013 March 2022. The center teams benefit from the methodology and guidance provided by The Margaret of Romania Royal Foundation to create functional and mutually beneficial connections between disadvantaged children and valuable seniors from the community.<\/p>\n<p style=\"text-align: justify\">Children\u2019s participation in <strong>Generations Clubs for a Healthy Life<\/strong> has a positive impact on both their present and future, as well as on the wider community, by offering a strong example of intergenerational collaboration. Children can become agents of change within their own families, while the centers can serve as models for other communities.<\/p>\n<p><\/p><\/div><div class=\"vc_row vc_inner vc_row-fluid liquid-row-shadowbox-69f42f93a1f18\"><div class=\"ld-container container-fluid\"><div class=\"row ld-row ld-row-inner\"><div class=\"wpb_column vc_column_container vc_col-sm-2 liquid-column-69f42f93a242a\"><div class=\"vc_column-inner\" ><div class=\"wpb_wrapper\" ><\/div><\/div><\/div><div class=\"wpb_column vc_column_container vc_col-sm-8 liquid-column-69f42f93a288b\"><div class=\"vc_column-inner\" ><div class=\"wpb_wrapper\" ><style>.ld_icon_box_69f42f93a2aa3 .iconbox-icon-container{color:rgb(29, 68, 132);margin-bottom:10px !important;border-radius:px;}.ld_icon_box_69f42f93a2aa3:hover .iconbox-icon-container{color:rgb(29, 68, 132);}.ld_icon_box_69f42f93a2aa3 .lqd-iconbox-title{margin-bottom:px;}<\/style>\n<div class=\"iconbox text-align-default ld_icon_box_69f42f93a2aa3 vc_custom_1770107763075\" id=\"ld_icon_box_69f42f93a2aa3\"  data-animate-icon=\"true\" data-plugin-options='{\"color\":\"rgb(29, 68, 132)\",\"hoverColor\":\"rgb(29, 68, 132)\"}'  >\n\t\n\t\t\t\t\t\n\t\n\t<div class=\"iconbox-icon-wrap\"><span class=\"iconbox-icon-container\"><i class=\"fas fa-map-marked-alt\"><\/i><\/span><\/div>\t\n\t\t\n\t<div class=\"contents\">\t\n\t\t\n\t<h3 class=\"lqd-iconbox-title\">Social Center Locations<\/h3>\t<p style=\"text-align: left\">Oaza Association \u2013 Arad, Arad County<\/p>\n<p style=\"text-align: left\">Generations Community Center \u2013 Bucharest, Sector 6<\/p>\n<p style=\"text-align: left\">Stern der Hoffnung Association \u2013 Buzia\u0219, Timi\u0219 County<\/p>\n<p style=\"text-align: left\">Samaritans in the Community Association \u2013 M\u0103rcule\u0219ti, Ialomi\u021ba County<\/p>\n<p style=\"text-align: left\">Florian Cristescu Community Development Association \u2013 Turnu M\u0103gurele, Teleorman County<\/p>\n\t\t\n\t<\/div>\t\n\t\n<\/div>\n<\/div><\/div><\/div><div class=\"wpb_column vc_column_container vc_col-sm-2 liquid-column-69f42f93a3aa3\"><div class=\"vc_column-inner\" ><div class=\"wpb_wrapper\" ><\/div><\/div><\/div><\/div><\/div><\/div>                    <\/div>\n                <\/div>\n            <\/div>\n\t\t\t            <div class=\"accordion-item panel\">\n\n                <div class=\"accordion-heading\" role=\"tab\" id=\"heading_lqd-1770033125852-ef26a7c3-161a\" data-id=\"lqd-1770033125852-ef26a7c3-161a\">\n                    <p class=\"accordion-title\" data-controls=\"lqd-1770033125852-ef26a7c3-161a\" tabindex=\"-1\">\n                        <a tabindex=\"0\" class=\"collapsed\" data-toggle=\"collapse\"  data-bs-toggle=\"collapse\"\n                           data-parent=\"#vc_accordion_69f42f940a274\" data-bs-parent=\"#vc_accordion_69f42f940a274\" href=\"#lqd-1770033125852-ef26a7c3-161a\" data-bs-target=\"#lqd-1770033125852-ef26a7c3-161a\"\n                           aria-expanded=\"false\" aria-controls=\"lqd-1770033125852-ef26a7c3-161a\">\n\n\t\t\t\t\t\t\t\n\t\t\t\t\t\t\tGenerations School \u2013 Preventing School Dropout through Community Involvement\n\t\t\t\t\t\t\t                                <span class=\"accordion-expander\">\n\t\t\t\t\t\t\t\t\t\t\t\t\t\t\t\t\t\t\t<i class=\"lqd-icn-ess icon-ion-ios-add\"><\/i>\n\t\t\t\t\t\t\t\t\t\n\t\t\t\t\t\t\t\t\t\t\t\t\t\t\t\t\t\t\t<i class=\"lqd-icn-ess icon-ion-ios-remove\"><\/i>\n\t\t\t\t\t\t\t\t\t\t\t\t\t\t\t\t\t<\/span>\n\t\t\t\t\t\t\t\n                        <\/a>\n\n                    <\/p>\n                <\/div>\n\n                <div id=\"lqd-1770033125852-ef26a7c3-161a\" class=\"accordion-collapse collapse\"\n                    data-bs-parent=\"#vc_accordion_69f42f940a274\" role=\"tabpanel\" aria-labelledby=\"heading_lqd-1770033125852-ef26a7c3-161a\">\n                    <div class=\"accordion-content\">\n\t\t\t\t\t\t\n\t<div  class=\"wpb_single_image wpb_content_element vc_align_center  liquid_vc_single_image-69f42f93abcb7\">\n\t\t\n\t\t<figure class=\"wpb_wrapper vc_figure\">\n\t\t\t<div class=\"vc_single_image-wrapper\"><img decoding=\"async\" width=\"780\" height=\"408\" src=\"data:image\/svg+xml;charset=utf-8,%3Csvg xmlns%3D&#039;http%3A%2F%2Fwww.w3.org%2F2000%2Fsvg&#039; viewBox%3D&#039;0 0 1024 536&#039;%2F%3E\" class=\"vc_single_image-img attachment-large ld-lazyload\" alt=\"\" title=\"FRMR-Proiect-Scoala-Generatii\" itemprop=\"image\" data-src=\"https:\/\/fundatiaregala.ro\/wp-content\/uploads\/FRMR-Proiect-Scoala-Generatii-1024x536.jpg\" data-srcset=\"https:\/\/fundatiaregala.ro\/wp-content\/uploads\/FRMR-Proiect-Scoala-Generatii-1024x536.jpg 1024w, https:\/\/fundatiaregala.ro\/wp-content\/uploads\/FRMR-Proiect-Scoala-Generatii-300x157.jpg 300w, https:\/\/fundatiaregala.ro\/wp-content\/uploads\/FRMR-Proiect-Scoala-Generatii-18x9.jpg 18w, https:\/\/fundatiaregala.ro\/wp-content\/uploads\/FRMR-Proiect-Scoala-Generatii.jpg 1059w\" data-sizes=\"(max-width: 780px) 100vw, 780px\" data-aspect=\"1.910447761194\" \/><\/div>\n\t\t<\/figure>\n\t<\/div>\n<style>.ld_fancy_heading_69f42f93abe96 p{color:#262528;}.ld_fancy_heading_69f42f93abe96 .lqd-highlight-inner{height:0.275em!important;bottom:0px!important;}<\/style><div class=\"ld-fancy-heading ld_fancy_heading_69f42f93abe96\">\n\t<p class=\"ld-fh-element lqd-highlight-underline lqd-highlight-grow-left text-decoration-default\"   >  <\/p>\n<p style=\"text-align: justify\">The Margaret of Romania Royal Foundation (Romania) implemented, over a period of 36 months (30.04.2018 \u2013 29.04.2021), the project \u201cGenerations School \u2013 Preventing School Dropout through Community Involvement\u201d, SMIS code 107876, co-financed by the European Social Fund \u2013 Human Capital Operational Programme (POCU), based on the financing contract concluded with the Managing Authority for POCU.<\/p>\n<p><\/p><\/div><style>.ld_fancy_heading_69f42f93ac9d0 p{color:#262528;}.ld_fancy_heading_69f42f93ac9d0 .lqd-highlight-inner{height:0.275em!important;bottom:0px!important;}<\/style><div class=\"ld-fancy-heading ld_fancy_heading_69f42f93ac9d0\">\n\t<p class=\"ld-fh-element lqd-highlight-underline lqd-highlight-grow-left text-decoration-default\"   >  <\/p>\n<h3 style=\"text-align: center\"><strong>PURPOSE<\/strong><\/h3>\n<p style=\"text-align: justify\">The development of the Romanian educational system through measures addressed equally to preschool children, pupils, their parents, and teaching staff, targeting the catchment area of Lower Secondary School No. 153 and Col\u021b de Rai Kindergarten, Bucharest, Sector 6.<\/p>\n<p><\/p><\/div><style>.ld_fancy_heading_69f42f93ad95c p{color:#262528;}.ld_fancy_heading_69f42f93ad95c .lqd-highlight-inner{height:0.275em!important;bottom:0px!important;}<\/style><div class=\"ld-fancy-heading ld_fancy_heading_69f42f93ad95c\">\n\t<p class=\"ld-fh-element lqd-highlight-underline lqd-highlight-grow-left text-decoration-default\"   >  <\/p>\n<h3 style=\"text-align: center\"><strong>OBJECTIVES<\/strong><\/h3>\n<p style=\"text-align: justify\">The project aims to prevent and reduce early school leaving, as well as to encourage enrolment in compulsory pre-university education for 369 children living in the catchment area of Lower Secondary School No. 153 and Col\u021b de Rai Kindergarten, Bucharest, through:<\/p>\n<p><\/p><\/div><div class=\"vc_row vc_inner vc_row-fluid liquid-row-shadowbox-69f42f93ae14f\"><div class=\"ld-container container-fluid\"><div class=\"row ld-row ld-row-inner\"><div class=\"wpb_column vc_column_container vc_col-sm-2 liquid-column-69f42f93ae5c3\"><div class=\"vc_column-inner\" ><div class=\"wpb_wrapper\" ><\/div><\/div><\/div><div class=\"wpb_column vc_column_container vc_col-sm-8 liquid-column-69f42f93ae9e8\"><div class=\"vc_column-inner\" ><div class=\"wpb_wrapper\" ><style>.ld_icon_box_69f42f93aebfa .iconbox-icon-container{color:#1d4484;border-radius:px;}.ld_icon_box_69f42f93aebfa:hover .iconbox-icon-container{color:#1d4484;}.ld_icon_box_69f42f93aebfa .lqd-iconbox-title{margin-bottom:px;}<\/style>\n<div class=\"iconbox iconbox-side text-align-default align-items-center ld_icon_box_69f42f93aebfa vc_custom_1770034277360\" id=\"ld_icon_box_69f42f93aebfa\"  data-animate-icon=\"true\" data-plugin-options='{\"color\":\"#1d4484\",\"hoverColor\":\"#1d4484\"}'  >\n\t\n\t\t\t\t\t\n\t\n\t<div class=\"iconbox-icon-wrap\"><span class=\"iconbox-icon-container\"><i class=\"fas fa-check-circle\"><\/i><\/span><\/div>\t\n\t\t\n\t<div class=\"contents\">\t\n\t\t\n\t\t<p>Integrated educational measures, stimulating equal access and active participation of children in quality preschool, primary and lower secondary education, especially those from groups at risk of early school leaving.<\/p>\n\t\t\n\t<\/div>\t\n\t\n<\/div>\n<style>.ld_icon_box_69f42f93af465 .iconbox-icon-container{color:#1d4484;border-radius:px;}.ld_icon_box_69f42f93af465:hover .iconbox-icon-container{color:#1d4484;}.ld_icon_box_69f42f93af465 .lqd-iconbox-title{margin-bottom:px;}<\/style>\n<div class=\"iconbox iconbox-side text-align-default align-items-center ld_icon_box_69f42f93af465 vc_custom_1770034266061\" id=\"ld_icon_box_69f42f93af465\"  data-animate-icon=\"true\" data-plugin-options='{\"color\":\"#1d4484\",\"hoverColor\":\"#1d4484\"}'  >\n\t\n\t\t\t\t\t\n\t\n\t<div class=\"iconbox-icon-wrap\"><span class=\"iconbox-icon-container\"><i class=\"fas fa-check-circle\"><\/i><\/span><\/div>\t\n\t\t\n\t<div class=\"contents\">\t\n\t\t\n\t\t<p style=\"text-align: left\">Addressing the specific needs of children and parents in order to remove barriers to school participation, by providing material support to preschoolers and pupils, as well as actively involving parents in their children\u2019s education through counselling and parental education activities.<\/p>\n\t\t\n\t<\/div>\t\n\t\n<\/div>\n<style>.ld_icon_box_69f42f93aff25 .iconbox-icon-container{color:#1d4484;border-radius:px;}.ld_icon_box_69f42f93aff25:hover .iconbox-icon-container{color:#1d4484;}.ld_icon_box_69f42f93aff25 .lqd-iconbox-title{margin-bottom:px;}<\/style>\n<div class=\"iconbox iconbox-side text-align-default align-items-center ld_icon_box_69f42f93aff25 vc_custom_1770034257809\" id=\"ld_icon_box_69f42f93aff25\"  data-animate-icon=\"true\" data-plugin-options='{\"color\":\"#1d4484\",\"hoverColor\":\"#1d4484\"}'  >\n\t\n\t\t\t\t\t\n\t\n\t<div class=\"iconbox-icon-wrap\"><span class=\"iconbox-icon-container\"><i class=\"fas fa-check-circle\"><\/i><\/span><\/div>\t\n\t\t\n\t<div class=\"contents\">\t\n\t\t\n\t\t<p style=\"text-align: left\">Improving and diversifying educational services by transforming the school environment into a friendly and interactive one, organizing extracurricular activities and health, hygiene and nutrition education.<\/p>\n\t\t\n\t<\/div>\t\n\t\n<\/div>\n<style>.ld_icon_box_69f42f93b0592 .iconbox-icon-container{color:#1d4484;border-radius:px;}.ld_icon_box_69f42f93b0592:hover .iconbox-icon-container{color:#1d4484;}.ld_icon_box_69f42f93b0592 .lqd-iconbox-title{margin-bottom:px;}<\/style>\n<div class=\"iconbox iconbox-side text-align-default align-items-center ld_icon_box_69f42f93b0592 vc_custom_1770034229442\" id=\"ld_icon_box_69f42f93b0592\"  data-animate-icon=\"true\" data-plugin-options='{\"color\":\"#1d4484\",\"hoverColor\":\"#1d4484\"}'  >\n\t\n\t\t\t\t\t\n\t\n\t<div class=\"iconbox-icon-wrap\"><span class=\"iconbox-icon-container\"><i class=\"fas fa-check-circle\"><\/i><\/span><\/div>\t\n\t\t\n\t<div class=\"contents\">\t\n\t\t\n\t\t<p style=\"text-align: left\">Developing partnerships with relevant local and regional stakeholders and disseminating, transferring and capitalizing on the good practices developed within the project.<\/p>\n\t\t\n\t<\/div>\t\n\t\n<\/div>\n<\/div><\/div><\/div><div class=\"wpb_column vc_column_container vc_col-sm-2 liquid-column-69f42f93b0c0d\"><div class=\"vc_column-inner\" ><div class=\"wpb_wrapper\" ><\/div><\/div><\/div><\/div><\/div><\/div><style>.ld_fancy_heading_69f42f93b0e3d p{color:#262528;}.ld_fancy_heading_69f42f93b0e3d .lqd-highlight-inner{height:0.275em!important;bottom:0px!important;}<\/style><div class=\"ld-fancy-heading text-center ld_fancy_heading_69f42f93b0e3d\">\n\t<p class=\"ld-fh-element lqd-highlight-underline lqd-highlight-grow-left text-decoration-default\"   >  <\/p>\n<h3 style=\"text-align: center\"><strong>TARGET GROUP<\/strong><\/h3>\n<p style=\"text-align: center\">105 preschool children belonging to groups at risk of early school leaving;<br \/>\n264 pupils belonging to groups at risk of early school leaving.<\/p>\n<p><\/p><\/div><style>.ld_fancy_heading_69f42f93b167a p{color:#262528;}.ld_fancy_heading_69f42f93b167a .lqd-highlight-inner{height:0.275em!important;bottom:0px!important;}<\/style><div class=\"ld-fancy-heading text-center ld_fancy_heading_69f42f93b167a\">\n\t<p class=\"ld-fh-element lqd-highlight-underline lqd-highlight-grow-left text-decoration-default\"   >  <\/p>\n<h3 style=\"text-align: center\">ACTIVITIES AND SERVICES<\/h3>\n<p><\/p><\/div><div class=\"vc_row vc_inner vc_row-fluid liquid-row-shadowbox-69f42f93b2187\"><div class=\"ld-container container-fluid\"><div class=\"row ld-row ld-row-inner\"><div class=\"wpb_column vc_column_container vc_col-sm-2 liquid-column-69f42f93b262b\"><div class=\"vc_column-inner\" ><div class=\"wpb_wrapper\" ><\/div><\/div><\/div><div class=\"wpb_column vc_column_container vc_col-sm-8 liquid-column-69f42f93b2a66\"><div class=\"vc_column-inner\" ><div class=\"wpb_wrapper\" ><style>.ld_icon_box_69f42f93b2c44 .iconbox-icon-container{color:#1d4484;border-radius:px;}.ld_icon_box_69f42f93b2c44:hover .iconbox-icon-container{color:#1d4484;}.ld_icon_box_69f42f93b2c44 .lqd-iconbox-title{margin-bottom:px;}<\/style>\n<div class=\"iconbox iconbox-side text-align-default align-items-center ld_icon_box_69f42f93b2c44 vc_custom_1770034495742\" id=\"ld_icon_box_69f42f93b2c44\"  data-animate-icon=\"true\" data-plugin-options='{\"color\":\"#1d4484\",\"hoverColor\":\"#1d4484\"}'  >\n\t\n\t\t\t\t\t\n\t\n\t<div class=\"iconbox-icon-wrap\"><span class=\"iconbox-icon-container\"><i class=\"fas fa-tshirt\"><\/i><\/span><\/div>\t\n\t\t\n\t<div class=\"contents\">\t\n\t\t\n\t\t<p style=\"text-align: left\">Clothing and footwear packages; school supplies packages; personal hygiene kits<\/p>\n\t\t\n\t<\/div>\t\n\t\n<\/div>\n<style>.ld_icon_box_69f42f93b3671 .iconbox-icon-container{color:#1d4484;border-radius:px;}.ld_icon_box_69f42f93b3671:hover .iconbox-icon-container{color:#1d4484;}.ld_icon_box_69f42f93b3671 .lqd-iconbox-title{margin-bottom:px;}<\/style>\n<div class=\"iconbox iconbox-side text-align-default align-items-center ld_icon_box_69f42f93b3671 vc_custom_1770034524437\" id=\"ld_icon_box_69f42f93b3671\"  data-animate-icon=\"true\" data-plugin-options='{\"color\":\"#1d4484\",\"hoverColor\":\"#1d4484\"}'  >\n\t\n\t\t\t\t\t\n\t\n\t<div class=\"iconbox-icon-wrap\"><span class=\"iconbox-icon-container\"><i class=\"fas fa-paint-brush\"><\/i><\/span><\/div>\t\n\t\t\n\t<div class=\"contents\">\t\n\t\t\n\t\t<p style=\"text-align: left\">Participation in periodic events with a sports, artistic, intercultural or outdoor education focus<\/p>\n\t\t\n\t<\/div>\t\n\t\n<\/div>\n<style>.ld_icon_box_69f42f93b4049 .iconbox-icon-container{color:#1d4484;border-radius:px;}.ld_icon_box_69f42f93b4049:hover .iconbox-icon-container{color:#1d4484;}.ld_icon_box_69f42f93b4049 .lqd-iconbox-title{margin-bottom:px;}<\/style>\n<div class=\"iconbox iconbox-side text-align-default align-items-center ld_icon_box_69f42f93b4049 vc_custom_1770034580335\" id=\"ld_icon_box_69f42f93b4049\"  data-animate-icon=\"true\" data-plugin-options='{\"color\":\"#1d4484\",\"hoverColor\":\"#1d4484\"}'  >\n\t\n\t\t\t\t\t\n\t\n\t<div class=\"iconbox-icon-wrap\"><span class=\"iconbox-icon-container\"><i class=\"fas fa-notes-medical\"><\/i><\/span><\/div>\t\n\t\t\n\t<div class=\"contents\">\t\n\t\t\n\t\t<p style=\"text-align: left\">Health, hygiene and nutrition education delivered over a period of 32 months<\/p>\n\t\t\n\t<\/div>\t\n\t\n<\/div>\n<style>.ld_icon_box_69f42f93b4649 .iconbox-icon-container{color:#1d4484;border-radius:px;}.ld_icon_box_69f42f93b4649:hover .iconbox-icon-container{color:#1d4484;}.ld_icon_box_69f42f93b4649 .lqd-iconbox-title{margin-bottom:px;}<\/style>\n<div class=\"iconbox iconbox-side text-align-default align-items-center ld_icon_box_69f42f93b4649 vc_custom_1770034615643\" id=\"ld_icon_box_69f42f93b4649\"  data-animate-icon=\"true\" data-plugin-options='{\"color\":\"#1d4484\",\"hoverColor\":\"#1d4484\"}'  >\n\t\n\t\t\t\t\t\n\t\n\t<div class=\"iconbox-icon-wrap\"><span class=\"iconbox-icon-container\"><i class=\"fas fa-chalkboard-teacher\"><\/i><\/span><\/div>\t\n\t\t\n\t<div class=\"contents\">\t\n\t\t\n\t\t<p>Activities carried out within the \u201cSchool after School\u201d programme<\/p>\n\t\t\n\t<\/div>\t\n\t\n<\/div>\n<style>.ld_icon_box_69f42f93b495e .iconbox-icon-container{color:#1d4484;border-radius:px;}.ld_icon_box_69f42f93b495e:hover .iconbox-icon-container{color:#1d4484;}.ld_icon_box_69f42f93b495e .lqd-iconbox-title{margin-bottom:px;}<\/style>\n<div class=\"iconbox iconbox-side text-align-default align-items-center ld_icon_box_69f42f93b495e vc_custom_1770034654379\" id=\"ld_icon_box_69f42f93b495e\"  data-animate-icon=\"true\" data-plugin-options='{\"color\":\"#1d4484\",\"hoverColor\":\"#1d4484\"}'  >\n\t\n\t\t\t\t\t\n\t\n\t<div class=\"iconbox-icon-wrap\"><span class=\"iconbox-icon-container\"><i class=\"fas fa-users\"><\/i><\/span><\/div>\t\n\t\t\n\t<div class=\"contents\">\t\n\t\t\n\t\t<p>Interdisciplinary workshops<\/p>\n\t\t\n\t<\/div>\t\n\t\n<\/div>\n<style>.ld_icon_box_69f42f93b4c71 .iconbox-icon-container{color:#1d4484;border-radius:px;}.ld_icon_box_69f42f93b4c71:hover .iconbox-icon-container{color:#1d4484;}.ld_icon_box_69f42f93b4c71 .lqd-iconbox-title{margin-bottom:px;}<\/style>\n<div class=\"iconbox iconbox-side text-align-default align-items-center ld_icon_box_69f42f93b4c71 vc_custom_1770034696049\" id=\"ld_icon_box_69f42f93b4c71\"  data-animate-icon=\"true\" data-plugin-options='{\"color\":\"#1d4484\",\"hoverColor\":\"#1d4484\"}'  >\n\t\n\t\t\t\t\t\n\t\n\t<div class=\"iconbox-icon-wrap\"><span class=\"iconbox-icon-container\"><i class=\"fas fa-suitcase\"><\/i><\/span><\/div>\t\n\t\t\n\t<div class=\"contents\">\t\n\t\t\n\t\t<p>Organized school camps<\/p>\n\t\t\n\t<\/div>\t\n\t\n<\/div>\n<style>.ld_icon_box_69f42f93b4f8b .iconbox-icon-container{color:#1d4484;border-radius:px;}.ld_icon_box_69f42f93b4f8b:hover .iconbox-icon-container{color:#1d4484;}.ld_icon_box_69f42f93b4f8b .lqd-iconbox-title{margin-bottom:px;}<\/style>\n<div class=\"iconbox iconbox-side text-align-default align-items-center ld_icon_box_69f42f93b4f8b vc_custom_1770034725300\" id=\"ld_icon_box_69f42f93b4f8b\"  data-animate-icon=\"true\" data-plugin-options='{\"color\":\"#1d4484\",\"hoverColor\":\"#1d4484\"}'  >\n\t\n\t\t\t\t\t\n\t\n\t<div class=\"iconbox-icon-wrap\"><span class=\"iconbox-icon-container\"><i class=\"fas fa-hiking\"><\/i><\/span><\/div>\t\n\t\t\n\t<div class=\"contents\">\t\n\t\t\n\t\t<p>One-day trips to various tourist attractions<\/p>\n\t\t\n\t<\/div>\t\n\t\n<\/div>\n<style>.ld_icon_box_69f42f93b529e .iconbox-icon-container{color:#1d4484;border-radius:px;}.ld_icon_box_69f42f93b529e:hover .iconbox-icon-container{color:#1d4484;}.ld_icon_box_69f42f93b529e .lqd-iconbox-title{margin-bottom:px;}<\/style>\n<div class=\"iconbox iconbox-side text-align-default align-items-center ld_icon_box_69f42f93b529e vc_custom_1770034752773\" id=\"ld_icon_box_69f42f93b529e\"  data-animate-icon=\"true\" data-plugin-options='{\"color\":\"#1d4484\",\"hoverColor\":\"#1d4484\"}'  >\n\t\n\t\t\t\t\t\n\t\n\t<div class=\"iconbox-icon-wrap\"><span class=\"iconbox-icon-container\"><i class=\"fas fa-angle-double-right\"><\/i><\/span><\/div>\t\n\t\t\n\t<div class=\"contents\">\t\n\t\t\n\t\t<p>Facilitating the transition of pupils to the next educational cycle<\/p>\n\t\t\n\t<\/div>\t\n\t\n<\/div>\n<\/div><\/div><\/div><div class=\"wpb_column vc_column_container vc_col-sm-2 liquid-column-69f42f93b58dd\"><div class=\"vc_column-inner\" ><div class=\"wpb_wrapper\" ><\/div><\/div><\/div><\/div><\/div><\/div><style>.ld_fancy_heading_69f42f93b5ac1 p{color:#262528;}.ld_fancy_heading_69f42f93b5ac1 .lqd-highlight-inner{height:0.275em!important;bottom:0px!important;}<\/style><div class=\"ld-fancy-heading text-center ld_fancy_heading_69f42f93b5ac1\">\n\t<p class=\"ld-fh-element lqd-highlight-underline lqd-highlight-grow-left text-decoration-default\"   >  <\/p>\n<h3 style=\"text-align: center\"><strong>BUDGET<\/strong><\/h3>\n<p style=\"text-align: center\">Total project value: 3,403,551.84 RON, of which:<\/p>\n<p style=\"text-align: center\">2,722,841.47 RON (80%) financed through POCU<\/p>\n<p style=\"text-align: center\">680,710.37 RON (20%) financed from the national budget<\/p>\n<p><\/p><\/div><div class=\"vc_row vc_inner vc_row-fluid liquid-row-shadowbox-69f42f93b64a7\"><div class=\"ld-container container-fluid\"><div class=\"row ld-row ld-row-inner\"><div class=\"wpb_column vc_column_container vc_col-sm-2 text-center text-sm-center text-md-center text-lg-center liquid-column-69f42f93b694b\"><div class=\"vc_column-inner\" ><div class=\"wpb_wrapper\" ><\/div><\/div><\/div><div class=\"wpb_column vc_column_container vc_col-sm-8 text-center text-sm-center text-md-center text-lg-center liquid-column-69f42f93b6d94\"><div class=\"vc_column-inner\" ><div class=\"wpb_wrapper\" ><style>.ld_icon_box_69f42f93b6f77 .iconbox-icon-container{color:#1d4484;border-radius:px;}.ld_icon_box_69f42f93b6f77:hover .iconbox-icon-container{color:#1d4484;}.ld_icon_box_69f42f93b6f77 .lqd-iconbox-title{margin-bottom:px;}<\/style>\n<div class=\"iconbox text-align-default ld_icon_box_69f42f93b6f77 vc_custom_1770106609856\" id=\"ld_icon_box_69f42f93b6f77\"  data-animate-icon=\"true\" data-plugin-options='{\"color\":\"#1d4484\",\"hoverColor\":\"#1d4484\"}'  >\n\t\n\t\t\t\t\t\n\t\n\t<div class=\"iconbox-icon-wrap\"><span class=\"iconbox-icon-container\"><i class=\"fas fa-handshake\"><\/i><\/span><\/div>\t\n\t\t\n\t<div class=\"contents\">\t\n\t\t\n\t<h3 class=\"lqd-iconbox-title font-weight-bold\">PARTNERS<\/h3>\t<p style=\"text-align: center\">Lower Secondary School No. 153<br \/>\nCol\u021b de Rai Kindergarten<br \/>\nEccoAssist \u2013 Plant\u0103m fapte bune<br \/>\nRight to Education Foundation<br \/>\nEDIT Association<br \/>\nSt. Nectarie Multifunctional Centre<br \/>\nUCECOM College \u2013 Spiru Haret<br \/>\n\u201cPetru Maior\u201d Technical College<br \/>\nDumbrava Fermecat\u0103 Kindergarten<br \/>\nLower Secondary School No. 115<\/p>\n\t\t\n\t<\/div>\t\n\t\n<\/div>\n<\/div><\/div><\/div><div class=\"wpb_column vc_column_container vc_col-sm-2 liquid-column-69f42f93b7e36\"><div class=\"vc_column-inner\" ><div class=\"wpb_wrapper\" ><\/div><\/div><\/div><\/div><\/div><\/div><style>.ld_fancy_heading_69f42f93b7fe5 h3{color:#262528;}.ld_fancy_heading_69f42f93b7fe5 .lqd-highlight-inner{height:0.275em!important;bottom:0px!important;}<\/style><div class=\"ld-fancy-heading text-center ld_fancy_heading_69f42f93b7fe5\">\n\t<h3 class=\"ld-fh-element lqd-highlight-underline lqd-highlight-grow-left text-decoration-default\"   >  <\/p>\n<h3 style=\"text-align: center\"><strong>PROJECT MANAGER<\/strong><\/h3>\n<p style=\"text-align: center\">Gabriela Iordache \u2013 phone + 40( 0 )723 299 447 \u2013 E-mail: Gabriela.Iordache@principesa.ro<\/p>\n<p><\/h3><\/div>                    <\/div>\n                <\/div>\n            <\/div>\n\t\t\t            <div class=\"accordion-item panel\">\n\n                <div class=\"accordion-heading\" role=\"tab\" id=\"heading_lqd-1770035302483-7000c8d2-7756\" data-id=\"lqd-1770035302483-7000c8d2-7756\">\n                    <p class=\"accordion-title\" data-controls=\"lqd-1770035302483-7000c8d2-7756\" tabindex=\"-1\">\n                        <a tabindex=\"0\" class=\"collapsed\" data-toggle=\"collapse\"  data-bs-toggle=\"collapse\"\n                           data-parent=\"#vc_accordion_69f42f940a274\" data-bs-parent=\"#vc_accordion_69f42f940a274\" href=\"#lqd-1770035302483-7000c8d2-7756\" data-bs-target=\"#lqd-1770035302483-7000c8d2-7756\"\n                           aria-expanded=\"false\" aria-controls=\"lqd-1770035302483-7000c8d2-7756\">\n\n\t\t\t\t\t\t\t\n\t\t\t\t\t\t\tSOLIDAR for the Social Economy\n\t\t\t\t\t\t\t                                <span class=\"accordion-expander\">\n\t\t\t\t\t\t\t\t\t\t\t\t\t\t\t\t\t\t\t<i class=\"lqd-icn-ess icon-ion-ios-add\"><\/i>\n\t\t\t\t\t\t\t\t\t\n\t\t\t\t\t\t\t\t\t\t\t\t\t\t\t\t\t\t\t<i class=\"lqd-icn-ess icon-ion-ios-remove\"><\/i>\n\t\t\t\t\t\t\t\t\t\t\t\t\t\t\t\t\t<\/span>\n\t\t\t\t\t\t\t\n                        <\/a>\n\n                    <\/p>\n                <\/div>\n\n                <div id=\"lqd-1770035302483-7000c8d2-7756\" class=\"accordion-collapse collapse\"\n                    data-bs-parent=\"#vc_accordion_69f42f940a274\" role=\"tabpanel\" aria-labelledby=\"heading_lqd-1770035302483-7000c8d2-7756\">\n                    <div class=\"accordion-content\">\n\t\t\t\t\t\t\n\t<div  class=\"wpb_single_image wpb_content_element vc_align_center  liquid_vc_single_image-69f42f93bf681\">\n\t\t\n\t\t<figure class=\"wpb_wrapper vc_figure\">\n\t\t\t<div class=\"vc_single_image-wrapper\"><img decoding=\"async\" width=\"780\" height=\"293\" src=\"data:image\/svg+xml;charset=utf-8,%3Csvg xmlns%3D&#039;http%3A%2F%2Fwww.w3.org%2F2000%2Fsvg&#039; viewBox%3D&#039;0 0 1024 384&#039;%2F%3E\" class=\"vc_single_image-img attachment-large ld-lazyload\" alt=\"\" title=\"FRMR-Proiect-$E$- SOLIDAR pentru Economie Social\u0103\" itemprop=\"image\" data-src=\"https:\/\/fundatiaregala.ro\/wp-content\/uploads\/FRMR-Proiect-E-SOLIDAR-pentru-Economie-Sociala-1024x384.png\" data-srcset=\"https:\/\/fundatiaregala.ro\/wp-content\/uploads\/FRMR-Proiect-E-SOLIDAR-pentru-Economie-Sociala-1024x384.png 1024w, https:\/\/fundatiaregala.ro\/wp-content\/uploads\/FRMR-Proiect-E-SOLIDAR-pentru-Economie-Sociala-300x113.png 300w, https:\/\/fundatiaregala.ro\/wp-content\/uploads\/FRMR-Proiect-E-SOLIDAR-pentru-Economie-Sociala-18x7.png 18w, https:\/\/fundatiaregala.ro\/wp-content\/uploads\/FRMR-Proiect-E-SOLIDAR-pentru-Economie-Sociala.png 1200w\" data-sizes=\"(max-width: 780px) 100vw, 780px\" data-aspect=\"2.6666666666667\" \/><\/div>\n\t\t<\/figure>\n\t<\/div>\n<style>.ld_fancy_heading_69f42f93bf846 p{color:#262528;}.ld_fancy_heading_69f42f93bf846 .lqd-highlight-inner{height:0.275em!important;bottom:0px!important;}<\/style><div class=\"ld-fancy-heading ld_fancy_heading_69f42f93bf846\">\n\t<p class=\"ld-fh-element lqd-highlight-underline lqd-highlight-grow-left text-decoration-default\"   >  <\/p>\n<p style=\"text-align: justify\">The Margaret of Romania Royal Foundation is a partner of SC Global Commercium Development SRL in the project \u201c$E$-SOLIDAR for Social Economy\u201d, ID 128455, implemented during the period 11.02.2020 \u2013 10.02.2023.<\/p>\n<p style=\"text-align: justify\">The project \u201c$E$-SOLIDAR for Social Economy\u201d is co-financed through the Human Capital Operational Programme 2014\u20132020, Priority Axis 4: Social inclusion and combating poverty, Specific Objective 4.16: Strengthening the capacity of social economy enterprises to operate in a self-sustainable manner.<\/p>\n<p style=\"text-align: justify\">Beneficiary name: SC Global Commercium Development SRL, Romania<\/p>\n<p style=\"text-align: justify\">Partner name: The Margaret of Romania Royal Foundation, Romania<\/p>\n<p><\/p><\/div><style>.ld_fancy_heading_69f42f93c02ec p{color:#262528;}.ld_fancy_heading_69f42f93c02ec .lqd-highlight-inner{height:0.275em!important;bottom:0px!important;}<\/style><div class=\"ld-fancy-heading ld_fancy_heading_69f42f93c02ec\">\n\t<p class=\"ld-fh-element lqd-highlight-underline lqd-highlight-grow-left text-decoration-default\"   >  <\/p>\n<h3 style=\"text-align: center\"><strong>GENERAL OBJECTIVE<\/strong><\/h3>\n<p style=\"text-align: justify\">The general objective of the project is the active promotion of the social economy as a mechanism for generating social inclusion, aimed at integrating people from vulnerable groups into the labour market and combating poverty, through their personal and professional development, as well as through the establishment of social enterprises in the South Muntenia and South-West regions, enabling them to develop and operate in a self-sustainable manner.<\/p>\n<p><\/p><\/div><style>.ld_fancy_heading_69f42f93c0a6f p{color:#262528;}.ld_fancy_heading_69f42f93c0a6f .lqd-highlight-inner{height:0.275em!important;bottom:0px!important;}<\/style><div class=\"ld-fancy-heading ld_fancy_heading_69f42f93c0a6f\">\n\t<p class=\"ld-fh-element lqd-highlight-underline lqd-highlight-grow-left text-decoration-default\"   >  <\/p>\n<h3 style=\"text-align: center\"><strong>SPECIFIC OBJECTIVES<\/strong><\/h3>\n<p style=\"text-align: justify\"><strong>O1.<\/strong> Developing the capacity, skills, knowledge and self-esteem of at least 150 people belonging to the target group, through the organization of vocational training programmes specific to the social economy sector, in order to empower them to initiate and develop sustainable social businesses.<\/p>\n<p style=\"text-align: justify\"><strong>O2.<\/strong> Stimulating the establishment of social economy entities by members of the target group, by providing integrated support and de minimis aid for at least 26 social businesses, and strengthening the capacity of these structures to operate efficiently and sustainably in a competitive environment, including through transnational know-how.<\/p>\n<p style=\"text-align: justify\"><strong>O3.<\/strong> Promoting the social economy as a flexible and sustainable instrument for economic development and social inclusion, by creating partnerships and networks and by familiarizing stakeholders with innovative examples and models of good practice in the field.<\/p>\n<p><\/p><\/div><style>.ld_fancy_heading_69f42f93c0dda p{color:#262528;}.ld_fancy_heading_69f42f93c0dda .lqd-highlight-inner{height:0.275em!important;bottom:0px!important;}<\/style><div class=\"ld-fancy-heading ld_fancy_heading_69f42f93c0dda\">\n\t<p class=\"ld-fh-element lqd-highlight-underline lqd-highlight-grow-left text-decoration-default\"   >  <\/p>\n<h3 style=\"text-align: center\"><strong>TARGET GROUP<\/strong><\/h3>\n<p style=\"text-align: justify\">The target group of this project consists of 150 people from the South Muntenia and South-West regions who wish to establish a social enterprise, with the aim of creating new jobs and developing local communities, as follows:<\/p>\n<p style=\"text-align: justify\">- 70 inactive persons, unemployed persons and people from vulnerable groups \u2013 individuals facing economic and social barriers, persons over 45 years of age, persons with disabilities, single-parent families, etc.;<\/p>\n<p style=\"text-align: justify\">- 80 people with low and medium incomes, who are employed either as employees or self-employed (PFA), and who are interested in this specific type of entrepreneurship.<\/p>\n<p style=\"text-align: justify\">Eligible persons for inclusion in the project\u2019s target group must cumulatively meet the following conditions:<\/p>\n<p style=\"text-align: justify\">- Intend to establish a social enterprise in an urban or rural area within the South Muntenia and South-West regions<br \/>\n- Have their residence or domicile in the South Muntenia and South-West regions<br \/>\n<strong>The target group does not include NEET (young people aged 16\u201324 who are not in education, employment or training).<\/strong> (young people aged 16\u201324 who are not in education, employment or training).<\/p>\n<p><\/p><\/div><style>.ld_fancy_heading_69f42f93c1159 p{color:#262528;}.ld_fancy_heading_69f42f93c1159 .lqd-highlight-inner{height:0.275em!important;bottom:0px!important;}<\/style><div class=\"ld-fancy-heading ld_fancy_heading_69f42f93c1159\">\n\t<p class=\"ld-fh-element lqd-highlight-underline lqd-highlight-grow-left text-decoration-default\"   >  <\/p>\n<h3 style=\"text-align: center\"><strong>ACTIVITIES AND RESULTS<\/strong><\/h3>\n<p style=\"text-align: justify\">The project aims to support the establishment of 26 social enterprises in the South Muntenia and South-West regions by beneficiaries who receive comprehensive and integrated support, through specific entrepreneurial training measures, personalized support services, financing and optimal monitoring, ensuring that these social economy structures become self-sustainable in the long term within the communities in which they operate.<\/p>\n<p><\/p><\/div><style>.ld_spacer_69f42f93c135e{height:50px;}<\/style>\n<div class=\"ld-empty-space ld_spacer_69f42f93c135e\"><\/div><style>.ld_fancy_heading_69f42f93c14f4 p{color:#262528;}.ld_fancy_heading_69f42f93c14f4 .lqd-highlight-inner{height:0.275em!important;bottom:0px!important;}<\/style><div class=\"ld-fancy-heading ld_fancy_heading_69f42f93c14f4\">\n\t<p class=\"ld-fh-element lqd-highlight-underline lqd-highlight-grow-left text-decoration-default\"   >  <strong>Start date:<\/strong> 11.02.2020<br \/>\n<strong>Implementation period<\/strong> 36 luni (11.02.2020 \u2013 10.02.2023)<br \/>\n<strong>Total value:<\/strong> 13.858.844,13 RON<br \/>\n<strong>Total non-reimbursable value:<\/strong> 13.693.147,38 RON<\/p><\/div>                    <\/div>\n                <\/div>\n            <\/div>\n\t\t\t            <div class=\"accordion-item panel\">\n\n                <div class=\"accordion-heading\" role=\"tab\" id=\"heading_lqd-1770630288559-d28596de-f9ee\" data-id=\"lqd-1770630288559-d28596de-f9ee\">\n                    <p class=\"accordion-title\" data-controls=\"lqd-1770630288559-d28596de-f9ee\" tabindex=\"-1\">\n                        <a tabindex=\"0\" class=\"collapsed\" data-toggle=\"collapse\"  data-bs-toggle=\"collapse\"\n                           data-parent=\"#vc_accordion_69f42f940a274\" data-bs-parent=\"#vc_accordion_69f42f940a274\" href=\"#lqd-1770630288559-d28596de-f9ee\" data-bs-target=\"#lqd-1770630288559-d28596de-f9ee\"\n                           aria-expanded=\"false\" aria-controls=\"lqd-1770630288559-d28596de-f9ee\">\n\n\t\t\t\t\t\t\t\n\t\t\t\t\t\t\tGenerations Clubs \u2013 Outdoor Non-Formal Education for Children with Teachers\u2019 Support\n\t\t\t\t\t\t\t                                <span class=\"accordion-expander\">\n\t\t\t\t\t\t\t\t\t\t\t\t\t\t\t\t\t\t\t<i class=\"lqd-icn-ess icon-ion-ios-add\"><\/i>\n\t\t\t\t\t\t\t\t\t\n\t\t\t\t\t\t\t\t\t\t\t\t\t\t\t\t\t\t\t<i class=\"lqd-icn-ess icon-ion-ios-remove\"><\/i>\n\t\t\t\t\t\t\t\t\t\t\t\t\t\t\t\t\t<\/span>\n\t\t\t\t\t\t\t\n                        <\/a>\n\n                    <\/p>\n                <\/div>\n\n                <div id=\"lqd-1770630288559-d28596de-f9ee\" class=\"accordion-collapse collapse\"\n                    data-bs-parent=\"#vc_accordion_69f42f940a274\" role=\"tabpanel\" aria-labelledby=\"heading_lqd-1770630288559-d28596de-f9ee\">\n                    <div class=\"accordion-content\">\n\t\t\t\t\t\t<div class=\"vc_row vc_inner vc_row-fluid liquid-row-shadowbox-69f42f93c1d85\"><div class=\"ld-container container-fluid\"><div class=\"row ld-row ld-row-inner\"><div class=\"wpb_column vc_column_container vc_col-sm-2 liquid-column-69f42f93c221b\"><div class=\"vc_column-inner\" ><div class=\"wpb_wrapper\" ><\/div><\/div><\/div><div class=\"wpb_column vc_column_container vc_col-sm-8 liquid-column-69f42f93c2650\"><div class=\"vc_column-inner\" ><div class=\"wpb_wrapper\" >\n\t<div  class=\"wpb_single_image wpb_content_element vc_align_  liquid_vc_single_image-69f42f93d0535\">\n\t\t\n\t\t<figure class=\"wpb_wrapper vc_figure\">\n\t\t\t<div class=\"vc_single_image-wrapper\"><img decoding=\"async\" width=\"1042\" height=\"512\" src=\"data:image\/svg+xml;charset=utf-8,%3Csvg xmlns%3D&#039;http%3A%2F%2Fwww.w3.org%2F2000%2Fsvg&#039; viewBox%3D&#039;0 0 1042 512&#039;%2F%3E\" class=\"vc_single_image-img attachment-full ld-lazyload\" alt=\"\" title=\"fundatia-regala-cluburile-generatii-outdoor\" itemprop=\"image\" data-src=\"https:\/\/fundatiaregala.ro\/wp-content\/uploads\/fundatia-regala-cluburile-generatii-outdoor.png\" data-srcset=\"https:\/\/fundatiaregala.ro\/wp-content\/uploads\/fundatia-regala-cluburile-generatii-outdoor.png 1042w, https:\/\/fundatiaregala.ro\/wp-content\/uploads\/fundatia-regala-cluburile-generatii-outdoor-300x147.png 300w, https:\/\/fundatiaregala.ro\/wp-content\/uploads\/fundatia-regala-cluburile-generatii-outdoor-1024x503.png 1024w, https:\/\/fundatiaregala.ro\/wp-content\/uploads\/fundatia-regala-cluburile-generatii-outdoor-18x9.png 18w\" data-sizes=\"(max-width: 1042px) 100vw, 1042px\" data-aspect=\"2.03515625\" \/><\/div>\n\t\t<\/figure>\n\t<\/div>\n<\/div><\/div><\/div><div class=\"wpb_column vc_column_container vc_col-sm-2 liquid-column-69f42f93d0ac1\"><div class=\"vc_column-inner\" ><div class=\"wpb_wrapper\" ><\/div><\/div><\/div><\/div><\/div><\/div><div class=\"vc_row vc_inner vc_row-fluid liquid-row-shadowbox-69f42f93d0e02\"><div class=\"ld-container container-fluid\"><div class=\"row ld-row ld-row-inner\"><div class=\"wpb_column vc_column_container vc_col-sm-12 liquid-column-69f42f93d124d\"><div class=\"vc_column-inner\" ><div class=\"wpb_wrapper\" ><style>.ld_fancy_heading_69f42f93d1422 h2{color:#262528;}.ld_fancy_heading_69f42f93d1422 .lqd-highlight-inner{height:0.275em!important;bottom:0px!important;}<\/style><div class=\"ld-fancy-heading text-center ld_fancy_heading_69f42f93d1422\">\n\t<h2 class=\"ld-fh-element lqd-highlight-underline lqd-highlight-grow-left text-decoration-default\"   >  <\/p>\n<p style=\"text-align: center\">PROJECT DETAILS<\/p>\n<p><\/h2><\/div><style>.ld_fancy_heading_69f42f93d1784 p{color:#262528;}.ld_fancy_heading_69f42f93d1784 .lqd-highlight-inner{height:0.275em!important;bottom:0px!important;}<\/style><div class=\"ld-fancy-heading text-justified ld_fancy_heading_69f42f93d1784\">\n\t<p class=\"ld-fh-element lqd-highlight-underline lqd-highlight-grow-left text-decoration-default\"   >  <strong>EUROPEAN SOCIAL FUND<\/strong><\/p>\n<p><strong>Human Capital Operational Programme 2014\u20132020<\/strong><\/p>\n<p><strong>Priority Axis 6\u00a0<\/strong>Education and Skills<\/p>\n<p style=\"text-align: justify\"><strong>Composite operation<\/strong>\u00a0S.O. 6.3: Reducing early school leaving through integrated prevention measures and ensuring equal opportunities for pupils belonging to vulnerable groups, with a focus on Roma pupils and pupils from rural areas \/ socio-economically disadvantaged communities; and\n\nS.O. 6.6: Improving the competences of pre-university teaching staff in order to promote quality educational services oriented towards students\u2019 needs and an inclusive school.<\/p>\n<p><strong>Beneficiary:<\/strong>\u00a0The Margareta of Romania Royal Foundation<\/p>\n<p><strong>Project title:<\/strong>\u00a0Generations Clubs \u2013 Outdoor Non-Formal Education for Children with Teachers\u2019 Support<\/p>\n<p><strong>Financing contract no.: 130730 \/ 08.11.2022<\/strong><\/p>\n<p><strong>SMIS Code<\/strong>\u00a0153850<\/p>\n<p><strong>Total value:<\/strong>\u00a01.726.154,38<\/p>\n<p><strong>EU co-financing value<\/strong>\u00a01.467.231,24 RON<\/p><\/div><\/div><\/div><\/div><\/div><\/div><\/div><div class=\"vc_row vc_inner vc_row-fluid liquid-row-shadowbox-69f42f93d21a2\"><div class=\"ld-container container-fluid\"><div class=\"row ld-row ld-row-inner\"><div class=\"wpb_column vc_column_container vc_col-sm-12 liquid-column-69f42f93d2623\"><div class=\"vc_column-inner\" ><div class=\"wpb_wrapper\" ><style>.ld_fancy_heading_69f42f93d27ae h2{color:#262528;}.ld_fancy_heading_69f42f93d27ae .lqd-highlight-inner{height:0.275em!important;bottom:0px!important;}<\/style><div class=\"ld-fancy-heading text-center ld_fancy_heading_69f42f93d27ae\">\n\t<h2 class=\"ld-fh-element lqd-highlight-underline lqd-highlight-grow-left text-decoration-default\"   >  <\/p>\n<p style=\"text-align: center\">OBJECTIVES<\/p>\n<p><\/h2><\/div><style>.ld_fancy_heading_69f42f93d2a7c p{color:#262528;}.ld_fancy_heading_69f42f93d2a7c .lqd-highlight-inner{height:0.275em!important;bottom:0px!important;}<\/style><div class=\"ld-fancy-heading text-justified ld_fancy_heading_69f42f93d2a7c\">\n\t<p class=\"ld-fh-element lqd-highlight-underline lqd-highlight-grow-left text-decoration-default\"   >  <\/p>\n<p style=\"text-align: justify\">The general objective of the project \u201cGenerations Clubs \u2013 outdoor non-formal education for children with teachers\u2019 support\u201d is to implement a set of complex and concrete measures to address early school leaving in Teleorman County, by ensuring the necessary school infrastructure and by empowering 40 teachers and support staff with the conceptual and practical competences required to deliver quality and inclusive non-formal education programmes for 330 children.<\/p>\n<p style=\"text-align: justify\">Through this set of complex and concrete measures addressing early school leaving, the project contributes to increasing equitable access of children from the target group to non-formal educational services with a direct positive impact on reducing the risk of early school leaving and strengthening the foundations for shaping a future in which supported children can fulfil their potential and contribute to the development of the local community.<\/p>\n<p><\/p><\/div><\/div><\/div><\/div><\/div><\/div><\/div><div class=\"vc_row vc_inner vc_row-fluid liquid-row-shadowbox-69f42f93d2ee8\"><div class=\"ld-container container-fluid\"><div class=\"row ld-row ld-row-inner\"><div class=\"wpb_column vc_column_container vc_col-sm-12 liquid-column-69f42f93d3346\"><div class=\"vc_column-inner\" ><div class=\"wpb_wrapper\" ><style>.ld_fancy_heading_69f42f93d34e0 h4{color:#262528;}.ld_fancy_heading_69f42f93d34e0 .lqd-highlight-inner{height:0.275em!important;bottom:0px!important;}<\/style><div class=\"ld-fancy-heading text-center ld_fancy_heading_69f42f93d34e0\">\n\t<h4 class=\"ld-fh-element lqd-highlight-underline lqd-highlight-grow-left text-decoration-default\"   >  <\/p>\n<p style=\"text-align: center\"><strong>THE PROJECT HAS 3 SPECIFIC OBJECTIVES:<\/strong><\/p>\n<p><\/h4><\/div><style>.ld_fancy_heading_69f42f93d37af h2{color:#262528;}.ld_fancy_heading_69f42f93d37af .lqd-highlight-inner{height:0.275em!important;bottom:0px!important;}<\/style><div class=\"ld-fancy-heading text-center ld_fancy_heading_69f42f93d37af\">\n\t<h2 class=\"ld-fh-element lqd-highlight-underline lqd-highlight-grow-left text-decoration-default\"   >  <\/p>\n<p style=\"text-align: center\"><strong>SPECIFIC OBJECTIVE NO. 1<\/strong><\/p>\n<p><\/h2><\/div><style>.ld_fancy_heading_69f42f93d3a6c p{color:#262528;}.ld_fancy_heading_69f42f93d3a6c .lqd-highlight-inner{height:0.275em!important;bottom:0px!important;}<\/style><div class=\"ld-fancy-heading text-justified ld_fancy_heading_69f42f93d3a6c\">\n\t<p class=\"ld-fh-element lqd-highlight-underline lqd-highlight-grow-left text-decoration-default\"   >  <\/p>\n<p style=\"text-align: justify\">Creating the necessary framework for the development of inclusive non-formal education by improving the quality of competences of 40 professionals (teaching and support staff) from partner educational institutions in Teleorman County, through accredited professional development programmes, training, coaching, dissemination of good practices, and the setup and equipment of 3 educational spaces dedicated to outdoor non-formal activities, based on children\u2019s needs, using an active, participatory and inclusive approach to prevent early school leaving over a period of 6 months.<\/p>\n<p><\/p><\/div><style>.ld_spacer_69f42f93d3c38{height:50px;}<\/style>\n<div class=\"ld-empty-space ld_spacer_69f42f93d3c38\"><\/div><style>.ld_fancy_heading_69f42f93d3dcd h2{color:#262528;}.ld_fancy_heading_69f42f93d3dcd .lqd-highlight-inner{height:0.275em!important;bottom:0px!important;}<\/style><div class=\"ld-fancy-heading text-center ld_fancy_heading_69f42f93d3dcd\">\n\t<h2 class=\"ld-fh-element lqd-highlight-underline lqd-highlight-grow-left text-decoration-default\"   >  <\/p>\n<p style=\"text-align: center\"><strong>SPECIFIC OBJECTIVE NO. 2<\/strong><\/p>\n<p><\/h2><\/div><style>.ld_fancy_heading_69f42f93d407a p{color:#262528;}.ld_fancy_heading_69f42f93d407a .lqd-highlight-inner{height:0.275em!important;bottom:0px!important;}<\/style><div class=\"ld-fancy-heading text-justified ld_fancy_heading_69f42f93d407a\">\n\t<p class=\"ld-fh-element lqd-highlight-underline lqd-highlight-grow-left text-decoration-default\"   >  <\/p>\n<p style=\"text-align: justify\">Strengthening active participation in primary and lower secondary education of 170 children from vulnerable groups enrolled in partner educational institutions in Teleorman County who are at educational risk, face difficulties in transitioning to a new education cycle or experience functional illiteracy, through concrete preparatory, guidance and non-formal activities aimed at socio-educational inclusion, skills synchronization and reduction of functional illiteracy, and implicitly the risk of early school leaving, over a period of 10 months.<\/p>\n<p><\/p><\/div><style>.ld_spacer_69f42f93d4245{height:50px;}<\/style>\n<div class=\"ld-empty-space ld_spacer_69f42f93d4245\"><\/div><style>.ld_fancy_heading_69f42f93d43c4 h2{color:#262528;}.ld_fancy_heading_69f42f93d43c4 .lqd-highlight-inner{height:0.275em!important;bottom:0px!important;}<\/style><div class=\"ld-fancy-heading text-center ld_fancy_heading_69f42f93d43c4\">\n\t<h2 class=\"ld-fh-element lqd-highlight-underline lqd-highlight-grow-left text-decoration-default\"   >  <\/p>\n<p style=\"text-align: center\"><strong>SPECIFIC OBJECTIVE NO. 3<\/strong><\/p>\n<p><\/h2><\/div><style>.ld_fancy_heading_69f42f93d4669 p{color:#262528;}.ld_fancy_heading_69f42f93d4669 .lqd-highlight-inner{height:0.275em!important;bottom:0px!important;}<\/style><div class=\"ld-fancy-heading text-justified ld_fancy_heading_69f42f93d4669\">\n\t<p class=\"ld-fh-element lqd-highlight-underline lqd-highlight-grow-left text-decoration-default\"   >  <\/p>\n<p style=\"text-align: justify\">Developing the skills and competences of 330 children from primary and lower secondary education (170 primary school pupils and 160 lower secondary pupils), with a focus on vulnerable pupils enrolled in partner educational institutions in Teleorman County, through outdoor non-formal education measures such as thematic clubs, socio-emotional groups, intergenerational activities and health education, contributing to the inclusion of vulnerable children and reducing the risk of early school leaving over a period of 14 months.<\/p>\n<p><\/p><\/div><\/div><\/div><\/div><\/div><\/div><\/div><div class=\"vc_row vc_inner vc_row-fluid liquid-row-shadowbox-69f42f93d4ade\"><div class=\"ld-container container-fluid\"><div class=\"row ld-row ld-row-inner\"><div class=\"wpb_column vc_column_container vc_col-sm-12 liquid-column-69f42f93d4f58\"><div class=\"vc_column-inner\" ><div class=\"wpb_wrapper\" ><style>.ld_spacer_69f42f93d5027{height:100px;}<\/style>\n<div class=\"ld-empty-space ld_spacer_69f42f93d5027\"><\/div><style>.ld_fancy_heading_69f42f93d51bf h2{color:#262528;}.ld_fancy_heading_69f42f93d51bf .lqd-highlight-inner{height:0.275em!important;bottom:0px!important;}<\/style><div class=\"ld-fancy-heading text-center ld_fancy_heading_69f42f93d51bf\">\n\t<h2 class=\"ld-fh-element lqd-highlight-underline lqd-highlight-grow-left text-decoration-default\"   >  <\/p>\n<p style=\"text-align: center\"><strong>PROJECT ACTIVITIES<\/strong><\/p>\n<p><\/h2><\/div><style>.ld_fancy_heading_69f42f93d547a p{color:#262528;}.ld_fancy_heading_69f42f93d547a .lqd-highlight-inner{height:0.275em!important;bottom:0px!important;}<\/style><div class=\"ld-fancy-heading text-justified ld_fancy_heading_69f42f93d547a\">\n\t<p class=\"ld-fh-element lqd-highlight-underline lqd-highlight-grow-left text-decoration-default\"   >  <\/p>\n<p style=\"text-align: justify\"><strong>A1 \u2013 General project management<\/strong>\u00a0(09.11.2022 \u2013 31.12.2023), including the following sub-activities:<\/p>\n<ul style=\"text-align: justify\">\n<li>Project management: planning, organization, monitoring, verification, control and evaluation;<\/li>\n<li>Information, publicity and visibility of the project and the funding authority, as well as other administrative activities necessary for optimal project implementation.<\/li>\n<\/ul>\n<p>&nbsp;<\/p>\n<p style=\"text-align: justify\"><strong>A2 \u2013 Technical coordination of partners\u2019 activities,\u00a0<\/strong>including:<\/p>\n<ul style=\"text-align: justify\">\n<li>Technical coordination of the optimal implementation of project partners\u2019 activities.\n(09.11.2022 \u2013 31.12.2023)<\/li>\n<\/ul>\n<p>&nbsp;<\/p>\n<p style=\"text-align: justify\"><strong>A3 \u2013 Creating the necessary framework for improving the quality of outdoor non-formal education by ensuring resources and know-how for teaching, support and management staff within school<\/strong>\u00a0(09.11.2022 \u2013 31.12.2023), including the following sub-activities:<\/p>\n<ul style=\"text-align: justify\">\n<li>Informing, selecting and motivating the project target group to become involved and actively participate in activities;<\/li>\n<li>Equipment and setup of 3 spaces dedicated to outdoor non-formal activities within the 3 involved schools (11.2022 \u2013 30.04.2023);<\/li>\n<li>Development of competences of teaching and support staff in outdoor non-formal education through tailored professional development and training programmes (09.11.2022 \u2013 28.02.2023);<\/li>\n<li>Implementation of a coaching programme for teaching, support and management staff to improve competences in working interactively with children from vulnerable groups at risk of early school leaving (09.11.2022 \u2013 28.02.2023);<\/li>\n<li>Organization of an online seminar on good practices in organizing and delivering outdoor non-formal educational activities, aimed at transferring results to relevant local, regional and national stakeholders (01\u201328.02.2023).<\/li>\n<\/ul>\n<p>&nbsp;<\/p>\n<p style=\"text-align: justify\"><strong>A4 \u2013 Improving participation of children from the target group in primary and lower secondary education through personalized outdoor non-formal educational measures to prevent early school leaving<\/strong>\u00a0(01.03-31.12.2023) including the following sub-activities:<\/p>\n<ul style=\"text-align: justify\">\n<li>Preparatory and guidance programmes for 4th and 8th grade pupils to facilitate school transition to a new education cycle and reduce educational risk;<\/li>\n<li>Implementation of an interdisciplinary programme to prevent and reduce functional illiteracy, focused on understanding and rational, coherent and practical use of knowledge acquired through formal education.<\/li>\n<\/ul>\n<p>&nbsp;<\/p>\n<p style=\"text-align: justify\"><strong>A5 \u2013 Developing skills and competences of primary and lower secondary pupils through personalized outdoor non-formal education approaches to prevent early school leaving<\/strong>\u00a0(01.03-31.12.2023) including the following sub-activities:<\/p>\n<ul>\n<li style=\"text-align: justify\">Clubs in sports, creative, artistic, traditional, handicrafts and environmental fields, aimed at preventing early school leaving and developing socio-emotional skills through outdoor non-formal education;<\/li>\n<li style=\"text-align: justify\">Socio-emotional development groups to increase self-esteem and develop communication and interpersonal skills;<\/li>\n<li style=\"text-align: justify\">Intergenerational activities involving children and older people to promote respect between generations and strengthen the local community (01.06 \u2013 31.12.2023);<\/li>\n<li style=\"text-align: justify\">Health, hygiene and nutrition education programme for children and parents, promoting a healthy lifestyle adapted to limited material resources (01.06 \u2013 31.12.2023).<\/li>\n<\/ul>\n<p><\/p><\/div><style>.ld_spacer_69f42f93d5909{height:50px;}<\/style>\n<div class=\"ld-empty-space ld_spacer_69f42f93d5909\"><\/div><\/div><\/div><\/div><\/div><\/div><\/div><div class=\"vc_row vc_inner vc_row-fluid liquid-row-shadowbox-69f42f93d5c57\"><div class=\"ld-container container-fluid\"><div class=\"row ld-row ld-row-inner\"><div class=\"wpb_column vc_column_container vc_col-sm-12 liquid-column-69f42f93d6094\"><div class=\"vc_column-inner\" ><div class=\"wpb_wrapper\" ><style>.ld_fancy_heading_69f42f93d621f h2{color:#262528;}.ld_fancy_heading_69f42f93d621f .lqd-highlight-inner{height:0.275em!important;bottom:0px!important;}<\/style><div class=\"ld-fancy-heading text-center ld_fancy_heading_69f42f93d621f\">\n\t<h2 class=\"ld-fh-element lqd-highlight-underline lqd-highlight-grow-left text-decoration-default\"   >  <\/p>\n<p style=\"text-align: center\"><strong>BENEFICIARIES<\/strong><\/p>\n<p><\/h2><\/div><\/div><\/div><\/div><\/div><\/div><\/div><div class=\"vc_row vc_inner vc_row-fluid liquid-row-shadowbox-69f42f93d666b\"><div class=\"ld-container container-fluid\"><div class=\"row ld-row ld-row-inner\"><div class=\"wpb_column vc_column_container vc_col-sm-2 liquid-column-69f42f93d6aa9\"><div class=\"vc_column-inner\" ><div class=\"wpb_wrapper\" ><\/div><\/div><\/div><div class=\"wpb_column vc_column_container vc_col-sm-8 liquid-column-69f42f93d6eca\"><div class=\"vc_column-inner\" ><div class=\"wpb_wrapper\" ><style>.ld_icon_box_69f42f93d70d9 .iconbox-icon-container{color:#d2a12a;border-radius:px;}.ld_icon_box_69f42f93d70d9 .iconbox-icon-wrap{margin-inline-end:10px !important;}.ld_icon_box_69f42f93d70d9 .lqd-iconbox-title{margin-bottom:px;}<\/style>\n<div class=\"iconbox iconbox-side text-align-default align-items-center ld_icon_box_69f42f93d70d9 vc_custom_1770299788152\" id=\"ld_icon_box_69f42f93d70d9\"  data-animate-icon=\"true\" data-plugin-options='{\"color\":\"#d2a12a\"}'  >\n\t\n\t\t\t\t\t\n\t\n\t<div class=\"iconbox-icon-wrap\"><span class=\"iconbox-icon-container\"><i class=\"fas fa-child\"><\/i><\/span><\/div>\t\n\t\t\n\t<div class=\"contents\">\t\n\t\t\n\t\t<p>Primary and lower secondary pupils (330 children) enrolled in the two partner schools.<\/p>\n\t\t\n\t<\/div>\t\n\t\n<\/div>\n<style>.ld_icon_box_69f42f93d7d14 .iconbox-icon-container{color:#d2a12a;border-radius:px;}.ld_icon_box_69f42f93d7d14 .iconbox-icon-wrap{margin-inline-end:10px !important;}.ld_icon_box_69f42f93d7d14 .lqd-iconbox-title{margin-bottom:px;}<\/style>\n<div class=\"iconbox iconbox-side text-align-default align-items-center ld_icon_box_69f42f93d7d14 vc_custom_1770299801951\" id=\"ld_icon_box_69f42f93d7d14\"  data-animate-icon=\"true\" data-plugin-options='{\"color\":\"#d2a12a\"}'  >\n\t\n\t\t\t\t\t\n\t\n\t<div class=\"iconbox-icon-wrap\"><span class=\"iconbox-icon-container\"><i class=\"fas fa-chalkboard-teacher\"><\/i><\/span><\/div>\t\n\t\t\n\t<div class=\"contents\">\t\n\t\t\n\t\t<p>Teaching and support staff (40 persons) from the two partner schools.<\/p>\n\t\t\n\t<\/div>\t\n\t\n<\/div>\n<\/div><\/div><\/div><div class=\"wpb_column vc_column_container vc_col-sm-2 liquid-column-69f42f93d8d2b\"><div class=\"vc_column-inner\" ><div class=\"wpb_wrapper\" ><\/div><\/div><\/div><\/div><\/div><\/div><div class=\"vc_row vc_inner vc_row-fluid liquid-row-shadowbox-69f42f93d9020\"><div class=\"ld-container container-fluid\"><div class=\"row ld-row ld-row-inner\"><div class=\"wpb_column vc_column_container vc_col-sm-12 liquid-column-69f42f93d9441\"><div class=\"vc_column-inner\" ><div class=\"wpb_wrapper\" ><style>.ld_fancy_heading_69f42f93d95e8 h2{color:#262528;}.ld_fancy_heading_69f42f93d95e8 .lqd-highlight-inner{height:0.275em!important;bottom:0px!important;}<\/style><div class=\"ld-fancy-heading text-center ld_fancy_heading_69f42f93d95e8\">\n\t<h2 class=\"ld-fh-element lqd-highlight-underline lqd-highlight-grow-left text-decoration-default\"   >  <\/p>\n<p style=\"text-align: center\"><strong>PROJECT INDICATORS<\/strong><\/p>\n<p><\/h2><\/div><style>.ld_fancy_heading_69f42f93d9f4a p{color:#262528;}.ld_fancy_heading_69f42f93d9f4a .lqd-highlight-inner{height:0.275em!important;bottom:0px!important;}<\/style><div class=\"ld-fancy-heading text-justified ld_fancy_heading_69f42f93d9f4a\">\n\t<p class=\"ld-fh-element lqd-highlight-underline lqd-highlight-grow-left text-decoration-default\"   >  <\/p>\n<p style=\"text-align: left\"><strong>\u2022 4S223<\/strong>\u00a0persons (330 pupils) benefiting from support for participation in education programmes (primary and secondary education);<\/p>\n<p style=\"text-align: left\"><strong>\u2022 4S223.1<\/strong>\u00a0persons (170 pupils) benefiting from support for participation in education programmes \u2013 primary education;<\/p>\n<p style=\"text-align: left\"><strong>\u2022 4S223.1.1<\/strong>\u00a0persons (24 pupils) of Roma ethnicity benefiting from support \u2013 primary education;<\/p>\n<p style=\"text-align: left\"><strong>\u2022 4S223.1.2<\/strong>\u00a0persons (100 pupils) from rural areas benefiting from support \u2013 primary education;<\/p>\n<p style=\"text-align: left\"><strong>\u2022 4S223.2<\/strong>\u00a0persons (160 pupils) benefiting from support \u2013 lower secondary education;<\/p>\n<p style=\"text-align: left\"><strong>\u2022 4S223.2.1<\/strong>\u00a0persons (20 pupils) of Roma ethnicity benefiting from support \u2013 lower secondary education;<\/p>\n<p style=\"text-align: left\"><strong>\u2022 4S223.2.2<\/strong>\u00a0persons (100 pupils) from rural areas benefiting from support \u2013 lower secondary education;<\/p>\n<p style=\"text-align: left\"><strong>\u2022 4S94<\/strong>\u00a0teaching\/support staff (40 persons) benefiting from training programmes \/ exchange of good practices.<\/p>\n<p><\/p><\/div><\/div><\/div><\/div><\/div><\/div><\/div><div class=\"vc_row vc_inner vc_row-fluid liquid-row-shadowbox-69f42f93daabc\"><div class=\"ld-container container-fluid\"><div class=\"row ld-row ld-row-inner\"><div class=\"wpb_column vc_column_container vc_col-sm-12 liquid-column-69f42f93daeb0\"><div class=\"vc_column-inner\" ><div class=\"wpb_wrapper\" ><style>.ld_fancy_heading_69f42f93db028 h2{color:#262528;}.ld_fancy_heading_69f42f93db028 .lqd-highlight-inner{height:0.275em!important;bottom:0px!important;}<\/style><div class=\"ld-fancy-heading text-center ld_fancy_heading_69f42f93db028\">\n\t<h2 class=\"ld-fh-element lqd-highlight-underline lqd-highlight-grow-left text-decoration-default\"   >  <\/p>\n<p style=\"text-align: center\">TEAM<\/p>\n<p><\/h2><\/div><\/div><\/div><\/div><\/div><\/div><\/div><div class=\"vc_row vc_inner vc_row-fluid liquid-row-shadowbox-69f42f93db6e0\"><div class=\"ld-container container-fluid\"><div class=\"row ld-row ld-row-inner\"><div class=\"wpb_column vc_column_container vc_col-sm-2 liquid-column-69f42f93dbacb\"><div class=\"vc_column-inner\" ><div class=\"wpb_wrapper\" ><\/div><\/div><\/div><div class=\"wpb_column vc_column_container vc_col-sm-8 liquid-column-69f42f93dbe9f\"><div class=\"vc_column-inner\" ><div class=\"wpb_wrapper\" >\n\t<div  class=\"wpb_single_image wpb_content_element vc_align_  liquid_vc_single_image-69f42f93e2ce9\">\n\t\t\n\t\t<figure class=\"wpb_wrapper vc_figure\">\n\t\t\t<div class=\"vc_single_image-wrapper\"><img decoding=\"async\" width=\"1410\" height=\"1182\" src=\"data:image\/svg+xml;charset=utf-8,%3Csvg xmlns%3D&#039;http%3A%2F%2Fwww.w3.org%2F2000%2Fsvg&#039; viewBox%3D&#039;0 0 1410 1182&#039;%2F%3E\" class=\"vc_single_image-img attachment-full ld-lazyload\" alt=\"\" title=\"fundatia-regala-cluburile-generatii-outdoor-echipa\" itemprop=\"image\" data-src=\"https:\/\/fundatiaregala.ro\/wp-content\/uploads\/fundatia-regala-cluburile-generatii-outdoor-echipa.png\" data-srcset=\"https:\/\/fundatiaregala.ro\/wp-content\/uploads\/fundatia-regala-cluburile-generatii-outdoor-echipa.png 1410w, https:\/\/fundatiaregala.ro\/wp-content\/uploads\/fundatia-regala-cluburile-generatii-outdoor-echipa-300x251.png 300w, https:\/\/fundatiaregala.ro\/wp-content\/uploads\/fundatia-regala-cluburile-generatii-outdoor-echipa-1024x858.png 1024w, https:\/\/fundatiaregala.ro\/wp-content\/uploads\/fundatia-regala-cluburile-generatii-outdoor-echipa-14x12.png 14w\" data-sizes=\"(max-width: 1410px) 100vw, 1410px\" data-aspect=\"1.1928934010152\" \/><\/div>\n\t\t<\/figure>\n\t<\/div>\n<\/div><\/div><\/div><div class=\"wpb_column vc_column_container vc_col-sm-2 liquid-column-69f42f93e3216\"><div class=\"vc_column-inner\" ><div class=\"wpb_wrapper\" ><\/div><\/div><\/div><\/div><\/div><\/div><div class=\"vc_row vc_inner vc_row-fluid liquid-row-shadowbox-69f42f93e3529\"><div class=\"ld-container container-fluid\"><div class=\"row ld-row ld-row-inner\"><div class=\"wpb_column vc_column_container vc_col-sm-12 liquid-column-69f42f93e3975\"><div class=\"vc_column-inner\" ><div class=\"wpb_wrapper\" ><style>.ld_fancy_heading_69f42f93e3b2a h2{color:#262528;}.ld_fancy_heading_69f42f93e3b2a .lqd-highlight-inner{height:0.275em!important;bottom:0px!important;}<\/style><div class=\"ld-fancy-heading text-center ld_fancy_heading_69f42f93e3b2a\">\n\t<h2 class=\"ld-fh-element lqd-highlight-underline lqd-highlight-grow-left text-decoration-default\"   >  <\/p>\n<p style=\"text-align: center\"><strong>PARTNERS<\/strong><\/p>\n<p><\/h2><\/div><style>.ld_fancy_heading_69f42f93e3eb3 p{color:#262528;}.ld_fancy_heading_69f42f93e3eb3 .lqd-highlight-inner{height:0.275em!important;bottom:0px!important;}<\/style><div class=\"ld-fancy-heading text-center ld_fancy_heading_69f42f93e3eb3\">\n\t<p class=\"ld-fh-element lqd-highlight-underline lqd-highlight-grow-left text-decoration-default\"   >  <\/p>\n<p style=\"text-align: center\">Middle school No. 4, Turnu M\u0103gurele, Teleorman County;<\/p>\n<p style=\"text-align: center\">Middle school No. 1, Islaz, Teleorman County.<\/p>\n<p><\/p><\/div><\/div><\/div><\/div><\/div><\/div><\/div><div class=\"vc_row vc_inner vc_row-fluid liquid-row-shadowbox-69f42f93e433f\"><div class=\"ld-container container-fluid\"><div class=\"row ld-row ld-row-inner\"><div class=\"wpb_column vc_column_container vc_col-sm-12 liquid-column-69f42f93e4741\"><div class=\"vc_column-inner\" ><div class=\"wpb_wrapper\" ><style>.ld_fancy_heading_69f42f93e48b7 h2{color:#262528;}.ld_fancy_heading_69f42f93e48b7 .lqd-highlight-inner{height:0.275em!important;bottom:0px!important;}<\/style><div class=\"ld-fancy-heading text-center ld_fancy_heading_69f42f93e48b7\">\n\t<h2 class=\"ld-fh-element lqd-highlight-underline lqd-highlight-grow-left text-decoration-default\"   >  <\/p>\n<p style=\"text-align: center\"><strong>CONTACT<\/strong><\/p>\n<p><\/h2><\/div><style>.ld_fancy_heading_69f42f93e4b54 p{color:#262528;}.ld_fancy_heading_69f42f93e4b54 .lqd-highlight-inner{height:0.275em!important;bottom:0px!important;}<\/style><div class=\"ld-fancy-heading text-center ld_fancy_heading_69f42f93e4b54\">\n\t<p class=\"ld-fh-element lqd-highlight-underline lqd-highlight-grow-left text-decoration-default\"   >  <\/p>\n<p style=\"text-align: center\"><strong>Project manager\u00a0<\/strong>\u2013 Manuela Arpinte, phone: 0724.561.398<\/p>\n<p style=\"text-align: center\">E-Mail: <a href=\"mailto:manuela.arpinte@principesa.ro\">manuela.arpinte@principesa.ro<\/a><\/p>\n<p><\/p><\/div><\/div><\/div><\/div><\/div><\/div><\/div>                    <\/div>\n                <\/div>\n            <\/div>\n\t\t\t            <div class=\"accordion-item panel\">\n\n                <div class=\"accordion-heading\" role=\"tab\" id=\"heading_lqd-1770036069942-ca7fda95-cc23\" data-id=\"lqd-1770036069942-ca7fda95-cc23\">\n                    <p class=\"accordion-title\" data-controls=\"lqd-1770036069942-ca7fda95-cc23\" tabindex=\"-1\">\n                        <a tabindex=\"0\" class=\"collapsed\" data-toggle=\"collapse\"  data-bs-toggle=\"collapse\"\n                           data-parent=\"#vc_accordion_69f42f940a274\" data-bs-parent=\"#vc_accordion_69f42f940a274\" href=\"#lqd-1770036069942-ca7fda95-cc23\" data-bs-target=\"#lqd-1770036069942-ca7fda95-cc23\"\n                           aria-expanded=\"false\" aria-controls=\"lqd-1770036069942-ca7fda95-cc23\">\n\n\t\t\t\t\t\t\t\n\t\t\t\t\t\t\tSupport for Refugees\n\t\t\t\t\t\t\t                                <span class=\"accordion-expander\">\n\t\t\t\t\t\t\t\t\t\t\t\t\t\t\t\t\t\t\t<i class=\"lqd-icn-ess icon-ion-ios-add\"><\/i>\n\t\t\t\t\t\t\t\t\t\n\t\t\t\t\t\t\t\t\t\t\t\t\t\t\t\t\t\t\t<i class=\"lqd-icn-ess icon-ion-ios-remove\"><\/i>\n\t\t\t\t\t\t\t\t\t\t\t\t\t\t\t\t\t<\/span>\n\t\t\t\t\t\t\t\n                        <\/a>\n\n                    <\/p>\n                <\/div>\n\n                <div id=\"lqd-1770036069942-ca7fda95-cc23\" class=\"accordion-collapse collapse\"\n                    data-bs-parent=\"#vc_accordion_69f42f940a274\" role=\"tabpanel\" aria-labelledby=\"heading_lqd-1770036069942-ca7fda95-cc23\">\n                    <div class=\"accordion-content\">\n\t\t\t\t\t\t\n\t<div  class=\"wpb_single_image wpb_content_element vc_align_center  liquid_vc_single_image-69f42f93ebf41\">\n\t\t\n\t\t<figure class=\"wpb_wrapper vc_figure\">\n\t\t\t<div class=\"vc_single_image-wrapper\"><img decoding=\"async\" width=\"780\" height=\"564\" src=\"data:image\/svg+xml;charset=utf-8,%3Csvg xmlns%3D&#039;http%3A%2F%2Fwww.w3.org%2F2000%2Fsvg&#039; viewBox%3D&#039;0 0 1024 740&#039;%2F%3E\" class=\"vc_single_image-img attachment-large ld-lazyload\" alt=\"\" title=\"FRMR-Proiect_Ajutor-pentru-Refugiati_V2\" itemprop=\"image\" data-src=\"https:\/\/fundatiaregala.ro\/wp-content\/uploads\/FRMR-Proiect_Ajutor-pentru-Refugiati_V2-1024x740.png\" data-srcset=\"https:\/\/fundatiaregala.ro\/wp-content\/uploads\/FRMR-Proiect_Ajutor-pentru-Refugiati_V2-1024x740.png 1024w, https:\/\/fundatiaregala.ro\/wp-content\/uploads\/FRMR-Proiect_Ajutor-pentru-Refugiati_V2-300x217.png 300w, https:\/\/fundatiaregala.ro\/wp-content\/uploads\/FRMR-Proiect_Ajutor-pentru-Refugiati_V2-18x12.png 18w, https:\/\/fundatiaregala.ro\/wp-content\/uploads\/FRMR-Proiect_Ajutor-pentru-Refugiati_V2.png 1372w\" data-sizes=\"(max-width: 780px) 100vw, 780px\" data-aspect=\"1.3837837837838\" \/><\/div>\n\t\t<\/figure>\n\t<\/div>\n<style>.ld_fancy_heading_69f42f93ec112 p{color:#262528;}.ld_fancy_heading_69f42f93ec112 .lqd-highlight-inner{height:0.275em!important;bottom:0px!important;}<\/style><div class=\"ld-fancy-heading ld_fancy_heading_69f42f93ec112\">\n\t<p class=\"ld-fh-element lqd-highlight-underline lqd-highlight-grow-left text-decoration-default\"   >  <\/p>\n<p style=\"text-align: justify\" class=\"translation-block\">Against the backdrop of the crisis generated by the violent conflict, <strong>The Margareta of Romania Royal Foundation<\/strong> launches the <strong>HELP FOR REFUGEES<\/strong> project, aimed at addressing the urgent needs of families in critical situations. <strong>HELP FOR REFUGEES<\/strong> means shelter, food and guidance for vulnerable families in need of immediate support.<\/p>\n<p><\/p><\/div><style>.ld_fancy_heading_69f42f93ec504 h3{color:#262528;}.ld_fancy_heading_69f42f93ec504 .lqd-highlight-inner{height:0.275em!important;bottom:0px!important;}<\/style><div class=\"ld-fancy-heading text-center ld_fancy_heading_69f42f93ec504\">\n\t<h3 class=\"ld-fh-element lqd-highlight-underline lqd-highlight-grow-left text-decoration-default\"   >  <\/p>\n<p style=\"text-align: center\"><strong>HOW DO WE HELP?<\/strong><\/p>\n<p><\/h3><\/div><div class=\"vc_row vc_inner vc_row-fluid liquid-row-shadowbox-69f42f93ec9b1\"><div class=\"ld-container container-fluid\"><div class=\"row ld-row ld-row-inner\"><div class=\"wpb_column vc_column_container vc_col-sm-2 liquid-column-69f42f93ece9e\"><div class=\"vc_column-inner\" ><div class=\"wpb_wrapper\" ><\/div><\/div><\/div><div class=\"wpb_column vc_column_container vc_col-sm-8 liquid-column-69f42f93ed2ee\"><div class=\"vc_column-inner\" ><div class=\"wpb_wrapper\" ><style>.ld_icon_box_69f42f93ed500 .iconbox-icon-container{color:#1d4484;border-radius:px;}.ld_icon_box_69f42f93ed500:hover .iconbox-icon-container{color:#1d4484;}.ld_icon_box_69f42f93ed500 .lqd-iconbox-title{margin-bottom:px;}<\/style>\n<div class=\"iconbox iconbox-side text-align-default align-items-center ld_icon_box_69f42f93ed500 vc_custom_1770036774584\" id=\"ld_icon_box_69f42f93ed500\"  data-animate-icon=\"true\" data-plugin-options='{\"color\":\"#1d4484\",\"hoverColor\":\"#1d4484\"}'  >\n\t\n\t\t\t\t\t\n\t\n\t<div class=\"iconbox-icon-wrap\"><span class=\"iconbox-icon-container\"><i class=\"fas fa-utensils\"><\/i><\/span><\/div>\t\n\t\t\n\t<div class=\"contents\">\t\n\t\t\n\t\t<p>We provide accommodation and hot meals for families with children<\/p>\n\t\t\n\t<\/div>\t\n\t\n<\/div>\n<style>.ld_icon_box_69f42f93edf8b .iconbox-icon-container{color:#1d4484;border-radius:px;}.ld_icon_box_69f42f93edf8b:hover .iconbox-icon-container{color:#1d4484;}.ld_icon_box_69f42f93edf8b .lqd-iconbox-title{margin-bottom:px;}<\/style>\n<div class=\"iconbox iconbox-side text-align-default align-items-center ld_icon_box_69f42f93edf8b vc_custom_1770036714251\" id=\"ld_icon_box_69f42f93edf8b\"  data-animate-icon=\"true\" data-plugin-options='{\"color\":\"#1d4484\",\"hoverColor\":\"#1d4484\"}'  >\n\t\n\t\t\t\t\t\n\t\n\t<div class=\"iconbox-icon-wrap\"><span class=\"iconbox-icon-container\"><i class=\"fas fa-tshirt\"><\/i><\/span><\/div>\t\n\t\t\n\t<div class=\"contents\">\t\n\t\t\n\t\t<p>We ensure food supplies, medical products and personal hygiene items<\/p>\n\t\t\n\t<\/div>\t\n\t\n<\/div>\n<style>.ld_icon_box_69f42f93eead8 .iconbox-icon-container{color:#1d4484;border-radius:px;}.ld_icon_box_69f42f93eead8:hover .iconbox-icon-container{color:#1d4484;}.ld_icon_box_69f42f93eead8 .lqd-iconbox-title{margin-bottom:px;}<\/style>\n<div class=\"iconbox iconbox-side text-align-default align-items-center ld_icon_box_69f42f93eead8 vc_custom_1770036698982\" id=\"ld_icon_box_69f42f93eead8\"  data-animate-icon=\"true\" data-plugin-options='{\"color\":\"#1d4484\",\"hoverColor\":\"#1d4484\"}'  >\n\t\n\t\t\t\t\t\n\t\n\t<div class=\"iconbox-icon-wrap\"><span class=\"iconbox-icon-container\"><i class=\"fas fa-heart\"><\/i><\/span><\/div>\t\n\t\t\n\t<div class=\"contents\">\t\n\t\t\n\t\t<p>We offer assistance for children<\/p>\n\t\t\n\t<\/div>\t\n\t\n<\/div>\n<style>.ld_icon_box_69f42f93ef0e0 .iconbox-icon-container{color:#1d4484;border-radius:px;}.ld_icon_box_69f42f93ef0e0 .lqd-iconbox-title{margin-bottom:px;}<\/style>\n<div class=\"iconbox iconbox-side text-align-default align-items-center ld_icon_box_69f42f93ef0e0 vc_custom_1770036592335\" id=\"ld_icon_box_69f42f93ef0e0\"  data-animate-icon=\"true\" data-plugin-options='{\"color\":\"#1d4484\"}'  >\n\t\n\t\t\t\t\t\n\t\n\t<div class=\"iconbox-icon-wrap\"><span class=\"iconbox-icon-container\"><i class=\"fas fa-hand-holding-heart\"><\/i><\/span><\/div>\t\n\t\t\n\t<div class=\"contents\">\t\n\t\t\n\t\t<p>We provide guidance and social counselling<\/p>\n\t\t\n\t<\/div>\t\n\t\n<\/div>\n<style>.ld_icon_box_69f42f93ef3cf .iconbox-icon-container{color:#1d4484;border-radius:px;}.ld_icon_box_69f42f93ef3cf:hover .iconbox-icon-container{color:#1d4484;}.ld_icon_box_69f42f93ef3cf .lqd-iconbox-title{margin-bottom:px;}<\/style>\n<div class=\"iconbox iconbox-side text-align-default align-items-center ld_icon_box_69f42f93ef3cf vc_custom_1770036680671\" id=\"ld_icon_box_69f42f93ef3cf\"  data-animate-icon=\"true\" data-plugin-options='{\"color\":\"#1d4484\",\"hoverColor\":\"#1d4484\"}'  >\n\t\n\t\t\t\t\t\n\t\n\t<div class=\"iconbox-icon-wrap\"><span class=\"iconbox-icon-container\"><i class=\"fas fa-hands-helping\"><\/i><\/span><\/div>\t\n\t\t\n\t<div class=\"contents\">\t\n\t\t\n\t\t<p>We facilitate access to medical services, psychological support and translation services<\/p>\n\t\t\n\t<\/div>\t\n\t\n<\/div>\n<\/div><\/div><\/div><div class=\"wpb_column vc_column_container vc_col-sm-2 liquid-column-69f42f93ef9e3\"><div class=\"vc_column-inner\" ><div class=\"wpb_wrapper\" ><\/div><\/div><\/div><\/div><\/div><\/div>                    <\/div>\n                <\/div>\n            <\/div>\n\t\t\t            <div class=\"accordion-item panel\">\n\n                <div class=\"accordion-heading\" role=\"tab\" id=\"heading_lqd-1770036943679-2d5bc0e9-76c2\" data-id=\"lqd-1770036943679-2d5bc0e9-76c2\">\n                    <p class=\"accordion-title\" data-controls=\"lqd-1770036943679-2d5bc0e9-76c2\" tabindex=\"-1\">\n                        <a tabindex=\"0\" class=\"collapsed\" data-toggle=\"collapse\"  data-bs-toggle=\"collapse\"\n                           data-parent=\"#vc_accordion_69f42f940a274\" data-bs-parent=\"#vc_accordion_69f42f940a274\" href=\"#lqd-1770036943679-2d5bc0e9-76c2\" data-bs-target=\"#lqd-1770036943679-2d5bc0e9-76c2\"\n                           aria-expanded=\"false\" aria-controls=\"lqd-1770036943679-2d5bc0e9-76c2\">\n\n\t\t\t\t\t\t\t\n\t\t\t\t\t\t\tInvestment in Rural Areas\n\t\t\t\t\t\t\t                                <span class=\"accordion-expander\">\n\t\t\t\t\t\t\t\t\t\t\t\t\t\t\t\t\t\t\t<i class=\"lqd-icn-ess icon-ion-ios-add\"><\/i>\n\t\t\t\t\t\t\t\t\t\n\t\t\t\t\t\t\t\t\t\t\t\t\t\t\t\t\t\t\t<i class=\"lqd-icn-ess icon-ion-ios-remove\"><\/i>\n\t\t\t\t\t\t\t\t\t\t\t\t\t\t\t\t\t<\/span>\n\t\t\t\t\t\t\t\n                        <\/a>\n\n                    <\/p>\n                <\/div>\n\n                <div id=\"lqd-1770036943679-2d5bc0e9-76c2\" class=\"accordion-collapse collapse\"\n                    data-bs-parent=\"#vc_accordion_69f42f940a274\" role=\"tabpanel\" aria-labelledby=\"heading_lqd-1770036943679-2d5bc0e9-76c2\">\n                    <div class=\"accordion-content\">\n\t\t\t\t\t\t\n\t<div  class=\"wpb_single_image wpb_content_element vc_align_center  liquid_vc_single_image-69f42f9401e04\">\n\t\t\n\t\t<figure class=\"wpb_wrapper vc_figure\">\n\t\t\t<div class=\"vc_single_image-wrapper\"><img decoding=\"async\" width=\"780\" height=\"439\" src=\"data:image\/svg+xml;charset=utf-8,%3Csvg xmlns%3D&#039;http%3A%2F%2Fwww.w3.org%2F2000%2Fsvg&#039; viewBox%3D&#039;0 0 1024 576&#039;%2F%3E\" class=\"vc_single_image-img attachment-large ld-lazyload\" alt=\"\" title=\"FRMR-Proiect-Investitie-Mediul-Rural\" itemprop=\"image\" data-src=\"https:\/\/fundatiaregala.ro\/wp-content\/uploads\/FRMR-Proiect-Investitie-Mediul-Rural-1024x576.jpg\" data-srcset=\"https:\/\/fundatiaregala.ro\/wp-content\/uploads\/FRMR-Proiect-Investitie-Mediul-Rural-1024x576.jpg 1024w, https:\/\/fundatiaregala.ro\/wp-content\/uploads\/FRMR-Proiect-Investitie-Mediul-Rural-300x169.jpg 300w, https:\/\/fundatiaregala.ro\/wp-content\/uploads\/FRMR-Proiect-Investitie-Mediul-Rural-18x10.jpg 18w, https:\/\/fundatiaregala.ro\/wp-content\/uploads\/FRMR-Proiect-Investitie-Mediul-Rural.jpg 1280w\" data-sizes=\"(max-width: 780px) 100vw, 780px\" data-aspect=\"1.7777777777778\" \/><\/div>\n\t\t<\/figure>\n\t<\/div>\n<style>.ld_fancy_heading_69f42f9401fef p{color:#262528;}.ld_fancy_heading_69f42f9401fef .lqd-highlight-inner{height:0.275em!important;bottom:0px!important;}<\/style><div class=\"ld-fancy-heading ld_fancy_heading_69f42f9401fef\">\n\t<p class=\"ld-fh-element lqd-highlight-underline lqd-highlight-grow-left text-decoration-default\"   >  <\/p>\n<p style=\"text-align: justify\" class=\"translation-block\">Through the national programme \u201cInvestment in the Rural Environment\u201d 2017\u20132020, The Margareta of Romania Royal Foundation, together with Vodafone Romania Foundation, supports <strong>8 After-School centres.<\/strong><\/p>\n<p style=\"text-align: justify\" class=\"translation-block\">The programme is based on the findings of the study <a href=\"http:\/\/fundatia-vodafone.ro\/wp-content\/uploads\/2017\/09\/Investitie-in-educatia-copiilor-din-mediul-rural.pdf\" target=\"_self\">\u201eInvestment in Education for Children in Rural Areas\u201d<\/a>, launched at the initiative and with the funding of Vodafone Romania Foundation.<\/p>\n<p><\/p><\/div><style>.ld_fancy_heading_69f42f9402c19 p{color:#262528;}.ld_fancy_heading_69f42f9402c19 .lqd-highlight-inner{height:0.275em!important;bottom:0px!important;}<\/style><div class=\"ld-fancy-heading ld_fancy_heading_69f42f9402c19\">\n\t<p class=\"ld-fh-element lqd-highlight-underline lqd-highlight-grow-left text-decoration-default\"   >  <\/p>\n<p style=\"text-align: justify\">Two thirds of educational institutions in rural areas face at least one educational risk factor, such as poor results in national assessments, risk of school dropout, high absenteeism and repetition rates, as well as one or more socio-educational risk factors, such as students coming from economically disadvantaged families or insufficient facilities and material resources. School dropout is present in 40% of rural educational institutions, with the highest number of cases recorded in high schools.<\/p>\n<p><\/p><\/div><style>.ld_fancy_heading_69f42f94037e6 p{color:#262528;}.ld_fancy_heading_69f42f94037e6 .lqd-highlight-inner{height:0.275em!important;bottom:0px!important;}<\/style><div class=\"ld-fancy-heading ld_fancy_heading_69f42f94037e6\">\n\t<p class=\"ld-fh-element lqd-highlight-underline lqd-highlight-grow-left text-decoration-default\"   >  <\/p>\n<h3 style=\"text-align: center\"><strong>PURPOSE<\/strong><\/h3>\n<p style=\"text-align: justify\" class=\"translation-block\">To strengthen the capacity of local communities to support children from rural areas in accessing education and developing beyond the disadvantaged environments they come from, through <strong>After-School<\/strong> activities.<\/p>\n<p><\/p><\/div><style>.ld_fancy_heading_69f42f9403da0 p{color:#262528;}.ld_fancy_heading_69f42f9403da0 .lqd-highlight-inner{height:0.275em!important;bottom:0px!important;}<\/style><div class=\"ld-fancy-heading ld_fancy_heading_69f42f9403da0\">\n\t<p class=\"ld-fh-element lqd-highlight-underline lqd-highlight-grow-left text-decoration-default\"   >  <\/p>\n<h3 style=\"text-align: center\"><strong>OBJECTIVES<\/strong><\/h3>\n<p style=\"text-align: justify\">Supporting children from rural areas in accessing education, preventing school dropout and improving academic performance, through participation in After-School (SDS) programmes, where they receive assistance with homework, remediation of learning gaps, improvement of school performance, personal development and social skills activities, educational kits and meals.<\/p>\n<p><\/p><\/div><style>.ld_icon_box_69f42f94040bc .iconbox-icon-container{color:#1d4484;border-radius:px;}.ld_icon_box_69f42f94040bc:hover .iconbox-icon-container{color:#1d4484;}.ld_icon_box_69f42f94040bc .lqd-iconbox-title{margin-bottom:px;}<\/style>\n<div class=\"iconbox iconbox-side text-align-default align-items-center ld_icon_box_69f42f94040bc vc_custom_1770040237425\" id=\"ld_icon_box_69f42f94040bc\"  data-animate-icon=\"true\" data-plugin-options='{\"color\":\"#1d4484\",\"hoverColor\":\"#1d4484\"}'  >\n\t\n\t\t\t\t\t\n\t\n\t<div class=\"iconbox-icon-wrap\"><span class=\"iconbox-icon-container\"><i class=\"fas fa-graduation-cap\"><\/i><\/span><\/div>\t\n\t\t\n\t<div class=\"contents\">\t\n\t\t\n\t\t<p>Supporting at least 320 children per year to participate in After-School programmes, continue their education, improve academic performance and achieve social integration.<\/p>\n\t\t\n\t<\/div>\t\n\t\n<\/div>\n<style>.ld_icon_box_69f42f9404833 .iconbox-icon-container{color:#1d4484;border-radius:px;}.ld_icon_box_69f42f9404833:hover .iconbox-icon-container{color:#1d4484;}.ld_icon_box_69f42f9404833 .lqd-iconbox-title{margin-bottom:px;}<\/style>\n<div class=\"iconbox iconbox-side text-align-default align-items-center ld_icon_box_69f42f9404833 vc_custom_1770040252629\" id=\"ld_icon_box_69f42f9404833\"  data-animate-icon=\"true\" data-plugin-options='{\"color\":\"#1d4484\",\"hoverColor\":\"#1d4484\"}'  >\n\t\n\t\t\t\t\t\n\t\n\t<div class=\"iconbox-icon-wrap\"><span class=\"iconbox-icon-container\"><i class=\"fas fa-chart-bar\"><\/i><\/span><\/div>\t\n\t\t\n\t<div class=\"contents\">\t\n\t\t\n\t\t<p style=\"text-align: justify\">Strengthening the capacity of 8 local NGOs to deliver high-quality and sustainable After-School programmes by improving management, communication and fundraising capacity, as well as training staff working directly with children.<\/p>\n\t\t\n\t<\/div>\t\n\t\n<\/div>\n<style>.ld_fancy_heading_69f42f9405223 h3{color:#262528;}.ld_fancy_heading_69f42f9405223 .lqd-highlight-inner{height:0.275em!important;bottom:0px!important;}<\/style><div class=\"ld-fancy-heading text-center ld_fancy_heading_69f42f9405223\">\n\t<h3 class=\"ld-fh-element lqd-highlight-underline lqd-highlight-grow-left text-decoration-default\"   >  <\/p>\n<h3 style=\"text-align: center\"><strong>PARTNERS<\/strong><\/h3>\n<p><\/h3><\/div><style>.ld_fancy_heading_69f42f9405bcb p{color:#262528;}.ld_fancy_heading_69f42f9405bcb .lqd-highlight-inner{height:0.275em!important;bottom:0px!important;}<\/style><div class=\"ld-fancy-heading text-center ld_fancy_heading_69f42f9405bcb\">\n\t<p class=\"ld-fh-element lqd-highlight-underline lqd-highlight-grow-left text-decoration-default\"   >  <\/p>\n<p style=\"text-align: center\"><strong>Innocenti Foundation \u2013 Reteag Village, Bistri\u021ba<\/strong><br \/>\n<strong>Omenia Philanthropic Foundation \u2013 T\u00e2rgu Neam\u021b<\/strong><br \/>\n<strong>Community Development Association \u2013 Cump\u0103na Commune, Constan\u021ba<\/strong><br \/>\n<strong>Florian Cristescu Parents Association \u2013 Turnu M\u0103gurele Town, Teleorman<\/strong><br \/>\n<strong>Mansio Association \u2013 Firiza Village, Maramure\u0219<\/strong><br \/>\n<strong>Samaritans in the Community Association \u2013 M\u0103rcule\u0219ti Village, Ialomi\u021ba<\/strong><br \/>\n<strong>Triada Association \u2013 Zurbaua Village, Ilfov<\/strong><br \/>\n<strong>Caritas Metropolitan Greek Catholic Blaj Association \u2013 Cenade Village, Alba<\/strong><\/p>\n<p><\/p><\/div><style>.ld_fancy_heading_69f42f9406687 h3{color:#262528;}.ld_fancy_heading_69f42f9406687 .lqd-highlight-inner{height:0.275em!important;bottom:0px!important;}<\/style><div class=\"ld-fancy-heading text-center ld_fancy_heading_69f42f9406687\">\n\t<h3 class=\"ld-fh-element lqd-highlight-underline lqd-highlight-grow-left text-decoration-default\"   >  <\/p>\n<h3 style=\"text-align: center\"><strong>ACTIVITIES<\/strong><\/h3>\n<p><\/h3><\/div><style>.ld_icon_box_69f42f9406ccd .iconbox-icon-container{color:#1d4484;border-radius:px;}.ld_icon_box_69f42f9406ccd:hover .iconbox-icon-container{color:#1d4484;}.ld_icon_box_69f42f9406ccd .lqd-iconbox-title{margin-bottom:px;}<\/style>\n<div class=\"iconbox iconbox-side text-align-default align-items-center ld_icon_box_69f42f9406ccd vc_custom_1770041175005\" id=\"ld_icon_box_69f42f9406ccd\"  data-animate-icon=\"true\" data-plugin-options='{\"color\":\"#1d4484\",\"hoverColor\":\"#1d4484\"}'  >\n\t\n\t\t\t\t\t\n\t\n\t<div class=\"iconbox-icon-wrap\"><span class=\"iconbox-icon-container\"><i class=\"fas fa-hands\"><\/i><\/span><\/div>\t\n\t\t\n\t<div class=\"contents\">\t\n\t\t\n\t\t<p class=\"translation-block\">Supporting 360 children through formal and non-formal educational activities aimed at improving school results, increasing motivation and self-esteem.<\/p>\n\t\t\n\t<\/div>\t\n\t\n<\/div>\n<style>.ld_icon_box_69f42f9407418 .iconbox-icon-container{color:#1d4484;border-radius:px;}.ld_icon_box_69f42f9407418:hover .iconbox-icon-container{color:#1d4484;}.ld_icon_box_69f42f9407418 .lqd-iconbox-title{margin-bottom:px;}<\/style>\n<div class=\"iconbox iconbox-side text-align-default align-items-center ld_icon_box_69f42f9407418 vc_custom_1770040734782\" id=\"ld_icon_box_69f42f9407418\"  data-animate-icon=\"true\" data-plugin-options='{\"color\":\"#1d4484\",\"hoverColor\":\"#1d4484\"}'  >\n\t\n\t\t\t\t\t\n\t\n\t<div class=\"iconbox-icon-wrap\"><span class=\"iconbox-icon-container\"><i class=\"fas fa-address-book\"><\/i><\/span><\/div>\t\n\t\t\n\t<div class=\"contents\">\t\n\t\t\n\t\t<p>Training 16 education specialists to work with children from disadvantaged backgrounds, with the aim of developing emotional intelligence and preventing early school dropout.<\/p>\n\t\t\n\t<\/div>\t\n\t\n<\/div>\n<style>.ld_icon_box_69f42f9407dd0 .iconbox-icon-container{color:#1d4484;border-radius:px;}.ld_icon_box_69f42f9407dd0:hover .iconbox-icon-container{color:#1d4484;}.ld_icon_box_69f42f9407dd0 .lqd-iconbox-title{margin-bottom:px;}<\/style>\n<div class=\"iconbox iconbox-side text-align-default align-items-center ld_icon_box_69f42f9407dd0 vc_custom_1770041164904\" id=\"ld_icon_box_69f42f9407dd0\"  data-animate-icon=\"true\" data-plugin-options='{\"color\":\"#1d4484\",\"hoverColor\":\"#1d4484\"}'  >\n\t\n\t\t\t\t\t\n\t\n\t<div class=\"iconbox-icon-wrap\"><span class=\"iconbox-icon-container\"><i class=\"fas fa-tasks\"><\/i><\/span><\/div>\t\n\t\t\n\t<div class=\"contents\">\t\n\t\t\n\t\t<p>Training the 8 local NGOs in communication and fundraising techniques to ensure project sustainability.<\/p>\n\t\t\n\t<\/div>\t\n\t\n<\/div>\n<style>.ld_icon_box_69f42f94083d8 .iconbox-icon-container{color:#1d4484;border-radius:px;}.ld_icon_box_69f42f94083d8:hover .iconbox-icon-container{color:#1d4484;}.ld_icon_box_69f42f94083d8 .lqd-iconbox-title{margin-bottom:px;}<\/style>\n<div class=\"iconbox iconbox-side text-align-default align-items-center ld_icon_box_69f42f94083d8 vc_custom_1770040829180\" id=\"ld_icon_box_69f42f94083d8\"  data-animate-icon=\"true\" data-plugin-options='{\"color\":\"#1d4484\",\"hoverColor\":\"#1d4484\"}'  >\n\t\n\t\t\t\t\t\n\t\n\t<div class=\"iconbox-icon-wrap\"><span class=\"iconbox-icon-container\"><i class=\"fas fa-sync\"><\/i><\/span><\/div>\t\n\t\t\n\t<div class=\"contents\">\t\n\t\t\n\t\t<p>Training 16 specialists in volunteer management.<\/p>\n\t\t\n\t<\/div>\t\n\t\n<\/div>\n<style>.ld_icon_box_69f42f94086f2 .iconbox-icon-container{color:#1d4484;border-radius:px;}.ld_icon_box_69f42f94086f2:hover .iconbox-icon-container{color:#1d4484;}.ld_icon_box_69f42f94086f2 .lqd-iconbox-title{margin-bottom:px;}<\/style>\n<div class=\"iconbox iconbox-side text-align-default align-items-center ld_icon_box_69f42f94086f2 vc_custom_1770040868435\" id=\"ld_icon_box_69f42f94086f2\"  data-animate-icon=\"true\" data-plugin-options='{\"color\":\"#1d4484\",\"hoverColor\":\"#1d4484\"}'  >\n\t\n\t\t\t\t\t\n\t\n\t<div class=\"iconbox-icon-wrap\"><span class=\"iconbox-icon-container\"><i class=\"fas fa-user-plus\"><\/i><\/span><\/div>\t\n\t\t\n\t<div class=\"contents\">\t\n\t\t\n\t\t<p>Training 16 specialists in organizational management.<\/p>\n\t\t\n\t<\/div>\t\n\t\n<\/div>\n<style>.ld_icon_box_69f42f94089c9 .iconbox-icon-container{color:#1d4484;border-radius:px;}.ld_icon_box_69f42f94089c9:hover .iconbox-icon-container{color:#1d4484;}.ld_icon_box_69f42f94089c9 .lqd-iconbox-title{margin-bottom:px;}<\/style>\n<div class=\"iconbox iconbox-side text-align-default align-items-center ld_icon_box_69f42f94089c9 vc_custom_1770040908688\" id=\"ld_icon_box_69f42f94089c9\"  data-animate-icon=\"true\" data-plugin-options='{\"color\":\"#1d4484\",\"hoverColor\":\"#1d4484\"}'  >\n\t\n\t\t\t\t\t\n\t\n\t<div class=\"iconbox-icon-wrap\"><span class=\"iconbox-icon-container\"><i class=\"fas fa-hand-holding-heart\"><\/i><\/span><\/div>\t\n\t\t\n\t<div class=\"contents\">\t\n\t\t\n\t\t<p>Supporting approximately 360 parents and grandparents in their relationship with the children in their care by providing parental education and relevant materials.<\/p>\n\t\t\n\t<\/div>\t\n\t\n<\/div>\n<style>.ld_icon_box_69f42f9408ca1 .iconbox-icon-container{color:#1d4484;border-radius:px;}.ld_icon_box_69f42f9408ca1:hover .iconbox-icon-container{color:#1d4484;}.ld_icon_box_69f42f9408ca1 .lqd-iconbox-title{margin-bottom:px;}<\/style>\n<div class=\"iconbox iconbox-side text-align-default align-items-center ld_icon_box_69f42f9408ca1 vc_custom_1770040948838\" id=\"ld_icon_box_69f42f9408ca1\"  data-animate-icon=\"true\" data-plugin-options='{\"color\":\"#1d4484\",\"hoverColor\":\"#1d4484\"}'  >\n\t\n\t\t\t\t\t\n\t\n\t<div class=\"iconbox-icon-wrap\"><span class=\"iconbox-icon-container\"><i class=\"fas fa-users\"><\/i><\/span><\/div>\t\n\t\t\n\t<div class=\"contents\">\t\n\t\t\n\t\t<p>Engaging 40 senior volunteers to support After-School programmes.<\/p>\n\t\t\n\t<\/div>\t\n\t\n<\/div>\n<style>.ld_icon_box_69f42f9408f7d .iconbox-icon-container{color:#1d4484;border-radius:px;}.ld_icon_box_69f42f9408f7d:hover .iconbox-icon-container{color:#1d4484;}.ld_icon_box_69f42f9408f7d .lqd-iconbox-title{margin-bottom:px;}<\/style>\n<div class=\"iconbox iconbox-side text-align-default align-items-center ld_icon_box_69f42f9408f7d vc_custom_1770040989485\" id=\"ld_icon_box_69f42f9408f7d\"  data-animate-icon=\"true\" data-plugin-options='{\"color\":\"#1d4484\",\"hoverColor\":\"#1d4484\"}'  >\n\t\n\t\t\t\t\t\n\t\n\t<div class=\"iconbox-icon-wrap\"><span class=\"iconbox-icon-container\"><i class=\"fas fa-clipboard-check\"><\/i><\/span><\/div>\t\n\t\t\n\t<div class=\"contents\">\t\n\t\t\n\t\t<p>Developing and implementing a standardisation framework for After-School centres.<\/p>\n\t\t\n\t<\/div>\t\n\t\n<\/div>\n<style>.ld_fancy_heading_69f42f9409224 p{color:#262528;}.ld_fancy_heading_69f42f9409224 .lqd-highlight-inner{height:0.275em!important;bottom:0px!important;}<\/style><div class=\"ld-fancy-heading text-center ld_fancy_heading_69f42f9409224\">\n\t<p class=\"ld-fh-element lqd-highlight-underline lqd-highlight-grow-left text-decoration-default\"   >  <strong>Contact: Sorin Marinescu \u2013 Project Coordinator<\/strong><\/p>\n<p><strong>Email: sorin.marinescu@principesa.ro<\/strong><\/p>\n<p><strong>Phone: +40 (0)31 31 23 035 | Mobile: +40 (0)729 013 365<\/strong><\/p><\/div><style>.ld_fancy_heading_69f42f94098c2 h3{color:#262528;}.ld_fancy_heading_69f42f94098c2 .lqd-highlight-inner{height:0.275em!important;bottom:0px!important;}<\/style><div class=\"ld-fancy-heading text-center ld_fancy_heading_69f42f94098c2\">\n\t<h3 class=\"ld-fh-element lqd-highlight-underline lqd-highlight-grow-left text-decoration-default\"   >  <\/p>\n<h3 style=\"text-align: center\"><strong>PROGRAMME SUPPORTED BY VODAFONE ROMANIA FOUNDATION<\/strong><\/h3>\n<p style=\"text-align: justify\" class=\"translation-block\"><strong>Vodafone Romania Foundation<\/strong> is a Romanian non-governmental organization with charitable status, distinct and independent from the company\u2019s commercial operations, established in 1998. Over its <strong>19 years<\/strong> of activity, Vodafone Romania Foundation has funded <strong>1,046 programmes<\/strong>implemented by <strong>660 NGOs<\/strong> across the country in the fields of health, education and social services. The projects have reached <strong>2 million beneficiaries<\/strong> \u2013 children, young people, elderly persons and individuals disadvantaged physically, socially or economically. To date, Vodafone Romania Foundation has invested over <strong> 26 million euro<\/strong> in projects implemented by partner non-profit organizations. More details about the Foundation\u2019s programmes are available at:\n<a href=\"http:\/\/www.fundatia-vodafone.ro\/\" target=\"_self\">www.fundatia-vodafone.ro<\/a>,\u00a0<a href=\"http:\/\/jurnaldebine.fundatia-vodafone.ro\/\" target=\"_self\">http:\/\/jurnaldebine.fundatia-vodafone.ro\/<\/a>\u00a0and\u00a0<a href=\"http:\/\/www.facebook.com\/fundatiavodafone\" target=\"_self\">www.facebook.com\/fundatiavodafone<\/a><u>.<\/u><\/p>\n<p><\/h3><\/div>                    <\/div>\n                <\/div>\n            <\/div>\n\t\t\t<\/div><\/div><\/div><\/div><\/div><\/div><\/section><section class=\"vc_row liquid-row-shadowbox-69f42f940b591\"><div class=\"ld-container container\"><div class=\"row ld-row ld-row-outer\"><div class=\"wpb_column vc_column_container vc_col-sm-12 liquid-column-69f42f940ba85\"><div class=\"vc_column-inner\" ><div class=\"wpb_wrapper\"  ><style>.ld_spacer_69f42f940bb37{height:100px;}<\/style>\n<div class=\"ld-empty-space ld_spacer_69f42f940bb37\"><\/div><\/div><\/div><\/div><\/div><\/div><\/section>","protected":false},"excerpt":{"rendered":"PROIECTE FINALIZATE Pun\u021bi \u00eentre Genera\u021bii - Conectarea Genera\u021biilor prin Tehnologie DESCRIERE Funda\u021bia Regal\u0103 Margareta a Rom\u00e2niei, \u00een calitate de Beneficiar, implementeaz\u0103 \u00een perioada 24.07.2025 \u2013 23.01.2026 proiectul Pun\u021bi \u00eentre Genera\u021bii - Conectarea Genera\u021biilor prin Tehnologie, proiect\u00a0 finan\u021bat de Uniunea European\u0103 - Urm\u0103toareaGenera\u021bieUE prin Planul Na\u021bional de Redresare \u0219i Rezilien\u021b\u0103, apel de proiecte Digitalizarea Sectorului Organiza\u021biilor [...]","protected":false},"author":1,"featured_media":0,"parent":0,"menu_order":0,"comment_status":"closed","ping_status":"closed","template":"","meta":{"footnotes":""},"class_list":["post-37883","page","type-page","status-publish","hentry"],"_links":{"self":[{"href":"https:\/\/fundatiaregala.ro\/en\/wp-json\/wp\/v2\/pages\/37883","targetHints":{"allow":["GET"]}}],"collection":[{"href":"https:\/\/fundatiaregala.ro\/en\/wp-json\/wp\/v2\/pages"}],"about":[{"href":"https:\/\/fundatiaregala.ro\/en\/wp-json\/wp\/v2\/types\/page"}],"author":[{"embeddable":true,"href":"https:\/\/fundatiaregala.ro\/en\/wp-json\/wp\/v2\/users\/1"}],"replies":[{"embeddable":true,"href":"https:\/\/fundatiaregala.ro\/en\/wp-json\/wp\/v2\/comments?post=37883"}],"version-history":[{"count":132,"href":"https:\/\/fundatiaregala.ro\/en\/wp-json\/wp\/v2\/pages\/37883\/revisions"}],"predecessor-version":[{"id":38695,"href":"https:\/\/fundatiaregala.ro\/en\/wp-json\/wp\/v2\/pages\/37883\/revisions\/38695"}],"wp:attachment":[{"href":"https:\/\/fundatiaregala.ro\/en\/wp-json\/wp\/v2\/media?parent=37883"}],"curies":[{"name":"wp","href":"https:\/\/api.w.org\/{rel}","templated":true}]}}