{"id":39248,"date":"2026-03-12T17:52:13","date_gmt":"2026-03-12T15:52:13","guid":{"rendered":"https:\/\/fundatiaregala.ro\/?page_id=39248"},"modified":"2026-03-13T09:30:57","modified_gmt":"2026-03-13T07:30:57","slug":"noutati-tinere-talente","status":"publish","type":"page","link":"https:\/\/fundatiaregala.ro\/en\/noutati-tinere-talente\/","title":{"rendered":"Nout\u0103\u021bi Tinere Talente"},"content":{"rendered":"<section class=\"vc_row liquid-row-shadowbox-69f441165e6c6\"><div class=\"ld-container container\"><div class=\"row ld-row ld-row-outer\"><div class=\"wpb_column vc_column_container vc_col-sm-12 text-center text-sm-center text-md-center text-lg-center liquid-column-69f441165ef6a\"><div class=\"vc_column-inner\" ><div class=\"wpb_wrapper\"  ><style>.ld_spacer_69f441165f091{height:200px;}<\/style>\n<div class=\"ld-empty-space ld_spacer_69f441165f091\"><\/div><style>.ld_fancy_heading_69f441165f3d6 h1{color:#262528;}.ld_fancy_heading_69f441165f3d6 .lqd-highlight-inner{height:0.275em!important;bottom:0px!important;}<\/style><div class=\"ld-fancy-heading text-center text-uppercase ld_fancy_heading_69f441165f3d6\">\n\t<h1 class=\"ld-fh-element lqd-highlight-underline lqd-highlight-grow-left text-decoration-default\"   >  NEWS<\/h1><\/div><\/div><\/div><\/div><\/div><\/div><\/section><section class=\"vc_row liquid-row-shadowbox-69f441165fa1e\"><div class=\"ld-container container\"><div class=\"row ld-row ld-row-outer\"><div class=\"wpb_column vc_column_container vc_col-sm-12 text-center text-sm-center text-md-center text-lg-center liquid-column-69f441165ffbd\"><div class=\"vc_column-inner\" ><div class=\"wpb_wrapper\"  ><style>.ld_spacer_69f441166005e{height:30px;}<\/style>\n<div class=\"ld-empty-space ld_spacer_69f441166005e\"><\/div><style>.ld_fancy_heading_69f441166022c h1{color:#262528;}.ld_fancy_heading_69f441166022c .lqd-highlight-inner{height:0.275em!important;bottom:0px!important;}<\/style><div class=\"ld-fancy-heading text-center text-uppercase ld_fancy_heading_69f441166022c\">\n\t<h1 class=\"ld-fh-element lqd-highlight-underline lqd-highlight-grow-left text-decoration-default\"   >  YOUNG TALENTS<\/h1><\/div><\/div><\/div><\/div><\/div><\/div><\/section><section class=\"vc_row liquid-row-shadowbox-69f4411660862\"><div class=\"ld-container container\"><div class=\"row ld-row ld-row-outer\"><div class=\"wpb_column vc_column_container vc_col-sm-12 liquid-column-69f4411660d58\"><div class=\"vc_column-inner\" ><div class=\"wpb_wrapper\"  ><style>.ld_spacer_69f4411660eae{height:50px;}<\/style>\n<div class=\"ld-empty-space ld_spacer_69f4411660eae\"><\/div><\/div><\/div><\/div><\/div><\/div><\/section><section class=\"vc_row liquid-row-shadowbox-69f4411661383\"><div class=\"ld-container container\"><div class=\"row ld-row ld-row-outer\"><div class=\"wpb_column vc_column_container vc_col-sm-12 liquid-column-69f4411661858\"><div class=\"vc_column-inner\" ><div class=\"wpb_wrapper\"  ><style>.ld_blog_69f44116619c1 .lqd-lp-row{margin-inline-start:-15px;margin-inline-end:-15px;}.ld_blog_69f44116619c1 .lqd-lp-column{padding-inline-start:15px;padding-inline-end:15px;margin-bottom:30px;}.ld_blog_69f44116619c1 .lqd-lp .lqd-lp-title{margin-top:px !important;margin-bottom:px !important;}<\/style><div class=\"lqd-lp-grid ld_blog_69f44116619c1 lqd-1768558280693-618e7a6f-8469\">\r\n<div class=\"row\">\r\n\t<div class=\"col-md-12\">\t\t\t\t\t\r\n\t\t<div class=\"liquid-filter-items align-items-center\">\t\r\n\t\t\t<div class=\"liquid-filter-items\">\r\n\t\t\t\t\r\n\t\t\t\t\r\n\t\t\t\t<ul class=\"filter-list filter-list-inline       d-flex align-items-center hidden-xs hidden-sm\" id=\"lqd-1768558280693-106c9e56-a199\">\r\n\t\t\t\t\t<li class=\"active\" data-id=\"0\"><span>Toate<\/span><\/li>\r\n\t\t\t\t\t<li data-id=\"35\"><span>2020<\/span><\/li><li data-id=\"27\"><span>2021<\/span><\/li><li data-id=\"26\"><span>2022<\/span><\/li><li data-id=\"25\"><span>2023<\/span><\/li><li data-id=\"24\"><span>2024<\/span><\/li><li data-id=\"23\"><span>2025<\/span><\/li><li data-id=\"22\"><span>2026<\/span><\/li>\t\t\t\t<\/ul>\r\n\r\n\t\t\t\t<div class=\"lqd-filter-dropdown visible-xs visible-sm\" data-form-options='{ \"dropdownAppendTo\": \"self\" }'>\r\n\t\t\t\t\t<select name=\"lqd-filter-dropdown-lqd-1768558280693-106c9e56-a199\" id=\"lqd-filter-dropdown-lqd-1768558280693-106c9e56-a199\">\r\n\t\t\t\t\t\t<option selected data-filter=\"*\" value=\"*\">Toate<\/option>\r\n\t\t\t\t\t\t<option data-filter=\".lqd-f-\" value=\".lqd-f-\">2020<\/option><option data-filter=\".lqd-f-\" value=\".lqd-f-\">2021<\/option><option data-filter=\".lqd-f-\" value=\".lqd-f-\">2022<\/option><option data-filter=\".lqd-f-\" value=\".lqd-f-\">2023<\/option><option data-filter=\".lqd-f-\" value=\".lqd-f-\">2024<\/option><option data-filter=\".lqd-f-\" value=\".lqd-f-\">2025<\/option><option data-filter=\".lqd-f-\" value=\".lqd-f-\">2026<\/option>\t\t\t\t\t<\/select>\r\n\t\t\t\t<\/div>\r\n\t\t\t\t\t\r\n\t\t\t\t\t\t\t\t\t\r\n\t\t\t\t\t\r\n\t\t\t<\/div>\r\n\t\t<\/div>\r\n\t<\/div>\r\n<\/div><div class=\"lqd-lp-row row d-flex flex-wrap\" data-liquid-masonry=\"true\" data-masonry-options='{ \"filtersID\": \"#lqd-1768558280693-106c9e56-a199\",\"itemSelector\": \".lqd-lp-column\" }'><div class=\"lqd-lp-column col-md-4 col-sm-6 2025 lqd-f-23 comunicate lqd-f-33 tinere-talente lqd-f-31\"><article id=\"post-37110\" class=\"lqd-lp lqd-lp-style-6 lqd-lp-hover-img-zoom pos-rel round overflow-hidden post-37110 post type-post status-publish format-standard has-post-thumbnail hentry category-23 category-comunicate category-tinere-talente\">\n<div class=\"lqd-lp-img overflow-hidden\">\n\n\t<figure><img decoding=\"async\" width=\"720\" height=\"510\" src=\"https:\/\/fundatiaregala.ro\/wp-content\/uploads\/FRMR-Gala-tinere-talente-2025-720x510.jpg\" class=\"w-100 wp-post-image\" alt=\"\" srcset=\"https:\/\/fundatiaregala.ro\/wp-content\/uploads\/FRMR-Gala-tinere-talente-2025-720x510.jpg 720w, https:\/\/fundatiaregala.ro\/wp-content\/uploads\/FRMR-Gala-tinere-talente-2025-18x12.jpg 18w\" sizes=\"(max-width: 720px) 100vw, 720px\" itemprop=\"image\" \/><\/figure>\n\t<div class=\"lqd-lp-meta text-uppercase font-weight-bold pos-rel z-index-3\">\n\t\t<div><span class=\"screen-reader-text\">Tags <\/span><ul class=\"lqd-lp-cat lqd-lp-cat-shaped lqd-lp-cat-solid reset-ul inline-ul font-weight-bold text-uppercase ltr-sp-1\"><li><a class=\"lh-15 circle\" href=\"https:\/\/fundatiaregala.ro\/en\/category\/2025\/\" rel=\"category\">2025<\/a><\/li><\/ul><\/div>\t<\/div>\n\n<\/div>\n\n<header class=\"lqd-lp-header p-5\">\n\n\t<div class=\"lqd-lp-meta lqd-lp-meta-dot-between d-flex flex-wrap align-items-center text-uppercase ltr-sp-1 font-weight-bold\">\n\n\t\t<div class=\"lqd-lp-author pos-rel z-index-3\">\n\t\t\t<div class=\"lqd-lp-author-info\">\n\t\t\t\t<h3 class=\"mt-0 mb-0 h5\"><a href=\"https:\/\/fundatiaregala.ro\/en\/author\/administrator_frmr\/\">Administrator_FRMR<\/a><\/h3>\n\t\t\t<\/div>\n\t\t<\/div>\n\n\t\t<time class=\"lqd-lp-date pos-rel z-index-2\" datetime=\"2025-11-25T11:48:17+02:00\">25\/11\/2025<\/time>\n\t<\/div>\n\n\t<h2 class=\"entry-title lqd-lp-title mt-3 mb-0 h5\"><a  href=\"https:\/\/fundatiaregala.ro\/en\/gala-tinere-talente-2025-o-seara-a-noii-generatii-de-artisti\/\" rel=\"bookmark\">Young Talents Gala 2025: An Evening of the new generation of artists<\/a><\/h2>\n<\/header>\n\n<a  href=\"https:\/\/fundatiaregala.ro\/en\/gala-tinere-talente-2025-o-seara-a-noii-generatii-de-artisti\/\" class=\"lqd-lp-overlay-link lqd-overlay z-index-2\" tab-index=\"-1\"><\/a><\/article><\/div><div class=\"lqd-lp-column col-md-4 col-sm-6 2025 lqd-f-23 comunicate lqd-f-33 tinere-talente lqd-f-31\"><article id=\"post-37092\" class=\"lqd-lp lqd-lp-style-6 lqd-lp-hover-img-zoom pos-rel round overflow-hidden post-37092 post type-post status-publish format-standard has-post-thumbnail hentry category-23 category-comunicate category-tinere-talente\">\n<div class=\"lqd-lp-img overflow-hidden\">\n\n\t<figure><img decoding=\"async\" width=\"720\" height=\"510\" src=\"data:image\/svg+xml;charset=utf-8,%3Csvg xmlns%3D&#039;http%3A%2F%2Fwww.w3.org%2F2000%2Fsvg&#039; viewBox%3D&#039;0 0 720 510&#039;%2F%3E\" class=\"w-100 ld-lazyload wp-post-image\" alt=\"\" itemprop=\"image\" data-src=\"https:\/\/fundatiaregala.ro\/wp-content\/uploads\/FRMR-fundatia-dacia-articol-tinere-talente-2025-720x510.jpg\" data-srcset=\"https:\/\/fundatiaregala.ro\/wp-content\/uploads\/FRMR-fundatia-dacia-articol-tinere-talente-2025-720x510.jpg 720w, https:\/\/fundatiaregala.ro\/wp-content\/uploads\/FRMR-fundatia-dacia-articol-tinere-talente-2025-18x12.jpg 18w\" data-sizes=\"(max-width: 720px) 100vw, 720px\" data-aspect=\"1.4117647058824\" \/><\/figure>\n\t<div class=\"lqd-lp-meta text-uppercase font-weight-bold pos-rel z-index-3\">\n\t\t<div><span class=\"screen-reader-text\">Tags <\/span><ul class=\"lqd-lp-cat lqd-lp-cat-shaped lqd-lp-cat-solid reset-ul inline-ul font-weight-bold text-uppercase ltr-sp-1\"><li><a class=\"lh-15 circle\" href=\"https:\/\/fundatiaregala.ro\/en\/category\/2025\/\" rel=\"category\">2025<\/a><\/li><\/ul><\/div>\t<\/div>\n\n<\/div>\n\n<header class=\"lqd-lp-header p-5\">\n\n\t<div class=\"lqd-lp-meta lqd-lp-meta-dot-between d-flex flex-wrap align-items-center text-uppercase ltr-sp-1 font-weight-bold\">\n\n\t\t<div class=\"lqd-lp-author pos-rel z-index-3\">\n\t\t\t<div class=\"lqd-lp-author-info\">\n\t\t\t\t<h3 class=\"mt-0 mb-0 h5\"><a href=\"https:\/\/fundatiaregala.ro\/en\/author\/administrator_frmr\/\">Administrator_FRMR<\/a><\/h3>\n\t\t\t<\/div>\n\t\t<\/div>\n\n\t\t<time class=\"lqd-lp-date pos-rel z-index-2\" datetime=\"2025-11-18T16:14:24+02:00\">18\/11\/2025<\/time>\n\t<\/div>\n\n\t<h2 class=\"entry-title lqd-lp-title mt-3 mb-0 h5\"><a  href=\"https:\/\/fundatiaregala.ro\/en\/fundatia-dacia-pentru-romania-se-alatura-fundatiei-regale-margareta-a-romaniei-in-sprijinul-noii-generatii-de-bursieri-ai-programului-tinere-talente\/\" rel=\"bookmark\">The Dacia for Romania Foundation joins The Margareta of Romania Royal Foundation in support of the new generation of scholarship holders of the Young Talents program<\/a><\/h2>\n<\/header>\n\n<a  href=\"https:\/\/fundatiaregala.ro\/en\/fundatia-dacia-pentru-romania-se-alatura-fundatiei-regale-margareta-a-romaniei-in-sprijinul-noii-generatii-de-bursieri-ai-programului-tinere-talente\/\" class=\"lqd-lp-overlay-link lqd-overlay z-index-2\" tab-index=\"-1\"><\/a><\/article><\/div><div class=\"lqd-lp-column col-md-4 col-sm-6 2025 lqd-f-23 comunicate lqd-f-33 tinere-talente lqd-f-31\"><article id=\"post-36236\" class=\"lqd-lp lqd-lp-style-6 lqd-lp-hover-img-zoom pos-rel round overflow-hidden post-36236 post type-post status-publish format-standard has-post-thumbnail hentry category-23 category-comunicate category-tinere-talente\">\n<div class=\"lqd-lp-img overflow-hidden\">\n\n\t<figure><img decoding=\"async\" width=\"720\" height=\"510\" src=\"data:image\/svg+xml;charset=utf-8,%3Csvg xmlns%3D&#039;http%3A%2F%2Fwww.w3.org%2F2000%2Fsvg&#039; viewBox%3D&#039;0 0 720 510&#039;%2F%3E\" class=\"w-100 ld-lazyload wp-post-image\" alt=\"\" itemprop=\"image\" data-src=\"https:\/\/fundatiaregala.ro\/wp-content\/uploads\/FRMR-stiri-Concert-Regal-2025-720x510.png\" data-aspect=\"1.4117647058824\" \/><\/figure>\n\t<div class=\"lqd-lp-meta text-uppercase font-weight-bold pos-rel z-index-3\">\n\t\t<div><span class=\"screen-reader-text\">Tags <\/span><ul class=\"lqd-lp-cat lqd-lp-cat-shaped lqd-lp-cat-solid reset-ul inline-ul font-weight-bold text-uppercase ltr-sp-1\"><li><a class=\"lh-15 circle\" href=\"https:\/\/fundatiaregala.ro\/en\/category\/2025\/\" rel=\"category\">2025<\/a><\/li><\/ul><\/div>\t<\/div>\n\n<\/div>\n\n<header class=\"lqd-lp-header p-5\">\n\n\t<div class=\"lqd-lp-meta lqd-lp-meta-dot-between d-flex flex-wrap align-items-center text-uppercase ltr-sp-1 font-weight-bold\">\n\n\t\t<div class=\"lqd-lp-author pos-rel z-index-3\">\n\t\t\t<div class=\"lqd-lp-author-info\">\n\t\t\t\t<h3 class=\"mt-0 mb-0 h5\"><a href=\"https:\/\/fundatiaregala.ro\/en\/author\/administrator_frmr\/\">Administrator_FRMR<\/a><\/h3>\n\t\t\t<\/div>\n\t\t<\/div>\n\n\t\t<time class=\"lqd-lp-date pos-rel z-index-2\" datetime=\"2025-07-17T18:37:26+02:00\">17\/07\/2025<\/time>\n\t<\/div>\n\n\t<h2 class=\"entry-title lqd-lp-title mt-3 mb-0 h5\"><a  href=\"https:\/\/fundatiaregala.ro\/en\/concert-regal-caritabil-2025-o-seara-de-gala-la-ateneul-roman-pentru-sustinerea-tinerelor-talente-ale-romaniei-biletele-sunt-disponibile-acum\/\" rel=\"bookmark\">The 2025 Royal Charitable Concert, a gala evening at the Romanian Athenaeum in support of Romania's young talents. Tickets are available now<\/a><\/h2>\n<\/header>\n\n<a  href=\"https:\/\/fundatiaregala.ro\/en\/concert-regal-caritabil-2025-o-seara-de-gala-la-ateneul-roman-pentru-sustinerea-tinerelor-talente-ale-romaniei-biletele-sunt-disponibile-acum\/\" class=\"lqd-lp-overlay-link lqd-overlay z-index-2\" tab-index=\"-1\"><\/a><\/article><\/div><div class=\"lqd-lp-column col-md-4 col-sm-6 2025 lqd-f-23 comunicate lqd-f-33 tinere-talente lqd-f-31\"><article id=\"post-35273\" class=\"lqd-lp lqd-lp-style-6 lqd-lp-hover-img-zoom pos-rel round overflow-hidden post-35273 post type-post status-publish format-standard has-post-thumbnail hentry category-23 category-comunicate category-tinere-talente\">\n<div class=\"lqd-lp-img overflow-hidden\">\n\n\t<figure><img decoding=\"async\" width=\"720\" height=\"510\" src=\"data:image\/svg+xml;charset=utf-8,%3Csvg xmlns%3D&#039;http%3A%2F%2Fwww.w3.org%2F2000%2Fsvg&#039; viewBox%3D&#039;0 0 720 510&#039;%2F%3E\" class=\"w-100 ld-lazyload wp-post-image\" alt=\"\" itemprop=\"image\" data-src=\"https:\/\/fundatiaregala.ro\/wp-content\/uploads\/FRMR-tinere-talente-35-articol-720x510.jpg\" data-srcset=\"https:\/\/fundatiaregala.ro\/wp-content\/uploads\/FRMR-tinere-talente-35-articol-720x510.jpg 720w, https:\/\/fundatiaregala.ro\/wp-content\/uploads\/FRMR-tinere-talente-35-articol-18x12.jpg 18w\" data-sizes=\"(max-width: 720px) 100vw, 720px\" data-aspect=\"1.4117647058824\" \/><\/figure>\n\t<div class=\"lqd-lp-meta text-uppercase font-weight-bold pos-rel z-index-3\">\n\t\t<div><span class=\"screen-reader-text\">Tags <\/span><ul class=\"lqd-lp-cat lqd-lp-cat-shaped lqd-lp-cat-solid reset-ul inline-ul font-weight-bold text-uppercase ltr-sp-1\"><li><a class=\"lh-15 circle\" href=\"https:\/\/fundatiaregala.ro\/en\/category\/2025\/\" rel=\"category\">2025<\/a><\/li><\/ul><\/div>\t<\/div>\n\n<\/div>\n\n<header class=\"lqd-lp-header p-5\">\n\n\t<div class=\"lqd-lp-meta lqd-lp-meta-dot-between d-flex flex-wrap align-items-center text-uppercase ltr-sp-1 font-weight-bold\">\n\n\t\t<div class=\"lqd-lp-author pos-rel z-index-3\">\n\t\t\t<div class=\"lqd-lp-author-info\">\n\t\t\t\t<h3 class=\"mt-0 mb-0 h5\"><a href=\"https:\/\/fundatiaregala.ro\/en\/author\/administrator_frmr\/\">Administrator_FRMR<\/a><\/h3>\n\t\t\t<\/div>\n\t\t<\/div>\n\n\t\t<time class=\"lqd-lp-date pos-rel z-index-2\" datetime=\"2025-02-26T16:59:23+02:00\">26\/02\/2025<\/time>\n\t<\/div>\n\n\t<h2 class=\"entry-title lqd-lp-title mt-3 mb-0 h5\"><a  href=\"https:\/\/fundatiaregala.ro\/en\/fundatia-regala-margareta-a-romaniei-incheie-cu-succes-proiectul-talent-35-prin-care-a-sustinut-si-promovat-62-de-artisti-emergenti-si-arta-contemporana\/\" rel=\"bookmark\">The Margareta of Romania Royal Foundation successfully concludes the \"Talent 35\" project, through which it supported and promoted 62 emerging artists and contemporary art<\/a><\/h2>\n<\/header>\n\n<a  href=\"https:\/\/fundatiaregala.ro\/en\/fundatia-regala-margareta-a-romaniei-incheie-cu-succes-proiectul-talent-35-prin-care-a-sustinut-si-promovat-62-de-artisti-emergenti-si-arta-contemporana\/\" class=\"lqd-lp-overlay-link lqd-overlay z-index-2\" tab-index=\"-1\"><\/a><\/article><\/div><div class=\"lqd-lp-column col-md-4 col-sm-6 2025 lqd-f-23 comunicate lqd-f-33 tinere-talente lqd-f-31\"><article id=\"post-35243\" class=\"lqd-lp lqd-lp-style-6 lqd-lp-hover-img-zoom pos-rel round overflow-hidden post-35243 post type-post status-publish format-standard has-post-thumbnail hentry category-23 category-comunicate category-tinere-talente\">\n<div class=\"lqd-lp-img overflow-hidden\">\n\n\t<figure><img decoding=\"async\" width=\"720\" height=\"510\" src=\"data:image\/svg+xml;charset=utf-8,%3Csvg xmlns%3D&#039;http%3A%2F%2Fwww.w3.org%2F2000%2Fsvg&#039; viewBox%3D&#039;0 0 720 510&#039;%2F%3E\" class=\"w-100 ld-lazyload wp-post-image\" alt=\"\" itemprop=\"image\" data-src=\"https:\/\/fundatiaregala.ro\/wp-content\/uploads\/FRMR-articol-identitati-cover-720x510.png\" data-aspect=\"1.4117647058824\" \/><\/figure>\n\t<div class=\"lqd-lp-meta text-uppercase font-weight-bold pos-rel z-index-3\">\n\t\t<div><span class=\"screen-reader-text\">Tags <\/span><ul class=\"lqd-lp-cat lqd-lp-cat-shaped lqd-lp-cat-solid reset-ul inline-ul font-weight-bold text-uppercase ltr-sp-1\"><li><a class=\"lh-15 circle\" href=\"https:\/\/fundatiaregala.ro\/en\/category\/2025\/\" rel=\"category\">2025<\/a><\/li><\/ul><\/div>\t<\/div>\n\n<\/div>\n\n<header class=\"lqd-lp-header p-5\">\n\n\t<div class=\"lqd-lp-meta lqd-lp-meta-dot-between d-flex flex-wrap align-items-center text-uppercase ltr-sp-1 font-weight-bold\">\n\n\t\t<div class=\"lqd-lp-author pos-rel z-index-3\">\n\t\t\t<div class=\"lqd-lp-author-info\">\n\t\t\t\t<h3 class=\"mt-0 mb-0 h5\"><a href=\"https:\/\/fundatiaregala.ro\/en\/author\/administrator_frmr\/\">Administrator_FRMR<\/a><\/h3>\n\t\t\t<\/div>\n\t\t<\/div>\n\n\t\t<time class=\"lqd-lp-date pos-rel z-index-2\" datetime=\"2025-02-20T14:28:36+02:00\">20\/02\/2025<\/time>\n\t<\/div>\n\n\t<h2 class=\"entry-title lqd-lp-title mt-3 mb-0 h5\"><a  href=\"https:\/\/fundatiaregala.ro\/en\/identitati-debutul-unei-noi-generatii-de-artisti-si-muzicieni-talentati-sustinuti-prin-programul-tinere-talente\/\" rel=\"bookmark\">Identities, the debut of a new generation of talented artists and musicians supported through the Young Talents program<\/a><\/h2>\n<\/header>\n\n<a  href=\"https:\/\/fundatiaregala.ro\/en\/identitati-debutul-unei-noi-generatii-de-artisti-si-muzicieni-talentati-sustinuti-prin-programul-tinere-talente\/\" class=\"lqd-lp-overlay-link lqd-overlay z-index-2\" tab-index=\"-1\"><\/a><\/article><\/div><div class=\"lqd-lp-column col-md-4 col-sm-6 2025 lqd-f-23 comunicate lqd-f-33 tinere-talente lqd-f-31\"><article id=\"post-35232\" class=\"lqd-lp lqd-lp-style-6 lqd-lp-hover-img-zoom pos-rel round overflow-hidden post-35232 post type-post status-publish format-standard has-post-thumbnail hentry category-23 category-comunicate category-tinere-talente\">\n<div class=\"lqd-lp-img overflow-hidden\">\n\n\t<figure><img decoding=\"async\" width=\"720\" height=\"510\" src=\"data:image\/svg+xml;charset=utf-8,%3Csvg xmlns%3D&#039;http%3A%2F%2Fwww.w3.org%2F2000%2Fsvg&#039; viewBox%3D&#039;0 0 720 510&#039;%2F%3E\" class=\"w-100 ld-lazyload wp-post-image\" alt=\"\" itemprop=\"image\" data-src=\"https:\/\/fundatiaregala.ro\/wp-content\/uploads\/FRMR-30-tineri-artisti-articol-720x510.jpg\" data-srcset=\"https:\/\/fundatiaregala.ro\/wp-content\/uploads\/FRMR-30-tineri-artisti-articol-720x510.jpg 720w, https:\/\/fundatiaregala.ro\/wp-content\/uploads\/FRMR-30-tineri-artisti-articol-18x12.jpg 18w\" data-sizes=\"(max-width: 720px) 100vw, 720px\" data-aspect=\"1.4117647058824\" \/><\/figure>\n\t<div class=\"lqd-lp-meta text-uppercase font-weight-bold pos-rel z-index-3\">\n\t\t<div><span class=\"screen-reader-text\">Tags <\/span><ul class=\"lqd-lp-cat lqd-lp-cat-shaped lqd-lp-cat-solid reset-ul inline-ul font-weight-bold text-uppercase ltr-sp-1\"><li><a class=\"lh-15 circle\" href=\"https:\/\/fundatiaregala.ro\/en\/category\/2025\/\" rel=\"category\">2025<\/a><\/li><\/ul><\/div>\t<\/div>\n\n<\/div>\n\n<header class=\"lqd-lp-header p-5\">\n\n\t<div class=\"lqd-lp-meta lqd-lp-meta-dot-between d-flex flex-wrap align-items-center text-uppercase ltr-sp-1 font-weight-bold\">\n\n\t\t<div class=\"lqd-lp-author pos-rel z-index-3\">\n\t\t\t<div class=\"lqd-lp-author-info\">\n\t\t\t\t<h3 class=\"mt-0 mb-0 h5\"><a href=\"https:\/\/fundatiaregala.ro\/en\/author\/administrator_frmr\/\">Administrator_FRMR<\/a><\/h3>\n\t\t\t<\/div>\n\t\t<\/div>\n\n\t\t<time class=\"lqd-lp-date pos-rel z-index-2\" datetime=\"2025-01-28T12:14:30+02:00\">28\/01\/2025<\/time>\n\t<\/div>\n\n\t<h2 class=\"entry-title lqd-lp-title mt-3 mb-0 h5\"><a  href=\"https:\/\/fundatiaregala.ro\/en\/30-de-tineri-artisti-selectati-pentru-viitorul-artei-romanesti\/\" rel=\"bookmark\">30 young artists selected for the future of Romanian art<\/a><\/h2>\n<\/header>\n\n<a  href=\"https:\/\/fundatiaregala.ro\/en\/30-de-tineri-artisti-selectati-pentru-viitorul-artei-romanesti\/\" class=\"lqd-lp-overlay-link lqd-overlay z-index-2\" tab-index=\"-1\"><\/a><\/article><\/div><div class=\"lqd-lp-column col-md-4 col-sm-6 2025 lqd-f-23 comunicate lqd-f-33 tinere-talente lqd-f-31\"><article id=\"post-35217\" class=\"lqd-lp lqd-lp-style-6 lqd-lp-hover-img-zoom pos-rel round overflow-hidden post-35217 post type-post status-publish format-standard has-post-thumbnail hentry category-23 category-comunicate category-tinere-talente\">\n<div class=\"lqd-lp-img overflow-hidden\">\n\n\t<figure><img decoding=\"async\" width=\"720\" height=\"510\" src=\"data:image\/svg+xml;charset=utf-8,%3Csvg xmlns%3D&#039;http%3A%2F%2Fwww.w3.org%2F2000%2Fsvg&#039; viewBox%3D&#039;0 0 720 510&#039;%2F%3E\" class=\"w-100 ld-lazyload wp-post-image\" alt=\"\" itemprop=\"image\" data-src=\"https:\/\/fundatiaregala.ro\/wp-content\/uploads\/FRMR-concert-aniversar-articol-cover-720x510.jpg\" data-srcset=\"https:\/\/fundatiaregala.ro\/wp-content\/uploads\/FRMR-concert-aniversar-articol-cover-720x510.jpg 720w, https:\/\/fundatiaregala.ro\/wp-content\/uploads\/FRMR-concert-aniversar-articol-cover-18x12.jpg 18w\" data-sizes=\"(max-width: 720px) 100vw, 720px\" data-aspect=\"1.4117647058824\" \/><\/figure>\n\t<div class=\"lqd-lp-meta text-uppercase font-weight-bold pos-rel z-index-3\">\n\t\t<div><span class=\"screen-reader-text\">Tags <\/span><ul class=\"lqd-lp-cat lqd-lp-cat-shaped lqd-lp-cat-solid reset-ul inline-ul font-weight-bold text-uppercase ltr-sp-1\"><li><a class=\"lh-15 circle\" href=\"https:\/\/fundatiaregala.ro\/en\/category\/2025\/\" rel=\"category\">2025<\/a><\/li><\/ul><\/div>\t<\/div>\n\n<\/div>\n\n<header class=\"lqd-lp-header p-5\">\n\n\t<div class=\"lqd-lp-meta lqd-lp-meta-dot-between d-flex flex-wrap align-items-center text-uppercase ltr-sp-1 font-weight-bold\">\n\n\t\t<div class=\"lqd-lp-author pos-rel z-index-3\">\n\t\t\t<div class=\"lqd-lp-author-info\">\n\t\t\t\t<h3 class=\"mt-0 mb-0 h5\"><a href=\"https:\/\/fundatiaregala.ro\/en\/author\/administrator_frmr\/\">Administrator_FRMR<\/a><\/h3>\n\t\t\t<\/div>\n\t\t<\/div>\n\n\t\t<time class=\"lqd-lp-date pos-rel z-index-2\" datetime=\"2025-01-20T13:49:23+02:00\">20\/01\/2025<\/time>\n\t<\/div>\n\n\t<h2 class=\"entry-title lqd-lp-title mt-3 mb-0 h5\"><a  href=\"https:\/\/fundatiaregala.ro\/en\/concertul-aniversar-talent-35-a-celebrat-talentul-noii-generatii-de-muzicieni\/\" rel=\"bookmark\">The Talent 35 anniversary concert celebrated the talent of the new generation of musicians<\/a><\/h2>\n<\/header>\n\n<a  href=\"https:\/\/fundatiaregala.ro\/en\/concertul-aniversar-talent-35-a-celebrat-talentul-noii-generatii-de-muzicieni\/\" class=\"lqd-lp-overlay-link lqd-overlay z-index-2\" tab-index=\"-1\"><\/a><\/article><\/div><div class=\"lqd-lp-column col-md-4 col-sm-6 2025 lqd-f-23 comunicate lqd-f-33 tinere-talente lqd-f-31\"><article id=\"post-35213\" class=\"lqd-lp lqd-lp-style-6 lqd-lp-hover-img-zoom pos-rel round overflow-hidden post-35213 post type-post status-publish format-standard has-post-thumbnail hentry category-23 category-comunicate category-tinere-talente\">\n<div class=\"lqd-lp-img overflow-hidden\">\n\n\t<figure><img decoding=\"async\" width=\"720\" height=\"510\" src=\"data:image\/svg+xml;charset=utf-8,%3Csvg xmlns%3D&#039;http%3A%2F%2Fwww.w3.org%2F2000%2Fsvg&#039; viewBox%3D&#039;0 0 720 510&#039;%2F%3E\" class=\"w-100 ld-lazyload wp-post-image\" alt=\"\" itemprop=\"image\" data-src=\"https:\/\/fundatiaregala.ro\/wp-content\/uploads\/FRMR-expozitie-arta-talent-35-720x510.jpg\" data-aspect=\"1.4117647058824\" \/><\/figure>\n\t<div class=\"lqd-lp-meta text-uppercase font-weight-bold pos-rel z-index-3\">\n\t\t<div><span class=\"screen-reader-text\">Tags <\/span><ul class=\"lqd-lp-cat lqd-lp-cat-shaped lqd-lp-cat-solid reset-ul inline-ul font-weight-bold text-uppercase ltr-sp-1\"><li><a class=\"lh-15 circle\" href=\"https:\/\/fundatiaregala.ro\/en\/category\/2025\/\" rel=\"category\">2025<\/a><\/li><\/ul><\/div>\t<\/div>\n\n<\/div>\n\n<header class=\"lqd-lp-header p-5\">\n\n\t<div class=\"lqd-lp-meta lqd-lp-meta-dot-between d-flex flex-wrap align-items-center text-uppercase ltr-sp-1 font-weight-bold\">\n\n\t\t<div class=\"lqd-lp-author pos-rel z-index-3\">\n\t\t\t<div class=\"lqd-lp-author-info\">\n\t\t\t\t<h3 class=\"mt-0 mb-0 h5\"><a href=\"https:\/\/fundatiaregala.ro\/en\/author\/administrator_frmr\/\">Administrator_FRMR<\/a><\/h3>\n\t\t\t<\/div>\n\t\t<\/div>\n\n\t\t<time class=\"lqd-lp-date pos-rel z-index-2\" datetime=\"2025-01-16T13:38:32+02:00\">16\/01\/2025<\/time>\n\t<\/div>\n\n\t<h2 class=\"entry-title lqd-lp-title mt-3 mb-0 h5\"><a  href=\"https:\/\/fundatiaregala.ro\/en\/expozitia-aniversara-talent-35-sustinerea-si-promovarea-artistilor-emergenti-si-a-artei-contemporane\/\" rel=\"bookmark\">The Talent 35 anniversary exhibition - Supporting and promoting emerging artists and contemporary art<\/a><\/h2>\n<\/header>\n\n<a  href=\"https:\/\/fundatiaregala.ro\/en\/expozitia-aniversara-talent-35-sustinerea-si-promovarea-artistilor-emergenti-si-a-artei-contemporane\/\" class=\"lqd-lp-overlay-link lqd-overlay z-index-2\" tab-index=\"-1\"><\/a><\/article><\/div><div class=\"lqd-lp-column col-md-4 col-sm-6 2024 lqd-f-24 comunicate lqd-f-33 tinere-talente lqd-f-31\"><article id=\"post-35094\" class=\"lqd-lp lqd-lp-style-6 lqd-lp-hover-img-zoom pos-rel round overflow-hidden post-35094 post type-post status-publish format-standard has-post-thumbnail hentry category-24 category-comunicate category-tinere-talente\">\n<div class=\"lqd-lp-img overflow-hidden\">\n\n\t<figure><img decoding=\"async\" width=\"720\" height=\"510\" src=\"data:image\/svg+xml;charset=utf-8,%3Csvg xmlns%3D&#039;http%3A%2F%2Fwww.w3.org%2F2000%2Fsvg&#039; viewBox%3D&#039;0 0 720 510&#039;%2F%3E\" class=\"w-100 ld-lazyload wp-post-image\" alt=\"\" itemprop=\"image\" data-src=\"https:\/\/fundatiaregala.ro\/wp-content\/uploads\/FRMR-Gala-tinere-talente-2024-720x510.jpg\" data-srcset=\"https:\/\/fundatiaregala.ro\/wp-content\/uploads\/FRMR-Gala-tinere-talente-2024-720x510.jpg 720w, https:\/\/fundatiaregala.ro\/wp-content\/uploads\/FRMR-Gala-tinere-talente-2024-18x12.jpg 18w\" data-sizes=\"(max-width: 720px) 100vw, 720px\" data-aspect=\"1.4117647058824\" \/><\/figure>\n\t<div class=\"lqd-lp-meta text-uppercase font-weight-bold pos-rel z-index-3\">\n\t\t<div><span class=\"screen-reader-text\">Tags <\/span><ul class=\"lqd-lp-cat lqd-lp-cat-shaped lqd-lp-cat-solid reset-ul inline-ul font-weight-bold text-uppercase ltr-sp-1\"><li><a class=\"lh-15 circle\" href=\"https:\/\/fundatiaregala.ro\/en\/category\/2024\/\" rel=\"category\">2024<\/a><\/li><\/ul><\/div>\t<\/div>\n\n<\/div>\n\n<header class=\"lqd-lp-header p-5\">\n\n\t<div class=\"lqd-lp-meta lqd-lp-meta-dot-between d-flex flex-wrap align-items-center text-uppercase ltr-sp-1 font-weight-bold\">\n\n\t\t<div class=\"lqd-lp-author pos-rel z-index-3\">\n\t\t\t<div class=\"lqd-lp-author-info\">\n\t\t\t\t<h3 class=\"mt-0 mb-0 h5\"><a href=\"https:\/\/fundatiaregala.ro\/en\/author\/administrator_frmr\/\">Administrator_FRMR<\/a><\/h3>\n\t\t\t<\/div>\n\t\t<\/div>\n\n\t\t<time class=\"lqd-lp-date pos-rel z-index-2\" datetime=\"2024-11-26T16:15:32+02:00\">26\/11\/2024<\/time>\n\t<\/div>\n\n\t<h2 class=\"entry-title lqd-lp-title mt-3 mb-0 h5\"><a  href=\"https:\/\/fundatiaregala.ro\/en\/gala-tinere-talente-a-pus-in-lumina-reflectoarelor-noua-generatie-de-artisti\/\" rel=\"bookmark\">The Young Talents Gala put the new generation of artists in the spotlight<\/a><\/h2>\n<\/header>\n\n<a  href=\"https:\/\/fundatiaregala.ro\/en\/gala-tinere-talente-a-pus-in-lumina-reflectoarelor-noua-generatie-de-artisti\/\" class=\"lqd-lp-overlay-link lqd-overlay z-index-2\" tab-index=\"-1\"><\/a><\/article><\/div><div class=\"lqd-lp-column col-md-4 col-sm-6 2024 lqd-f-24 comunicate lqd-f-33 tinere-talente lqd-f-31\"><article id=\"post-35067\" class=\"lqd-lp lqd-lp-style-6 lqd-lp-hover-img-zoom pos-rel round overflow-hidden post-35067 post type-post status-publish format-standard has-post-thumbnail hentry category-24 category-comunicate category-tinere-talente\">\n<div class=\"lqd-lp-img overflow-hidden\">\n\n\t<figure><img decoding=\"async\" width=\"720\" height=\"510\" src=\"data:image\/svg+xml;charset=utf-8,%3Csvg xmlns%3D&#039;http%3A%2F%2Fwww.w3.org%2F2000%2Fsvg&#039; viewBox%3D&#039;0 0 720 510&#039;%2F%3E\" class=\"w-100 ld-lazyload wp-post-image\" alt=\"\" itemprop=\"image\" data-src=\"https:\/\/fundatiaregala.ro\/wp-content\/uploads\/FRMR-afis-talent-35-720x510.png\" data-srcset=\"https:\/\/fundatiaregala.ro\/wp-content\/uploads\/FRMR-afis-talent-35-720x510.png 720w, https:\/\/fundatiaregala.ro\/wp-content\/uploads\/FRMR-afis-talent-35-18x12.png 18w\" data-sizes=\"(max-width: 720px) 100vw, 720px\" data-aspect=\"1.4117647058824\" \/><\/figure>\n\t<div class=\"lqd-lp-meta text-uppercase font-weight-bold pos-rel z-index-3\">\n\t\t<div><span class=\"screen-reader-text\">Tags <\/span><ul class=\"lqd-lp-cat lqd-lp-cat-shaped lqd-lp-cat-solid reset-ul inline-ul font-weight-bold text-uppercase ltr-sp-1\"><li><a class=\"lh-15 circle\" href=\"https:\/\/fundatiaregala.ro\/en\/category\/2024\/\" rel=\"category\">2024<\/a><\/li><\/ul><\/div>\t<\/div>\n\n<\/div>\n\n<header class=\"lqd-lp-header p-5\">\n\n\t<div class=\"lqd-lp-meta lqd-lp-meta-dot-between d-flex flex-wrap align-items-center text-uppercase ltr-sp-1 font-weight-bold\">\n\n\t\t<div class=\"lqd-lp-author pos-rel z-index-3\">\n\t\t\t<div class=\"lqd-lp-author-info\">\n\t\t\t\t<h3 class=\"mt-0 mb-0 h5\"><a href=\"https:\/\/fundatiaregala.ro\/en\/author\/administrator_frmr\/\">Administrator_FRMR<\/a><\/h3>\n\t\t\t<\/div>\n\t\t<\/div>\n\n\t\t<time class=\"lqd-lp-date pos-rel z-index-2\" datetime=\"2024-11-06T10:03:55+02:00\">06\/11\/2024<\/time>\n\t<\/div>\n\n\t<h2 class=\"entry-title lqd-lp-title mt-3 mb-0 h5\"><a  href=\"https:\/\/fundatiaregala.ro\/en\/35067-2\/\" rel=\"bookmark\">Talent 35 \u2013 Supporting and promoting emerging artists and contemporary art<\/a><\/h2>\n<\/header>\n\n<a  href=\"https:\/\/fundatiaregala.ro\/en\/35067-2\/\" class=\"lqd-lp-overlay-link lqd-overlay z-index-2\" tab-index=\"-1\"><\/a><\/article><\/div><div class=\"lqd-lp-column col-md-4 col-sm-6 2025 lqd-f-23 comunicate lqd-f-33 tinere-talente lqd-f-31\"><article id=\"post-35014\" class=\"lqd-lp lqd-lp-style-6 lqd-lp-hover-img-zoom pos-rel round overflow-hidden post-35014 post type-post status-publish format-standard has-post-thumbnail hentry category-23 category-comunicate category-tinere-talente\">\n<div class=\"lqd-lp-img overflow-hidden\">\n\n\t<figure><img decoding=\"async\" width=\"720\" height=\"510\" src=\"data:image\/svg+xml;charset=utf-8,%3Csvg xmlns%3D&#039;http%3A%2F%2Fwww.w3.org%2F2000%2Fsvg&#039; viewBox%3D&#039;0 0 720 510&#039;%2F%3E\" class=\"w-100 ld-lazyload wp-post-image\" alt=\"\" itemprop=\"image\" data-src=\"https:\/\/fundatiaregala.ro\/wp-content\/uploads\/FRMR-selectie-tinere-talente-2025-720x510.png\" data-aspect=\"1.4117647058824\" \/><\/figure>\n\t<div class=\"lqd-lp-meta text-uppercase font-weight-bold pos-rel z-index-3\">\n\t\t<div><span class=\"screen-reader-text\">Tags <\/span><ul class=\"lqd-lp-cat lqd-lp-cat-shaped lqd-lp-cat-solid reset-ul inline-ul font-weight-bold text-uppercase ltr-sp-1\"><li><a class=\"lh-15 circle\" href=\"https:\/\/fundatiaregala.ro\/en\/category\/2025\/\" rel=\"category\">2025<\/a><\/li><\/ul><\/div>\t<\/div>\n\n<\/div>\n\n<header class=\"lqd-lp-header p-5\">\n\n\t<div class=\"lqd-lp-meta lqd-lp-meta-dot-between d-flex flex-wrap align-items-center text-uppercase ltr-sp-1 font-weight-bold\">\n\n\t\t<div class=\"lqd-lp-author pos-rel z-index-3\">\n\t\t\t<div class=\"lqd-lp-author-info\">\n\t\t\t\t<h3 class=\"mt-0 mb-0 h5\"><a href=\"https:\/\/fundatiaregala.ro\/en\/author\/administrator_frmr\/\">Administrator_FRMR<\/a><\/h3>\n\t\t\t<\/div>\n\t\t<\/div>\n\n\t\t<time class=\"lqd-lp-date pos-rel z-index-2\" datetime=\"2024-10-10T12:15:37+02:00\">10\/10\/2024<\/time>\n\t<\/div>\n\n\t<h2 class=\"entry-title lqd-lp-title mt-3 mb-0 h5\"><a  href=\"https:\/\/fundatiaregala.ro\/en\/fundatia-regala-margareta-a-romaniei-lanseaza-selectia-nationala-pentru-bursele-tinere-talente-2025-editia-a-17-a\/\" rel=\"bookmark\">The Margareta of Romania Royal Foundation launches the national selection for the 2025 Young Talents Scholarships, the 17th edition<\/a><\/h2>\n<\/header>\n\n<a  href=\"https:\/\/fundatiaregala.ro\/en\/fundatia-regala-margareta-a-romaniei-lanseaza-selectia-nationala-pentru-bursele-tinere-talente-2025-editia-a-17-a\/\" class=\"lqd-lp-overlay-link lqd-overlay z-index-2\" tab-index=\"-1\"><\/a><\/article><\/div><div class=\"lqd-lp-column col-md-4 col-sm-6 2024 lqd-f-24 comunicate lqd-f-33 tinere-talente lqd-f-31\"><article id=\"post-34618\" class=\"lqd-lp lqd-lp-style-6 lqd-lp-hover-img-zoom pos-rel round overflow-hidden post-34618 post type-post status-publish format-standard has-post-thumbnail hentry category-24 category-comunicate category-tinere-talente\">\n<div class=\"lqd-lp-img overflow-hidden\">\n\n\t<figure><img decoding=\"async\" width=\"720\" height=\"510\" src=\"data:image\/svg+xml;charset=utf-8,%3Csvg xmlns%3D&#039;http%3A%2F%2Fwww.w3.org%2F2000%2Fsvg&#039; viewBox%3D&#039;0 0 720 510&#039;%2F%3E\" class=\"w-100 ld-lazyload wp-post-image\" alt=\"\" itemprop=\"image\" data-src=\"https:\/\/fundatiaregala.ro\/wp-content\/uploads\/FRMRConcert-Regal-caritabil-2024-720x510.png\" data-aspect=\"1.4117647058824\" \/><\/figure>\n\t<div class=\"lqd-lp-meta text-uppercase font-weight-bold pos-rel z-index-3\">\n\t\t<div><span class=\"screen-reader-text\">Tags <\/span><ul class=\"lqd-lp-cat lqd-lp-cat-shaped lqd-lp-cat-solid reset-ul inline-ul font-weight-bold text-uppercase ltr-sp-1\"><li><a class=\"lh-15 circle\" href=\"https:\/\/fundatiaregala.ro\/en\/category\/2024\/\" rel=\"category\">2024<\/a><\/li><\/ul><\/div>\t<\/div>\n\n<\/div>\n\n<header class=\"lqd-lp-header p-5\">\n\n\t<div class=\"lqd-lp-meta lqd-lp-meta-dot-between d-flex flex-wrap align-items-center text-uppercase ltr-sp-1 font-weight-bold\">\n\n\t\t<div class=\"lqd-lp-author pos-rel z-index-3\">\n\t\t\t<div class=\"lqd-lp-author-info\">\n\t\t\t\t<h3 class=\"mt-0 mb-0 h5\"><a href=\"https:\/\/fundatiaregala.ro\/en\/author\/administrator_frmr\/\">Administrator_FRMR<\/a><\/h3>\n\t\t\t<\/div>\n\t\t<\/div>\n\n\t\t<time class=\"lqd-lp-date pos-rel z-index-2\" datetime=\"2024-09-10T17:58:26+02:00\">10\/09\/2024<\/time>\n\t<\/div>\n\n\t<h2 class=\"entry-title lqd-lp-title mt-3 mb-0 h5\"><a  href=\"https:\/\/fundatiaregala.ro\/en\/a-xv-a-editie-a-concertului-regal-caritabil-va-reuni-tineri-muzicieni-exceptionali-pe-scena-ateneului-roman-25-octombrie-2024\/\" rel=\"bookmark\">The 15th edition of the Royal Charitable Concert will bring together exceptional young musicians on the stage of the Romanian Athenaeum \u2013 October 25, 2024<\/a><\/h2>\n<\/header>\n\n<a  href=\"https:\/\/fundatiaregala.ro\/en\/a-xv-a-editie-a-concertului-regal-caritabil-va-reuni-tineri-muzicieni-exceptionali-pe-scena-ateneului-roman-25-octombrie-2024\/\" class=\"lqd-lp-overlay-link lqd-overlay z-index-2\" tab-index=\"-1\"><\/a><\/article><\/div><div class=\"lqd-lp-column col-md-4 col-sm-6 2024 lqd-f-24 comunicate lqd-f-33 tinere-talente lqd-f-31\"><article id=\"post-33335\" class=\"lqd-lp lqd-lp-style-6 lqd-lp-hover-img-zoom pos-rel round overflow-hidden post-33335 post type-post status-publish format-standard has-post-thumbnail hentry category-24 category-comunicate category-tinere-talente\">\n<div class=\"lqd-lp-img overflow-hidden\">\n\n\t<figure><img decoding=\"async\" width=\"720\" height=\"510\" src=\"data:image\/svg+xml;charset=utf-8,%3Csvg xmlns%3D&#039;http%3A%2F%2Fwww.w3.org%2F2000%2Fsvg&#039; viewBox%3D&#039;0 0 720 510&#039;%2F%3E\" class=\"w-100 ld-lazyload wp-post-image\" alt=\"\" itemprop=\"image\" data-src=\"https:\/\/fundatiaregala.ro\/wp-content\/uploads\/FRMR-invitatie-Identitati-Tinere-Talente-2024-720x510.png\" data-srcset=\"https:\/\/fundatiaregala.ro\/wp-content\/uploads\/FRMR-invitatie-Identitati-Tinere-Talente-2024-720x510.png 720w, https:\/\/fundatiaregala.ro\/wp-content\/uploads\/FRMR-invitatie-Identitati-Tinere-Talente-2024-300x214.png 300w, https:\/\/fundatiaregala.ro\/wp-content\/uploads\/FRMR-invitatie-Identitati-Tinere-Talente-2024-18x12.png 18w\" data-sizes=\"(max-width: 720px) 100vw, 720px\" data-aspect=\"1.4117647058824\" \/><\/figure>\n\t<div class=\"lqd-lp-meta text-uppercase font-weight-bold pos-rel z-index-3\">\n\t\t<div><span class=\"screen-reader-text\">Tags <\/span><ul class=\"lqd-lp-cat lqd-lp-cat-shaped lqd-lp-cat-solid reset-ul inline-ul font-weight-bold text-uppercase ltr-sp-1\"><li><a class=\"lh-15 circle\" href=\"https:\/\/fundatiaregala.ro\/en\/category\/2024\/\" rel=\"category\">2024<\/a><\/li><\/ul><\/div>\t<\/div>\n\n<\/div>\n\n<header class=\"lqd-lp-header p-5\">\n\n\t<div class=\"lqd-lp-meta lqd-lp-meta-dot-between d-flex flex-wrap align-items-center text-uppercase ltr-sp-1 font-weight-bold\">\n\n\t\t<div class=\"lqd-lp-author pos-rel z-index-3\">\n\t\t\t<div class=\"lqd-lp-author-info\">\n\t\t\t\t<h3 class=\"mt-0 mb-0 h5\"><a href=\"https:\/\/fundatiaregala.ro\/en\/author\/administrator_frmr\/\">Administrator_FRMR<\/a><\/h3>\n\t\t\t<\/div>\n\t\t<\/div>\n\n\t\t<time class=\"lqd-lp-date pos-rel z-index-2\" datetime=\"2024-02-22T02:44:08+02:00\">22\/02\/2024<\/time>\n\t<\/div>\n\n\t<h2 class=\"entry-title lqd-lp-title mt-3 mb-0 h5\"><a  href=\"https:\/\/fundatiaregala.ro\/en\/identitati-debutul-unei-noi-generatii-de-bursieri-pentru-arte-vizuale-si-muzica-clasica-ai-programului-national-tinere-talente\/\" rel=\"bookmark\">Title:\nIdentities: The Debut of a New Generation of Scholars for Visual Arts and Classical Music in the National Young Talents Program<\/a><\/h2>\n<\/header>\n\n<a  href=\"https:\/\/fundatiaregala.ro\/en\/identitati-debutul-unei-noi-generatii-de-bursieri-pentru-arte-vizuale-si-muzica-clasica-ai-programului-national-tinere-talente\/\" class=\"lqd-lp-overlay-link lqd-overlay z-index-2\" tab-index=\"-1\"><\/a><\/article><\/div><div class=\"lqd-lp-column col-md-4 col-sm-6 2024 lqd-f-24 comunicate lqd-f-33 tinere-talente lqd-f-31\"><article id=\"post-33292\" class=\"lqd-lp lqd-lp-style-6 lqd-lp-hover-img-zoom pos-rel round overflow-hidden post-33292 post type-post status-publish format-standard has-post-thumbnail hentry category-24 category-comunicate category-tinere-talente\">\n<div class=\"lqd-lp-img overflow-hidden\">\n\n\t<figure><img decoding=\"async\" width=\"720\" height=\"510\" src=\"data:image\/svg+xml;charset=utf-8,%3Csvg xmlns%3D&#039;http%3A%2F%2Fwww.w3.org%2F2000%2Fsvg&#039; viewBox%3D&#039;0 0 720 510&#039;%2F%3E\" class=\"w-100 ld-lazyload wp-post-image\" alt=\"\" itemprop=\"image\" data-src=\"https:\/\/fundatiaregala.ro\/wp-content\/uploads\/FRMR-juriu-30-tineri-artisti-cover-720x510.jpg\" data-srcset=\"https:\/\/fundatiaregala.ro\/wp-content\/uploads\/FRMR-juriu-30-tineri-artisti-cover-720x510.jpg 720w, https:\/\/fundatiaregala.ro\/wp-content\/uploads\/FRMR-juriu-30-tineri-artisti-cover-18x12.jpg 18w\" data-sizes=\"(max-width: 720px) 100vw, 720px\" data-aspect=\"1.4117647058824\" \/><\/figure>\n\t<div class=\"lqd-lp-meta text-uppercase font-weight-bold pos-rel z-index-3\">\n\t\t<div><span class=\"screen-reader-text\">Tags <\/span><ul class=\"lqd-lp-cat lqd-lp-cat-shaped lqd-lp-cat-solid reset-ul inline-ul font-weight-bold text-uppercase ltr-sp-1\"><li><a class=\"lh-15 circle\" href=\"https:\/\/fundatiaregala.ro\/en\/category\/2024\/\" rel=\"category\">2024<\/a><\/li><\/ul><\/div>\t<\/div>\n\n<\/div>\n\n<header class=\"lqd-lp-header p-5\">\n\n\t<div class=\"lqd-lp-meta lqd-lp-meta-dot-between d-flex flex-wrap align-items-center text-uppercase ltr-sp-1 font-weight-bold\">\n\n\t\t<div class=\"lqd-lp-author pos-rel z-index-3\">\n\t\t\t<div class=\"lqd-lp-author-info\">\n\t\t\t\t<h3 class=\"mt-0 mb-0 h5\"><a href=\"https:\/\/fundatiaregala.ro\/en\/author\/administrator_frmr\/\">Administrator_FRMR<\/a><\/h3>\n\t\t\t<\/div>\n\t\t<\/div>\n\n\t\t<time class=\"lqd-lp-date pos-rel z-index-2\" datetime=\"2024-02-08T13:32:57+02:00\">08\/02\/2024<\/time>\n\t<\/div>\n\n\t<h2 class=\"entry-title lqd-lp-title mt-3 mb-0 h5\"><a  href=\"https:\/\/fundatiaregala.ro\/en\/30-de-tineri-artisti-selectati-pentru-a-primi-bursa-tinere-talente-oferita-de-fundatia-regala-margareta-a-romaniei\/\" rel=\"bookmark\">30 Young Artists Selected to Receive the Young Talents Scholarship Offered by The Margareta of Romania Royal Foundation<\/a><\/h2>\n<\/header>\n\n<a  href=\"https:\/\/fundatiaregala.ro\/en\/30-de-tineri-artisti-selectati-pentru-a-primi-bursa-tinere-talente-oferita-de-fundatia-regala-margareta-a-romaniei\/\" class=\"lqd-lp-overlay-link lqd-overlay z-index-2\" tab-index=\"-1\"><\/a><\/article><\/div><div class=\"lqd-lp-column col-md-4 col-sm-6 2023 lqd-f-25 comunicate lqd-f-33 tinere-talente lqd-f-31\"><article id=\"post-33094\" class=\"lqd-lp lqd-lp-style-6 lqd-lp-hover-img-zoom pos-rel round overflow-hidden post-33094 post type-post status-publish format-standard has-post-thumbnail hentry category-25 category-comunicate category-tinere-talente\">\n<div class=\"lqd-lp-img overflow-hidden\">\n\n\t<figure><img decoding=\"async\" width=\"720\" height=\"510\" src=\"data:image\/svg+xml;charset=utf-8,%3Csvg xmlns%3D&#039;http%3A%2F%2Fwww.w3.org%2F2000%2Fsvg&#039; viewBox%3D&#039;0 0 720 510&#039;%2F%3E\" class=\"w-100 ld-lazyload wp-post-image\" alt=\"\" itemprop=\"image\" data-src=\"https:\/\/fundatiaregala.ro\/wp-content\/uploads\/FRMR-gala-tinere-talente-2023-720x510.jpg\" data-aspect=\"1.4117647058824\" \/><\/figure>\n\t<div class=\"lqd-lp-meta text-uppercase font-weight-bold pos-rel z-index-3\">\n\t\t<div><span class=\"screen-reader-text\">Tags <\/span><ul class=\"lqd-lp-cat lqd-lp-cat-shaped lqd-lp-cat-solid reset-ul inline-ul font-weight-bold text-uppercase ltr-sp-1\"><li><a class=\"lh-15 circle\" href=\"https:\/\/fundatiaregala.ro\/en\/category\/2023\/\" rel=\"category\">2023<\/a><\/li><\/ul><\/div>\t<\/div>\n\n<\/div>\n\n<header class=\"lqd-lp-header p-5\">\n\n\t<div class=\"lqd-lp-meta lqd-lp-meta-dot-between d-flex flex-wrap align-items-center text-uppercase ltr-sp-1 font-weight-bold\">\n\n\t\t<div class=\"lqd-lp-author pos-rel z-index-3\">\n\t\t\t<div class=\"lqd-lp-author-info\">\n\t\t\t\t<h3 class=\"mt-0 mb-0 h5\"><a href=\"https:\/\/fundatiaregala.ro\/en\/author\/administrator_frmr\/\">Administrator_FRMR<\/a><\/h3>\n\t\t\t<\/div>\n\t\t<\/div>\n\n\t\t<time class=\"lqd-lp-date pos-rel z-index-2\" datetime=\"2023-11-21T12:31:32+02:00\">21\/11\/2023<\/time>\n\t<\/div>\n\n\t<h2 class=\"entry-title lqd-lp-title mt-3 mb-0 h5\"><a  href=\"https:\/\/fundatiaregala.ro\/en\/gala-tinere-talente-muzica-de-film-in-interpretarea-bursierilor-muzicieni-ai-programului-tinere-talente-editia-2023\/\" rel=\"bookmark\">Young Talents Gala: Film Music Performed by the Young Musician Scholars of the Young Talents Programme, 2023 Edition<\/a><\/h2>\n<\/header>\n\n<a  href=\"https:\/\/fundatiaregala.ro\/en\/gala-tinere-talente-muzica-de-film-in-interpretarea-bursierilor-muzicieni-ai-programului-tinere-talente-editia-2023\/\" class=\"lqd-lp-overlay-link lqd-overlay z-index-2\" tab-index=\"-1\"><\/a><\/article><\/div><div class=\"lqd-lp-column col-md-4 col-sm-6 2023 lqd-f-25 comunicate lqd-f-33 tinere-talente lqd-f-31\"><article id=\"post-33098\" class=\"lqd-lp lqd-lp-style-6 lqd-lp-hover-img-zoom pos-rel round overflow-hidden post-33098 post type-post status-publish format-standard has-post-thumbnail hentry category-25 category-comunicate category-tinere-talente\">\n<div class=\"lqd-lp-img overflow-hidden\">\n\n\t<figure><img decoding=\"async\" width=\"720\" height=\"510\" src=\"data:image\/svg+xml;charset=utf-8,%3Csvg xmlns%3D&#039;http%3A%2F%2Fwww.w3.org%2F2000%2Fsvg&#039; viewBox%3D&#039;0 0 720 510&#039;%2F%3E\" class=\"w-100 ld-lazyload wp-post-image\" alt=\"\" itemprop=\"image\" data-src=\"https:\/\/fundatiaregala.ro\/wp-content\/uploads\/FRMR-expozitia-bursierilor-2023-720x510.jpg\" data-aspect=\"1.4117647058824\" \/><\/figure>\n\t<div class=\"lqd-lp-meta text-uppercase font-weight-bold pos-rel z-index-3\">\n\t\t<div><span class=\"screen-reader-text\">Tags <\/span><ul class=\"lqd-lp-cat lqd-lp-cat-shaped lqd-lp-cat-solid reset-ul inline-ul font-weight-bold text-uppercase ltr-sp-1\"><li><a class=\"lh-15 circle\" href=\"https:\/\/fundatiaregala.ro\/en\/category\/2023\/\" rel=\"category\">2023<\/a><\/li><\/ul><\/div>\t<\/div>\n\n<\/div>\n\n<header class=\"lqd-lp-header p-5\">\n\n\t<div class=\"lqd-lp-meta lqd-lp-meta-dot-between d-flex flex-wrap align-items-center text-uppercase ltr-sp-1 font-weight-bold\">\n\n\t\t<div class=\"lqd-lp-author pos-rel z-index-3\">\n\t\t\t<div class=\"lqd-lp-author-info\">\n\t\t\t\t<h3 class=\"mt-0 mb-0 h5\"><a href=\"https:\/\/fundatiaregala.ro\/en\/author\/administrator_frmr\/\">Administrator_FRMR<\/a><\/h3>\n\t\t\t<\/div>\n\t\t<\/div>\n\n\t\t<time class=\"lqd-lp-date pos-rel z-index-2\" datetime=\"2023-11-16T13:36:12+02:00\">16\/11\/2023<\/time>\n\t<\/div>\n\n\t<h2 class=\"entry-title lqd-lp-title mt-3 mb-0 h5\"><a  href=\"https:\/\/fundatiaregala.ro\/en\/expozitia-tinere-talente-la-tnb-o-colectie-de-lucrari-realizate-de-bursierii-fundatiei-regale-margareta-a-romaniei-editia-2023\/\" rel=\"bookmark\">Young Talents Exhibition at the National Theatre Bucharest \u2013 A Collection of Works Created by the Scholars of The Margareta of Romania Royal Foundation, 2023 Edition<\/a><\/h2>\n<\/header>\n\n<a  href=\"https:\/\/fundatiaregala.ro\/en\/expozitia-tinere-talente-la-tnb-o-colectie-de-lucrari-realizate-de-bursierii-fundatiei-regale-margareta-a-romaniei-editia-2023\/\" class=\"lqd-lp-overlay-link lqd-overlay z-index-2\" tab-index=\"-1\"><\/a><\/article><\/div><div class=\"lqd-lp-column col-md-4 col-sm-6 2023 lqd-f-25 comunicate lqd-f-33 tinere-talente lqd-f-31\"><article id=\"post-33023\" class=\"lqd-lp lqd-lp-style-6 lqd-lp-hover-img-zoom pos-rel round overflow-hidden post-33023 post type-post status-publish format-standard has-post-thumbnail hentry category-25 category-comunicate category-tinere-talente\">\n<div class=\"lqd-lp-img overflow-hidden\">\n\n\t<figure><img decoding=\"async\" width=\"720\" height=\"510\" src=\"data:image\/svg+xml;charset=utf-8,%3Csvg xmlns%3D&#039;http%3A%2F%2Fwww.w3.org%2F2000%2Fsvg&#039; viewBox%3D&#039;0 0 720 510&#039;%2F%3E\" class=\"w-100 ld-lazyload wp-post-image\" alt=\"\" itemprop=\"image\" data-src=\"https:\/\/fundatiaregala.ro\/wp-content\/uploads\/FRMR-selectie-tinere-talente-2024-720x510.png\" data-aspect=\"1.4117647058824\" \/><\/figure>\n\t<div class=\"lqd-lp-meta text-uppercase font-weight-bold pos-rel z-index-3\">\n\t\t<div><span class=\"screen-reader-text\">Tags <\/span><ul class=\"lqd-lp-cat lqd-lp-cat-shaped lqd-lp-cat-solid reset-ul inline-ul font-weight-bold text-uppercase ltr-sp-1\"><li><a class=\"lh-15 circle\" href=\"https:\/\/fundatiaregala.ro\/en\/category\/2023\/\" rel=\"category\">2023<\/a><\/li><\/ul><\/div>\t<\/div>\n\n<\/div>\n\n<header class=\"lqd-lp-header p-5\">\n\n\t<div class=\"lqd-lp-meta lqd-lp-meta-dot-between d-flex flex-wrap align-items-center text-uppercase ltr-sp-1 font-weight-bold\">\n\n\t\t<div class=\"lqd-lp-author pos-rel z-index-3\">\n\t\t\t<div class=\"lqd-lp-author-info\">\n\t\t\t\t<h3 class=\"mt-0 mb-0 h5\"><a href=\"https:\/\/fundatiaregala.ro\/en\/author\/administrator_frmr\/\">Administrator_FRMR<\/a><\/h3>\n\t\t\t<\/div>\n\t\t<\/div>\n\n\t\t<time class=\"lqd-lp-date pos-rel z-index-2\" datetime=\"2023-11-01T17:25:11+02:00\">01\/11\/2023<\/time>\n\t<\/div>\n\n\t<h2 class=\"entry-title lqd-lp-title mt-3 mb-0 h5\"><a  href=\"https:\/\/fundatiaregala.ro\/en\/fundatia-regala-margareta-a-romaniei-lanseaza-selectia-nationala-pentru-bursele-tinere-talente-2024\/\" rel=\"bookmark\">The Margareta of Romania Royal Foundation Launches the National Selection for the Young Talents Scholarships 2024<\/a><\/h2>\n<\/header>\n\n<a  href=\"https:\/\/fundatiaregala.ro\/en\/fundatia-regala-margareta-a-romaniei-lanseaza-selectia-nationala-pentru-bursele-tinere-talente-2024\/\" class=\"lqd-lp-overlay-link lqd-overlay z-index-2\" tab-index=\"-1\"><\/a><\/article><\/div><div class=\"lqd-lp-column col-md-4 col-sm-6 2023 lqd-f-25 comunicate lqd-f-33 tinere-talente lqd-f-31\"><article id=\"post-32987\" class=\"lqd-lp lqd-lp-style-6 lqd-lp-hover-img-zoom pos-rel round overflow-hidden post-32987 post type-post status-publish format-standard has-post-thumbnail hentry category-25 category-comunicate category-tinere-talente\">\n<div class=\"lqd-lp-img overflow-hidden\">\n\n\t<figure><img decoding=\"async\" width=\"720\" height=\"510\" src=\"data:image\/svg+xml;charset=utf-8,%3Csvg xmlns%3D&#039;http%3A%2F%2Fwww.w3.org%2F2000%2Fsvg&#039; viewBox%3D&#039;0 0 720 510&#039;%2F%3E\" class=\"w-100 ld-lazyload wp-post-image\" alt=\"\" itemprop=\"image\" data-src=\"https:\/\/fundatiaregala.ro\/wp-content\/uploads\/FRMR-articol-cover-fundatia-regala-concert-caritabil-720x510.jpg\" data-srcset=\"https:\/\/fundatiaregala.ro\/wp-content\/uploads\/FRMR-articol-cover-fundatia-regala-concert-caritabil-720x510.jpg 720w, https:\/\/fundatiaregala.ro\/wp-content\/uploads\/FRMR-articol-cover-fundatia-regala-concert-caritabil-18x12.jpg 18w\" data-sizes=\"(max-width: 720px) 100vw, 720px\" data-aspect=\"1.4117647058824\" \/><\/figure>\n\t<div class=\"lqd-lp-meta text-uppercase font-weight-bold pos-rel z-index-3\">\n\t\t<div><span class=\"screen-reader-text\">Tags <\/span><ul class=\"lqd-lp-cat lqd-lp-cat-shaped lqd-lp-cat-solid reset-ul inline-ul font-weight-bold text-uppercase ltr-sp-1\"><li><a class=\"lh-15 circle\" href=\"https:\/\/fundatiaregala.ro\/en\/category\/2023\/\" rel=\"category\">2023<\/a><\/li><\/ul><\/div>\t<\/div>\n\n<\/div>\n\n<header class=\"lqd-lp-header p-5\">\n\n\t<div class=\"lqd-lp-meta lqd-lp-meta-dot-between d-flex flex-wrap align-items-center text-uppercase ltr-sp-1 font-weight-bold\">\n\n\t\t<div class=\"lqd-lp-author pos-rel z-index-3\">\n\t\t\t<div class=\"lqd-lp-author-info\">\n\t\t\t\t<h3 class=\"mt-0 mb-0 h5\"><a href=\"https:\/\/fundatiaregala.ro\/en\/author\/administrator_frmr\/\">Administrator_FRMR<\/a><\/h3>\n\t\t\t<\/div>\n\t\t<\/div>\n\n\t\t<time class=\"lqd-lp-date pos-rel z-index-2\" datetime=\"2023-10-26T12:31:01+02:00\">26\/10\/2023<\/time>\n\t<\/div>\n\n\t<h2 class=\"entry-title lqd-lp-title mt-3 mb-0 h5\"><a  href=\"https:\/\/fundatiaregala.ro\/en\/concertul-regal-caritabil-spectacol-al-generozitatii-si-valorilor-autentice-in-sprijinul-tinerilor-talentati-ai-romaniei\/\" rel=\"bookmark\">The Royal Charity Concert, a Celebration of Generosity and Authentic Values in Support of Romania\u2019s Talented Young People<\/a><\/h2>\n<\/header>\n\n<a  href=\"https:\/\/fundatiaregala.ro\/en\/concertul-regal-caritabil-spectacol-al-generozitatii-si-valorilor-autentice-in-sprijinul-tinerilor-talentati-ai-romaniei\/\" class=\"lqd-lp-overlay-link lqd-overlay z-index-2\" tab-index=\"-1\"><\/a><\/article><\/div><div class=\"lqd-lp-column col-md-4 col-sm-6 2023 lqd-f-25 comunicate lqd-f-33 tinere-talente lqd-f-31\"><article id=\"post-32981\" class=\"lqd-lp lqd-lp-style-6 lqd-lp-hover-img-zoom pos-rel round overflow-hidden post-32981 post type-post status-publish format-standard has-post-thumbnail hentry category-25 category-comunicate category-tinere-talente\">\n<div class=\"lqd-lp-img overflow-hidden\">\n\n\t<figure><img decoding=\"async\" width=\"720\" height=\"510\" src=\"data:image\/svg+xml;charset=utf-8,%3Csvg xmlns%3D&#039;http%3A%2F%2Fwww.w3.org%2F2000%2Fsvg&#039; viewBox%3D&#039;0 0 720 510&#039;%2F%3E\" class=\"w-100 ld-lazyload wp-post-image\" alt=\"\" itemprop=\"image\" data-src=\"https:\/\/fundatiaregala.ro\/wp-content\/uploads\/FRMR-concert-regal-scena-ateneului-720x510.png\" data-aspect=\"1.4117647058824\" \/><\/figure>\n\t<div class=\"lqd-lp-meta text-uppercase font-weight-bold pos-rel z-index-3\">\n\t\t<div><span class=\"screen-reader-text\">Tags <\/span><ul class=\"lqd-lp-cat lqd-lp-cat-shaped lqd-lp-cat-solid reset-ul inline-ul font-weight-bold text-uppercase ltr-sp-1\"><li><a class=\"lh-15 circle\" href=\"https:\/\/fundatiaregala.ro\/en\/category\/2023\/\" rel=\"category\">2023<\/a><\/li><\/ul><\/div>\t<\/div>\n\n<\/div>\n\n<header class=\"lqd-lp-header p-5\">\n\n\t<div class=\"lqd-lp-meta lqd-lp-meta-dot-between d-flex flex-wrap align-items-center text-uppercase ltr-sp-1 font-weight-bold\">\n\n\t\t<div class=\"lqd-lp-author pos-rel z-index-3\">\n\t\t\t<div class=\"lqd-lp-author-info\">\n\t\t\t\t<h3 class=\"mt-0 mb-0 h5\"><a href=\"https:\/\/fundatiaregala.ro\/en\/author\/administrator_frmr\/\">Administrator_FRMR<\/a><\/h3>\n\t\t\t<\/div>\n\t\t<\/div>\n\n\t\t<time class=\"lqd-lp-date pos-rel z-index-2\" datetime=\"2023-10-16T15:18:32+02:00\">16\/10\/2023<\/time>\n\t<\/div>\n\n\t<h2 class=\"entry-title lqd-lp-title mt-3 mb-0 h5\"><a  href=\"https:\/\/fundatiaregala.ro\/en\/concert-regal-caritabil-pe-scena-ateneului-roman-pe-25-octombrie-in-sprijinul-tinerilor-talentati-ai-romaniei\/\" rel=\"bookmark\">Royal Charity Concert at the Romanian Athenaeum on October 25, in Support of Romania\u2019s Talented Young People<\/a><\/h2>\n<\/header>\n\n<a  href=\"https:\/\/fundatiaregala.ro\/en\/concert-regal-caritabil-pe-scena-ateneului-roman-pe-25-octombrie-in-sprijinul-tinerilor-talentati-ai-romaniei\/\" class=\"lqd-lp-overlay-link lqd-overlay z-index-2\" tab-index=\"-1\"><\/a><\/article><\/div><div class=\"lqd-lp-column col-md-4 col-sm-6 2023 lqd-f-25 comunicate lqd-f-33 tinere-talente lqd-f-31\"><article id=\"post-32491\" class=\"lqd-lp lqd-lp-style-6 lqd-lp-hover-img-zoom pos-rel round overflow-hidden post-32491 post type-post status-publish format-standard has-post-thumbnail hentry category-25 category-comunicate category-tinere-talente\">\n<div class=\"lqd-lp-img overflow-hidden\">\n\n\t<figure><img decoding=\"async\" width=\"720\" height=\"510\" src=\"data:image\/svg+xml;charset=utf-8,%3Csvg xmlns%3D&#039;http%3A%2F%2Fwww.w3.org%2F2000%2Fsvg&#039; viewBox%3D&#039;0 0 720 510&#039;%2F%3E\" class=\"w-100 ld-lazyload wp-post-image\" alt=\"\" itemprop=\"image\" data-src=\"https:\/\/fundatiaregala.ro\/wp-content\/uploads\/FRMR-banner_concert-caritabil-720x510.png\" data-aspect=\"1.4117647058824\" \/><\/figure>\n\t<div class=\"lqd-lp-meta text-uppercase font-weight-bold pos-rel z-index-3\">\n\t\t<div><span class=\"screen-reader-text\">Tags <\/span><ul class=\"lqd-lp-cat lqd-lp-cat-shaped lqd-lp-cat-solid reset-ul inline-ul font-weight-bold text-uppercase ltr-sp-1\"><li><a class=\"lh-15 circle\" href=\"https:\/\/fundatiaregala.ro\/en\/category\/2023\/\" rel=\"category\">2023<\/a><\/li><\/ul><\/div>\t<\/div>\n\n<\/div>\n\n<header class=\"lqd-lp-header p-5\">\n\n\t<div class=\"lqd-lp-meta lqd-lp-meta-dot-between d-flex flex-wrap align-items-center text-uppercase ltr-sp-1 font-weight-bold\">\n\n\t\t<div class=\"lqd-lp-author pos-rel z-index-3\">\n\t\t\t<div class=\"lqd-lp-author-info\">\n\t\t\t\t<h3 class=\"mt-0 mb-0 h5\"><a href=\"https:\/\/fundatiaregala.ro\/en\/author\/administrator_frmr\/\">Administrator_FRMR<\/a><\/h3>\n\t\t\t<\/div>\n\t\t<\/div>\n\n\t\t<time class=\"lqd-lp-date pos-rel z-index-2\" datetime=\"2023-08-22T15:42:48+02:00\">22\/08\/2023<\/time>\n\t<\/div>\n\n\t<h2 class=\"entry-title lqd-lp-title mt-3 mb-0 h5\"><a  href=\"https:\/\/fundatiaregala.ro\/en\/muzicieni-de-exceptie-pe-scena-ateneului-roman-la-concertul-regal-caritabil-din-25-octombrie\/\" rel=\"bookmark\">Exceptional Musicians on the Stage of the Romanian Athenaeum at the Royal Charity Concert on October 25<\/a><\/h2>\n<\/header>\n\n<a  href=\"https:\/\/fundatiaregala.ro\/en\/muzicieni-de-exceptie-pe-scena-ateneului-roman-la-concertul-regal-caritabil-din-25-octombrie\/\" class=\"lqd-lp-overlay-link lqd-overlay z-index-2\" tab-index=\"-1\"><\/a><\/article><\/div><div class=\"lqd-lp-column col-md-4 col-sm-6 2023 lqd-f-25 comunicate lqd-f-33 tinere-talente lqd-f-31\"><article id=\"post-31722\" class=\"lqd-lp lqd-lp-style-6 lqd-lp-hover-img-zoom pos-rel round overflow-hidden post-31722 post type-post status-publish format-standard has-post-thumbnail hentry category-25 category-comunicate category-tinere-talente\">\n<div class=\"lqd-lp-img overflow-hidden\">\n\n\t<figure><img decoding=\"async\" width=\"720\" height=\"510\" src=\"data:image\/svg+xml;charset=utf-8,%3Csvg xmlns%3D&#039;http%3A%2F%2Fwww.w3.org%2F2000%2Fsvg&#039; viewBox%3D&#039;0 0 720 510&#039;%2F%3E\" class=\"w-100 ld-lazyload wp-post-image\" alt=\"\" itemprop=\"image\" data-src=\"https:\/\/fundatiaregala.ro\/wp-content\/uploads\/FRMR-arta-muzicii-de-camera-cover-720x510.png\" data-aspect=\"1.4117647058824\" \/><\/figure>\n\t<div class=\"lqd-lp-meta text-uppercase font-weight-bold pos-rel z-index-3\">\n\t\t<div><span class=\"screen-reader-text\">Tags <\/span><ul class=\"lqd-lp-cat lqd-lp-cat-shaped lqd-lp-cat-solid reset-ul inline-ul font-weight-bold text-uppercase ltr-sp-1\"><li><a class=\"lh-15 circle\" href=\"https:\/\/fundatiaregala.ro\/en\/category\/2023\/\" rel=\"category\">2023<\/a><\/li><\/ul><\/div>\t<\/div>\n\n<\/div>\n\n<header class=\"lqd-lp-header p-5\">\n\n\t<div class=\"lqd-lp-meta lqd-lp-meta-dot-between d-flex flex-wrap align-items-center text-uppercase ltr-sp-1 font-weight-bold\">\n\n\t\t<div class=\"lqd-lp-author pos-rel z-index-3\">\n\t\t\t<div class=\"lqd-lp-author-info\">\n\t\t\t\t<h3 class=\"mt-0 mb-0 h5\"><a href=\"https:\/\/fundatiaregala.ro\/en\/author\/administrator_frmr\/\">Administrator_FRMR<\/a><\/h3>\n\t\t\t<\/div>\n\t\t<\/div>\n\n\t\t<time class=\"lqd-lp-date pos-rel z-index-2\" datetime=\"2023-05-08T16:18:34+02:00\">08\/05\/2023<\/time>\n\t<\/div>\n\n\t<h2 class=\"entry-title lqd-lp-title mt-3 mb-0 h5\"><a  href=\"https:\/\/fundatiaregala.ro\/en\/arta-muzicii-de-camera-si-dezvoltarea-talentelor-muzicale-masterclass-sustinut-de-prof-univ-dr-verona-maier-si-recital-al-tinerilor-muzicieni-bursieri-ai-programului-tinere-talente-2023\/\" rel=\"bookmark\">The Art of Chamber Music and the Development of Musical Talent \u2013 Masterclass Held by Prof. Dr. Verona Maier and Recital by the Young Musicians, Scholars of the Young Talents 2023 Program<\/a><\/h2>\n<\/header>\n\n<a  href=\"https:\/\/fundatiaregala.ro\/en\/arta-muzicii-de-camera-si-dezvoltarea-talentelor-muzicale-masterclass-sustinut-de-prof-univ-dr-verona-maier-si-recital-al-tinerilor-muzicieni-bursieri-ai-programului-tinere-talente-2023\/\" class=\"lqd-lp-overlay-link lqd-overlay z-index-2\" tab-index=\"-1\"><\/a><\/article><\/div><div class=\"lqd-lp-column col-md-4 col-sm-6 2023 lqd-f-25 comunicate lqd-f-33 tinere-talente lqd-f-31\"><article id=\"post-31621\" class=\"lqd-lp lqd-lp-style-6 lqd-lp-hover-img-zoom pos-rel round overflow-hidden post-31621 post type-post status-publish format-standard has-post-thumbnail hentry category-25 category-comunicate category-tinere-talente\">\n<div class=\"lqd-lp-img overflow-hidden\">\n\n\t<figure><img decoding=\"async\" width=\"720\" height=\"312\" src=\"data:image\/svg+xml;charset=utf-8,%3Csvg xmlns%3D&#039;http%3A%2F%2Fwww.w3.org%2F2000%2Fsvg&#039; viewBox%3D&#039;0 0 720 312&#039;%2F%3E\" class=\"w-100 ld-lazyload wp-post-image\" alt=\"\" itemprop=\"image\" data-src=\"https:\/\/fundatiaregala.ro\/wp-content\/uploads\/FRMR-Identitati-tinere-talente-2023-720x312.png\" data-srcset=\"https:\/\/fundatiaregala.ro\/wp-content\/uploads\/FRMR-Identitati-tinere-talente-2023-720x312.png 720w, https:\/\/fundatiaregala.ro\/wp-content\/uploads\/FRMR-Identitati-tinere-talente-2023-18x7.png 18w\" data-sizes=\"(max-width: 720px) 100vw, 720px\" data-aspect=\"2.3076923076923\" \/><\/figure>\n\t<div class=\"lqd-lp-meta text-uppercase font-weight-bold pos-rel z-index-3\">\n\t\t<div><span class=\"screen-reader-text\">Tags <\/span><ul class=\"lqd-lp-cat lqd-lp-cat-shaped lqd-lp-cat-solid reset-ul inline-ul font-weight-bold text-uppercase ltr-sp-1\"><li><a class=\"lh-15 circle\" href=\"https:\/\/fundatiaregala.ro\/en\/category\/2023\/\" rel=\"category\">2023<\/a><\/li><\/ul><\/div>\t<\/div>\n\n<\/div>\n\n<header class=\"lqd-lp-header p-5\">\n\n\t<div class=\"lqd-lp-meta lqd-lp-meta-dot-between d-flex flex-wrap align-items-center text-uppercase ltr-sp-1 font-weight-bold\">\n\n\t\t<div class=\"lqd-lp-author pos-rel z-index-3\">\n\t\t\t<div class=\"lqd-lp-author-info\">\n\t\t\t\t<h3 class=\"mt-0 mb-0 h5\"><a href=\"https:\/\/fundatiaregala.ro\/en\/author\/administrator_frmr\/\">Administrator_FRMR<\/a><\/h3>\n\t\t\t<\/div>\n\t\t<\/div>\n\n\t\t<time class=\"lqd-lp-date pos-rel z-index-2\" datetime=\"2023-03-03T16:23:01+02:00\">03\/03\/2023<\/time>\n\t<\/div>\n\n\t<h2 class=\"entry-title lqd-lp-title mt-3 mb-0 h5\"><a  href=\"https:\/\/fundatiaregala.ro\/en\/identitati-prima-expozitie-de-arte-vizuale-si-recital-de-muzica-clasica-oferite-de-noua-generatie-de-muzicieni-si-artisti-vizuali-tinere-talente\/\" rel=\"bookmark\">Identities \u2013 The First Visual Arts Exhibition and Classical Music Recital Offered by the New Generation of Young Talents Musicians and Visual Artists<\/a><\/h2>\n<\/header>\n\n<a  href=\"https:\/\/fundatiaregala.ro\/en\/identitati-prima-expozitie-de-arte-vizuale-si-recital-de-muzica-clasica-oferite-de-noua-generatie-de-muzicieni-si-artisti-vizuali-tinere-talente\/\" class=\"lqd-lp-overlay-link lqd-overlay z-index-2\" tab-index=\"-1\"><\/a><\/article><\/div><div class=\"lqd-lp-column col-md-4 col-sm-6 2023 lqd-f-25 comunicate lqd-f-33 tinere-talente lqd-f-31\"><article id=\"post-31577\" class=\"lqd-lp lqd-lp-style-6 lqd-lp-hover-img-zoom pos-rel round overflow-hidden post-31577 post type-post status-publish format-standard has-post-thumbnail hentry category-25 category-comunicate category-tinere-talente\">\n<div class=\"lqd-lp-img overflow-hidden\">\n\n\t<figure><img decoding=\"async\" width=\"720\" height=\"510\" src=\"data:image\/svg+xml;charset=utf-8,%3Csvg xmlns%3D&#039;http%3A%2F%2Fwww.w3.org%2F2000%2Fsvg&#039; viewBox%3D&#039;0 0 720 510&#039;%2F%3E\" class=\"w-100 ld-lazyload wp-post-image\" alt=\"\" itemprop=\"image\" data-src=\"https:\/\/fundatiaregala.ro\/wp-content\/uploads\/FRMR-o-noua-generati-2023-720x510.jpg\" data-aspect=\"1.4117647058824\" \/><\/figure>\n\t<div class=\"lqd-lp-meta text-uppercase font-weight-bold pos-rel z-index-3\">\n\t\t<div><span class=\"screen-reader-text\">Tags <\/span><ul class=\"lqd-lp-cat lqd-lp-cat-shaped lqd-lp-cat-solid reset-ul inline-ul font-weight-bold text-uppercase ltr-sp-1\"><li><a class=\"lh-15 circle\" href=\"https:\/\/fundatiaregala.ro\/en\/category\/2023\/\" rel=\"category\">2023<\/a><\/li><\/ul><\/div>\t<\/div>\n\n<\/div>\n\n<header class=\"lqd-lp-header p-5\">\n\n\t<div class=\"lqd-lp-meta lqd-lp-meta-dot-between d-flex flex-wrap align-items-center text-uppercase ltr-sp-1 font-weight-bold\">\n\n\t\t<div class=\"lqd-lp-author pos-rel z-index-3\">\n\t\t\t<div class=\"lqd-lp-author-info\">\n\t\t\t\t<h3 class=\"mt-0 mb-0 h5\"><a href=\"https:\/\/fundatiaregala.ro\/en\/author\/administrator_frmr\/\">Administrator_FRMR<\/a><\/h3>\n\t\t\t<\/div>\n\t\t<\/div>\n\n\t\t<time class=\"lqd-lp-date pos-rel z-index-2\" datetime=\"2023-02-07T18:20:14+02:00\">07\/02\/2023<\/time>\n\t<\/div>\n\n\t<h2 class=\"entry-title lqd-lp-title mt-3 mb-0 h5\"><a  href=\"https:\/\/fundatiaregala.ro\/en\/o-noua-generatie-de-30-de-muzicieni-si-artisti-vizuali-sprijiniti-sa-isi-dezvolte-o-cariera-artistica-prin-programul-tinere-talente-2023\/\" rel=\"bookmark\">A new generation of 30 musicians and visual artists, supported in developing an artistic career through the Young Talents 2023 program.<\/a><\/h2>\n<\/header>\n\n<a  href=\"https:\/\/fundatiaregala.ro\/en\/o-noua-generatie-de-30-de-muzicieni-si-artisti-vizuali-sprijiniti-sa-isi-dezvolte-o-cariera-artistica-prin-programul-tinere-talente-2023\/\" class=\"lqd-lp-overlay-link lqd-overlay z-index-2\" tab-index=\"-1\"><\/a><\/article><\/div><div class=\"lqd-lp-column col-md-4 col-sm-6 2022 lqd-f-26 comunicate lqd-f-33 tinere-talente lqd-f-31\"><article id=\"post-31399\" class=\"lqd-lp lqd-lp-style-6 lqd-lp-hover-img-zoom pos-rel round overflow-hidden post-31399 post type-post status-publish format-standard has-post-thumbnail hentry category-26 category-comunicate category-tinere-talente\">\n<div class=\"lqd-lp-img overflow-hidden\">\n\n\t<figure><img decoding=\"async\" width=\"720\" height=\"510\" src=\"data:image\/svg+xml;charset=utf-8,%3Csvg xmlns%3D&#039;http%3A%2F%2Fwww.w3.org%2F2000%2Fsvg&#039; viewBox%3D&#039;0 0 720 510&#039;%2F%3E\" class=\"w-100 ld-lazyload wp-post-image\" alt=\"\" itemprop=\"image\" data-src=\"https:\/\/fundatiaregala.ro\/wp-content\/uploads\/FRMR-gala-tinere-talente-perpetuum-720x510.png\" data-aspect=\"1.4117647058824\" \/><\/figure>\n\t<div class=\"lqd-lp-meta text-uppercase font-weight-bold pos-rel z-index-3\">\n\t\t<div><span class=\"screen-reader-text\">Tags <\/span><ul class=\"lqd-lp-cat lqd-lp-cat-shaped lqd-lp-cat-solid reset-ul inline-ul font-weight-bold text-uppercase ltr-sp-1\"><li><a class=\"lh-15 circle\" href=\"https:\/\/fundatiaregala.ro\/en\/category\/2022\/\" rel=\"category\">2022<\/a><\/li><\/ul><\/div>\t<\/div>\n\n<\/div>\n\n<header class=\"lqd-lp-header p-5\">\n\n\t<div class=\"lqd-lp-meta lqd-lp-meta-dot-between d-flex flex-wrap align-items-center text-uppercase ltr-sp-1 font-weight-bold\">\n\n\t\t<div class=\"lqd-lp-author pos-rel z-index-3\">\n\t\t\t<div class=\"lqd-lp-author-info\">\n\t\t\t\t<h3 class=\"mt-0 mb-0 h5\"><a href=\"https:\/\/fundatiaregala.ro\/en\/author\/administrator_frmr\/\">Administrator_FRMR<\/a><\/h3>\n\t\t\t<\/div>\n\t\t<\/div>\n\n\t\t<time class=\"lqd-lp-date pos-rel z-index-2\" datetime=\"2022-12-07T19:10:22+02:00\">07\/12\/2022<\/time>\n\t<\/div>\n\n\t<h2 class=\"entry-title lqd-lp-title mt-3 mb-0 h5\"><a  href=\"https:\/\/fundatiaregala.ro\/en\/perpetuum-muzica-clasica-transcende-timpul-un-spectacol-modern-bazat-pe-muzica-clasica-oferit-la-gala-tinere-talente-de-zoli-toth-si-bursierii-tinere-talente\/\" rel=\"bookmark\">Perpetuum: classical music transcends time. A modern performance based on classical music, presented at the Young Talents  Gala by Zoli Toth and the Young Talents  scholarship recipients.<\/a><\/h2>\n<\/header>\n\n<a  href=\"https:\/\/fundatiaregala.ro\/en\/perpetuum-muzica-clasica-transcende-timpul-un-spectacol-modern-bazat-pe-muzica-clasica-oferit-la-gala-tinere-talente-de-zoli-toth-si-bursierii-tinere-talente\/\" class=\"lqd-lp-overlay-link lqd-overlay z-index-2\" tab-index=\"-1\"><\/a><\/article><\/div><div class=\"lqd-lp-column col-md-4 col-sm-6 2022 lqd-f-26 comunicate lqd-f-33 tinere-talente lqd-f-31\"><article id=\"post-31064\" class=\"lqd-lp lqd-lp-style-6 lqd-lp-hover-img-zoom pos-rel round overflow-hidden post-31064 post type-post status-publish format-standard has-post-thumbnail hentry category-26 category-comunicate category-tinere-talente\">\n<div class=\"lqd-lp-img overflow-hidden\">\n\n\t<figure><img decoding=\"async\" width=\"720\" height=\"510\" src=\"data:image\/svg+xml;charset=utf-8,%3Csvg xmlns%3D&#039;http%3A%2F%2Fwww.w3.org%2F2000%2Fsvg&#039; viewBox%3D&#039;0 0 720 510&#039;%2F%3E\" class=\"w-100 ld-lazyload wp-post-image\" alt=\"\" itemprop=\"image\" data-src=\"https:\/\/fundatiaregala.ro\/wp-content\/uploads\/FRMR-selectie-tinere-talente-2023-720x510.png\" data-aspect=\"1.4117647058824\" \/><\/figure>\n\t<div class=\"lqd-lp-meta text-uppercase font-weight-bold pos-rel z-index-3\">\n\t\t<div><span class=\"screen-reader-text\">Tags <\/span><ul class=\"lqd-lp-cat lqd-lp-cat-shaped lqd-lp-cat-solid reset-ul inline-ul font-weight-bold text-uppercase ltr-sp-1\"><li><a class=\"lh-15 circle\" href=\"https:\/\/fundatiaregala.ro\/en\/category\/2022\/\" rel=\"category\">2022<\/a><\/li><\/ul><\/div>\t<\/div>\n\n<\/div>\n\n<header class=\"lqd-lp-header p-5\">\n\n\t<div class=\"lqd-lp-meta lqd-lp-meta-dot-between d-flex flex-wrap align-items-center text-uppercase ltr-sp-1 font-weight-bold\">\n\n\t\t<div class=\"lqd-lp-author pos-rel z-index-3\">\n\t\t\t<div class=\"lqd-lp-author-info\">\n\t\t\t\t<h3 class=\"mt-0 mb-0 h5\"><a href=\"https:\/\/fundatiaregala.ro\/en\/author\/administrator_frmr\/\">Administrator_FRMR<\/a><\/h3>\n\t\t\t<\/div>\n\t\t<\/div>\n\n\t\t<time class=\"lqd-lp-date pos-rel z-index-2\" datetime=\"2022-11-02T15:13:04+02:00\">02\/11\/2022<\/time>\n\t<\/div>\n\n\t<h2 class=\"entry-title lqd-lp-title mt-3 mb-0 h5\"><a  href=\"https:\/\/fundatiaregala.ro\/en\/romania-are-nevoie-de-arta-fundatia-regala-margareta-a-romaniei-lanseaza-selectia-nationala-pentru-bursele-tinere-talente\/\" rel=\"bookmark\">Romania needs art! The Margareta of Romania Royal Foundation launches the national selection for the Young Talents scholarships.<\/a><\/h2>\n<\/header>\n\n<a  href=\"https:\/\/fundatiaregala.ro\/en\/romania-are-nevoie-de-arta-fundatia-regala-margareta-a-romaniei-lanseaza-selectia-nationala-pentru-bursele-tinere-talente\/\" class=\"lqd-lp-overlay-link lqd-overlay z-index-2\" tab-index=\"-1\"><\/a><\/article><\/div><div class=\"lqd-lp-column col-md-4 col-sm-6 2022 lqd-f-26 comunicate lqd-f-33 tinere-talente lqd-f-31\"><article id=\"post-31042\" class=\"lqd-lp lqd-lp-style-6 lqd-lp-hover-img-zoom pos-rel round overflow-hidden post-31042 post type-post status-publish format-standard has-post-thumbnail hentry category-26 category-comunicate category-tinere-talente\">\n<div class=\"lqd-lp-img overflow-hidden\">\n\n\t<figure><img decoding=\"async\" width=\"720\" height=\"510\" src=\"data:image\/svg+xml;charset=utf-8,%3Csvg xmlns%3D&#039;http%3A%2F%2Fwww.w3.org%2F2000%2Fsvg&#039; viewBox%3D&#039;0 0 720 510&#039;%2F%3E\" class=\"w-100 ld-lazyload wp-post-image\" alt=\"\" itemprop=\"image\" data-src=\"https:\/\/fundatiaregala.ro\/wp-content\/uploads\/FRMR-regal-muzical-articol-cover-720x510.jpg\" data-srcset=\"https:\/\/fundatiaregala.ro\/wp-content\/uploads\/FRMR-regal-muzical-articol-cover-720x510.jpg 720w, https:\/\/fundatiaregala.ro\/wp-content\/uploads\/FRMR-regal-muzical-articol-cover-18x12.jpg 18w\" data-sizes=\"(max-width: 720px) 100vw, 720px\" data-aspect=\"1.4117647058824\" \/><\/figure>\n\t<div class=\"lqd-lp-meta text-uppercase font-weight-bold pos-rel z-index-3\">\n\t\t<div><span class=\"screen-reader-text\">Tags <\/span><ul class=\"lqd-lp-cat lqd-lp-cat-shaped lqd-lp-cat-solid reset-ul inline-ul font-weight-bold text-uppercase ltr-sp-1\"><li><a class=\"lh-15 circle\" href=\"https:\/\/fundatiaregala.ro\/en\/category\/2022\/\" rel=\"category\">2022<\/a><\/li><\/ul><\/div>\t<\/div>\n\n<\/div>\n\n<header class=\"lqd-lp-header p-5\">\n\n\t<div class=\"lqd-lp-meta lqd-lp-meta-dot-between d-flex flex-wrap align-items-center text-uppercase ltr-sp-1 font-weight-bold\">\n\n\t\t<div class=\"lqd-lp-author pos-rel z-index-3\">\n\t\t\t<div class=\"lqd-lp-author-info\">\n\t\t\t\t<h3 class=\"mt-0 mb-0 h5\"><a href=\"https:\/\/fundatiaregala.ro\/en\/author\/administrator_frmr\/\">Administrator_FRMR<\/a><\/h3>\n\t\t\t<\/div>\n\t\t<\/div>\n\n\t\t<time class=\"lqd-lp-date pos-rel z-index-2\" datetime=\"2022-10-26T20:04:44+02:00\">26\/10\/2022<\/time>\n\t<\/div>\n\n\t<h2 class=\"entry-title lqd-lp-title mt-3 mb-0 h5\"><a  href=\"https:\/\/fundatiaregala.ro\/en\/regal-muzical-la-ateneul-roman-in-sprijinul-tinerilor-talentati-ai-romaniei\/\" rel=\"bookmark\">A Musical Royal Gala at the Romanian Athenaeum, in Support of Romania\u2019s Talented Youth<\/a><\/h2>\n<\/header>\n\n<a  href=\"https:\/\/fundatiaregala.ro\/en\/regal-muzical-la-ateneul-roman-in-sprijinul-tinerilor-talentati-ai-romaniei\/\" class=\"lqd-lp-overlay-link lqd-overlay z-index-2\" tab-index=\"-1\"><\/a><\/article><\/div><div class=\"lqd-lp-column col-md-4 col-sm-6 2022 lqd-f-26 comunicate lqd-f-33 tinere-talente lqd-f-31\"><article id=\"post-30951\" class=\"lqd-lp lqd-lp-style-6 lqd-lp-hover-img-zoom pos-rel round overflow-hidden post-30951 post type-post status-publish format-standard has-post-thumbnail hentry category-26 category-comunicate category-tinere-talente\">\n<div class=\"lqd-lp-img overflow-hidden\">\n\n\t<figure><img decoding=\"async\" width=\"720\" height=\"510\" src=\"data:image\/svg+xml;charset=utf-8,%3Csvg xmlns%3D&#039;http%3A%2F%2Fwww.w3.org%2F2000%2Fsvg&#039; viewBox%3D&#039;0 0 720 510&#039;%2F%3E\" class=\"w-100 ld-lazyload wp-post-image\" alt=\"\" itemprop=\"image\" data-src=\"https:\/\/fundatiaregala.ro\/wp-content\/uploads\/FRMR-concert-regal-caritabil-afis-720x510.png\" data-aspect=\"1.4117647058824\" \/><\/figure>\n\t<div class=\"lqd-lp-meta text-uppercase font-weight-bold pos-rel z-index-3\">\n\t\t<div><span class=\"screen-reader-text\">Tags <\/span><ul class=\"lqd-lp-cat lqd-lp-cat-shaped lqd-lp-cat-solid reset-ul inline-ul font-weight-bold text-uppercase ltr-sp-1\"><li><a class=\"lh-15 circle\" href=\"https:\/\/fundatiaregala.ro\/en\/category\/2022\/\" rel=\"category\">2022<\/a><\/li><\/ul><\/div>\t<\/div>\n\n<\/div>\n\n<header class=\"lqd-lp-header p-5\">\n\n\t<div class=\"lqd-lp-meta lqd-lp-meta-dot-between d-flex flex-wrap align-items-center text-uppercase ltr-sp-1 font-weight-bold\">\n\n\t\t<div class=\"lqd-lp-author pos-rel z-index-3\">\n\t\t\t<div class=\"lqd-lp-author-info\">\n\t\t\t\t<h3 class=\"mt-0 mb-0 h5\"><a href=\"https:\/\/fundatiaregala.ro\/en\/author\/administrator_frmr\/\">Administrator_FRMR<\/a><\/h3>\n\t\t\t<\/div>\n\t\t<\/div>\n\n\t\t<time class=\"lqd-lp-date pos-rel z-index-2\" datetime=\"2022-10-11T05:22:30+02:00\">11\/10\/2022<\/time>\n\t<\/div>\n\n\t<h2 class=\"entry-title lqd-lp-title mt-3 mb-0 h5\"><a  href=\"https:\/\/fundatiaregala.ro\/en\/muzicieni-de-talie-internationala-intr-un-concert-regal-caritabil-pe-scena-ateneului-roman-in-sustinerea-tinerilor-talentati-ai-romaniei\/\" rel=\"bookmark\">Internationally Renowned Musicians in a Royal Charity Concert on the Stage of the Romanian Athenaeum, in Support of Romania\u2019s Talented Youth<\/a><\/h2>\n<\/header>\n\n<a  href=\"https:\/\/fundatiaregala.ro\/en\/muzicieni-de-talie-internationala-intr-un-concert-regal-caritabil-pe-scena-ateneului-roman-in-sustinerea-tinerilor-talentati-ai-romaniei\/\" class=\"lqd-lp-overlay-link lqd-overlay z-index-2\" tab-index=\"-1\"><\/a><\/article><\/div><div class=\"lqd-lp-column col-md-4 col-sm-6 2021 lqd-f-27 comunicate lqd-f-33 tinere-talente lqd-f-31\"><article id=\"post-28911\" class=\"lqd-lp lqd-lp-style-6 lqd-lp-hover-img-zoom pos-rel round overflow-hidden post-28911 post type-post status-publish format-standard has-post-thumbnail hentry category-27 category-comunicate category-tinere-talente\">\n<div class=\"lqd-lp-img overflow-hidden\">\n\n\t<figure><img decoding=\"async\" width=\"720\" height=\"510\" src=\"data:image\/svg+xml;charset=utf-8,%3Csvg xmlns%3D&#039;http%3A%2F%2Fwww.w3.org%2F2000%2Fsvg&#039; viewBox%3D&#039;0 0 720 510&#039;%2F%3E\" class=\"w-100 ld-lazyload wp-post-image\" alt=\"\" itemprop=\"image\" data-src=\"https:\/\/fundatiaregala.ro\/wp-content\/uploads\/FRMR-tinere-talente-2021-720x510.jpg\" data-aspect=\"1.4117647058824\" \/><\/figure>\n\t<div class=\"lqd-lp-meta text-uppercase font-weight-bold pos-rel z-index-3\">\n\t\t<div><span class=\"screen-reader-text\">Tags <\/span><ul class=\"lqd-lp-cat lqd-lp-cat-shaped lqd-lp-cat-solid reset-ul inline-ul font-weight-bold text-uppercase ltr-sp-1\"><li><a class=\"lh-15 circle\" href=\"https:\/\/fundatiaregala.ro\/en\/category\/2021\/\" rel=\"category\">2021<\/a><\/li><\/ul><\/div>\t<\/div>\n\n<\/div>\n\n<header class=\"lqd-lp-header p-5\">\n\n\t<div class=\"lqd-lp-meta lqd-lp-meta-dot-between d-flex flex-wrap align-items-center text-uppercase ltr-sp-1 font-weight-bold\">\n\n\t\t<div class=\"lqd-lp-author pos-rel z-index-3\">\n\t\t\t<div class=\"lqd-lp-author-info\">\n\t\t\t\t<h3 class=\"mt-0 mb-0 h5\"><a href=\"https:\/\/fundatiaregala.ro\/en\/author\/administrator_frmr\/\">Administrator_FRMR<\/a><\/h3>\n\t\t\t<\/div>\n\t\t<\/div>\n\n\t\t<time class=\"lqd-lp-date pos-rel z-index-2\" datetime=\"2021-12-09T11:14:23+02:00\">09\/12\/2021<\/time>\n\t<\/div>\n\n\t<h2 class=\"entry-title lqd-lp-title mt-3 mb-0 h5\"><a  href=\"https:\/\/fundatiaregala.ro\/en\/rezultatele-bursierilor-programului-national-tinere-talente-editia-2021\/\" rel=\"bookmark\">Results of the National \u201cYoung Talents\u201d Program Scholarship Holders, 2021 Edition<\/a><\/h2>\n<\/header>\n\n<a  href=\"https:\/\/fundatiaregala.ro\/en\/rezultatele-bursierilor-programului-national-tinere-talente-editia-2021\/\" class=\"lqd-lp-overlay-link lqd-overlay z-index-2\" tab-index=\"-1\"><\/a><\/article><\/div><div class=\"lqd-lp-column col-md-4 col-sm-6 2021 lqd-f-27 comunicate lqd-f-33 tinere-talente lqd-f-31\"><article id=\"post-28845\" class=\"lqd-lp lqd-lp-style-6 lqd-lp-hover-img-zoom pos-rel round overflow-hidden post-28845 post type-post status-publish format-standard has-post-thumbnail hentry category-27 category-comunicate category-tinere-talente\">\n<div class=\"lqd-lp-img overflow-hidden\">\n\n\t<figure><img decoding=\"async\" width=\"720\" height=\"510\" src=\"data:image\/svg+xml;charset=utf-8,%3Csvg xmlns%3D&#039;http%3A%2F%2Fwww.w3.org%2F2000%2Fsvg&#039; viewBox%3D&#039;0 0 720 510&#039;%2F%3E\" class=\"w-100 ld-lazyload wp-post-image\" alt=\"\" itemprop=\"image\" data-src=\"https:\/\/fundatiaregala.ro\/wp-content\/uploads\/frmr-program-dezvoltare-antreprenoriala-720x510.jpg\" data-aspect=\"1.4117647058824\" \/><\/figure>\n\t<div class=\"lqd-lp-meta text-uppercase font-weight-bold pos-rel z-index-3\">\n\t\t<div><span class=\"screen-reader-text\">Tags <\/span><ul class=\"lqd-lp-cat lqd-lp-cat-shaped lqd-lp-cat-solid reset-ul inline-ul font-weight-bold text-uppercase ltr-sp-1\"><li><a class=\"lh-15 circle\" href=\"https:\/\/fundatiaregala.ro\/en\/category\/2021\/\" rel=\"category\">2021<\/a><\/li><\/ul><\/div>\t<\/div>\n\n<\/div>\n\n<header class=\"lqd-lp-header p-5\">\n\n\t<div class=\"lqd-lp-meta lqd-lp-meta-dot-between d-flex flex-wrap align-items-center text-uppercase ltr-sp-1 font-weight-bold\">\n\n\t\t<div class=\"lqd-lp-author pos-rel z-index-3\">\n\t\t\t<div class=\"lqd-lp-author-info\">\n\t\t\t\t<h3 class=\"mt-0 mb-0 h5\"><a href=\"https:\/\/fundatiaregala.ro\/en\/author\/administrator_frmr\/\">Administrator_FRMR<\/a><\/h3>\n\t\t\t<\/div>\n\t\t<\/div>\n\n\t\t<time class=\"lqd-lp-date pos-rel z-index-2\" datetime=\"2021-11-12T11:24:34+02:00\">12\/11\/2021<\/time>\n\t<\/div>\n\n\t<h2 class=\"entry-title lqd-lp-title mt-3 mb-0 h5\"><a  href=\"https:\/\/fundatiaregala.ro\/en\/program-de-dezvoltare-antreprenoriala-pentru-artisti-debutanti-si-profesionisti-din-domeniile-creative-si-culturale\/\" rel=\"bookmark\">Entrepreneurial Development Program for Emerging and Professional Artists in the Creative and Cultural Sectors<\/a><\/h2>\n<\/header>\n\n<a  href=\"https:\/\/fundatiaregala.ro\/en\/program-de-dezvoltare-antreprenoriala-pentru-artisti-debutanti-si-profesionisti-din-domeniile-creative-si-culturale\/\" class=\"lqd-lp-overlay-link lqd-overlay z-index-2\" tab-index=\"-1\"><\/a><\/article><\/div><div class=\"lqd-lp-column col-md-4 col-sm-6 2021 lqd-f-27 comunicate lqd-f-33 tinere-talente lqd-f-31\"><article id=\"post-28840\" class=\"lqd-lp lqd-lp-style-6 lqd-lp-hover-img-zoom pos-rel round overflow-hidden post-28840 post type-post status-publish format-standard has-post-thumbnail hentry category-27 category-comunicate category-tinere-talente\">\n<div class=\"lqd-lp-img overflow-hidden\">\n\n\t<figure><img decoding=\"async\" width=\"720\" height=\"510\" src=\"data:image\/svg+xml;charset=utf-8,%3Csvg xmlns%3D&#039;http%3A%2F%2Fwww.w3.org%2F2000%2Fsvg&#039; viewBox%3D&#039;0 0 720 510&#039;%2F%3E\" class=\"w-100 ld-lazyload wp-post-image\" alt=\"\" itemprop=\"image\" data-src=\"https:\/\/fundatiaregala.ro\/wp-content\/uploads\/FRMR-sustinere-artisti-proiect-cover-720x510.jpg\" data-aspect=\"1.4117647058824\" \/><\/figure>\n\t<div class=\"lqd-lp-meta text-uppercase font-weight-bold pos-rel z-index-3\">\n\t\t<div><span class=\"screen-reader-text\">Tags <\/span><ul class=\"lqd-lp-cat lqd-lp-cat-shaped lqd-lp-cat-solid reset-ul inline-ul font-weight-bold text-uppercase ltr-sp-1\"><li><a class=\"lh-15 circle\" href=\"https:\/\/fundatiaregala.ro\/en\/category\/2021\/\" rel=\"category\">2021<\/a><\/li><\/ul><\/div>\t<\/div>\n\n<\/div>\n\n<header class=\"lqd-lp-header p-5\">\n\n\t<div class=\"lqd-lp-meta lqd-lp-meta-dot-between d-flex flex-wrap align-items-center text-uppercase ltr-sp-1 font-weight-bold\">\n\n\t\t<div class=\"lqd-lp-author pos-rel z-index-3\">\n\t\t\t<div class=\"lqd-lp-author-info\">\n\t\t\t\t<h3 class=\"mt-0 mb-0 h5\"><a href=\"https:\/\/fundatiaregala.ro\/en\/author\/administrator_frmr\/\">Administrator_FRMR<\/a><\/h3>\n\t\t\t<\/div>\n\t\t<\/div>\n\n\t\t<time class=\"lqd-lp-date pos-rel z-index-2\" datetime=\"2021-11-04T10:44:55+02:00\">04\/11\/2021<\/time>\n\t<\/div>\n\n\t<h2 class=\"entry-title lqd-lp-title mt-3 mb-0 h5\"><a  href=\"https:\/\/fundatiaregala.ro\/en\/fundatia-regala-margareta-a-romaniei-lanseaza-proiectul-tinere-talente-sustinerea-artistilor-si-profesionistilor-din-sectoarele-creative-si-culturale\/\" rel=\"bookmark\">The Margareta of Romania Royal Foundation launches the project\n\u201cYoung Talents \u2013 Supporting Artists and Professionals in the Creative and Cultural Sectors\u201d<\/a><\/h2>\n<\/header>\n\n<a  href=\"https:\/\/fundatiaregala.ro\/en\/fundatia-regala-margareta-a-romaniei-lanseaza-proiectul-tinere-talente-sustinerea-artistilor-si-profesionistilor-din-sectoarele-creative-si-culturale\/\" class=\"lqd-lp-overlay-link lqd-overlay z-index-2\" tab-index=\"-1\"><\/a><\/article><\/div><div class=\"lqd-lp-column col-md-4 col-sm-6 2021 lqd-f-27 comunicate lqd-f-33 tinere-talente lqd-f-31\"><article id=\"post-28615\" class=\"lqd-lp lqd-lp-style-6 lqd-lp-hover-img-zoom pos-rel round overflow-hidden post-28615 post type-post status-publish format-standard has-post-thumbnail hentry category-27 category-comunicate category-tinere-talente\">\n<div class=\"lqd-lp-img overflow-hidden\">\n\n\t<figure><img decoding=\"async\" width=\"720\" height=\"418\" src=\"data:image\/svg+xml;charset=utf-8,%3Csvg xmlns%3D&#039;http%3A%2F%2Fwww.w3.org%2F2000%2Fsvg&#039; viewBox%3D&#039;0 0 720 418&#039;%2F%3E\" class=\"w-100 ld-lazyload wp-post-image\" alt=\"\" itemprop=\"image\" data-src=\"https:\/\/fundatiaregala.ro\/wp-content\/uploads\/FRMR-romania-are-nevoie-de-arta-720x418.png\" data-srcset=\"https:\/\/fundatiaregala.ro\/wp-content\/uploads\/FRMR-romania-are-nevoie-de-arta-720x418.png 720w, https:\/\/fundatiaregala.ro\/wp-content\/uploads\/FRMR-romania-are-nevoie-de-arta-18x9.png 18w\" data-sizes=\"(max-width: 720px) 100vw, 720px\" data-aspect=\"1.7224880382775\" \/><\/figure>\n\t<div class=\"lqd-lp-meta text-uppercase font-weight-bold pos-rel z-index-3\">\n\t\t<div><span class=\"screen-reader-text\">Tags <\/span><ul class=\"lqd-lp-cat lqd-lp-cat-shaped lqd-lp-cat-solid reset-ul inline-ul font-weight-bold text-uppercase ltr-sp-1\"><li><a class=\"lh-15 circle\" href=\"https:\/\/fundatiaregala.ro\/en\/category\/2021\/\" rel=\"category\">2021<\/a><\/li><\/ul><\/div>\t<\/div>\n\n<\/div>\n\n<header class=\"lqd-lp-header p-5\">\n\n\t<div class=\"lqd-lp-meta lqd-lp-meta-dot-between d-flex flex-wrap align-items-center text-uppercase ltr-sp-1 font-weight-bold\">\n\n\t\t<div class=\"lqd-lp-author pos-rel z-index-3\">\n\t\t\t<div class=\"lqd-lp-author-info\">\n\t\t\t\t<h3 class=\"mt-0 mb-0 h5\"><a href=\"https:\/\/fundatiaregala.ro\/en\/author\/administrator_frmr\/\">Administrator_FRMR<\/a><\/h3>\n\t\t\t<\/div>\n\t\t<\/div>\n\n\t\t<time class=\"lqd-lp-date pos-rel z-index-2\" datetime=\"2021-10-13T12:30:09+02:00\">13\/10\/2021<\/time>\n\t<\/div>\n\n\t<h2 class=\"entry-title lqd-lp-title mt-3 mb-0 h5\"><a  href=\"https:\/\/fundatiaregala.ro\/en\/campania-romania-are-nevoie-de-arta-aduce-impreuna-personalitati-culturale-pentru-mobilizarea-de-fonduri-destinate-tinerilor-artisti-romani\/\" rel=\"bookmark\">The \u201cRomania Needs Art\u201d Campaign Brings Together Cultural Figures to Raise Funds for Young Romanian Artists<\/a><\/h2>\n<\/header>\n\n<a  href=\"https:\/\/fundatiaregala.ro\/en\/campania-romania-are-nevoie-de-arta-aduce-impreuna-personalitati-culturale-pentru-mobilizarea-de-fonduri-destinate-tinerilor-artisti-romani\/\" class=\"lqd-lp-overlay-link lqd-overlay z-index-2\" tab-index=\"-1\"><\/a><\/article><\/div><div class=\"lqd-lp-column col-md-4 col-sm-6 2021 lqd-f-27 comunicate lqd-f-33 tinere-talente lqd-f-31\"><article id=\"post-28157\" class=\"lqd-lp lqd-lp-style-6 lqd-lp-hover-img-zoom pos-rel round overflow-hidden post-28157 post type-post status-publish format-standard has-post-thumbnail hentry category-27 category-comunicate category-tinere-talente\">\n<div class=\"lqd-lp-img overflow-hidden\">\n\n\t<figure><img decoding=\"async\" width=\"700\" height=\"500\" src=\"data:image\/svg+xml;charset=utf-8,%3Csvg xmlns%3D&#039;http%3A%2F%2Fwww.w3.org%2F2000%2Fsvg&#039; viewBox%3D&#039;0 0 700 500&#039;%2F%3E\" class=\"w-100 ld-lazyload wp-post-image\" alt=\"\" itemprop=\"image\" data-src=\"https:\/\/fundatiaregala.ro\/wp-content\/uploads\/frmr-selectie-deschisa-tinere-talente.jpg\" data-srcset=\"https:\/\/fundatiaregala.ro\/wp-content\/uploads\/frmr-selectie-deschisa-tinere-talente.jpg 700w, https:\/\/fundatiaregala.ro\/wp-content\/uploads\/frmr-selectie-deschisa-tinere-talente-300x214.jpg 300w, https:\/\/fundatiaregala.ro\/wp-content\/uploads\/frmr-selectie-deschisa-tinere-talente-18x12.jpg 18w\" data-sizes=\"(max-width: 700px) 100vw, 700px\" data-aspect=\"1.4\" \/><\/figure>\n\t<div class=\"lqd-lp-meta text-uppercase font-weight-bold pos-rel z-index-3\">\n\t\t<div><span class=\"screen-reader-text\">Tags <\/span><ul class=\"lqd-lp-cat lqd-lp-cat-shaped lqd-lp-cat-solid reset-ul inline-ul font-weight-bold text-uppercase ltr-sp-1\"><li><a class=\"lh-15 circle\" href=\"https:\/\/fundatiaregala.ro\/en\/category\/2021\/\" rel=\"category\">2021<\/a><\/li><\/ul><\/div>\t<\/div>\n\n<\/div>\n\n<header class=\"lqd-lp-header p-5\">\n\n\t<div class=\"lqd-lp-meta lqd-lp-meta-dot-between d-flex flex-wrap align-items-center text-uppercase ltr-sp-1 font-weight-bold\">\n\n\t\t<div class=\"lqd-lp-author pos-rel z-index-3\">\n\t\t\t<div class=\"lqd-lp-author-info\">\n\t\t\t\t<h3 class=\"mt-0 mb-0 h5\"><a href=\"https:\/\/fundatiaregala.ro\/en\/author\/administrator_frmr\/\">Administrator_FRMR<\/a><\/h3>\n\t\t\t<\/div>\n\t\t<\/div>\n\n\t\t<time class=\"lqd-lp-date pos-rel z-index-2\" datetime=\"2021-09-22T09:53:25+02:00\">22\/09\/2021<\/time>\n\t<\/div>\n\n\t<h2 class=\"entry-title lqd-lp-title mt-3 mb-0 h5\"><a  href=\"https:\/\/fundatiaregala.ro\/en\/selectie-deschisa-pentru-artisti-vizuali-si-muzicieni-debutanti-in-cadrul-proiectului-tinere-talente-sustinerea-artistilor-si-profesionistilor-din-sectoarele-creative-si-culturale\/\" rel=\"bookmark\">Open Call for Emerging Visual Artists and Musicians within the Project Young Talents \u2013 Supporting Artists and Professionals in the Creative and Cultural Sectors<\/a><\/h2>\n<\/header>\n\n<a  href=\"https:\/\/fundatiaregala.ro\/en\/selectie-deschisa-pentru-artisti-vizuali-si-muzicieni-debutanti-in-cadrul-proiectului-tinere-talente-sustinerea-artistilor-si-profesionistilor-din-sectoarele-creative-si-culturale\/\" class=\"lqd-lp-overlay-link lqd-overlay z-index-2\" tab-index=\"-1\"><\/a><\/article><\/div><div class=\"lqd-lp-column col-md-4 col-sm-6 2021 lqd-f-27 comunicate lqd-f-33 tinere-talente lqd-f-31\"><article id=\"post-27741\" class=\"lqd-lp lqd-lp-style-6 lqd-lp-hover-img-zoom pos-rel round overflow-hidden post-27741 post type-post status-publish format-standard hentry category-27 category-comunicate category-tinere-talente\">\n<div class=\"lqd-lp-img overflow-hidden\">\n\n\t\n\t<div class=\"lqd-lp-meta text-uppercase font-weight-bold pos-rel z-index-3\">\n\t\t<div><span class=\"screen-reader-text\">Tags <\/span><ul class=\"lqd-lp-cat lqd-lp-cat-shaped lqd-lp-cat-solid reset-ul inline-ul font-weight-bold text-uppercase ltr-sp-1\"><li><a class=\"lh-15 circle\" href=\"https:\/\/fundatiaregala.ro\/en\/category\/2021\/\" rel=\"category\">2021<\/a><\/li><\/ul><\/div>\t<\/div>\n\n<\/div>\n\n<header class=\"lqd-lp-header p-5\">\n\n\t<div class=\"lqd-lp-meta lqd-lp-meta-dot-between d-flex flex-wrap align-items-center text-uppercase ltr-sp-1 font-weight-bold\">\n\n\t\t<div class=\"lqd-lp-author pos-rel z-index-3\">\n\t\t\t<div class=\"lqd-lp-author-info\">\n\t\t\t\t<h3 class=\"mt-0 mb-0 h5\"><a href=\"https:\/\/fundatiaregala.ro\/en\/author\/administrator_frmr\/\">Administrator_FRMR<\/a><\/h3>\n\t\t\t<\/div>\n\t\t<\/div>\n\n\t\t<time class=\"lqd-lp-date pos-rel z-index-2\" datetime=\"2021-05-07T13:10:27+02:00\">07\/05\/2021<\/time>\n\t<\/div>\n\n\t<h2 class=\"entry-title lqd-lp-title mt-3 mb-0 h5\"><a  href=\"https:\/\/fundatiaregala.ro\/en\/jurnal-de-viata-expozitie-de-arte-vizuale-si-recitaluri-de-muzica-clasica-prezentate-in-mod-inedit-de-bursierii-tinere-talente\/\" rel=\"bookmark\">Life Journal, a visual arts exhibition and classical music recitals presented in an original format by the Young Talents scholars.<\/a><\/h2>\n<\/header>\n\n<a  href=\"https:\/\/fundatiaregala.ro\/en\/jurnal-de-viata-expozitie-de-arte-vizuale-si-recitaluri-de-muzica-clasica-prezentate-in-mod-inedit-de-bursierii-tinere-talente\/\" class=\"lqd-lp-overlay-link lqd-overlay z-index-2\" tab-index=\"-1\"><\/a><\/article><\/div><div class=\"lqd-lp-column col-md-4 col-sm-6 2021 lqd-f-27 comunicate lqd-f-33 tinere-talente lqd-f-31\"><article id=\"post-27409\" class=\"lqd-lp lqd-lp-style-6 lqd-lp-hover-img-zoom pos-rel round overflow-hidden post-27409 post type-post status-publish format-standard has-post-thumbnail hentry category-27 category-comunicate category-tinere-talente\">\n<div class=\"lqd-lp-img overflow-hidden\">\n\n\t<figure><img decoding=\"async\" width=\"720\" height=\"510\" src=\"data:image\/svg+xml;charset=utf-8,%3Csvg xmlns%3D&#039;http%3A%2F%2Fwww.w3.org%2F2000%2Fsvg&#039; viewBox%3D&#039;0 0 720 510&#039;%2F%3E\" class=\"w-100 ld-lazyload wp-post-image\" alt=\"\" itemprop=\"image\" data-src=\"https:\/\/fundatiaregala.ro\/wp-content\/uploads\/FRMR-bursieri-Tinere-Talente-2021-720x510.jpg\" data-srcset=\"https:\/\/fundatiaregala.ro\/wp-content\/uploads\/FRMR-bursieri-Tinere-Talente-2021-720x510.jpg 720w, https:\/\/fundatiaregala.ro\/wp-content\/uploads\/FRMR-bursieri-Tinere-Talente-2021-18x12.jpg 18w\" data-sizes=\"(max-width: 720px) 100vw, 720px\" data-aspect=\"1.4117647058824\" \/><\/figure>\n\t<div class=\"lqd-lp-meta text-uppercase font-weight-bold pos-rel z-index-3\">\n\t\t<div><span class=\"screen-reader-text\">Tags <\/span><ul class=\"lqd-lp-cat lqd-lp-cat-shaped lqd-lp-cat-solid reset-ul inline-ul font-weight-bold text-uppercase ltr-sp-1\"><li><a class=\"lh-15 circle\" href=\"https:\/\/fundatiaregala.ro\/en\/category\/2021\/\" rel=\"category\">2021<\/a><\/li><\/ul><\/div>\t<\/div>\n\n<\/div>\n\n<header class=\"lqd-lp-header p-5\">\n\n\t<div class=\"lqd-lp-meta lqd-lp-meta-dot-between d-flex flex-wrap align-items-center text-uppercase ltr-sp-1 font-weight-bold\">\n\n\t\t<div class=\"lqd-lp-author pos-rel z-index-3\">\n\t\t\t<div class=\"lqd-lp-author-info\">\n\t\t\t\t<h3 class=\"mt-0 mb-0 h5\"><a href=\"https:\/\/fundatiaregala.ro\/en\/author\/administrator_frmr\/\">Administrator_FRMR<\/a><\/h3>\n\t\t\t<\/div>\n\t\t<\/div>\n\n\t\t<time class=\"lqd-lp-date pos-rel z-index-2\" datetime=\"2021-03-03T11:57:42+02:00\">03\/03\/2021<\/time>\n\t<\/div>\n\n\t<h2 class=\"entry-title lqd-lp-title mt-3 mb-0 h5\"><a  href=\"https:\/\/fundatiaregala.ro\/en\/30-de-tineri-talentati-muzicieni-si-artisti-vizuali-au-devenit-bursieri-ai-programului-national-tinere-talente-2021\/\" rel=\"bookmark\">30 talented young people, musicians and visual artists, have become scholars of the Young Talents 2021 national program<\/a><\/h2>\n<\/header>\n\n<a  href=\"https:\/\/fundatiaregala.ro\/en\/30-de-tineri-talentati-muzicieni-si-artisti-vizuali-au-devenit-bursieri-ai-programului-national-tinere-talente-2021\/\" class=\"lqd-lp-overlay-link lqd-overlay z-index-2\" tab-index=\"-1\"><\/a><\/article><\/div><div class=\"lqd-lp-column col-md-4 col-sm-6 2021 lqd-f-27 comunicate lqd-f-33 tinere-talente lqd-f-31\"><article id=\"post-27218\" class=\"lqd-lp lqd-lp-style-6 lqd-lp-hover-img-zoom pos-rel round overflow-hidden post-27218 post type-post status-publish format-standard has-post-thumbnail hentry category-27 category-comunicate category-tinere-talente\">\n<div class=\"lqd-lp-img overflow-hidden\">\n\n\t<figure><img decoding=\"async\" width=\"720\" height=\"510\" src=\"data:image\/svg+xml;charset=utf-8,%3Csvg xmlns%3D&#039;http%3A%2F%2Fwww.w3.org%2F2000%2Fsvg&#039; viewBox%3D&#039;0 0 720 510&#039;%2F%3E\" class=\"w-100 ld-lazyload wp-post-image\" alt=\"\" itemprop=\"image\" data-src=\"https:\/\/fundatiaregala.ro\/wp-content\/uploads\/frmr-tinere-talente-360-720x510.png\" data-aspect=\"1.4117647058824\" \/><\/figure>\n\t<div class=\"lqd-lp-meta text-uppercase font-weight-bold pos-rel z-index-3\">\n\t\t<div><span class=\"screen-reader-text\">Tags <\/span><ul class=\"lqd-lp-cat lqd-lp-cat-shaped lqd-lp-cat-solid reset-ul inline-ul font-weight-bold text-uppercase ltr-sp-1\"><li><a class=\"lh-15 circle\" href=\"https:\/\/fundatiaregala.ro\/en\/category\/2021\/\" rel=\"category\">2021<\/a><\/li><\/ul><\/div>\t<\/div>\n\n<\/div>\n\n<header class=\"lqd-lp-header p-5\">\n\n\t<div class=\"lqd-lp-meta lqd-lp-meta-dot-between d-flex flex-wrap align-items-center text-uppercase ltr-sp-1 font-weight-bold\">\n\n\t\t<div class=\"lqd-lp-author pos-rel z-index-3\">\n\t\t\t<div class=\"lqd-lp-author-info\">\n\t\t\t\t<h3 class=\"mt-0 mb-0 h5\"><a href=\"https:\/\/fundatiaregala.ro\/en\/author\/administrator_frmr\/\">Administrator_FRMR<\/a><\/h3>\n\t\t\t<\/div>\n\t\t<\/div>\n\n\t\t<time class=\"lqd-lp-date pos-rel z-index-2\" datetime=\"2021-02-08T15:05:09+02:00\">08\/02\/2021<\/time>\n\t<\/div>\n\n\t<h2 class=\"entry-title lqd-lp-title mt-3 mb-0 h5\"><a  href=\"https:\/\/fundatiaregala.ro\/en\/platforma-educativa-tinere-talente-360-o-noua-resursa-destinata-elevilor-studentilor-si-profesorilor-din-licee-si-universitati-vocationale\/\" rel=\"bookmark\">The Young Talents 360 Educational Platform \u2013 a new resource for pupils, students, and teachers in vocational high schools and universities<\/a><\/h2>\n<\/header>\n\n<a  href=\"https:\/\/fundatiaregala.ro\/en\/platforma-educativa-tinere-talente-360-o-noua-resursa-destinata-elevilor-studentilor-si-profesorilor-din-licee-si-universitati-vocationale\/\" class=\"lqd-lp-overlay-link lqd-overlay z-index-2\" tab-index=\"-1\"><\/a><\/article><\/div><div class=\"lqd-lp-column col-md-4 col-sm-6 2020 lqd-f-35 comunicate lqd-f-33 tinere-talente lqd-f-31\"><article id=\"post-26670\" class=\"lqd-lp lqd-lp-style-6 lqd-lp-hover-img-zoom pos-rel round overflow-hidden post-26670 post type-post status-publish format-standard has-post-thumbnail hentry category-35 category-comunicate category-tinere-talente\">\n<div class=\"lqd-lp-img overflow-hidden\">\n\n\t<figure><img decoding=\"async\" width=\"720\" height=\"510\" src=\"data:image\/svg+xml;charset=utf-8,%3Csvg xmlns%3D&#039;http%3A%2F%2Fwww.w3.org%2F2000%2Fsvg&#039; viewBox%3D&#039;0 0 720 510&#039;%2F%3E\" class=\"w-100 ld-lazyload wp-post-image\" alt=\"\" itemprop=\"image\" data-src=\"https:\/\/fundatiaregala.ro\/wp-content\/uploads\/FRMR-gala-tinere-talente-2020-720x510.jpg\" data-aspect=\"1.4117647058824\" \/><\/figure>\n\t<div class=\"lqd-lp-meta text-uppercase font-weight-bold pos-rel z-index-3\">\n\t\t<div><span class=\"screen-reader-text\">Tags <\/span><ul class=\"lqd-lp-cat lqd-lp-cat-shaped lqd-lp-cat-solid reset-ul inline-ul font-weight-bold text-uppercase ltr-sp-1\"><li><a class=\"lh-15 circle\" href=\"https:\/\/fundatiaregala.ro\/en\/category\/2020\/\" rel=\"category\">2020<\/a><\/li><\/ul><\/div>\t<\/div>\n\n<\/div>\n\n<header class=\"lqd-lp-header p-5\">\n\n\t<div class=\"lqd-lp-meta lqd-lp-meta-dot-between d-flex flex-wrap align-items-center text-uppercase ltr-sp-1 font-weight-bold\">\n\n\t\t<div class=\"lqd-lp-author pos-rel z-index-3\">\n\t\t\t<div class=\"lqd-lp-author-info\">\n\t\t\t\t<h3 class=\"mt-0 mb-0 h5\"><a href=\"https:\/\/fundatiaregala.ro\/en\/author\/administrator_frmr\/\">Administrator_FRMR<\/a><\/h3>\n\t\t\t<\/div>\n\t\t<\/div>\n\n\t\t<time class=\"lqd-lp-date pos-rel z-index-2\" datetime=\"2020-11-26T10:27:19+02:00\">26\/11\/2020<\/time>\n\t<\/div>\n\n\t<h2 class=\"entry-title lqd-lp-title mt-3 mb-0 h5\"><a  href=\"https:\/\/fundatiaregala.ro\/en\/gala-tinere-talente-editia-2020-emisiune-eveniment-dedicata-tinerilor-artisti-sustinuti-de-fundatia-regala-margareta-a-romaniei\/\" rel=\"bookmark\">The Young Talents Gala, 2020 Edition \u2013 An event-broadcast dedicated to young artists supported by The Margareta of Romania Royal Foundation<\/a><\/h2>\n<\/header>\n\n<a  href=\"https:\/\/fundatiaregala.ro\/en\/gala-tinere-talente-editia-2020-emisiune-eveniment-dedicata-tinerilor-artisti-sustinuti-de-fundatia-regala-margareta-a-romaniei\/\" class=\"lqd-lp-overlay-link lqd-overlay z-index-2\" tab-index=\"-1\"><\/a><\/article><\/div><div class=\"lqd-lp-column col-md-4 col-sm-6 2020 lqd-f-35 comunicate lqd-f-33 tinere-talente lqd-f-31\"><article id=\"post-26437\" class=\"lqd-lp lqd-lp-style-6 lqd-lp-hover-img-zoom pos-rel round overflow-hidden post-26437 post type-post status-publish format-standard has-post-thumbnail hentry category-35 category-comunicate category-tinere-talente\">\n<div class=\"lqd-lp-img overflow-hidden\">\n\n\t<figure><img decoding=\"async\" width=\"720\" height=\"510\" src=\"data:image\/svg+xml;charset=utf-8,%3Csvg xmlns%3D&#039;http%3A%2F%2Fwww.w3.org%2F2000%2Fsvg&#039; viewBox%3D&#039;0 0 720 510&#039;%2F%3E\" class=\"w-100 ld-lazyload wp-post-image\" alt=\"\" itemprop=\"image\" data-src=\"https:\/\/fundatiaregala.ro\/wp-content\/uploads\/frmr-selectie-bursele-tinere-talente-2020-720x510.png\" data-srcset=\"https:\/\/fundatiaregala.ro\/wp-content\/uploads\/frmr-selectie-bursele-tinere-talente-2020-720x510.png 720w, https:\/\/fundatiaregala.ro\/wp-content\/uploads\/frmr-selectie-bursele-tinere-talente-2020-300x213.png 300w, https:\/\/fundatiaregala.ro\/wp-content\/uploads\/frmr-selectie-bursele-tinere-talente-2020-1024x727.png 1024w, https:\/\/fundatiaregala.ro\/wp-content\/uploads\/frmr-selectie-bursele-tinere-talente-2020-18x12.png 18w, https:\/\/fundatiaregala.ro\/wp-content\/uploads\/frmr-selectie-bursele-tinere-talente-2020.png 1747w\" data-sizes=\"(max-width: 720px) 100vw, 720px\" data-aspect=\"1.4117647058824\" \/><\/figure>\n\t<div class=\"lqd-lp-meta text-uppercase font-weight-bold pos-rel z-index-3\">\n\t\t<div><span class=\"screen-reader-text\">Tags <\/span><ul class=\"lqd-lp-cat lqd-lp-cat-shaped lqd-lp-cat-solid reset-ul inline-ul font-weight-bold text-uppercase ltr-sp-1\"><li><a class=\"lh-15 circle\" href=\"https:\/\/fundatiaregala.ro\/en\/category\/2020\/\" rel=\"category\">2020<\/a><\/li><\/ul><\/div>\t<\/div>\n\n<\/div>\n\n<header class=\"lqd-lp-header p-5\">\n\n\t<div class=\"lqd-lp-meta lqd-lp-meta-dot-between d-flex flex-wrap align-items-center text-uppercase ltr-sp-1 font-weight-bold\">\n\n\t\t<div class=\"lqd-lp-author pos-rel z-index-3\">\n\t\t\t<div class=\"lqd-lp-author-info\">\n\t\t\t\t<h3 class=\"mt-0 mb-0 h5\"><a href=\"https:\/\/fundatiaregala.ro\/en\/author\/administrator_frmr\/\">Administrator_FRMR<\/a><\/h3>\n\t\t\t<\/div>\n\t\t<\/div>\n\n\t\t<time class=\"lqd-lp-date pos-rel z-index-2\" datetime=\"2020-11-03T15:32:10+02:00\">03\/11\/2020<\/time>\n\t<\/div>\n\n\t<h2 class=\"entry-title lqd-lp-title mt-3 mb-0 h5\"><a  href=\"https:\/\/fundatiaregala.ro\/en\/fundatia-regala-margareta-a-romaniei-lanseaza-o-noua-selectie-pentru-programul-de-burse-tinere-talente-editia-2021\/\" rel=\"bookmark\">The Margareta of Romania Royal Foundation launches a new selection for the Young Talents Scholarship program, 2021 edition<\/a><\/h2>\n<\/header>\n\n<a  href=\"https:\/\/fundatiaregala.ro\/en\/fundatia-regala-margareta-a-romaniei-lanseaza-o-noua-selectie-pentru-programul-de-burse-tinere-talente-editia-2021\/\" class=\"lqd-lp-overlay-link lqd-overlay z-index-2\" tab-index=\"-1\"><\/a><\/article><\/div><div class=\"lqd-lp-column col-md-4 col-sm-6 2020 lqd-f-35 comunicate lqd-f-33 tinere-talente lqd-f-31\"><article id=\"post-26358\" class=\"lqd-lp lqd-lp-style-6 lqd-lp-hover-img-zoom pos-rel round overflow-hidden post-26358 post type-post status-publish format-standard has-post-thumbnail hentry category-35 category-comunicate category-tinere-talente\">\n<div class=\"lqd-lp-img overflow-hidden\">\n\n\t<figure><img decoding=\"async\" width=\"720\" height=\"401\" src=\"data:image\/svg+xml;charset=utf-8,%3Csvg xmlns%3D&#039;http%3A%2F%2Fwww.w3.org%2F2000%2Fsvg&#039; viewBox%3D&#039;0 0 720 401&#039;%2F%3E\" class=\"w-100 ld-lazyload wp-post-image\" alt=\"\" itemprop=\"image\" data-src=\"https:\/\/fundatiaregala.ro\/wp-content\/uploads\/frmr-romania-are-nevoie-de-arta-1-720x401.png\" data-srcset=\"https:\/\/fundatiaregala.ro\/wp-content\/uploads\/frmr-romania-are-nevoie-de-arta-1-720x401.png 720w, https:\/\/fundatiaregala.ro\/wp-content\/uploads\/frmr-romania-are-nevoie-de-arta-1-18x9.png 18w\" data-sizes=\"(max-width: 720px) 100vw, 720px\" data-aspect=\"1.7955112219451\" \/><\/figure>\n\t<div class=\"lqd-lp-meta text-uppercase font-weight-bold pos-rel z-index-3\">\n\t\t<div><span class=\"screen-reader-text\">Tags <\/span><ul class=\"lqd-lp-cat lqd-lp-cat-shaped lqd-lp-cat-solid reset-ul inline-ul font-weight-bold text-uppercase ltr-sp-1\"><li><a class=\"lh-15 circle\" href=\"https:\/\/fundatiaregala.ro\/en\/category\/2020\/\" rel=\"category\">2020<\/a><\/li><\/ul><\/div>\t<\/div>\n\n<\/div>\n\n<header class=\"lqd-lp-header p-5\">\n\n\t<div class=\"lqd-lp-meta lqd-lp-meta-dot-between d-flex flex-wrap align-items-center text-uppercase ltr-sp-1 font-weight-bold\">\n\n\t\t<div class=\"lqd-lp-author pos-rel z-index-3\">\n\t\t\t<div class=\"lqd-lp-author-info\">\n\t\t\t\t<h3 class=\"mt-0 mb-0 h5\"><a href=\"https:\/\/fundatiaregala.ro\/en\/author\/administrator_frmr\/\">Administrator_FRMR<\/a><\/h3>\n\t\t\t<\/div>\n\t\t<\/div>\n\n\t\t<time class=\"lqd-lp-date pos-rel z-index-2\" datetime=\"2020-10-22T10:11:45+02:00\">22\/10\/2020<\/time>\n\t<\/div>\n\n\t<h2 class=\"entry-title lqd-lp-title mt-3 mb-0 h5\"><a  href=\"https:\/\/fundatiaregala.ro\/en\/pe-25-octombrie-in-ziua-traditionalului-concert-regal-caritabil-personalitati-de-elita-din-lumea-artei-si-a-muzicii-clasice-participa-in-campania-romania-are-nevoie-de-arta-dedicata-strangerii-de-f\/\" rel=\"bookmark\">On October 25, the day of the traditional charitable Royal Concert, elite figures from the world of art and classical music participate in the \"Romania Needs Art\" campaign dedicated to fundraising for scholarships offered to young Romanian artists<\/a><\/h2>\n<\/header>\n\n<a  href=\"https:\/\/fundatiaregala.ro\/en\/pe-25-octombrie-in-ziua-traditionalului-concert-regal-caritabil-personalitati-de-elita-din-lumea-artei-si-a-muzicii-clasice-participa-in-campania-romania-are-nevoie-de-arta-dedicata-strangerii-de-f\/\" class=\"lqd-lp-overlay-link lqd-overlay z-index-2\" tab-index=\"-1\"><\/a><\/article><\/div><div class=\"lqd-lp-column col-md-4 col-sm-6 2020 lqd-f-35 comunicate lqd-f-33 tinere-talente lqd-f-31\"><article id=\"post-25482\" class=\"lqd-lp lqd-lp-style-6 lqd-lp-hover-img-zoom pos-rel round overflow-hidden post-25482 post type-post status-publish format-standard has-post-thumbnail hentry category-35 category-comunicate category-tinere-talente\">\n<div class=\"lqd-lp-img overflow-hidden\">\n\n\t<figure><img decoding=\"async\" width=\"720\" height=\"510\" src=\"data:image\/svg+xml;charset=utf-8,%3Csvg xmlns%3D&#039;http%3A%2F%2Fwww.w3.org%2F2000%2Fsvg&#039; viewBox%3D&#039;0 0 720 510&#039;%2F%3E\" class=\"w-100 ld-lazyload wp-post-image\" alt=\"\" itemprop=\"image\" data-src=\"https:\/\/fundatiaregala.ro\/wp-content\/uploads\/frmr-selectie-tinere-talente-2020-720x510.png\" data-aspect=\"1.4117647058824\" \/><\/figure>\n\t<div class=\"lqd-lp-meta text-uppercase font-weight-bold pos-rel z-index-3\">\n\t\t<div><span class=\"screen-reader-text\">Tags <\/span><ul class=\"lqd-lp-cat lqd-lp-cat-shaped lqd-lp-cat-solid reset-ul inline-ul font-weight-bold text-uppercase ltr-sp-1\"><li><a class=\"lh-15 circle\" href=\"https:\/\/fundatiaregala.ro\/en\/category\/2020\/\" rel=\"category\">2020<\/a><\/li><\/ul><\/div>\t<\/div>\n\n<\/div>\n\n<header class=\"lqd-lp-header p-5\">\n\n\t<div class=\"lqd-lp-meta lqd-lp-meta-dot-between d-flex flex-wrap align-items-center text-uppercase ltr-sp-1 font-weight-bold\">\n\n\t\t<div class=\"lqd-lp-author pos-rel z-index-3\">\n\t\t\t<div class=\"lqd-lp-author-info\">\n\t\t\t\t<h3 class=\"mt-0 mb-0 h5\"><a href=\"https:\/\/fundatiaregala.ro\/en\/author\/administrator_frmr\/\">Administrator_FRMR<\/a><\/h3>\n\t\t\t<\/div>\n\t\t<\/div>\n\n\t\t<time class=\"lqd-lp-date pos-rel z-index-2\" datetime=\"2020-02-25T13:25:20+02:00\">25\/02\/2020<\/time>\n\t<\/div>\n\n\t<h2 class=\"entry-title lqd-lp-title mt-3 mb-0 h5\"><a  href=\"https:\/\/fundatiaregala.ro\/en\/30-de-tineri-artisti-romani-selectati-in-cadrul-programului-tinere-talente\/\" rel=\"bookmark\">30 young Romanian artists, selected as part of the Young Talents program<\/a><\/h2>\n<\/header>\n\n<a  href=\"https:\/\/fundatiaregala.ro\/en\/30-de-tineri-artisti-romani-selectati-in-cadrul-programului-tinere-talente\/\" class=\"lqd-lp-overlay-link lqd-overlay z-index-2\" tab-index=\"-1\"><\/a><\/article><\/div><\/div><!--\/ .row --><\/div><!--\/ .lqd-lp-grid --><\/div><\/div><\/div><\/div><\/div><\/section><section class=\"vc_row liquid-row-shadowbox-69f44117ae864\"><div class=\"ld-container container\"><div class=\"row ld-row ld-row-outer\"><div class=\"wpb_column vc_column_container vc_col-sm-12 liquid-column-69f44117aed7e\"><div class=\"vc_column-inner\" ><div class=\"wpb_wrapper\"  ><style>.ld_spacer_69f44117aee28{height:50px;}<\/style>\n<div class=\"ld-empty-space ld_spacer_69f44117aee28\"><\/div><\/div><\/div><\/div><\/div><\/div><\/section>","protected":false},"excerpt":{"rendered":"Bucure\u0219ti, 25 februarie 2020 30 de tineri arti\u015fti plastici \u015fi muzicieni proveni\u021bi din familii cu venituri reduse vor fi sprijini\u021bi pe parcursul anului 2020 de Funda\u021bia Regal\u0103 Margareta a Rom\u00e2niei, \u00een cadrul celei de a XIII-a edi\u021bii a programului \u201eTinere Talente\u201d. Sprijinul const\u0103 \u00een burse, sesiuni de mentorat \u015fi promovare, care le vor da tinerilor [...]","protected":false},"author":1,"featured_media":0,"parent":0,"menu_order":0,"comment_status":"closed","ping_status":"closed","template":"","meta":{"footnotes":""},"class_list":["post-39248","page","type-page","status-publish","hentry"],"_links":{"self":[{"href":"https:\/\/fundatiaregala.ro\/en\/wp-json\/wp\/v2\/pages\/39248","targetHints":{"allow":["GET"]}}],"collection":[{"href":"https:\/\/fundatiaregala.ro\/en\/wp-json\/wp\/v2\/pages"}],"about":[{"href":"https:\/\/fundatiaregala.ro\/en\/wp-json\/wp\/v2\/types\/page"}],"author":[{"embeddable":true,"href":"https:\/\/fundatiaregala.ro\/en\/wp-json\/wp\/v2\/users\/1"}],"replies":[{"embeddable":true,"href":"https:\/\/fundatiaregala.ro\/en\/wp-json\/wp\/v2\/comments?post=39248"}],"version-history":[{"count":9,"href":"https:\/\/fundatiaregala.ro\/en\/wp-json\/wp\/v2\/pages\/39248\/revisions"}],"predecessor-version":[{"id":39262,"href":"https:\/\/fundatiaregala.ro\/en\/wp-json\/wp\/v2\/pages\/39248\/revisions\/39262"}],"wp:attachment":[{"href":"https:\/\/fundatiaregala.ro\/en\/wp-json\/wp\/v2\/media?parent=39248"}],"curies":[{"name":"wp","href":"https:\/\/api.w.org\/{rel}","templated":true}]}}