{"id":39260,"date":"2026-03-13T09:35:23","date_gmt":"2026-03-13T07:35:23","guid":{"rendered":"https:\/\/fundatiaregala.ro\/?page_id=39260"},"modified":"2026-03-13T09:35:23","modified_gmt":"2026-03-13T07:35:23","slug":"noutati-centrele-generatii","status":"publish","type":"page","link":"https:\/\/fundatiaregala.ro\/en\/noutati-centrele-generatii\/","title":{"rendered":"Nout\u0103\u021bi Centrele Genera\u021bii"},"content":{"rendered":"<section class=\"vc_row liquid-row-shadowbox-69f43af950698\"><div class=\"ld-container container\"><div class=\"row ld-row ld-row-outer\"><div class=\"wpb_column vc_column_container vc_col-sm-12 text-center text-sm-center text-md-center text-lg-center liquid-column-69f43af950e70\"><div class=\"vc_column-inner\" ><div class=\"wpb_wrapper\"  ><style>.ld_spacer_69f43af950f6b{height:200px;}<\/style>\n<div class=\"ld-empty-space ld_spacer_69f43af950f6b\"><\/div><style>.ld_fancy_heading_69f43af951192 h1{color:#262528;}.ld_fancy_heading_69f43af951192 .lqd-highlight-inner{height:0.275em!important;bottom:0px!important;}<\/style><div class=\"ld-fancy-heading text-center text-uppercase ld_fancy_heading_69f43af951192\">\n\t<h1 class=\"ld-fh-element lqd-highlight-underline lqd-highlight-grow-left text-decoration-default\"   >  NEWS<\/h1><\/div><\/div><\/div><\/div><\/div><\/div><\/section><section class=\"vc_row liquid-row-shadowbox-69f43af951737\"><div class=\"ld-container container\"><div class=\"row ld-row ld-row-outer\"><div class=\"wpb_column vc_column_container vc_col-sm-12 text-center text-sm-center text-md-center text-lg-center liquid-column-69f43af951bdd\"><div class=\"vc_column-inner\" ><div class=\"wpb_wrapper\"  ><style>.ld_spacer_69f43af951c75{height:30px;}<\/style>\n<div class=\"ld-empty-space ld_spacer_69f43af951c75\"><\/div><style>.ld_fancy_heading_69f43af951df6 h1{color:#262528;}.ld_fancy_heading_69f43af951df6 .lqd-highlight-inner{height:0.275em!important;bottom:0px!important;}<\/style><div class=\"ld-fancy-heading text-center text-uppercase ld_fancy_heading_69f43af951df6\">\n\t<h1 class=\"ld-fh-element lqd-highlight-underline lqd-highlight-grow-left text-decoration-default\"   >  GENERATIONS CENTRES<\/h1><\/div><\/div><\/div><\/div><\/div><\/div><\/section><section class=\"vc_row liquid-row-shadowbox-69f43af952300\"><div class=\"ld-container container\"><div class=\"row ld-row ld-row-outer\"><div class=\"wpb_column vc_column_container vc_col-sm-12 liquid-column-69f43af952824\"><div class=\"vc_column-inner\" ><div class=\"wpb_wrapper\"  ><style>.ld_spacer_69f43af952915{height:50px;}<\/style>\n<div class=\"ld-empty-space ld_spacer_69f43af952915\"><\/div><\/div><\/div><\/div><\/div><\/div><\/section><section class=\"vc_row liquid-row-shadowbox-69f43af952d16\"><div class=\"ld-container container\"><div class=\"row ld-row ld-row-outer\"><div class=\"wpb_column vc_column_container vc_col-sm-12 liquid-column-69f43af9531bf\"><div class=\"vc_column-inner\" ><div class=\"wpb_wrapper\"  ><style>.ld_blog_69f43af95331f .lqd-lp-row{margin-inline-start:-15px;margin-inline-end:-15px;}.ld_blog_69f43af95331f .lqd-lp-column{padding-inline-start:15px;padding-inline-end:15px;margin-bottom:30px;}.ld_blog_69f43af95331f .lqd-lp .lqd-lp-title{margin-top:px !important;margin-bottom:px !important;}<\/style><div class=\"lqd-lp-grid ld_blog_69f43af95331f lqd-1768558280693-618e7a6f-8469\">\r\n<div class=\"row\">\r\n\t<div class=\"col-md-12\">\t\t\t\t\t\r\n\t\t<div class=\"liquid-filter-items align-items-center\">\t\r\n\t\t\t<div class=\"liquid-filter-items\">\r\n\t\t\t\t\r\n\t\t\t\t\r\n\t\t\t\t<ul class=\"filter-list filter-list-inline       d-flex align-items-center hidden-xs hidden-sm\" id=\"lqd-1768558280693-106c9e56-a199\">\r\n\t\t\t\t\t<li class=\"active\" data-id=\"0\"><span>Toate<\/span><\/li>\r\n\t\t\t\t\t<li data-id=\"35\"><span>2020<\/span><\/li><li data-id=\"27\"><span>2021<\/span><\/li><li data-id=\"26\"><span>2022<\/span><\/li><li data-id=\"25\"><span>2023<\/span><\/li><li data-id=\"24\"><span>2024<\/span><\/li><li data-id=\"23\"><span>2025<\/span><\/li><li data-id=\"22\"><span>2026<\/span><\/li>\t\t\t\t<\/ul>\r\n\r\n\t\t\t\t<div class=\"lqd-filter-dropdown visible-xs visible-sm\" data-form-options='{ \"dropdownAppendTo\": \"self\" }'>\r\n\t\t\t\t\t<select name=\"lqd-filter-dropdown-lqd-1768558280693-106c9e56-a199\" id=\"lqd-filter-dropdown-lqd-1768558280693-106c9e56-a199\">\r\n\t\t\t\t\t\t<option selected data-filter=\"*\" value=\"*\">Toate<\/option>\r\n\t\t\t\t\t\t<option data-filter=\".lqd-f-\" value=\".lqd-f-\">2020<\/option><option data-filter=\".lqd-f-\" value=\".lqd-f-\">2021<\/option><option data-filter=\".lqd-f-\" value=\".lqd-f-\">2022<\/option><option data-filter=\".lqd-f-\" value=\".lqd-f-\">2023<\/option><option data-filter=\".lqd-f-\" value=\".lqd-f-\">2024<\/option><option data-filter=\".lqd-f-\" value=\".lqd-f-\">2025<\/option><option data-filter=\".lqd-f-\" value=\".lqd-f-\">2026<\/option>\t\t\t\t\t<\/select>\r\n\t\t\t\t<\/div>\r\n\t\t\t\t\t\r\n\t\t\t\t\t\t\t\t\t\r\n\t\t\t\t\t\r\n\t\t\t<\/div>\r\n\t\t<\/div>\r\n\t<\/div>\r\n<\/div><div class=\"lqd-lp-row row d-flex flex-wrap\" data-liquid-masonry=\"true\" data-masonry-options='{ \"filtersID\": \"#lqd-1768558280693-106c9e56-a199\",\"itemSelector\": \".lqd-lp-column\" }'><div class=\"lqd-lp-column col-md-4 col-sm-6 2025 lqd-f-23 centrele-generatii lqd-f-37 comunicate lqd-f-33\"><article id=\"post-35519\" class=\"lqd-lp lqd-lp-style-6 lqd-lp-hover-img-zoom pos-rel round overflow-hidden post-35519 post type-post status-publish format-standard has-post-thumbnail hentry category-23 category-centrele-generatii category-comunicate\">\n<div class=\"lqd-lp-img overflow-hidden\">\n\n\t<figure><img decoding=\"async\" width=\"720\" height=\"510\" src=\"https:\/\/fundatiaregala.ro\/wp-content\/uploads\/frmr-29-aprilie-ziua-europeana-a-solidaritatii-720x510.jpg\" class=\"w-100 wp-post-image\" alt=\"\" srcset=\"https:\/\/fundatiaregala.ro\/wp-content\/uploads\/frmr-29-aprilie-ziua-europeana-a-solidaritatii-720x510.jpg 720w, https:\/\/fundatiaregala.ro\/wp-content\/uploads\/frmr-29-aprilie-ziua-europeana-a-solidaritatii-18x12.jpg 18w\" sizes=\"(max-width: 720px) 100vw, 720px\" itemprop=\"image\" \/><\/figure>\n\t<div class=\"lqd-lp-meta text-uppercase font-weight-bold pos-rel z-index-3\">\n\t\t<div><span class=\"screen-reader-text\">Tags <\/span><ul class=\"lqd-lp-cat lqd-lp-cat-shaped lqd-lp-cat-solid reset-ul inline-ul font-weight-bold text-uppercase ltr-sp-1\"><li><a class=\"lh-15 circle\" href=\"https:\/\/fundatiaregala.ro\/en\/category\/2025\/\" rel=\"category\">2025<\/a><\/li><\/ul><\/div>\t<\/div>\n\n<\/div>\n\n<header class=\"lqd-lp-header p-5\">\n\n\t<div class=\"lqd-lp-meta lqd-lp-meta-dot-between d-flex flex-wrap align-items-center text-uppercase ltr-sp-1 font-weight-bold\">\n\n\t\t<div class=\"lqd-lp-author pos-rel z-index-3\">\n\t\t\t<div class=\"lqd-lp-author-info\">\n\t\t\t\t<h3 class=\"mt-0 mb-0 h5\"><a href=\"https:\/\/fundatiaregala.ro\/en\/author\/administrator_frmr\/\">Administrator_FRMR<\/a><\/h3>\n\t\t\t<\/div>\n\t\t<\/div>\n\n\t\t<time class=\"lqd-lp-date pos-rel z-index-2\" datetime=\"2025-04-29T10:48:58+02:00\">29\/04\/2025<\/time>\n\t<\/div>\n\n\t<h2 class=\"entry-title lqd-lp-title mt-3 mb-0 h5\"><a  href=\"https:\/\/fundatiaregala.ro\/en\/29-aprilie-ziua-europeana-a-solidaritatii-intre-generatii\/\" rel=\"bookmark\">\u00a0April 29th \u2013 European Day of Solidarity between Generations<\/a><\/h2>\n<\/header>\n\n<a  href=\"https:\/\/fundatiaregala.ro\/en\/29-aprilie-ziua-europeana-a-solidaritatii-intre-generatii\/\" class=\"lqd-lp-overlay-link lqd-overlay z-index-2\" tab-index=\"-1\"><\/a><\/article><\/div><div class=\"lqd-lp-column col-md-4 col-sm-6 2023 lqd-f-25 centrele-generatii lqd-f-37 comunicate lqd-f-33\"><article id=\"post-32864\" class=\"lqd-lp lqd-lp-style-6 lqd-lp-hover-img-zoom pos-rel round overflow-hidden post-32864 post type-post status-publish format-standard has-post-thumbnail hentry category-25 category-centrele-generatii category-comunicate\">\n<div class=\"lqd-lp-img overflow-hidden\">\n\n\t<figure><img decoding=\"async\" width=\"720\" height=\"510\" src=\"data:image\/svg+xml;charset=utf-8,%3Csvg xmlns%3D&#039;http%3A%2F%2Fwww.w3.org%2F2000%2Fsvg&#039; viewBox%3D&#039;0 0 720 510&#039;%2F%3E\" class=\"w-100 ld-lazyload wp-post-image\" alt=\"\" itemprop=\"image\" data-src=\"https:\/\/fundatiaregala.ro\/wp-content\/uploads\/frmr-2023-expozitii-generatii-720x510.jpg\" data-srcset=\"https:\/\/fundatiaregala.ro\/wp-content\/uploads\/frmr-2023-expozitii-generatii-720x510.jpg 720w, https:\/\/fundatiaregala.ro\/wp-content\/uploads\/frmr-2023-expozitii-generatii-300x212.jpg 300w, https:\/\/fundatiaregala.ro\/wp-content\/uploads\/frmr-2023-expozitii-generatii-1024x724.jpg 1024w, https:\/\/fundatiaregala.ro\/wp-content\/uploads\/frmr-2023-expozitii-generatii-18x12.jpg 18w, https:\/\/fundatiaregala.ro\/wp-content\/uploads\/frmr-2023-expozitii-generatii.jpg 2048w\" data-sizes=\"(max-width: 720px) 100vw, 720px\" data-aspect=\"1.4117647058824\" \/><\/figure>\n\t<div class=\"lqd-lp-meta text-uppercase font-weight-bold pos-rel z-index-3\">\n\t\t<div><span class=\"screen-reader-text\">Tags <\/span><ul class=\"lqd-lp-cat lqd-lp-cat-shaped lqd-lp-cat-solid reset-ul inline-ul font-weight-bold text-uppercase ltr-sp-1\"><li><a class=\"lh-15 circle\" href=\"https:\/\/fundatiaregala.ro\/en\/category\/2023\/\" rel=\"category\">2023<\/a><\/li><\/ul><\/div>\t<\/div>\n\n<\/div>\n\n<header class=\"lqd-lp-header p-5\">\n\n\t<div class=\"lqd-lp-meta lqd-lp-meta-dot-between d-flex flex-wrap align-items-center text-uppercase ltr-sp-1 font-weight-bold\">\n\n\t\t<div class=\"lqd-lp-author pos-rel z-index-3\">\n\t\t\t<div class=\"lqd-lp-author-info\">\n\t\t\t\t<h3 class=\"mt-0 mb-0 h5\"><a href=\"https:\/\/fundatiaregala.ro\/en\/author\/administrator_frmr\/\">Administrator_FRMR<\/a><\/h3>\n\t\t\t<\/div>\n\t\t<\/div>\n\n\t\t<time class=\"lqd-lp-date pos-rel z-index-2\" datetime=\"2023-10-03T17:28:13+02:00\">03\/10\/2023<\/time>\n\t<\/div>\n\n\t<h2 class=\"entry-title lqd-lp-title mt-3 mb-0 h5\"><a  href=\"https:\/\/fundatiaregala.ro\/en\/expozitiile-generatii-un-periplu-fotografic-al-educatiei-intergenerationale-in-5-comunitati-din-romania-de-ziua-mondiala-a-educatiei\/\" rel=\"bookmark\">Generations Exhibitions \u2013 A Photographic Journey of Intergenerational Education in 5 Communities Across Romania, on World Education Day<\/a><\/h2>\n<\/header>\n\n<a  href=\"https:\/\/fundatiaregala.ro\/en\/expozitiile-generatii-un-periplu-fotografic-al-educatiei-intergenerationale-in-5-comunitati-din-romania-de-ziua-mondiala-a-educatiei\/\" class=\"lqd-lp-overlay-link lqd-overlay z-index-2\" tab-index=\"-1\"><\/a><\/article><\/div><div class=\"lqd-lp-column col-md-4 col-sm-6 2023 lqd-f-25 centrele-generatii lqd-f-37 comunicate lqd-f-33\"><article id=\"post-31701\" class=\"lqd-lp lqd-lp-style-6 lqd-lp-hover-img-zoom pos-rel round overflow-hidden post-31701 post type-post status-publish format-standard has-post-thumbnail hentry category-25 category-centrele-generatii category-comunicate\">\n<div class=\"lqd-lp-img overflow-hidden\">\n\n\t<figure><img decoding=\"async\" width=\"720\" height=\"510\" src=\"data:image\/svg+xml;charset=utf-8,%3Csvg xmlns%3D&#039;http%3A%2F%2Fwww.w3.org%2F2000%2Fsvg&#039; viewBox%3D&#039;0 0 720 510&#039;%2F%3E\" class=\"w-100 ld-lazyload wp-post-image\" alt=\"\" itemprop=\"image\" data-src=\"https:\/\/fundatiaregala.ro\/wp-content\/uploads\/frmr-ziua-europeana-a-solidaritatii-720x510.jpeg\" data-aspect=\"1.4117647058824\" \/><\/figure>\n\t<div class=\"lqd-lp-meta text-uppercase font-weight-bold pos-rel z-index-3\">\n\t\t<div><span class=\"screen-reader-text\">Tags <\/span><ul class=\"lqd-lp-cat lqd-lp-cat-shaped lqd-lp-cat-solid reset-ul inline-ul font-weight-bold text-uppercase ltr-sp-1\"><li><a class=\"lh-15 circle\" href=\"https:\/\/fundatiaregala.ro\/en\/category\/2023\/\" rel=\"category\">2023<\/a><\/li><\/ul><\/div>\t<\/div>\n\n<\/div>\n\n<header class=\"lqd-lp-header p-5\">\n\n\t<div class=\"lqd-lp-meta lqd-lp-meta-dot-between d-flex flex-wrap align-items-center text-uppercase ltr-sp-1 font-weight-bold\">\n\n\t\t<div class=\"lqd-lp-author pos-rel z-index-3\">\n\t\t\t<div class=\"lqd-lp-author-info\">\n\t\t\t\t<h3 class=\"mt-0 mb-0 h5\"><a href=\"https:\/\/fundatiaregala.ro\/en\/author\/administrator_frmr\/\">Administrator_FRMR<\/a><\/h3>\n\t\t\t<\/div>\n\t\t<\/div>\n\n\t\t<time class=\"lqd-lp-date pos-rel z-index-2\" datetime=\"2023-04-27T06:42:07+02:00\">27\/04\/2023<\/time>\n\t<\/div>\n\n\t<h2 class=\"entry-title lqd-lp-title mt-3 mb-0 h5\"><a  href=\"https:\/\/fundatiaregala.ro\/en\/pe-29-aprilie-sarbatorim-ziua-europeana-a-solidaritatii-intre-generatiiseniorii-sunt-invitati-sa-se-inscrie-ca-voluntari-pentru-copii-la-centrele-generatii\/\" rel=\"bookmark\">On April 29, We Celebrate the European Day of Solidarity between Generations! Elderly People Are Invited to Volunteer for Children at the Generations Centres<\/a><\/h2>\n<\/header>\n\n<a  href=\"https:\/\/fundatiaregala.ro\/en\/pe-29-aprilie-sarbatorim-ziua-europeana-a-solidaritatii-intre-generatiiseniorii-sunt-invitati-sa-se-inscrie-ca-voluntari-pentru-copii-la-centrele-generatii\/\" class=\"lqd-lp-overlay-link lqd-overlay z-index-2\" tab-index=\"-1\"><\/a><\/article><\/div><div class=\"lqd-lp-column col-md-4 col-sm-6 2022 lqd-f-26 centrele-generatii lqd-f-37 comunicate lqd-f-33\"><article id=\"post-31052\" class=\"lqd-lp lqd-lp-style-6 lqd-lp-hover-img-zoom pos-rel round overflow-hidden post-31052 post type-post status-publish format-standard has-post-thumbnail hentry category-26 category-centrele-generatii category-comunicate\">\n<div class=\"lqd-lp-img overflow-hidden\">\n\n\t<figure><img decoding=\"async\" width=\"720\" height=\"510\" src=\"data:image\/svg+xml;charset=utf-8,%3Csvg xmlns%3D&#039;http%3A%2F%2Fwww.w3.org%2F2000%2Fsvg&#039; viewBox%3D&#039;0 0 720 510&#039;%2F%3E\" class=\"w-100 ld-lazyload wp-post-image\" alt=\"\" itemprop=\"image\" data-src=\"https:\/\/fundatiaregala.ro\/wp-content\/uploads\/frmr-Centre-Generatii-in-Transilvania-720x510.png\" data-aspect=\"1.4117647058824\" \/><\/figure>\n\t<div class=\"lqd-lp-meta text-uppercase font-weight-bold pos-rel z-index-3\">\n\t\t<div><span class=\"screen-reader-text\">Tags <\/span><ul class=\"lqd-lp-cat lqd-lp-cat-shaped lqd-lp-cat-solid reset-ul inline-ul font-weight-bold text-uppercase ltr-sp-1\"><li><a class=\"lh-15 circle\" href=\"https:\/\/fundatiaregala.ro\/en\/category\/2022\/\" rel=\"category\">2022<\/a><\/li><\/ul><\/div>\t<\/div>\n\n<\/div>\n\n<header class=\"lqd-lp-header p-5\">\n\n\t<div class=\"lqd-lp-meta lqd-lp-meta-dot-between d-flex flex-wrap align-items-center text-uppercase ltr-sp-1 font-weight-bold\">\n\n\t\t<div class=\"lqd-lp-author pos-rel z-index-3\">\n\t\t\t<div class=\"lqd-lp-author-info\">\n\t\t\t\t<h3 class=\"mt-0 mb-0 h5\"><a href=\"https:\/\/fundatiaregala.ro\/en\/author\/administrator_frmr\/\">Administrator_FRMR<\/a><\/h3>\n\t\t\t<\/div>\n\t\t<\/div>\n\n\t\t<time class=\"lqd-lp-date pos-rel z-index-2\" datetime=\"2022-10-31T11:46:27+02:00\">31\/10\/2022<\/time>\n\t<\/div>\n\n\t<h2 class=\"entry-title lqd-lp-title mt-3 mb-0 h5\"><a  href=\"https:\/\/fundatiaregala.ro\/en\/inscrieri-voluntari-proiectul-generatii\/\" rel=\"bookmark\">The Generations Project continues in the Transylvania region in the 2022\u20132023 school year, bringing together children and senior mentors within 10 after-school social centers. A project of The Margareta of Romania Royal Foundation, supported by Hochland Romania.<\/a><\/h2>\n<\/header>\n\n<a  href=\"https:\/\/fundatiaregala.ro\/en\/inscrieri-voluntari-proiectul-generatii\/\" class=\"lqd-lp-overlay-link lqd-overlay z-index-2\" tab-index=\"-1\"><\/a><\/article><\/div><div class=\"lqd-lp-column col-md-4 col-sm-6 2021 lqd-f-27 centrele-generatii lqd-f-37 comunicate lqd-f-33\"><article id=\"post-28827\" class=\"lqd-lp lqd-lp-style-6 lqd-lp-hover-img-zoom pos-rel round overflow-hidden post-28827 post type-post status-publish format-standard has-post-thumbnail hentry category-27 category-centrele-generatii category-comunicate\">\n<div class=\"lqd-lp-img overflow-hidden\">\n\n\t<figure><img decoding=\"async\" width=\"720\" height=\"510\" src=\"data:image\/svg+xml;charset=utf-8,%3Csvg xmlns%3D&#039;http%3A%2F%2Fwww.w3.org%2F2000%2Fsvg&#039; viewBox%3D&#039;0 0 720 510&#039;%2F%3E\" class=\"w-100 ld-lazyload wp-post-image\" alt=\"\" itemprop=\"image\" data-src=\"https:\/\/fundatiaregala.ro\/wp-content\/uploads\/FRMR-Centrele-Generatii-din-Transilvania-1-720x510.png\" data-aspect=\"1.4117647058824\" \/><\/figure>\n\t<div class=\"lqd-lp-meta text-uppercase font-weight-bold pos-rel z-index-3\">\n\t\t<div><span class=\"screen-reader-text\">Tags <\/span><ul class=\"lqd-lp-cat lqd-lp-cat-shaped lqd-lp-cat-solid reset-ul inline-ul font-weight-bold text-uppercase ltr-sp-1\"><li><a class=\"lh-15 circle\" href=\"https:\/\/fundatiaregala.ro\/en\/category\/2021\/\" rel=\"category\">2021<\/a><\/li><\/ul><\/div>\t<\/div>\n\n<\/div>\n\n<header class=\"lqd-lp-header p-5\">\n\n\t<div class=\"lqd-lp-meta lqd-lp-meta-dot-between d-flex flex-wrap align-items-center text-uppercase ltr-sp-1 font-weight-bold\">\n\n\t\t<div class=\"lqd-lp-author pos-rel z-index-3\">\n\t\t\t<div class=\"lqd-lp-author-info\">\n\t\t\t\t<h3 class=\"mt-0 mb-0 h5\"><a href=\"https:\/\/fundatiaregala.ro\/en\/author\/administrator_frmr\/\">Administrator_FRMR<\/a><\/h3>\n\t\t\t<\/div>\n\t\t<\/div>\n\n\t\t<time class=\"lqd-lp-date pos-rel z-index-2\" datetime=\"2021-11-02T12:52:32+02:00\">02\/11\/2021<\/time>\n\t<\/div>\n\n\t<h2 class=\"entry-title lqd-lp-title mt-3 mb-0 h5\"><a  href=\"https:\/\/fundatiaregala.ro\/en\/centrele-generatii-se-extind-in-zona-transilvaniei-in-anul-scolar-2021-2022-sustinute-de-fundatia-regala-margareta-a-romaniei-si-hochland-romania\/\" rel=\"bookmark\">The Generations Centers expand in the Transylvania region in the 2021\u20132022 school year, supported by The Margareta of Romania Royal Foundation and Hochland Romania<\/a><\/h2>\n<\/header>\n\n<a  href=\"https:\/\/fundatiaregala.ro\/en\/centrele-generatii-se-extind-in-zona-transilvaniei-in-anul-scolar-2021-2022-sustinute-de-fundatia-regala-margareta-a-romaniei-si-hochland-romania\/\" class=\"lqd-lp-overlay-link lqd-overlay z-index-2\" tab-index=\"-1\"><\/a><\/article><\/div><div class=\"lqd-lp-column col-md-4 col-sm-6 2021 lqd-f-27 centrele-generatii lqd-f-37 comunicate lqd-f-33\"><article id=\"post-27880\" class=\"lqd-lp lqd-lp-style-6 lqd-lp-hover-img-zoom pos-rel round overflow-hidden post-27880 post type-post status-publish format-standard has-post-thumbnail hentry category-27 category-centrele-generatii category-comunicate\">\n<div class=\"lqd-lp-img overflow-hidden\">\n\n\t<figure><img decoding=\"async\" width=\"720\" height=\"510\" src=\"data:image\/svg+xml;charset=utf-8,%3Csvg xmlns%3D&#039;http%3A%2F%2Fwww.w3.org%2F2000%2Fsvg&#039; viewBox%3D&#039;0 0 720 510&#039;%2F%3E\" class=\"w-100 ld-lazyload wp-post-image\" alt=\"\" itemprop=\"image\" data-src=\"https:\/\/fundatiaregala.ro\/wp-content\/uploads\/frmr-expozitia-Generatii-720x510.png\" data-aspect=\"1.4117647058824\" \/><\/figure>\n\t<div class=\"lqd-lp-meta text-uppercase font-weight-bold pos-rel z-index-3\">\n\t\t<div><span class=\"screen-reader-text\">Tags <\/span><ul class=\"lqd-lp-cat lqd-lp-cat-shaped lqd-lp-cat-solid reset-ul inline-ul font-weight-bold text-uppercase ltr-sp-1\"><li><a class=\"lh-15 circle\" href=\"https:\/\/fundatiaregala.ro\/en\/category\/2021\/\" rel=\"category\">2021<\/a><\/li><\/ul><\/div>\t<\/div>\n\n<\/div>\n\n<header class=\"lqd-lp-header p-5\">\n\n\t<div class=\"lqd-lp-meta lqd-lp-meta-dot-between d-flex flex-wrap align-items-center text-uppercase ltr-sp-1 font-weight-bold\">\n\n\t\t<div class=\"lqd-lp-author pos-rel z-index-3\">\n\t\t\t<div class=\"lqd-lp-author-info\">\n\t\t\t\t<h3 class=\"mt-0 mb-0 h5\"><a href=\"https:\/\/fundatiaregala.ro\/en\/author\/administrator_frmr\/\">Administrator_FRMR<\/a><\/h3>\n\t\t\t<\/div>\n\t\t<\/div>\n\n\t\t<time class=\"lqd-lp-date pos-rel z-index-2\" datetime=\"2021-07-05T11:28:03+02:00\">05\/07\/2021<\/time>\n\t<\/div>\n\n\t<h2 class=\"entry-title lqd-lp-title mt-3 mb-0 h5\"><a  href=\"https:\/\/fundatiaregala.ro\/en\/expozitiile-generatii-un-periplu-fotografic-al-proiectelor-intergenerationale-dezvoltate-in-15-comunitati-din-romania\/\" rel=\"bookmark\">Generations Exhibitions \u2013 a photographic journey of intergenerational projects developed in 15 communities across Romania<\/a><\/h2>\n<\/header>\n\n<a  href=\"https:\/\/fundatiaregala.ro\/en\/expozitiile-generatii-un-periplu-fotografic-al-proiectelor-intergenerationale-dezvoltate-in-15-comunitati-din-romania\/\" class=\"lqd-lp-overlay-link lqd-overlay z-index-2\" tab-index=\"-1\"><\/a><\/article><\/div><div class=\"lqd-lp-column col-md-4 col-sm-6 2021 lqd-f-27 centrele-generatii lqd-f-37 comunicate lqd-f-33\"><article id=\"post-27044\" class=\"lqd-lp lqd-lp-style-6 lqd-lp-hover-img-zoom pos-rel round overflow-hidden post-27044 post type-post status-publish format-standard has-post-thumbnail hentry category-27 category-centrele-generatii category-comunicate\">\n<div class=\"lqd-lp-img overflow-hidden\">\n\n\t<figure><img decoding=\"async\" width=\"720\" height=\"510\" src=\"data:image\/svg+xml;charset=utf-8,%3Csvg xmlns%3D&#039;http%3A%2F%2Fwww.w3.org%2F2000%2Fsvg&#039; viewBox%3D&#039;0 0 720 510&#039;%2F%3E\" class=\"w-100 ld-lazyload wp-post-image\" alt=\"\" itemprop=\"image\" data-src=\"https:\/\/fundatiaregala.ro\/wp-content\/uploads\/frmr-program-generatii-centrul-comunitatii-720x510.jpg\" data-srcset=\"https:\/\/fundatiaregala.ro\/wp-content\/uploads\/frmr-program-generatii-centrul-comunitatii-720x510.jpg 720w, https:\/\/fundatiaregala.ro\/wp-content\/uploads\/frmr-program-generatii-centrul-comunitatii-18x12.jpg 18w\" data-sizes=\"(max-width: 720px) 100vw, 720px\" data-aspect=\"1.4117647058824\" \/><\/figure>\n\t<div class=\"lqd-lp-meta text-uppercase font-weight-bold pos-rel z-index-3\">\n\t\t<div><span class=\"screen-reader-text\">Tags <\/span><ul class=\"lqd-lp-cat lqd-lp-cat-shaped lqd-lp-cat-solid reset-ul inline-ul font-weight-bold text-uppercase ltr-sp-1\"><li><a class=\"lh-15 circle\" href=\"https:\/\/fundatiaregala.ro\/en\/category\/2021\/\" rel=\"category\">2021<\/a><\/li><\/ul><\/div>\t<\/div>\n\n<\/div>\n\n<header class=\"lqd-lp-header p-5\">\n\n\t<div class=\"lqd-lp-meta lqd-lp-meta-dot-between d-flex flex-wrap align-items-center text-uppercase ltr-sp-1 font-weight-bold\">\n\n\t\t<div class=\"lqd-lp-author pos-rel z-index-3\">\n\t\t\t<div class=\"lqd-lp-author-info\">\n\t\t\t\t<h3 class=\"mt-0 mb-0 h5\"><a href=\"https:\/\/fundatiaregala.ro\/en\/author\/administrator_frmr\/\">Administrator_FRMR<\/a><\/h3>\n\t\t\t<\/div>\n\t\t<\/div>\n\n\t\t<time class=\"lqd-lp-date pos-rel z-index-2\" datetime=\"2021-01-07T12:47:20+02:00\">07\/01\/2021<\/time>\n\t<\/div>\n\n\t<h2 class=\"entry-title lqd-lp-title mt-3 mb-0 h5\"><a  href=\"https:\/\/fundatiaregala.ro\/en\/programul-generatii-centrul-comunitatii-continua-in-4-centre-sociale-din-bucuresti-si-judetele-galati-si-covasna-seniorii-care-vor-sa-se-implice-in-comunitate-pot-deveni\/\" rel=\"bookmark\">The \"Generations \u2013 Community Center\" program continues in 4 social centers. Seniors who want to get involved in the community can become online mentors for children in the program<\/a><\/h2>\n<\/header>\n\n<a  href=\"https:\/\/fundatiaregala.ro\/en\/programul-generatii-centrul-comunitatii-continua-in-4-centre-sociale-din-bucuresti-si-judetele-galati-si-covasna-seniorii-care-vor-sa-se-implice-in-comunitate-pot-deveni\/\" class=\"lqd-lp-overlay-link lqd-overlay z-index-2\" tab-index=\"-1\"><\/a><\/article><\/div><div class=\"lqd-lp-column col-md-4 col-sm-6 2020 lqd-f-35 centrele-generatii lqd-f-37 comunicate lqd-f-33\"><article id=\"post-26274\" class=\"lqd-lp lqd-lp-style-6 lqd-lp-hover-img-zoom pos-rel round overflow-hidden post-26274 post type-post status-publish format-standard has-post-thumbnail hentry category-35 category-centrele-generatii category-comunicate\">\n<div class=\"lqd-lp-img overflow-hidden\">\n\n\t<figure><img decoding=\"async\" width=\"720\" height=\"510\" src=\"data:image\/svg+xml;charset=utf-8,%3Csvg xmlns%3D&#039;http%3A%2F%2Fwww.w3.org%2F2000%2Fsvg&#039; viewBox%3D&#039;0 0 720 510&#039;%2F%3E\" class=\"w-100 ld-lazyload wp-post-image\" alt=\"\" itemprop=\"image\" data-src=\"https:\/\/fundatiaregala.ro\/wp-content\/uploads\/frmr-seniori-voluntari-generatii-720x510.jpg\" data-aspect=\"1.4117647058824\" \/><\/figure>\n\t<div class=\"lqd-lp-meta text-uppercase font-weight-bold pos-rel z-index-3\">\n\t\t<div><span class=\"screen-reader-text\">Tags <\/span><ul class=\"lqd-lp-cat lqd-lp-cat-shaped lqd-lp-cat-solid reset-ul inline-ul font-weight-bold text-uppercase ltr-sp-1\"><li><a class=\"lh-15 circle\" href=\"https:\/\/fundatiaregala.ro\/en\/category\/2020\/\" rel=\"category\">2020<\/a><\/li><\/ul><\/div>\t<\/div>\n\n<\/div>\n\n<header class=\"lqd-lp-header p-5\">\n\n\t<div class=\"lqd-lp-meta lqd-lp-meta-dot-between d-flex flex-wrap align-items-center text-uppercase ltr-sp-1 font-weight-bold\">\n\n\t\t<div class=\"lqd-lp-author pos-rel z-index-3\">\n\t\t\t<div class=\"lqd-lp-author-info\">\n\t\t\t\t<h3 class=\"mt-0 mb-0 h5\"><a href=\"https:\/\/fundatiaregala.ro\/en\/author\/administrator_frmr\/\">Administrator_FRMR<\/a><\/h3>\n\t\t\t<\/div>\n\t\t<\/div>\n\n\t\t<time class=\"lqd-lp-date pos-rel z-index-2\" datetime=\"2020-10-06T13:34:35+02:00\">06\/10\/2020<\/time>\n\t<\/div>\n\n\t<h2 class=\"entry-title lqd-lp-title mt-3 mb-0 h5\"><a  href=\"https:\/\/fundatiaregala.ro\/en\/proiectul-generatii-a-fost-premiat-la-gala-societatii-civile-si-continua-cu-o-noua-editie-fundatia-regala-margareta-a-romaniei-si-hochland-romania-continua-programul-de-voluntariat\/\" rel=\"bookmark\">The \"Generations\" project was awarded at the Civil Society Gala and continues with a new edition. The Margareta of Romania Royal Foundation and Hochland Romania continue the volunteering program for seniors who want to get involved in the community<\/a><\/h2>\n<\/header>\n\n<a  href=\"https:\/\/fundatiaregala.ro\/en\/proiectul-generatii-a-fost-premiat-la-gala-societatii-civile-si-continua-cu-o-noua-editie-fundatia-regala-margareta-a-romaniei-si-hochland-romania-continua-programul-de-voluntariat\/\" class=\"lqd-lp-overlay-link lqd-overlay z-index-2\" tab-index=\"-1\"><\/a><\/article><\/div><div class=\"lqd-lp-column col-md-4 col-sm-6 2020 lqd-f-35 centrele-generatii lqd-f-37 comunicate lqd-f-33\"><article id=\"post-25443\" class=\"lqd-lp lqd-lp-style-6 lqd-lp-hover-img-zoom pos-rel round overflow-hidden post-25443 post type-post status-publish format-standard has-post-thumbnail hentry category-35 category-centrele-generatii category-comunicate\">\n<div class=\"lqd-lp-img overflow-hidden\">\n\n\t<figure><img decoding=\"async\" width=\"720\" height=\"510\" src=\"data:image\/svg+xml;charset=utf-8,%3Csvg xmlns%3D&#039;http%3A%2F%2Fwww.w3.org%2F2000%2Fsvg&#039; viewBox%3D&#039;0 0 720 510&#039;%2F%3E\" class=\"w-100 ld-lazyload wp-post-image\" alt=\"\" itemprop=\"image\" data-src=\"https:\/\/fundatiaregala.ro\/wp-content\/uploads\/frmr-seniori-voluntari-generatii-720x510.jpg\" data-aspect=\"1.4117647058824\" \/><\/figure>\n\t<div class=\"lqd-lp-meta text-uppercase font-weight-bold pos-rel z-index-3\">\n\t\t<div><span class=\"screen-reader-text\">Tags <\/span><ul class=\"lqd-lp-cat lqd-lp-cat-shaped lqd-lp-cat-solid reset-ul inline-ul font-weight-bold text-uppercase ltr-sp-1\"><li><a class=\"lh-15 circle\" href=\"https:\/\/fundatiaregala.ro\/en\/category\/2020\/\" rel=\"category\">2020<\/a><\/li><\/ul><\/div>\t<\/div>\n\n<\/div>\n\n<header class=\"lqd-lp-header p-5\">\n\n\t<div class=\"lqd-lp-meta lqd-lp-meta-dot-between d-flex flex-wrap align-items-center text-uppercase ltr-sp-1 font-weight-bold\">\n\n\t\t<div class=\"lqd-lp-author pos-rel z-index-3\">\n\t\t\t<div class=\"lqd-lp-author-info\">\n\t\t\t\t<h3 class=\"mt-0 mb-0 h5\"><a href=\"https:\/\/fundatiaregala.ro\/en\/author\/administrator_frmr\/\">Administrator_FRMR<\/a><\/h3>\n\t\t\t<\/div>\n\t\t<\/div>\n\n\t\t<time class=\"lqd-lp-date pos-rel z-index-2\" datetime=\"2020-02-18T10:44:54+02:00\">18\/02\/2020<\/time>\n\t<\/div>\n\n\t<h2 class=\"entry-title lqd-lp-title mt-3 mb-0 h5\"><a  href=\"https:\/\/fundatiaregala.ro\/en\/voluntariatul-o-solutie-pentru-varstnicii-care-se-simt-inutili-si-singuri\/\" rel=\"bookmark\">Volunteering, a solution for the elderly who feel useless and alone<\/a><\/h2>\n<\/header>\n\n<a  href=\"https:\/\/fundatiaregala.ro\/en\/voluntariatul-o-solutie-pentru-varstnicii-care-se-simt-inutili-si-singuri\/\" class=\"lqd-lp-overlay-link lqd-overlay z-index-2\" tab-index=\"-1\"><\/a><\/article><\/div><\/div><!--\/ .row --><\/div><!--\/ .lqd-lp-grid --><\/div><\/div><\/div><\/div><\/div><\/section><section class=\"vc_row liquid-row-shadowbox-69f43af992705\"><div class=\"ld-container container\"><div class=\"row ld-row ld-row-outer\"><div class=\"wpb_column vc_column_container vc_col-sm-12 liquid-column-69f43af992c3b\"><div class=\"vc_column-inner\" ><div class=\"wpb_wrapper\"  ><style>.ld_spacer_69f43af992ce3{height:50px;}<\/style>\n<div class=\"ld-empty-space ld_spacer_69f43af992ce3\"><\/div><\/div><\/div><\/div><\/div><\/div><\/section>","protected":false},"excerpt":{"rendered":"Bucure\u0219ti, 18 februarie 2020 Persoanele v\u00e2rstnice care doresc s\u0103 r\u0103m\u00e2n\u0103 active \u0219i s\u0103 \u00ee\u0219i asume un nou rol social pot face voluntariat pentru copiii vulnerabili care frecventeaz\u0103 centre sociale de tip \u0219coal\u0103 dup\u0103 \u0219coal\u0103 din mai multe jude\u021be din Rom\u00e2nia. Seniorii au ocazia s\u0103 \u00ee\u0219i valorifice experien\u021ba, pasiunea sau talentul pentru un anumit domeniu oferind [...]","protected":false},"author":1,"featured_media":0,"parent":0,"menu_order":0,"comment_status":"closed","ping_status":"closed","template":"","meta":{"footnotes":""},"class_list":["post-39260","page","type-page","status-publish","hentry"],"_links":{"self":[{"href":"https:\/\/fundatiaregala.ro\/en\/wp-json\/wp\/v2\/pages\/39260","targetHints":{"allow":["GET"]}}],"collection":[{"href":"https:\/\/fundatiaregala.ro\/en\/wp-json\/wp\/v2\/pages"}],"about":[{"href":"https:\/\/fundatiaregala.ro\/en\/wp-json\/wp\/v2\/types\/page"}],"author":[{"embeddable":true,"href":"https:\/\/fundatiaregala.ro\/en\/wp-json\/wp\/v2\/users\/1"}],"replies":[{"embeddable":true,"href":"https:\/\/fundatiaregala.ro\/en\/wp-json\/wp\/v2\/comments?post=39260"}],"version-history":[{"count":2,"href":"https:\/\/fundatiaregala.ro\/en\/wp-json\/wp\/v2\/pages\/39260\/revisions"}],"predecessor-version":[{"id":39263,"href":"https:\/\/fundatiaregala.ro\/en\/wp-json\/wp\/v2\/pages\/39260\/revisions\/39263"}],"wp:attachment":[{"href":"https:\/\/fundatiaregala.ro\/en\/wp-json\/wp\/v2\/media?parent=39260"}],"curies":[{"name":"wp","href":"https:\/\/api.w.org\/{rel}","templated":true}]}}