{"id":39267,"date":"2026-03-13T13:33:34","date_gmt":"2026-03-13T11:33:34","guid":{"rendered":"https:\/\/fundatiaregala.ro\/?page_id=39267"},"modified":"2026-03-13T13:33:34","modified_gmt":"2026-03-13T11:33:34","slug":"noutati-telefonul-varstnicului","status":"publish","type":"page","link":"https:\/\/fundatiaregala.ro\/en\/noutati-telefonul-varstnicului\/","title":{"rendered":"Nout\u0103\u021bi Telefonul V\u00e2rstnicului"},"content":{"rendered":"<section class=\"vc_row liquid-row-shadowbox-69f43cb9deee5\"><div class=\"ld-container container\"><div class=\"row ld-row ld-row-outer\"><div class=\"wpb_column vc_column_container vc_col-sm-12 text-center text-sm-center text-md-center text-lg-center liquid-column-69f43cb9df671\"><div class=\"vc_column-inner\" ><div class=\"wpb_wrapper\"  ><style>.ld_spacer_69f43cb9df71f{height:200px;}<\/style>\n<div class=\"ld-empty-space ld_spacer_69f43cb9df71f\"><\/div><style>.ld_fancy_heading_69f43cb9df90a h1{color:#262528;}.ld_fancy_heading_69f43cb9df90a .lqd-highlight-inner{height:0.275em!important;bottom:0px!important;}<\/style><div class=\"ld-fancy-heading text-center text-uppercase ld_fancy_heading_69f43cb9df90a\">\n\t<h1 class=\"ld-fh-element lqd-highlight-underline lqd-highlight-grow-left text-decoration-default\"   >  NEWS<\/h1><\/div><\/div><\/div><\/div><\/div><\/div><\/section><section class=\"vc_row liquid-row-shadowbox-69f43cb9dfe8c\"><div class=\"ld-container container\"><div class=\"row ld-row ld-row-outer\"><div class=\"wpb_column vc_column_container vc_col-sm-12 text-center text-sm-center text-md-center text-lg-center liquid-column-69f43cb9e0373\"><div class=\"vc_column-inner\" ><div class=\"wpb_wrapper\"  ><style>.ld_spacer_69f43cb9e0417{height:30px;}<\/style>\n<div class=\"ld-empty-space ld_spacer_69f43cb9e0417\"><\/div><style>.ld_fancy_heading_69f43cb9e05c6 h1{color:#262528;}.ld_fancy_heading_69f43cb9e05c6 .lqd-highlight-inner{height:0.275em!important;bottom:0px!important;}<\/style><div class=\"ld-fancy-heading text-center text-uppercase ld_fancy_heading_69f43cb9e05c6\">\n\t<h1 class=\"ld-fh-element lqd-highlight-underline lqd-highlight-grow-left text-decoration-default\"   >  THE ELDERLY HELPLINE<\/h1><\/div><\/div><\/div><\/div><\/div><\/div><\/section><section class=\"vc_row liquid-row-shadowbox-69f43cb9e0ad0\"><div class=\"ld-container container\"><div class=\"row ld-row ld-row-outer\"><div class=\"wpb_column vc_column_container vc_col-sm-12 liquid-column-69f43cb9e0f3a\"><div class=\"vc_column-inner\" ><div class=\"wpb_wrapper\"  ><style>.ld_spacer_69f43cb9e0fd6{height:50px;}<\/style>\n<div class=\"ld-empty-space ld_spacer_69f43cb9e0fd6\"><\/div><\/div><\/div><\/div><\/div><\/div><\/section><section class=\"vc_row liquid-row-shadowbox-69f43cb9e13d9\"><div class=\"ld-container container\"><div class=\"row ld-row ld-row-outer\"><div class=\"wpb_column vc_column_container vc_col-sm-12 liquid-column-69f43cb9e1870\"><div class=\"vc_column-inner\" ><div class=\"wpb_wrapper\"  ><style>.ld_blog_69f43cb9e1991 .lqd-lp-row{margin-inline-start:-15px;margin-inline-end:-15px;}.ld_blog_69f43cb9e1991 .lqd-lp-column{padding-inline-start:15px;padding-inline-end:15px;margin-bottom:30px;}.ld_blog_69f43cb9e1991 .lqd-lp .lqd-lp-title{margin-top:px !important;margin-bottom:px !important;}<\/style><div class=\"lqd-lp-grid ld_blog_69f43cb9e1991 lqd-1768558280693-618e7a6f-8469\">\r\n<div class=\"row\">\r\n\t<div class=\"col-md-12\">\t\t\t\t\t\r\n\t\t<div class=\"liquid-filter-items align-items-center\">\t\r\n\t\t\t<div class=\"liquid-filter-items\">\r\n\t\t\t\t\r\n\t\t\t\t\r\n\t\t\t\t<ul class=\"filter-list filter-list-inline       d-flex align-items-center hidden-xs hidden-sm\" id=\"lqd-1768558280693-106c9e56-a199\">\r\n\t\t\t\t\t<li class=\"active\" data-id=\"0\"><span>Toate<\/span><\/li>\r\n\t\t\t\t\t<li data-id=\"35\"><span>2020<\/span><\/li><li data-id=\"27\"><span>2021<\/span><\/li><li data-id=\"26\"><span>2022<\/span><\/li><li data-id=\"25\"><span>2023<\/span><\/li><li data-id=\"24\"><span>2024<\/span><\/li><li data-id=\"23\"><span>2025<\/span><\/li><li data-id=\"22\"><span>2026<\/span><\/li>\t\t\t\t<\/ul>\r\n\r\n\t\t\t\t<div class=\"lqd-filter-dropdown visible-xs visible-sm\" data-form-options='{ \"dropdownAppendTo\": \"self\" }'>\r\n\t\t\t\t\t<select name=\"lqd-filter-dropdown-lqd-1768558280693-106c9e56-a199\" id=\"lqd-filter-dropdown-lqd-1768558280693-106c9e56-a199\">\r\n\t\t\t\t\t\t<option selected data-filter=\"*\" value=\"*\">Toate<\/option>\r\n\t\t\t\t\t\t<option data-filter=\".lqd-f-\" value=\".lqd-f-\">2020<\/option><option data-filter=\".lqd-f-\" value=\".lqd-f-\">2021<\/option><option data-filter=\".lqd-f-\" value=\".lqd-f-\">2022<\/option><option data-filter=\".lqd-f-\" value=\".lqd-f-\">2023<\/option><option data-filter=\".lqd-f-\" value=\".lqd-f-\">2024<\/option><option data-filter=\".lqd-f-\" value=\".lqd-f-\">2025<\/option><option data-filter=\".lqd-f-\" value=\".lqd-f-\">2026<\/option>\t\t\t\t\t<\/select>\r\n\t\t\t\t<\/div>\r\n\t\t\t\t\t\r\n\t\t\t\t\t\t\t\t\t\r\n\t\t\t\t\t\r\n\t\t\t<\/div>\r\n\t\t<\/div>\r\n\t<\/div>\r\n<\/div><div class=\"lqd-lp-row row d-flex flex-wrap\" data-liquid-masonry=\"true\" data-masonry-options='{ \"filtersID\": \"#lqd-1768558280693-106c9e56-a199\",\"itemSelector\": \".lqd-lp-column\" }'><div class=\"lqd-lp-column col-md-4 col-sm-6 2026 lqd-f-22 comunicate lqd-f-33 telefonul-varstnicului lqd-f-38\"><article id=\"post-37173\" class=\"lqd-lp lqd-lp-style-6 lqd-lp-hover-img-zoom pos-rel round overflow-hidden post-37173 post type-post status-publish format-standard has-post-thumbnail hentry category-22 category-comunicate category-telefonul-varstnicului\">\n<div class=\"lqd-lp-img overflow-hidden\">\n\n\t<figure><img decoding=\"async\" width=\"720\" height=\"510\" src=\"https:\/\/fundatiaregala.ro\/wp-content\/uploads\/FRMR-telefonul-varstnicului-2-720x510.png\" class=\"w-100 wp-post-image\" alt=\"\" srcset=\"https:\/\/fundatiaregala.ro\/wp-content\/uploads\/FRMR-telefonul-varstnicului-2-720x510.png 720w, https:\/\/fundatiaregala.ro\/wp-content\/uploads\/FRMR-telefonul-varstnicului-2-18x12.png 18w\" sizes=\"(max-width: 720px) 100vw, 720px\" itemprop=\"image\" \/><\/figure>\n\t<div class=\"lqd-lp-meta text-uppercase font-weight-bold pos-rel z-index-3\">\n\t\t<div><span class=\"screen-reader-text\">Tags <\/span><ul class=\"lqd-lp-cat lqd-lp-cat-shaped lqd-lp-cat-solid reset-ul inline-ul font-weight-bold text-uppercase ltr-sp-1\"><li><a class=\"lh-15 circle\" href=\"https:\/\/fundatiaregala.ro\/en\/category\/2026\/\" rel=\"category\">2026<\/a><\/li><\/ul><\/div>\t<\/div>\n\n<\/div>\n\n<header class=\"lqd-lp-header p-5\">\n\n\t<div class=\"lqd-lp-meta lqd-lp-meta-dot-between d-flex flex-wrap align-items-center text-uppercase ltr-sp-1 font-weight-bold\">\n\n\t\t<div class=\"lqd-lp-author pos-rel z-index-3\">\n\t\t\t<div class=\"lqd-lp-author-info\">\n\t\t\t\t<h3 class=\"mt-0 mb-0 h5\"><a href=\"https:\/\/fundatiaregala.ro\/en\/author\/administrator_frmr\/\">Administrator_FRMR<\/a><\/h3>\n\t\t\t<\/div>\n\t\t<\/div>\n\n\t\t<time class=\"lqd-lp-date pos-rel z-index-2\" datetime=\"2026-01-21T13:43:39+02:00\">21\/01\/2026<\/time>\n\t<\/div>\n\n\t<h2 class=\"entry-title lqd-lp-title mt-3 mb-0 h5\"><a  href=\"https:\/\/fundatiaregala.ro\/en\/peste-11-600-de-apeluri-la-telefonul-varstnicului-in-2025-5-700-de-seniori-sprijiniti-la-nivel-national-statisticile-anului-2025\/\" rel=\"bookmark\">Over 11,600 calls to the Elderly Helpline in 2025. 5,700 elderly people supported nationwide. 2025 annual statistics  \u00a0<\/a><\/h2>\n<\/header>\n\n<a  href=\"https:\/\/fundatiaregala.ro\/en\/peste-11-600-de-apeluri-la-telefonul-varstnicului-in-2025-5-700-de-seniori-sprijiniti-la-nivel-national-statisticile-anului-2025\/\" class=\"lqd-lp-overlay-link lqd-overlay z-index-2\" tab-index=\"-1\"><\/a><\/article><\/div><div class=\"lqd-lp-column col-md-4 col-sm-6 2025 lqd-f-23 comunicate lqd-f-33 telefonul-varstnicului lqd-f-38\"><article id=\"post-35954\" class=\"lqd-lp lqd-lp-style-6 lqd-lp-hover-img-zoom pos-rel round overflow-hidden post-35954 post type-post status-publish format-standard has-post-thumbnail hentry category-23 category-comunicate category-telefonul-varstnicului\">\n<div class=\"lqd-lp-img overflow-hidden\">\n\n\t<figure><img decoding=\"async\" width=\"720\" height=\"510\" src=\"data:image\/svg+xml;charset=utf-8,%3Csvg xmlns%3D&#039;http%3A%2F%2Fwww.w3.org%2F2000%2Fsvg&#039; viewBox%3D&#039;0 0 720 510&#039;%2F%3E\" class=\"w-100 ld-lazyload wp-post-image\" alt=\"\" itemprop=\"image\" data-src=\"https:\/\/fundatiaregala.ro\/wp-content\/uploads\/FRMR-Infografic-Telefonul-Varstnicului-iunie-2025-pdf-720x510.jpg\" data-srcset=\"https:\/\/fundatiaregala.ro\/wp-content\/uploads\/FRMR-Infografic-Telefonul-Varstnicului-iunie-2025-pdf-720x510.jpg 720w, https:\/\/fundatiaregala.ro\/wp-content\/uploads\/FRMR-Infografic-Telefonul-Varstnicului-iunie-2025-pdf-300x212.jpg 300w, https:\/\/fundatiaregala.ro\/wp-content\/uploads\/FRMR-Infografic-Telefonul-Varstnicului-iunie-2025-pdf-1024x724.jpg 1024w, https:\/\/fundatiaregala.ro\/wp-content\/uploads\/FRMR-Infografic-Telefonul-Varstnicului-iunie-2025-pdf-18x12.jpg 18w\" data-sizes=\"(max-width: 720px) 100vw, 720px\" data-aspect=\"1.4117647058824\" \/><\/figure>\n\t<div class=\"lqd-lp-meta text-uppercase font-weight-bold pos-rel z-index-3\">\n\t\t<div><span class=\"screen-reader-text\">Tags <\/span><ul class=\"lqd-lp-cat lqd-lp-cat-shaped lqd-lp-cat-solid reset-ul inline-ul font-weight-bold text-uppercase ltr-sp-1\"><li><a class=\"lh-15 circle\" href=\"https:\/\/fundatiaregala.ro\/en\/category\/2025\/\" rel=\"category\">2025<\/a><\/li><\/ul><\/div>\t<\/div>\n\n<\/div>\n\n<header class=\"lqd-lp-header p-5\">\n\n\t<div class=\"lqd-lp-meta lqd-lp-meta-dot-between d-flex flex-wrap align-items-center text-uppercase ltr-sp-1 font-weight-bold\">\n\n\t\t<div class=\"lqd-lp-author pos-rel z-index-3\">\n\t\t\t<div class=\"lqd-lp-author-info\">\n\t\t\t\t<h3 class=\"mt-0 mb-0 h5\"><a href=\"https:\/\/fundatiaregala.ro\/en\/author\/administrator_frmr\/\">Administrator_FRMR<\/a><\/h3>\n\t\t\t<\/div>\n\t\t<\/div>\n\n\t\t<time class=\"lqd-lp-date pos-rel z-index-2\" datetime=\"2025-07-10T13:46:44+02:00\">10\/07\/2025<\/time>\n\t<\/div>\n\n\t<h2 class=\"entry-title lqd-lp-title mt-3 mb-0 h5\"><a  href=\"https:\/\/fundatiaregala.ro\/en\/telefonul-varstnicului-nevoile-seniorilor-din-romania-in-prima-jumatate-a-anului-2025\/\" rel=\"bookmark\">The Elderly Helpline \u2013 The needs of elderly people in Romania in the first half of 2025<\/a><\/h2>\n<\/header>\n\n<a  href=\"https:\/\/fundatiaregala.ro\/en\/telefonul-varstnicului-nevoile-seniorilor-din-romania-in-prima-jumatate-a-anului-2025\/\" class=\"lqd-lp-overlay-link lqd-overlay z-index-2\" tab-index=\"-1\"><\/a><\/article><\/div><div class=\"lqd-lp-column col-md-4 col-sm-6 2025 lqd-f-23 comunicate lqd-f-33 telefonul-varstnicului lqd-f-38\"><article id=\"post-35536\" class=\"lqd-lp lqd-lp-style-6 lqd-lp-hover-img-zoom pos-rel round overflow-hidden post-35536 post type-post status-publish format-standard has-post-thumbnail hentry category-23 category-comunicate category-telefonul-varstnicului\">\n<div class=\"lqd-lp-img overflow-hidden\">\n\n\t<figure><img decoding=\"async\" width=\"720\" height=\"510\" src=\"data:image\/svg+xml;charset=utf-8,%3Csvg xmlns%3D&#039;http%3A%2F%2Fwww.w3.org%2F2000%2Fsvg&#039; viewBox%3D&#039;0 0 720 510&#039;%2F%3E\" class=\"w-100 ld-lazyload wp-post-image\" alt=\"\" itemprop=\"image\" data-src=\"https:\/\/fundatiaregala.ro\/wp-content\/uploads\/frmr-Anunt-Asistent-Social-TelV_mai-2025-720x510.png\" data-aspect=\"1.4117647058824\" \/><\/figure>\n\t<div class=\"lqd-lp-meta text-uppercase font-weight-bold pos-rel z-index-3\">\n\t\t<div><span class=\"screen-reader-text\">Tags <\/span><ul class=\"lqd-lp-cat lqd-lp-cat-shaped lqd-lp-cat-solid reset-ul inline-ul font-weight-bold text-uppercase ltr-sp-1\"><li><a class=\"lh-15 circle\" href=\"https:\/\/fundatiaregala.ro\/en\/category\/2025\/\" rel=\"category\">2025<\/a><\/li><\/ul><\/div>\t<\/div>\n\n<\/div>\n\n<header class=\"lqd-lp-header p-5\">\n\n\t<div class=\"lqd-lp-meta lqd-lp-meta-dot-between d-flex flex-wrap align-items-center text-uppercase ltr-sp-1 font-weight-bold\">\n\n\t\t<div class=\"lqd-lp-author pos-rel z-index-3\">\n\t\t\t<div class=\"lqd-lp-author-info\">\n\t\t\t\t<h3 class=\"mt-0 mb-0 h5\"><a href=\"https:\/\/fundatiaregala.ro\/en\/author\/administrator_frmr\/\">Administrator_FRMR<\/a><\/h3>\n\t\t\t<\/div>\n\t\t<\/div>\n\n\t\t<time class=\"lqd-lp-date pos-rel z-index-2\" datetime=\"2025-05-15T13:30:24+02:00\">15\/05\/2025<\/time>\n\t<\/div>\n\n\t<h2 class=\"entry-title lqd-lp-title mt-3 mb-0 h5\"><a  href=\"https:\/\/fundatiaregala.ro\/en\/angajam-asistent-social-pentru-telefonul-varstnicului-la-bucuresti\/\" rel=\"bookmark\">We are hiring a Social Worker for the Elderly Helpline in Bucharest!<\/a><\/h2>\n<\/header>\n\n<a  href=\"https:\/\/fundatiaregala.ro\/en\/angajam-asistent-social-pentru-telefonul-varstnicului-la-bucuresti\/\" class=\"lqd-lp-overlay-link lqd-overlay z-index-2\" tab-index=\"-1\"><\/a><\/article><\/div><div class=\"lqd-lp-column col-md-4 col-sm-6 2025 lqd-f-23 comunicate lqd-f-33 telefonul-varstnicului lqd-f-38\"><article id=\"post-35128\" class=\"lqd-lp lqd-lp-style-6 lqd-lp-hover-img-zoom pos-rel round overflow-hidden post-35128 post type-post status-publish format-standard has-post-thumbnail hentry category-23 category-comunicate category-telefonul-varstnicului\">\n<div class=\"lqd-lp-img overflow-hidden\">\n\n\t<figure><img decoding=\"async\" width=\"720\" height=\"510\" src=\"data:image\/svg+xml;charset=utf-8,%3Csvg xmlns%3D&#039;http%3A%2F%2Fwww.w3.org%2F2000%2Fsvg&#039; viewBox%3D&#039;0 0 720 510&#039;%2F%3E\" class=\"w-100 ld-lazyload wp-post-image\" alt=\"\" itemprop=\"image\" data-src=\"https:\/\/fundatiaregala.ro\/wp-content\/uploads\/FRMR-JOB-Asistent-social-Tel-V-Presentation-43-720x510.jpg\" data-srcset=\"https:\/\/fundatiaregala.ro\/wp-content\/uploads\/FRMR-JOB-Asistent-social-Tel-V-Presentation-43-720x510.jpg 720w, https:\/\/fundatiaregala.ro\/wp-content\/uploads\/FRMR-JOB-Asistent-social-Tel-V-Presentation-43-300x212.jpg 300w, https:\/\/fundatiaregala.ro\/wp-content\/uploads\/FRMR-JOB-Asistent-social-Tel-V-Presentation-43-1024x724.jpg 1024w, https:\/\/fundatiaregala.ro\/wp-content\/uploads\/FRMR-JOB-Asistent-social-Tel-V-Presentation-43-18x12.jpg 18w, https:\/\/fundatiaregala.ro\/wp-content\/uploads\/FRMR-JOB-Asistent-social-Tel-V-Presentation-43.jpg 2000w\" data-sizes=\"(max-width: 720px) 100vw, 720px\" data-aspect=\"1.4117647058824\" \/><\/figure>\n\t<div class=\"lqd-lp-meta text-uppercase font-weight-bold pos-rel z-index-3\">\n\t\t<div><span class=\"screen-reader-text\">Tags <\/span><ul class=\"lqd-lp-cat lqd-lp-cat-shaped lqd-lp-cat-solid reset-ul inline-ul font-weight-bold text-uppercase ltr-sp-1\"><li><a class=\"lh-15 circle\" href=\"https:\/\/fundatiaregala.ro\/en\/category\/2025\/\" rel=\"category\">2025<\/a><\/li><\/ul><\/div>\t<\/div>\n\n<\/div>\n\n<header class=\"lqd-lp-header p-5\">\n\n\t<div class=\"lqd-lp-meta lqd-lp-meta-dot-between d-flex flex-wrap align-items-center text-uppercase ltr-sp-1 font-weight-bold\">\n\n\t\t<div class=\"lqd-lp-author pos-rel z-index-3\">\n\t\t\t<div class=\"lqd-lp-author-info\">\n\t\t\t\t<h3 class=\"mt-0 mb-0 h5\"><a href=\"https:\/\/fundatiaregala.ro\/en\/author\/administrator_frmr\/\">Administrator_FRMR<\/a><\/h3>\n\t\t\t<\/div>\n\t\t<\/div>\n\n\t\t<time class=\"lqd-lp-date pos-rel z-index-2\" datetime=\"2025-02-24T11:57:02+02:00\">24\/02\/2025<\/time>\n\t<\/div>\n\n\t<h2 class=\"entry-title lqd-lp-title mt-3 mb-0 h5\"><a  href=\"https:\/\/fundatiaregala.ro\/en\/angajam-asistent-social-la-telefonul-varstnicului-full-time-bucuresti\/\" rel=\"bookmark\">We are hiring a Social Worker for the Phone for Elderly People | full-time, Bucharest<\/a><\/h2>\n<\/header>\n\n<a  href=\"https:\/\/fundatiaregala.ro\/en\/angajam-asistent-social-la-telefonul-varstnicului-full-time-bucuresti\/\" class=\"lqd-lp-overlay-link lqd-overlay z-index-2\" tab-index=\"-1\"><\/a><\/article><\/div><div class=\"lqd-lp-column col-md-4 col-sm-6 2025 lqd-f-23 comunicate lqd-f-33 telefonul-varstnicului lqd-f-38\"><article id=\"post-35222\" class=\"lqd-lp lqd-lp-style-6 lqd-lp-hover-img-zoom pos-rel round overflow-hidden post-35222 post type-post status-publish format-standard has-post-thumbnail hentry category-23 category-comunicate category-telefonul-varstnicului\">\n<div class=\"lqd-lp-img overflow-hidden\">\n\n\t<figure><img decoding=\"async\" width=\"720\" height=\"510\" src=\"data:image\/svg+xml;charset=utf-8,%3Csvg xmlns%3D&#039;http%3A%2F%2Fwww.w3.org%2F2000%2Fsvg&#039; viewBox%3D&#039;0 0 720 510&#039;%2F%3E\" class=\"w-100 ld-lazyload wp-post-image\" alt=\"\" itemprop=\"image\" data-src=\"https:\/\/fundatiaregala.ro\/wp-content\/uploads\/FRMR-Telefonul-Varstnicului-2024-720x510.jpg\" data-srcset=\"https:\/\/fundatiaregala.ro\/wp-content\/uploads\/FRMR-Telefonul-Varstnicului-2024-720x510.jpg 720w, https:\/\/fundatiaregala.ro\/wp-content\/uploads\/FRMR-Telefonul-Varstnicului-2024-16x12.jpg 16w\" data-sizes=\"(max-width: 720px) 100vw, 720px\" data-aspect=\"1.4117647058824\" \/><\/figure>\n\t<div class=\"lqd-lp-meta text-uppercase font-weight-bold pos-rel z-index-3\">\n\t\t<div><span class=\"screen-reader-text\">Tags <\/span><ul class=\"lqd-lp-cat lqd-lp-cat-shaped lqd-lp-cat-solid reset-ul inline-ul font-weight-bold text-uppercase ltr-sp-1\"><li><a class=\"lh-15 circle\" href=\"https:\/\/fundatiaregala.ro\/en\/category\/2025\/\" rel=\"category\">2025<\/a><\/li><\/ul><\/div>\t<\/div>\n\n<\/div>\n\n<header class=\"lqd-lp-header p-5\">\n\n\t<div class=\"lqd-lp-meta lqd-lp-meta-dot-between d-flex flex-wrap align-items-center text-uppercase ltr-sp-1 font-weight-bold\">\n\n\t\t<div class=\"lqd-lp-author pos-rel z-index-3\">\n\t\t\t<div class=\"lqd-lp-author-info\">\n\t\t\t\t<h3 class=\"mt-0 mb-0 h5\"><a href=\"https:\/\/fundatiaregala.ro\/en\/author\/administrator_frmr\/\">Administrator_FRMR<\/a><\/h3>\n\t\t\t<\/div>\n\t\t<\/div>\n\n\t\t<time class=\"lqd-lp-date pos-rel z-index-2\" datetime=\"2025-01-23T13:52:15+02:00\">23\/01\/2025<\/time>\n\t<\/div>\n\n\t<h2 class=\"entry-title lqd-lp-title mt-3 mb-0 h5\"><a  href=\"https:\/\/fundatiaregala.ro\/en\/topul-nevoilor-apelantilor-la-telefonul-varstnicului-in-2024\/\" rel=\"bookmark\">Romania's Elderly, Between Loneliness and the Desire for Social Participation \u2013 Top Needs of Callers to the Elderly\u2019s Helpline in 2024<\/a><\/h2>\n<\/header>\n\n<a  href=\"https:\/\/fundatiaregala.ro\/en\/topul-nevoilor-apelantilor-la-telefonul-varstnicului-in-2024\/\" class=\"lqd-lp-overlay-link lqd-overlay z-index-2\" tab-index=\"-1\"><\/a><\/article><\/div><div class=\"lqd-lp-column col-md-4 col-sm-6 2024 lqd-f-24 comunicate lqd-f-33 telefonul-varstnicului lqd-f-38\"><article id=\"post-33746\" class=\"lqd-lp lqd-lp-style-6 lqd-lp-hover-img-zoom pos-rel round overflow-hidden post-33746 post type-post status-publish format-standard has-post-thumbnail hentry category-24 category-comunicate category-telefonul-varstnicului\">\n<div class=\"lqd-lp-img overflow-hidden\">\n\n\t<figure><img decoding=\"async\" width=\"720\" height=\"510\" src=\"data:image\/svg+xml;charset=utf-8,%3Csvg xmlns%3D&#039;http%3A%2F%2Fwww.w3.org%2F2000%2Fsvg&#039; viewBox%3D&#039;0 0 720 510&#039;%2F%3E\" class=\"w-100 ld-lazyload wp-post-image\" alt=\"\" itemprop=\"image\" data-src=\"https:\/\/fundatiaregala.ro\/wp-content\/uploads\/FRMR-100.000-convorbiri-Telefonul-Varstnicului-720x510.png\" data-srcset=\"https:\/\/fundatiaregala.ro\/wp-content\/uploads\/FRMR-100.000-convorbiri-Telefonul-Varstnicului-720x510.png 720w, https:\/\/fundatiaregala.ro\/wp-content\/uploads\/FRMR-100.000-convorbiri-Telefonul-Varstnicului-300x212.png 300w, https:\/\/fundatiaregala.ro\/wp-content\/uploads\/FRMR-100.000-convorbiri-Telefonul-Varstnicului-1024x724.png 1024w, https:\/\/fundatiaregala.ro\/wp-content\/uploads\/FRMR-100.000-convorbiri-Telefonul-Varstnicului-18x12.png 18w, https:\/\/fundatiaregala.ro\/wp-content\/uploads\/FRMR-100.000-convorbiri-Telefonul-Varstnicului.png 2000w\" data-sizes=\"(max-width: 720px) 100vw, 720px\" data-aspect=\"1.4117647058824\" \/><\/figure>\n\t<div class=\"lqd-lp-meta text-uppercase font-weight-bold pos-rel z-index-3\">\n\t\t<div><span class=\"screen-reader-text\">Tags <\/span><ul class=\"lqd-lp-cat lqd-lp-cat-shaped lqd-lp-cat-solid reset-ul inline-ul font-weight-bold text-uppercase ltr-sp-1\"><li><a class=\"lh-15 circle\" href=\"https:\/\/fundatiaregala.ro\/en\/category\/2024\/\" rel=\"category\">2024<\/a><\/li><\/ul><\/div>\t<\/div>\n\n<\/div>\n\n<header class=\"lqd-lp-header p-5\">\n\n\t<div class=\"lqd-lp-meta lqd-lp-meta-dot-between d-flex flex-wrap align-items-center text-uppercase ltr-sp-1 font-weight-bold\">\n\n\t\t<div class=\"lqd-lp-author pos-rel z-index-3\">\n\t\t\t<div class=\"lqd-lp-author-info\">\n\t\t\t\t<h3 class=\"mt-0 mb-0 h5\"><a href=\"https:\/\/fundatiaregala.ro\/en\/author\/administrator_frmr\/\">Administrator_FRMR<\/a><\/h3>\n\t\t\t<\/div>\n\t\t<\/div>\n\n\t\t<time class=\"lqd-lp-date pos-rel z-index-2\" datetime=\"2024-07-04T09:05:08+02:00\">04\/07\/2024<\/time>\n\t<\/div>\n\n\t<h2 class=\"entry-title lqd-lp-title mt-3 mb-0 h5\"><a  href=\"https:\/\/fundatiaregala.ro\/en\/100-000-de-convorbiri-la-telefonul-varstnicului-un-prieten-de-incredere-pentru-seniori\/\" rel=\"bookmark\">100,000 conversations at the Elderly's Phone \u2013 a trusted friend for elderly people<\/a><\/h2>\n<\/header>\n\n<a  href=\"https:\/\/fundatiaregala.ro\/en\/100-000-de-convorbiri-la-telefonul-varstnicului-un-prieten-de-incredere-pentru-seniori\/\" class=\"lqd-lp-overlay-link lqd-overlay z-index-2\" tab-index=\"-1\"><\/a><\/article><\/div><div class=\"lqd-lp-column col-md-4 col-sm-6 2024 lqd-f-24 comunicate lqd-f-33 telefonul-varstnicului lqd-f-38\"><article id=\"post-33159\" class=\"lqd-lp lqd-lp-style-6 lqd-lp-hover-img-zoom pos-rel round overflow-hidden post-33159 post type-post status-publish format-standard has-post-thumbnail hentry category-24 category-comunicate category-telefonul-varstnicului\">\n<div class=\"lqd-lp-img overflow-hidden\">\n\n\t<figure><img decoding=\"async\" width=\"720\" height=\"510\" src=\"data:image\/svg+xml;charset=utf-8,%3Csvg xmlns%3D&#039;http%3A%2F%2Fwww.w3.org%2F2000%2Fsvg&#039; viewBox%3D&#039;0 0 720 510&#039;%2F%3E\" class=\"w-100 ld-lazyload wp-post-image\" alt=\"\" itemprop=\"image\" data-src=\"https:\/\/fundatiaregala.ro\/wp-content\/uploads\/FRMR-Telefonul-Varstnicului-2024-1-720x510.jpg\" data-srcset=\"https:\/\/fundatiaregala.ro\/wp-content\/uploads\/FRMR-Telefonul-Varstnicului-2024-1-720x510.jpg 720w, https:\/\/fundatiaregala.ro\/wp-content\/uploads\/FRMR-Telefonul-Varstnicului-2024-1-16x12.jpg 16w\" data-sizes=\"(max-width: 720px) 100vw, 720px\" data-aspect=\"1.4117647058824\" \/><\/figure>\n\t<div class=\"lqd-lp-meta text-uppercase font-weight-bold pos-rel z-index-3\">\n\t\t<div><span class=\"screen-reader-text\">Tags <\/span><ul class=\"lqd-lp-cat lqd-lp-cat-shaped lqd-lp-cat-solid reset-ul inline-ul font-weight-bold text-uppercase ltr-sp-1\"><li><a class=\"lh-15 circle\" href=\"https:\/\/fundatiaregala.ro\/en\/category\/2024\/\" rel=\"category\">2024<\/a><\/li><\/ul><\/div>\t<\/div>\n\n<\/div>\n\n<header class=\"lqd-lp-header p-5\">\n\n\t<div class=\"lqd-lp-meta lqd-lp-meta-dot-between d-flex flex-wrap align-items-center text-uppercase ltr-sp-1 font-weight-bold\">\n\n\t\t<div class=\"lqd-lp-author pos-rel z-index-3\">\n\t\t\t<div class=\"lqd-lp-author-info\">\n\t\t\t\t<h3 class=\"mt-0 mb-0 h5\"><a href=\"https:\/\/fundatiaregala.ro\/en\/author\/administrator_frmr\/\">Administrator_FRMR<\/a><\/h3>\n\t\t\t<\/div>\n\t\t<\/div>\n\n\t\t<time class=\"lqd-lp-date pos-rel z-index-2\" datetime=\"2024-01-15T17:35:26+02:00\">15\/01\/2024<\/time>\n\t<\/div>\n\n\t<h2 class=\"entry-title lqd-lp-title mt-3 mb-0 h5\"><a  href=\"https:\/\/fundatiaregala.ro\/en\/telefonul-varstnicului-48-dintre-varstnici-nu-au-acces-la-informatii-esentiale-vietii-de-zi-cu-zi-iar-53-traiesc-singuri-2\/\" rel=\"bookmark\">The Elderly Helpline: 48% of elderly people do not have access to essential day-to-day information, and 53% live alone<\/a><\/h2>\n<\/header>\n\n<a  href=\"https:\/\/fundatiaregala.ro\/en\/telefonul-varstnicului-48-dintre-varstnici-nu-au-acces-la-informatii-esentiale-vietii-de-zi-cu-zi-iar-53-traiesc-singuri-2\/\" class=\"lqd-lp-overlay-link lqd-overlay z-index-2\" tab-index=\"-1\"><\/a><\/article><\/div><div class=\"lqd-lp-column col-md-4 col-sm-6 2023 lqd-f-25 comunicate lqd-f-33 telefonul-varstnicului lqd-f-38\"><article id=\"post-32058\" class=\"lqd-lp lqd-lp-style-6 lqd-lp-hover-img-zoom pos-rel round overflow-hidden post-32058 post type-post status-publish format-standard has-post-thumbnail hentry category-25 category-comunicate category-telefonul-varstnicului\">\n<div class=\"lqd-lp-img overflow-hidden\">\n\n\t<figure><img decoding=\"async\" width=\"720\" height=\"510\" src=\"data:image\/svg+xml;charset=utf-8,%3Csvg xmlns%3D&#039;http%3A%2F%2Fwww.w3.org%2F2000%2Fsvg&#039; viewBox%3D&#039;0 0 720 510&#039;%2F%3E\" class=\"w-100 ld-lazyload wp-post-image\" alt=\"\" itemprop=\"image\" data-src=\"https:\/\/fundatiaregala.ro\/wp-content\/uploads\/frmr-grafic-telefonul-varstnicului-720x510.png\" data-srcset=\"https:\/\/fundatiaregala.ro\/wp-content\/uploads\/frmr-grafic-telefonul-varstnicului-720x510.png 720w, https:\/\/fundatiaregala.ro\/wp-content\/uploads\/frmr-grafic-telefonul-varstnicului-16x12.png 16w\" data-sizes=\"(max-width: 720px) 100vw, 720px\" data-aspect=\"1.4117647058824\" \/><\/figure>\n\t<div class=\"lqd-lp-meta text-uppercase font-weight-bold pos-rel z-index-3\">\n\t\t<div><span class=\"screen-reader-text\">Tags <\/span><ul class=\"lqd-lp-cat lqd-lp-cat-shaped lqd-lp-cat-solid reset-ul inline-ul font-weight-bold text-uppercase ltr-sp-1\"><li><a class=\"lh-15 circle\" href=\"https:\/\/fundatiaregala.ro\/en\/category\/2023\/\" rel=\"category\">2023<\/a><\/li><\/ul><\/div>\t<\/div>\n\n<\/div>\n\n<header class=\"lqd-lp-header p-5\">\n\n\t<div class=\"lqd-lp-meta lqd-lp-meta-dot-between d-flex flex-wrap align-items-center text-uppercase ltr-sp-1 font-weight-bold\">\n\n\t\t<div class=\"lqd-lp-author pos-rel z-index-3\">\n\t\t\t<div class=\"lqd-lp-author-info\">\n\t\t\t\t<h3 class=\"mt-0 mb-0 h5\"><a href=\"https:\/\/fundatiaregala.ro\/en\/author\/administrator_frmr\/\">Administrator_FRMR<\/a><\/h3>\n\t\t\t<\/div>\n\t\t<\/div>\n\n\t\t<time class=\"lqd-lp-date pos-rel z-index-2\" datetime=\"2023-07-13T15:32:21+02:00\">13\/07\/2023<\/time>\n\t<\/div>\n\n\t<h2 class=\"entry-title lqd-lp-title mt-3 mb-0 h5\"><a  href=\"https:\/\/fundatiaregala.ro\/en\/telefonul-varstnicului-in-primul-semestru-2023-53-dintre-varstnicii-apelanti-locuiesc-singuri-iar-44-au-solicitat-informatii-esentiale-pentru-ei\/\" rel=\"bookmark\">The Elderly People\u2019s Helpline \u2013 First Semester 2023: 53% of callers live alone, and 44% requested essential information<\/a><\/h2>\n<\/header>\n\n<a  href=\"https:\/\/fundatiaregala.ro\/en\/telefonul-varstnicului-in-primul-semestru-2023-53-dintre-varstnicii-apelanti-locuiesc-singuri-iar-44-au-solicitat-informatii-esentiale-pentru-ei\/\" class=\"lqd-lp-overlay-link lqd-overlay z-index-2\" tab-index=\"-1\"><\/a><\/article><\/div><div class=\"lqd-lp-column col-md-4 col-sm-6 2021 lqd-f-27 comunicate lqd-f-33 telefonul-varstnicului lqd-f-38\"><article id=\"post-27903\" class=\"lqd-lp lqd-lp-style-6 lqd-lp-hover-img-zoom pos-rel round overflow-hidden post-27903 post type-post status-publish format-standard has-post-thumbnail hentry category-27 category-comunicate category-telefonul-varstnicului\">\n<div class=\"lqd-lp-img overflow-hidden\">\n\n\t<figure><img decoding=\"async\" width=\"720\" height=\"510\" src=\"data:image\/svg+xml;charset=utf-8,%3Csvg xmlns%3D&#039;http%3A%2F%2Fwww.w3.org%2F2000%2Fsvg&#039; viewBox%3D&#039;0 0 720 510&#039;%2F%3E\" class=\"w-100 ld-lazyload wp-post-image\" alt=\"\" itemprop=\"image\" data-src=\"https:\/\/fundatiaregala.ro\/wp-content\/uploads\/frmr-7500-convorbiri-telefonice-720x510.jpg\" data-srcset=\"https:\/\/fundatiaregala.ro\/wp-content\/uploads\/frmr-7500-convorbiri-telefonice-720x510.jpg 720w, https:\/\/fundatiaregala.ro\/wp-content\/uploads\/frmr-7500-convorbiri-telefonice-18x12.jpg 18w\" data-sizes=\"(max-width: 720px) 100vw, 720px\" data-aspect=\"1.4117647058824\" \/><\/figure>\n\t<div class=\"lqd-lp-meta text-uppercase font-weight-bold pos-rel z-index-3\">\n\t\t<div><span class=\"screen-reader-text\">Tags <\/span><ul class=\"lqd-lp-cat lqd-lp-cat-shaped lqd-lp-cat-solid reset-ul inline-ul font-weight-bold text-uppercase ltr-sp-1\"><li><a class=\"lh-15 circle\" href=\"https:\/\/fundatiaregala.ro\/en\/category\/2021\/\" rel=\"category\">2021<\/a><\/li><\/ul><\/div>\t<\/div>\n\n<\/div>\n\n<header class=\"lqd-lp-header p-5\">\n\n\t<div class=\"lqd-lp-meta lqd-lp-meta-dot-between d-flex flex-wrap align-items-center text-uppercase ltr-sp-1 font-weight-bold\">\n\n\t\t<div class=\"lqd-lp-author pos-rel z-index-3\">\n\t\t\t<div class=\"lqd-lp-author-info\">\n\t\t\t\t<h3 class=\"mt-0 mb-0 h5\"><a href=\"https:\/\/fundatiaregala.ro\/en\/author\/administrator_frmr\/\">Administrator_FRMR<\/a><\/h3>\n\t\t\t<\/div>\n\t\t<\/div>\n\n\t\t<time class=\"lqd-lp-date pos-rel z-index-2\" datetime=\"2021-07-13T09:02:43+02:00\">13\/07\/2021<\/time>\n\t<\/div>\n\n\t<h2 class=\"entry-title lqd-lp-title mt-3 mb-0 h5\"><a  href=\"https:\/\/fundatiaregala.ro\/en\/peste-7500-de-convorbiri-telefonice-si-aproape-1500-de-apelanti-unici-la-serviciul-social-telefonul-varstnicului-in-primele-sase-luni-ale-anului-2021\/\" rel=\"bookmark\">Over 7,500 Phone Calls and Nearly 1,500 Unique Callers to the Elderly Helpline in the First Six Months of 2021<\/a><\/h2>\n<\/header>\n\n<a  href=\"https:\/\/fundatiaregala.ro\/en\/peste-7500-de-convorbiri-telefonice-si-aproape-1500-de-apelanti-unici-la-serviciul-social-telefonul-varstnicului-in-primele-sase-luni-ale-anului-2021\/\" class=\"lqd-lp-overlay-link lqd-overlay z-index-2\" tab-index=\"-1\"><\/a><\/article><\/div><div class=\"lqd-lp-column col-md-4 col-sm-6 2021 lqd-f-27 comunicate lqd-f-33 telefonul-varstnicului lqd-f-38\"><article id=\"post-27712\" class=\"lqd-lp lqd-lp-style-6 lqd-lp-hover-img-zoom pos-rel round overflow-hidden post-27712 post type-post status-publish format-standard has-post-thumbnail hentry category-27 category-comunicate category-telefonul-varstnicului\">\n<div class=\"lqd-lp-img overflow-hidden\">\n\n\t<figure><img decoding=\"async\" width=\"720\" height=\"510\" src=\"data:image\/svg+xml;charset=utf-8,%3Csvg xmlns%3D&#039;http%3A%2F%2Fwww.w3.org%2F2000%2Fsvg&#039; viewBox%3D&#039;0 0 720 510&#039;%2F%3E\" class=\"w-100 ld-lazyload wp-post-image\" alt=\"\" itemprop=\"image\" data-src=\"https:\/\/fundatiaregala.ro\/wp-content\/uploads\/frmr-4000-persoane-au-apelat-la-telefonul-varstnicului-720x510.jpg\" data-srcset=\"https:\/\/fundatiaregala.ro\/wp-content\/uploads\/frmr-4000-persoane-au-apelat-la-telefonul-varstnicului-720x510.jpg 720w, https:\/\/fundatiaregala.ro\/wp-content\/uploads\/frmr-4000-persoane-au-apelat-la-telefonul-varstnicului-18x12.jpg 18w\" data-sizes=\"(max-width: 720px) 100vw, 720px\" data-aspect=\"1.4117647058824\" \/><\/figure>\n\t<div class=\"lqd-lp-meta text-uppercase font-weight-bold pos-rel z-index-3\">\n\t\t<div><span class=\"screen-reader-text\">Tags <\/span><ul class=\"lqd-lp-cat lqd-lp-cat-shaped lqd-lp-cat-solid reset-ul inline-ul font-weight-bold text-uppercase ltr-sp-1\"><li><a class=\"lh-15 circle\" href=\"https:\/\/fundatiaregala.ro\/en\/category\/2021\/\" rel=\"category\">2021<\/a><\/li><\/ul><\/div>\t<\/div>\n\n<\/div>\n\n<header class=\"lqd-lp-header p-5\">\n\n\t<div class=\"lqd-lp-meta lqd-lp-meta-dot-between d-flex flex-wrap align-items-center text-uppercase ltr-sp-1 font-weight-bold\">\n\n\t\t<div class=\"lqd-lp-author pos-rel z-index-3\">\n\t\t\t<div class=\"lqd-lp-author-info\">\n\t\t\t\t<h3 class=\"mt-0 mb-0 h5\"><a href=\"https:\/\/fundatiaregala.ro\/en\/author\/administrator_frmr\/\">Administrator_FRMR<\/a><\/h3>\n\t\t\t<\/div>\n\t\t<\/div>\n\n\t\t<time class=\"lqd-lp-date pos-rel z-index-2\" datetime=\"2021-04-26T12:06:31+02:00\">26\/04\/2021<\/time>\n\t<\/div>\n\n\t<h2 class=\"entry-title lqd-lp-title mt-3 mb-0 h5\"><a  href=\"https:\/\/fundatiaregala.ro\/en\/aproape-4000-de-persoane-au-apelat-telefonul-varstnicului-in-pandemie-pentru-consiliere-si-sprijin-material-sau-emotional\/\" rel=\"bookmark\">Nearly 4,000 people called The Elderly Phone during the pandemic for counseling and material or emotional support<\/a><\/h2>\n<\/header>\n\n<a  href=\"https:\/\/fundatiaregala.ro\/en\/aproape-4000-de-persoane-au-apelat-telefonul-varstnicului-in-pandemie-pentru-consiliere-si-sprijin-material-sau-emotional\/\" class=\"lqd-lp-overlay-link lqd-overlay z-index-2\" tab-index=\"-1\"><\/a><\/article><\/div><div class=\"lqd-lp-column col-md-4 col-sm-6 2021 lqd-f-27 comunicate lqd-f-33 telefonul-varstnicului lqd-f-38\"><article id=\"post-27193\" class=\"lqd-lp lqd-lp-style-6 lqd-lp-hover-img-zoom pos-rel round overflow-hidden post-27193 post type-post status-publish format-standard has-post-thumbnail hentry category-27 category-comunicate category-telefonul-varstnicului\">\n<div class=\"lqd-lp-img overflow-hidden\">\n\n\t<figure><img decoding=\"async\" width=\"720\" height=\"510\" src=\"data:image\/svg+xml;charset=utf-8,%3Csvg xmlns%3D&#039;http%3A%2F%2Fwww.w3.org%2F2000%2Fsvg&#039; viewBox%3D&#039;0 0 720 510&#039;%2F%3E\" class=\"w-100 ld-lazyload wp-post-image\" alt=\"\" itemprop=\"image\" data-src=\"https:\/\/fundatiaregala.ro\/wp-content\/uploads\/frmr-numar-record-articol-720x510.jpg\" data-srcset=\"https:\/\/fundatiaregala.ro\/wp-content\/uploads\/frmr-numar-record-articol-720x510.jpg 720w, https:\/\/fundatiaregala.ro\/wp-content\/uploads\/frmr-numar-record-articol-18x12.jpg 18w\" data-sizes=\"(max-width: 720px) 100vw, 720px\" data-aspect=\"1.4117647058824\" \/><\/figure>\n\t<div class=\"lqd-lp-meta text-uppercase font-weight-bold pos-rel z-index-3\">\n\t\t<div><span class=\"screen-reader-text\">Tags <\/span><ul class=\"lqd-lp-cat lqd-lp-cat-shaped lqd-lp-cat-solid reset-ul inline-ul font-weight-bold text-uppercase ltr-sp-1\"><li><a class=\"lh-15 circle\" href=\"https:\/\/fundatiaregala.ro\/en\/category\/2021\/\" rel=\"category\">2021<\/a><\/li><\/ul><\/div>\t<\/div>\n\n<\/div>\n\n<header class=\"lqd-lp-header p-5\">\n\n\t<div class=\"lqd-lp-meta lqd-lp-meta-dot-between d-flex flex-wrap align-items-center text-uppercase ltr-sp-1 font-weight-bold\">\n\n\t\t<div class=\"lqd-lp-author pos-rel z-index-3\">\n\t\t\t<div class=\"lqd-lp-author-info\">\n\t\t\t\t<h3 class=\"mt-0 mb-0 h5\"><a href=\"https:\/\/fundatiaregala.ro\/en\/author\/administrator_frmr\/\">Administrator_FRMR<\/a><\/h3>\n\t\t\t<\/div>\n\t\t<\/div>\n\n\t\t<time class=\"lqd-lp-date pos-rel z-index-2\" datetime=\"2021-02-04T11:48:41+02:00\">04\/02\/2021<\/time>\n\t<\/div>\n\n\t<h2 class=\"entry-title lqd-lp-title mt-3 mb-0 h5\"><a  href=\"https:\/\/fundatiaregala.ro\/en\/numar-record-de-convorbiri-telefonice-si-de-apelanti-la-telefonul-varstnicului-in-2020\/\" rel=\"bookmark\">Record number of phone calls and callers at the Elderly Helpline in 2020<\/a><\/h2>\n<\/header>\n\n<a  href=\"https:\/\/fundatiaregala.ro\/en\/numar-record-de-convorbiri-telefonice-si-de-apelanti-la-telefonul-varstnicului-in-2020\/\" class=\"lqd-lp-overlay-link lqd-overlay z-index-2\" tab-index=\"-1\"><\/a><\/article><\/div><div class=\"lqd-lp-column col-md-4 col-sm-6 2020 lqd-f-35 comunicate lqd-f-33 telefonul-varstnicului lqd-f-38\"><article id=\"post-26479\" class=\"lqd-lp lqd-lp-style-6 lqd-lp-hover-img-zoom pos-rel round overflow-hidden post-26479 post type-post status-publish format-standard has-post-thumbnail hentry category-35 category-comunicate category-telefonul-varstnicului\">\n<div class=\"lqd-lp-img overflow-hidden\">\n\n\t<figure><img decoding=\"async\" width=\"720\" height=\"510\" src=\"data:image\/svg+xml;charset=utf-8,%3Csvg xmlns%3D&#039;http%3A%2F%2Fwww.w3.org%2F2000%2Fsvg&#039; viewBox%3D&#039;0 0 720 510&#039;%2F%3E\" class=\"w-100 ld-lazyload wp-post-image\" alt=\"\" itemprop=\"image\" data-src=\"https:\/\/fundatiaregala.ro\/wp-content\/uploads\/frmr-top-nevoi-telefonul-varstnicului-720x510.jpg\" data-aspect=\"1.4117647058824\" \/><\/figure>\n\t<div class=\"lqd-lp-meta text-uppercase font-weight-bold pos-rel z-index-3\">\n\t\t<div><span class=\"screen-reader-text\">Tags <\/span><ul class=\"lqd-lp-cat lqd-lp-cat-shaped lqd-lp-cat-solid reset-ul inline-ul font-weight-bold text-uppercase ltr-sp-1\"><li><a class=\"lh-15 circle\" href=\"https:\/\/fundatiaregala.ro\/en\/category\/2020\/\" rel=\"category\">2020<\/a><\/li><\/ul><\/div>\t<\/div>\n\n<\/div>\n\n<header class=\"lqd-lp-header p-5\">\n\n\t<div class=\"lqd-lp-meta lqd-lp-meta-dot-between d-flex flex-wrap align-items-center text-uppercase ltr-sp-1 font-weight-bold\">\n\n\t\t<div class=\"lqd-lp-author pos-rel z-index-3\">\n\t\t\t<div class=\"lqd-lp-author-info\">\n\t\t\t\t<h3 class=\"mt-0 mb-0 h5\"><a href=\"https:\/\/fundatiaregala.ro\/en\/author\/administrator_frmr\/\">Administrator_FRMR<\/a><\/h3>\n\t\t\t<\/div>\n\t\t<\/div>\n\n\t\t<time class=\"lqd-lp-date pos-rel z-index-2\" datetime=\"2020-11-04T10:33:14+02:00\">04\/11\/2020<\/time>\n\t<\/div>\n\n\t<h2 class=\"entry-title lqd-lp-title mt-3 mb-0 h5\"><a  href=\"https:\/\/fundatiaregala.ro\/en\/topul-nevoilor-varstnicilor-din-romania-dupa-cinci-ani-de-functionare-a-programului-social-telefonul-varstnicului\/\" rel=\"bookmark\">Top needs of elderly people in Romania, after five years of the Elderly Helpline social program<\/a><\/h2>\n<\/header>\n\n<a  href=\"https:\/\/fundatiaregala.ro\/en\/topul-nevoilor-varstnicilor-din-romania-dupa-cinci-ani-de-functionare-a-programului-social-telefonul-varstnicului\/\" class=\"lqd-lp-overlay-link lqd-overlay z-index-2\" tab-index=\"-1\"><\/a><\/article><\/div><div class=\"lqd-lp-column col-md-4 col-sm-6 2020 lqd-f-35 comunicate lqd-f-33 telefonul-varstnicului lqd-f-38\"><article id=\"post-26033\" class=\"lqd-lp lqd-lp-style-6 lqd-lp-hover-img-zoom pos-rel round overflow-hidden post-26033 post type-post status-publish format-standard has-post-thumbnail hentry category-35 category-comunicate category-telefonul-varstnicului\">\n<div class=\"lqd-lp-img overflow-hidden\">\n\n\t<figure><img decoding=\"async\" width=\"720\" height=\"510\" src=\"data:image\/svg+xml;charset=utf-8,%3Csvg xmlns%3D&#039;http%3A%2F%2Fwww.w3.org%2F2000%2Fsvg&#039; viewBox%3D&#039;0 0 720 510&#039;%2F%3E\" class=\"w-100 ld-lazyload wp-post-image\" alt=\"\" itemprop=\"image\" data-src=\"https:\/\/fundatiaregala.ro\/wp-content\/uploads\/frmr-telefonul-varstnicului-releva-top-nevoi-seniori-720x510.jpg\" data-srcset=\"https:\/\/fundatiaregala.ro\/wp-content\/uploads\/frmr-telefonul-varstnicului-releva-top-nevoi-seniori-720x510.jpg 720w, https:\/\/fundatiaregala.ro\/wp-content\/uploads\/frmr-telefonul-varstnicului-releva-top-nevoi-seniori-18x12.jpg 18w\" data-sizes=\"(max-width: 720px) 100vw, 720px\" data-aspect=\"1.4117647058824\" \/><\/figure>\n\t<div class=\"lqd-lp-meta text-uppercase font-weight-bold pos-rel z-index-3\">\n\t\t<div><span class=\"screen-reader-text\">Tags <\/span><ul class=\"lqd-lp-cat lqd-lp-cat-shaped lqd-lp-cat-solid reset-ul inline-ul font-weight-bold text-uppercase ltr-sp-1\"><li><a class=\"lh-15 circle\" href=\"https:\/\/fundatiaregala.ro\/en\/category\/2020\/\" rel=\"category\">2020<\/a><\/li><\/ul><\/div>\t<\/div>\n\n<\/div>\n\n<header class=\"lqd-lp-header p-5\">\n\n\t<div class=\"lqd-lp-meta lqd-lp-meta-dot-between d-flex flex-wrap align-items-center text-uppercase ltr-sp-1 font-weight-bold\">\n\n\t\t<div class=\"lqd-lp-author pos-rel z-index-3\">\n\t\t\t<div class=\"lqd-lp-author-info\">\n\t\t\t\t<h3 class=\"mt-0 mb-0 h5\"><a href=\"https:\/\/fundatiaregala.ro\/en\/author\/administrator_frmr\/\">Administrator_FRMR<\/a><\/h3>\n\t\t\t<\/div>\n\t\t<\/div>\n\n\t\t<time class=\"lqd-lp-date pos-rel z-index-2\" datetime=\"2020-05-19T11:47:54+02:00\">19\/05\/2020<\/time>\n\t<\/div>\n\n\t<h2 class=\"entry-title lqd-lp-title mt-3 mb-0 h5\"><a  href=\"https:\/\/fundatiaregala.ro\/en\/telefonul-varstnicului-releva-topul-nevoilor-seniorilor-la-nivel-national-in-perioada-starii-de-urgenta\/\" rel=\"bookmark\">The Elderly Helpline highlights the top needs of elderly people at the national level during the state of emergency<\/a><\/h2>\n<\/header>\n\n<a  href=\"https:\/\/fundatiaregala.ro\/en\/telefonul-varstnicului-releva-topul-nevoilor-seniorilor-la-nivel-national-in-perioada-starii-de-urgenta\/\" class=\"lqd-lp-overlay-link lqd-overlay z-index-2\" tab-index=\"-1\"><\/a><\/article><\/div><div class=\"lqd-lp-column col-md-4 col-sm-6 2020 lqd-f-35 comunicate lqd-f-33 telefonul-varstnicului lqd-f-38\"><article id=\"post-25792\" class=\"lqd-lp lqd-lp-style-6 lqd-lp-hover-img-zoom pos-rel round overflow-hidden post-25792 post type-post status-publish format-standard has-post-thumbnail hentry category-35 category-comunicate category-telefonul-varstnicului\">\n<div class=\"lqd-lp-img overflow-hidden\">\n\n\t<figure><img decoding=\"async\" width=\"720\" height=\"438\" src=\"data:image\/svg+xml;charset=utf-8,%3Csvg xmlns%3D&#039;http%3A%2F%2Fwww.w3.org%2F2000%2Fsvg&#039; viewBox%3D&#039;0 0 720 438&#039;%2F%3E\" class=\"w-100 ld-lazyload wp-post-image\" alt=\"\" itemprop=\"image\" data-src=\"https:\/\/fundatiaregala.ro\/wp-content\/uploads\/frmr-telefonul-varstnicului-perioada-pandemiei-720x438.png\" data-aspect=\"1.6438356164384\" \/><\/figure>\n\t<div class=\"lqd-lp-meta text-uppercase font-weight-bold pos-rel z-index-3\">\n\t\t<div><span class=\"screen-reader-text\">Tags <\/span><ul class=\"lqd-lp-cat lqd-lp-cat-shaped lqd-lp-cat-solid reset-ul inline-ul font-weight-bold text-uppercase ltr-sp-1\"><li><a class=\"lh-15 circle\" href=\"https:\/\/fundatiaregala.ro\/en\/category\/2020\/\" rel=\"category\">2020<\/a><\/li><\/ul><\/div>\t<\/div>\n\n<\/div>\n\n<header class=\"lqd-lp-header p-5\">\n\n\t<div class=\"lqd-lp-meta lqd-lp-meta-dot-between d-flex flex-wrap align-items-center text-uppercase ltr-sp-1 font-weight-bold\">\n\n\t\t<div class=\"lqd-lp-author pos-rel z-index-3\">\n\t\t\t<div class=\"lqd-lp-author-info\">\n\t\t\t\t<h3 class=\"mt-0 mb-0 h5\"><a href=\"https:\/\/fundatiaregala.ro\/en\/author\/administrator_frmr\/\">Administrator_FRMR<\/a><\/h3>\n\t\t\t<\/div>\n\t\t<\/div>\n\n\t\t<time class=\"lqd-lp-date pos-rel z-index-2\" datetime=\"2020-04-08T17:50:09+02:00\">08\/04\/2020<\/time>\n\t<\/div>\n\n\t<h2 class=\"entry-title lqd-lp-title mt-3 mb-0 h5\"><a  href=\"https:\/\/fundatiaregala.ro\/en\/telefonul-varstnicului-inregistreaza-un-numar-record-de-solicitari-in-perioada-pandemiei\/\" rel=\"bookmark\">Elderly Helpline registers a record number of requests during the pandemic<\/a><\/h2>\n<\/header>\n\n<a  href=\"https:\/\/fundatiaregala.ro\/en\/telefonul-varstnicului-inregistreaza-un-numar-record-de-solicitari-in-perioada-pandemiei\/\" class=\"lqd-lp-overlay-link lqd-overlay z-index-2\" tab-index=\"-1\"><\/a><\/article><\/div><div class=\"lqd-lp-column col-md-4 col-sm-6 2020 lqd-f-35 comunicate lqd-f-33 telefonul-varstnicului lqd-f-38\"><article id=\"post-25623\" class=\"lqd-lp lqd-lp-style-6 lqd-lp-hover-img-zoom pos-rel round overflow-hidden post-25623 post type-post status-publish format-standard has-post-thumbnail hentry category-35 category-comunicate category-telefonul-varstnicului\">\n<div class=\"lqd-lp-img overflow-hidden\">\n\n\t<figure><img decoding=\"async\" width=\"720\" height=\"510\" src=\"data:image\/svg+xml;charset=utf-8,%3Csvg xmlns%3D&#039;http%3A%2F%2Fwww.w3.org%2F2000%2Fsvg&#039; viewBox%3D&#039;0 0 720 510&#039;%2F%3E\" class=\"w-100 ld-lazyload wp-post-image\" alt=\"\" itemprop=\"image\" data-src=\"https:\/\/fundatiaregala.ro\/wp-content\/uploads\/frmr-telefonul-varstnicului-coronavirus-720x510.png\" data-aspect=\"1.4117647058824\" \/><\/figure>\n\t<div class=\"lqd-lp-meta text-uppercase font-weight-bold pos-rel z-index-3\">\n\t\t<div><span class=\"screen-reader-text\">Tags <\/span><ul class=\"lqd-lp-cat lqd-lp-cat-shaped lqd-lp-cat-solid reset-ul inline-ul font-weight-bold text-uppercase ltr-sp-1\"><li><a class=\"lh-15 circle\" href=\"https:\/\/fundatiaregala.ro\/en\/category\/2020\/\" rel=\"category\">2020<\/a><\/li><\/ul><\/div>\t<\/div>\n\n<\/div>\n\n<header class=\"lqd-lp-header p-5\">\n\n\t<div class=\"lqd-lp-meta lqd-lp-meta-dot-between d-flex flex-wrap align-items-center text-uppercase ltr-sp-1 font-weight-bold\">\n\n\t\t<div class=\"lqd-lp-author pos-rel z-index-3\">\n\t\t\t<div class=\"lqd-lp-author-info\">\n\t\t\t\t<h3 class=\"mt-0 mb-0 h5\"><a href=\"https:\/\/fundatiaregala.ro\/en\/author\/administrator_frmr\/\">Administrator_FRMR<\/a><\/h3>\n\t\t\t<\/div>\n\t\t<\/div>\n\n\t\t<time class=\"lqd-lp-date pos-rel z-index-2\" datetime=\"2020-03-17T18:17:13+02:00\">17\/03\/2020<\/time>\n\t<\/div>\n\n\t<h2 class=\"entry-title lqd-lp-title mt-3 mb-0 h5\"><a  href=\"https:\/\/fundatiaregala.ro\/en\/telefonul-varstnicului-deschide-noi-servicii-in-contextul-crizei-determinate-de-coronavirus\/\" rel=\"bookmark\">Elderly Helpline launches new services in the context of the coronavirus crisis<\/a><\/h2>\n<\/header>\n\n<a  href=\"https:\/\/fundatiaregala.ro\/en\/telefonul-varstnicului-deschide-noi-servicii-in-contextul-crizei-determinate-de-coronavirus\/\" class=\"lqd-lp-overlay-link lqd-overlay z-index-2\" tab-index=\"-1\"><\/a><\/article><\/div><div class=\"lqd-lp-column col-md-4 col-sm-6 2020 lqd-f-35 comunicate lqd-f-33 telefonul-varstnicului lqd-f-38\"><article id=\"post-25251\" class=\"lqd-lp lqd-lp-style-6 lqd-lp-hover-img-zoom pos-rel round overflow-hidden post-25251 post type-post status-publish format-standard has-post-thumbnail hentry category-35 category-comunicate category-telefonul-varstnicului\">\n<div class=\"lqd-lp-img overflow-hidden\">\n\n\t<figure><img decoding=\"async\" width=\"720\" height=\"510\" src=\"data:image\/svg+xml;charset=utf-8,%3Csvg xmlns%3D&#039;http%3A%2F%2Fwww.w3.org%2F2000%2Fsvg&#039; viewBox%3D&#039;0 0 720 510&#039;%2F%3E\" class=\"w-100 ld-lazyload wp-post-image\" alt=\"\" itemprop=\"image\" data-src=\"https:\/\/fundatiaregala.ro\/wp-content\/uploads\/frmr-izolarea-varstnicilor-720x510.jpg\" data-aspect=\"1.4117647058824\" \/><\/figure>\n\t<div class=\"lqd-lp-meta text-uppercase font-weight-bold pos-rel z-index-3\">\n\t\t<div><span class=\"screen-reader-text\">Tags <\/span><ul class=\"lqd-lp-cat lqd-lp-cat-shaped lqd-lp-cat-solid reset-ul inline-ul font-weight-bold text-uppercase ltr-sp-1\"><li><a class=\"lh-15 circle\" href=\"https:\/\/fundatiaregala.ro\/en\/category\/2020\/\" rel=\"category\">2020<\/a><\/li><\/ul><\/div>\t<\/div>\n\n<\/div>\n\n<header class=\"lqd-lp-header p-5\">\n\n\t<div class=\"lqd-lp-meta lqd-lp-meta-dot-between d-flex flex-wrap align-items-center text-uppercase ltr-sp-1 font-weight-bold\">\n\n\t\t<div class=\"lqd-lp-author pos-rel z-index-3\">\n\t\t\t<div class=\"lqd-lp-author-info\">\n\t\t\t\t<h3 class=\"mt-0 mb-0 h5\"><a href=\"https:\/\/fundatiaregala.ro\/en\/author\/administrator_frmr\/\">Administrator_FRMR<\/a><\/h3>\n\t\t\t<\/div>\n\t\t<\/div>\n\n\t\t<time class=\"lqd-lp-date pos-rel z-index-2\" datetime=\"2020-01-27T10:31:53+02:00\">27\/01\/2020<\/time>\n\t<\/div>\n\n\t<h2 class=\"entry-title lqd-lp-title mt-3 mb-0 h5\"><a  href=\"https:\/\/fundatiaregala.ro\/en\/telefonul-varstnicului-semnaleaza-ca-izolarea-sociala-a-persoanelor-varstnice-devine-din-ce-in-ce-mai-pronuntata\/\" rel=\"bookmark\">Elderly Helpline signals that social isolation of elderly people is becoming increasingly pronounced<\/a><\/h2>\n<\/header>\n\n<a  href=\"https:\/\/fundatiaregala.ro\/en\/telefonul-varstnicului-semnaleaza-ca-izolarea-sociala-a-persoanelor-varstnice-devine-din-ce-in-ce-mai-pronuntata\/\" class=\"lqd-lp-overlay-link lqd-overlay z-index-2\" tab-index=\"-1\"><\/a><\/article><\/div><\/div><!--\/ .row --><\/div><!--\/ .lqd-lp-grid --><\/div><\/div><\/div><\/div><\/div><\/section><section class=\"vc_row liquid-row-shadowbox-69f43cba7c575\"><div class=\"ld-container container\"><div class=\"row ld-row ld-row-outer\"><div class=\"wpb_column vc_column_container vc_col-sm-12 liquid-column-69f43cba7cabe\"><div class=\"vc_column-inner\" ><div class=\"wpb_wrapper\"  ><style>.ld_spacer_69f43cba7cb6d{height:50px;}<\/style>\n<div class=\"ld-empty-space ld_spacer_69f43cba7cb6d\"><\/div><\/div><\/div><\/div><\/div><\/div><\/section>","protected":false},"excerpt":{"rendered":"Bucure\u0219ti, 27 ianuarie 2020 Telefonul V\u00e2rstnicului, prima linie telefonic\u0103 na\u021bional\u0103, gratuit\u0103 \u0219i confiden\u021bial\u0103 dedicat\u0103 seniorilor din Rom\u00e2nia, a \u00eenregistrat pe parcursul anului 2019 aproape 10.000 de apeluri, iar peste 1.200 de v\u00e2rstnici au fost beneficiari unici ai serviciilor de informare, consiliere sau socializare. Desf\u0103\u0219urat de Funda\u021bia Regal\u0103 Margareta a Rom\u00e2niei de patru ani, Telefonul V\u00e2rstnicului [...]","protected":false},"author":1,"featured_media":0,"parent":0,"menu_order":0,"comment_status":"closed","ping_status":"closed","template":"","meta":{"footnotes":""},"class_list":["post-39267","page","type-page","status-publish","hentry"],"_links":{"self":[{"href":"https:\/\/fundatiaregala.ro\/en\/wp-json\/wp\/v2\/pages\/39267","targetHints":{"allow":["GET"]}}],"collection":[{"href":"https:\/\/fundatiaregala.ro\/en\/wp-json\/wp\/v2\/pages"}],"about":[{"href":"https:\/\/fundatiaregala.ro\/en\/wp-json\/wp\/v2\/types\/page"}],"author":[{"embeddable":true,"href":"https:\/\/fundatiaregala.ro\/en\/wp-json\/wp\/v2\/users\/1"}],"replies":[{"embeddable":true,"href":"https:\/\/fundatiaregala.ro\/en\/wp-json\/wp\/v2\/comments?post=39267"}],"version-history":[{"count":3,"href":"https:\/\/fundatiaregala.ro\/en\/wp-json\/wp\/v2\/pages\/39267\/revisions"}],"predecessor-version":[{"id":39270,"href":"https:\/\/fundatiaregala.ro\/en\/wp-json\/wp\/v2\/pages\/39267\/revisions\/39270"}],"wp:attachment":[{"href":"https:\/\/fundatiaregala.ro\/en\/wp-json\/wp\/v2\/media?parent=39267"}],"curies":[{"name":"wp","href":"https:\/\/api.w.org\/{rel}","templated":true}]}}