{"id":8884,"date":"2026-01-16T12:25:32","date_gmt":"2026-01-16T12:25:32","guid":{"rendered":"https:\/\/fundatiaregala.ro\/?page_id=8884"},"modified":"2026-03-18T14:53:09","modified_gmt":"2026-03-18T12:53:09","slug":"majestatea-sa-margareta","status":"publish","type":"page","link":"https:\/\/fundatiaregala.ro\/en\/majestatea-sa-margareta\/","title":{"rendered":"Her Majesty Margareta"},"content":{"rendered":"<section data-bg-image=\"url\" class=\"vc_row vc_custom_1770021819195 liquid-row-shadowbox-69f43135b359a vc_row-has-fill vc_row-has-bg vc_column-gap-0\"><div class=\"ld-container container\"><div class=\"row ld-row ld-row-outer vc_row-o-content-middle vc_row-flex\"><div class=\"wpb_column vc_column_container vc_col-sm-12 liquid-column-69f43135b3e0d\"><div class=\"vc_column-inner\" ><div class=\"wpb_wrapper\"  ><style>.ld_spacer_69f43135b3f08{height:100px;}<\/style>\n<div class=\"ld-empty-space ld_spacer_69f43135b3f08\"><\/div><\/div><\/div><\/div><\/div><\/div><\/section><section data-bg-image=\"url\" class=\"vc_row vc_custom_1770021819195 liquid-row-shadowbox-69f43135b43db vc_row-has-fill vc_row-has-bg vc_column-gap-0\"><div class=\"ld-container container\"><div class=\"row ld-row ld-row-outer vc_row-o-content-middle vc_row-flex\"><div class=\"wpb_column vc_column_container vc_col-sm-6 liquid-column-69f43135b496a\"><div class=\"vc_column-inner\" ><div class=\"wpb_wrapper\"  ><style>.ld_spacer_69f43135b4a79{height:50px;}<\/style>\n<div class=\"ld-empty-space ld_spacer_69f43135b4a79\"><\/div>\n\t<div  class=\"wpb_single_image wpb_content_element vc_align_  liquid_vc_single_image-69f43135b5242\">\n\t\t\n\t\t<figure class=\"wpb_wrapper vc_figure\">\n\t\t\t<div class=\"vc_single_image-wrapper\"><img decoding=\"async\" width=\"1000\" height=\"871\" src=\"https:\/\/fundatiaregala.ro\/wp-content\/uploads\/Fundatia-Regala-Margareta-a-Romaniei-Majestatea-02.png\" class=\"vc_single_image-img attachment-full\" alt=\"\" title=\"Fundatia-Regala-Margareta-a-Romaniei-Majestatea-02\" srcset=\"https:\/\/fundatiaregala.ro\/wp-content\/uploads\/Fundatia-Regala-Margareta-a-Romaniei-Majestatea-02.png 1000w, https:\/\/fundatiaregala.ro\/wp-content\/uploads\/Fundatia-Regala-Margareta-a-Romaniei-Majestatea-02-300x261.png 300w, https:\/\/fundatiaregala.ro\/wp-content\/uploads\/Fundatia-Regala-Margareta-a-Romaniei-Majestatea-02-14x12.png 14w\" sizes=\"(max-width: 1000px) 100vw, 1000px\" itemprop=\"image\" \/><\/div>\n\t\t<\/figure>\n\t<\/div>\n<\/div><\/div><\/div><style>@media (min-width: 1200px) { .liquid-column-responsive-69f43135b577a > .vc_column-inner {margin-right:120px !important; margin-left:-120px !important;  }  } <\/style><div class=\"wpb_column vc_column_container vc_col-sm-6 liquid-column-69f43135b5778 liquid-column-responsive-69f43135b577a vc_col-has-fill\"><div class=\"vc_column-inner  vc_custom_1770021897735\" ><div class=\"wpb_wrapper\"  ><style>.ld_spacer_69f43135b58cf{height:50px;}<\/style>\n<div class=\"ld-empty-space ld_spacer_69f43135b58cf\"><\/div><style>.ld_fancy_heading_69f43135b5a93 h2{color:#262528;}.ld_fancy_heading_69f43135b5a93 .lqd-highlight-inner{height:0.275em!important;bottom:0px!important;}<\/style><div class=\"ld-fancy-heading text-left ld_fancy_heading_69f43135b5a93\">\n\t<h2 class=\"ld-fh-element lqd-highlight-underline lqd-highlight-grow-left text-decoration-default\"   >  HER MAJESTY MARGARETA<\/h2><\/div><style>.ld_fancy_heading_69f43135b5d74 h2{color:#262528;}.ld_fancy_heading_69f43135b5d74 .lqd-highlight-inner{height:0.275em!important;bottom:0px!important;}<\/style><div class=\"ld-fancy-heading text-left ld_fancy_heading_69f43135b5d74\">\n\t<h2 class=\"ld-fh-element lqd-highlight-underline lqd-highlight-grow-left text-decoration-default\"   >  CUSTODIAN OF THE ROMANIAN CROWN<\/h2><\/div><style>.ld_spacer_69f43135b5ef6{height:50px;}<\/style>\n<div class=\"ld-empty-space ld_spacer_69f43135b5ef6\"><\/div><\/div><\/div><\/div><\/div><\/div><\/section><section data-bg-image=\"url\" class=\"vc_row hidden-md hidden-lg vc_custom_1770023132132 liquid-row-shadowbox-69f43135b6339 vc_row-has-fill vc_row-has-bg vc_column-gap-0\"><div class=\"ld-container container\"><div class=\"row ld-row ld-row-outer vc_row-o-content-middle vc_row-flex\"><div class=\"wpb_column vc_column_container vc_col-sm-12 liquid-column-69f43135b6803\"><div class=\"vc_column-inner\" ><div class=\"wpb_wrapper\"  ><style>.ld_spacer_69f43135b689e{height:30px;}<\/style>\n<div class=\"ld-empty-space ld_spacer_69f43135b689e\"><\/div><\/div><\/div><\/div><\/div><\/div><\/section><section id=\"copilarie-departe\" style=\"background-position:right top !important;\" data-tooltip=\"Copil\u0103rie departe de \u021bar\u0103\" class=\"vc_row hidden-xs hidden-sm liquid-row-shadowbox-69f43135b6cb7 vc_column-gap-30 vc_row-o-full-height\"><div class=\"ld-container container-fluid\"><div class=\"row ld-row ld-row-outer vc_row-no-column-align\"><div class=\"wpb_column vc_column_container vc_col-sm-12 text-center text-sm-center text-md-center text-lg-center liquid-column-69f43135b7156\"><div class=\"vc_column-inner\" ><div class=\"wpb_wrapper\"  ><style>.ld_spacer_69f43135b71ed{height:150px;}<\/style>\n<div class=\"ld-empty-space ld_spacer_69f43135b71ed\"><\/div><\/div><\/div><\/div><\/div><\/div><\/section><style>@media (min-width: 1200px) { .liquid-row-responsive-69f43135b75e6 {padding-top:0px !important;  }  }    <\/style><section class=\"vc_row vc_custom_1770212094250 liquid-row-responsive-69f43135b75e6 liquid-row-shadowbox-69f43135b7604\"><div class=\"ld-container container\"><div class=\"row ld-row ld-row-outer\"><div class=\"wpb_column vc_column_container vc_col-sm-12 liquid-column-69f43135b7b31\"><div class=\"vc_column-inner\" ><div class=\"wpb_wrapper\"  ><div class=\"vc_row vc_inner vc_row-fluid hidden-md hidden-lg liquid-row-shadowbox-69f43135b7f1e\"><div class=\"ld-container container-fluid\"><div class=\"row ld-row ld-row-inner\"><div class=\"wpb_column vc_column_container vc_col-sm-12 liquid-column-69f43135b84a4\"><div class=\"vc_column-inner\" ><div class=\"wpb_wrapper\" ><style>.ld_spacer_69f43135b853e{height:80px;}<\/style>\n<div class=\"ld-empty-space ld_spacer_69f43135b853e\"><\/div><\/div><\/div><\/div><\/div><\/div><\/div><style>.ld_fancy_heading_69f43135b871d h1{color:#262528;}.ld_fancy_heading_69f43135b871d .lqd-highlight-inner{height:0.275em!important;bottom:0px!important;}<\/style><div class=\"ld-fancy-heading text-center text-capitalize ld_fancy_heading_69f43135b871d\">\n\t<h1 class=\"ld-fh-element lqd-highlight-underline lqd-highlight-grow-left text-decoration-default\"   >  A CHILDHOOD FAR FROM HOME<\/h1><\/div><style>.ld_spacer_69f43135b88bf{height:80px;}<\/style>\n<div class=\"ld-empty-space ld_spacer_69f43135b88bf\"><\/div><style>.ld_fancy_heading_69f43135b8a4f p{color:#262528;}.ld_fancy_heading_69f43135b8a4f .lqd-highlight-inner{height:0.275em!important;bottom:0px!important;}<\/style><div class=\"ld-fancy-heading ld_fancy_heading_69f43135b8a4f\">\n\t<p class=\"ld-fh-element lqd-highlight-underline lqd-highlight-grow-left text-decoration-default lqd-split-lines\"   data-split-text=\"true\" data-split-options='{\"type\":\"lines\"}'>  <\/p>\n<p style=\"text-align: justify\">Her Majesty Margareta, Custodian of the Romanian Crown, was born in Lausanne, Switzerland, on March 26, 1949. She is the eldest daughter of King Michael and Queen Anne of Romania. She was designated Crown Princess in 1997 and Custodian of the Romanian Crown in 2007. She was born in exile, after King Michael was forced to abdicate in 1947. She spent her early childhood years in the United Kingdom and Switzerland, enjoying a simple and happy upbringing, not very different from that of other children. She grew up surrounded by the affection of her parents, her grandmother Queen Mother Helen, and her four sisters: Elena, Irina, Sofia, and Maria. As a child, Her Majesty spent long periods in Italy with Queen Mother Helen and many holidays in Denmark with her maternal grandparents. Florence and Denmark would remain the places of her childhood to which she would always hold the fondest memories.<\/p>\n<p style=\"text-align: justify\">She learned about Romania from the stories told by her father and grandmother, and from photographs. She was deeply impressed each time by the solemnity of the New Year\u2019s message delivered by King Michael to the nation via Radio Free Europe. The first thing she learned in Romanian was the prayer \u201cOur Father\u201d, which King Michael recited to his daughters every evening before bedtime.<\/p>\n<p style=\"text-align: justify\">Her Majesty Margareta attended school in Italy and Switzerland, and later in the United Kingdom, at a boarding school. Returning to Switzerland at the age of 14, she enrolled at the French Lyc\u00e9e. Philosophy, she later recalled, was one of her favorite subjects during high school.<\/p>\n<p><\/p><\/div><style>.ld_spacer_69f43135b8c8d{height:80px;}<\/style>\n<div class=\"ld-empty-space ld_spacer_69f43135b8c8d\"><\/div><\/div><\/div><\/div><\/div><\/div><\/section><style>@media (min-width: 1200px) { .liquid-row-responsive-69f43135b90c5 {padding-top:0px !important;  }  }    <\/style><section class=\"vc_row vc_custom_1770212038083 liquid-row-responsive-69f43135b90c5 liquid-row-shadowbox-69f43135b90e4\"><div class=\"ld-container container\"><div class=\"row ld-row ld-row-outer\"><div class=\"wpb_column vc_column_container vc_col-sm-12 liquid-column-69f43135b9611\"><div class=\"vc_column-inner\" ><div class=\"wpb_wrapper\"  ><style>.ld_fancy_heading_69f43135b97bc h1{color:rgb(0, 0, 0);}.ld_fancy_heading_69f43135b97bc .lqd-highlight-inner{height:0.275em!important;bottom:0px!important;}<\/style><div class=\"ld-fancy-heading text-center ld_fancy_heading_69f43135b97bc\">\n\t<h1 class=\"ld-fh-element lqd-highlight-underline lqd-highlight-grow-left text-decoration-default\"   >  ITALY AND SCOTLAND - FINDING HER OWN PATH<\/h1><\/div><style>.ld_spacer_69f43135b9960{height:80px;}<\/style>\n<div class=\"ld-empty-space ld_spacer_69f43135b9960\"><\/div><style>.ld_fancy_heading_69f43135b9aef p{color:rgb(0, 0, 0);}.ld_fancy_heading_69f43135b9aef .lqd-highlight-inner{height:0.275em!important;bottom:0px!important;}<\/style><div class=\"ld-fancy-heading ld_fancy_heading_69f43135b9aef\">\n\t<p class=\"ld-fh-element lqd-highlight-underline lqd-highlight-grow-left text-decoration-default lqd-split-lines\"   data-split-text=\"true\" data-split-options='{\"type\":\"lines\"}'>  <\/p>\n<p style=\"text-align: justify\">After passing the French Baccalaureate, Her Majesty spent a year in Italy with her grandmother, Queen Helen, at her beautiful residence near Florence, Villa Sparta. \u201cI discovered an entire world with her,\u201d Her Majesty Margareta said of her beloved grandmother. \u201cQueen Helen was my spiritual guide, my mentor, my guiding star. She taught me much about life and opened my eyes to everything that is beautiful and good in the world.\u201d<\/p>\n<p style=\"text-align: justify\">Young, dynamic, beautiful, slightly rebellious and impulsive, Her Majesty Margareta learned from Queen Helen a refined appreciation for beauty, broadened her cultural horizons, and met remarkable people from her grandmother\u2019s circle: diplomats, artists, intellectuals, scientists, as well as ordinary people\u2014farmers and craftsmen. During her year in Italy, encouraged by Queen Helen, Her Majesty decided to attend university and pursue an international career within the United Nations.<\/p>\n<p style=\"text-align: justify\">She enrolled at the University of Edinburgh, Scotland, where in 1974 she obtained a Master of Arts degree in Sociology, Political Science, and International Public Law. Her student years were among the most beautiful of her life\u2014a time of independence and personal growth, marked by lasting friendships and enriching experiences. She fell deeply in love with Edinburgh and Scotland, to the point of jokingly declaring herself \u201can Honorary Scot.\u201d<\/p>\n<p><\/p><\/div><style>.ld_spacer_69f43135b9d21{height:80px;}<\/style>\n<div class=\"ld-empty-space ld_spacer_69f43135b9d21\"><\/div><\/div><\/div><\/div><\/div><\/div><\/section><style>@media (min-width: 1200px) { .liquid-row-responsive-69f43135ba15e {padding-top:0px !important;  }  }    <\/style><section class=\"vc_row vc_custom_1770211992460 liquid-row-responsive-69f43135ba15e liquid-row-shadowbox-69f43135ba17c\"><div class=\"ld-container container\"><div class=\"row ld-row ld-row-outer\"><div class=\"wpb_column vc_column_container vc_col-sm-12 liquid-column-69f43135ba643\"><div class=\"vc_column-inner\" ><div class=\"wpb_wrapper\"  ><style>.ld_fancy_heading_69f43135ba7e6 h1{color:#262528;}.ld_fancy_heading_69f43135ba7e6 .lqd-highlight-inner{height:0.275em!important;bottom:0px!important;}<\/style><div class=\"ld-fancy-heading text-center ld_fancy_heading_69f43135ba7e6\">\n\t<h1 class=\"ld-fh-element lqd-highlight-underline lqd-highlight-grow-left text-decoration-default\"   >  A SUCCESSFUL CAREER AT THE UNITED NATIONS<\/h1><\/div><style>.ld_spacer_69f43135ba978{height:80px;}<\/style>\n<div class=\"ld-empty-space ld_spacer_69f43135ba978\"><\/div><style>.ld_fancy_heading_69f43135bab09 p{color:#262528;}.ld_fancy_heading_69f43135bab09 .lqd-highlight-inner{height:0.275em!important;bottom:0px!important;}<\/style><div class=\"ld-fancy-heading ld_fancy_heading_69f43135bab09\">\n\t<p class=\"ld-fh-element lqd-highlight-underline lqd-highlight-grow-left text-decoration-default lqd-split-lines\"   data-split-text=\"true\" data-split-options='{\"type\":\"lines\"}'>  <\/p>\n<p style=\"text-align: justify\">Between 1974 and 1983, Margareta, Custodian of the Crown, worked as a researcher at several British universities, specializing in medical sociology and public health. She later joined United Nations agencies, primarily the World Health Organization (WHO) and the United Nations Population Fund (UNFPA). The public health projects she worked on took her across the world, to Africa and Latin America, where she encountered firsthand the suffering and hardships of disadvantaged communities. This experience marked the beginning of a lifelong path in the service of humanity.<\/p>\n<p style=\"text-align: justify\">After 12 years in Scotland, in 1983 she moved to Rome, Italy, where she obtained a position within the United Nations. She first worked at the Food and Agriculture Organization (FAO), addressing issues related to rural development. Three years later, she joined the International Fund for Agricultural Development (IFAD), where Margareta, Custodian of the Crown, was responsible for relations with non-governmental organizations and provided fundraising support for IFAD programs.<\/p>\n<p><\/p><\/div><style>.ld_spacer_69f43135bad18{height:80px;}<\/style>\n<div class=\"ld-empty-space ld_spacer_69f43135bad18\"><\/div><\/div><\/div><\/div><\/div><\/div><\/section><style>@media (min-width: 1200px) { .liquid-row-responsive-69f43135bb151 {padding-top:0px !important;  }  }    <\/style><section class=\"vc_row vc_custom_1770211975432 liquid-row-responsive-69f43135bb151 liquid-row-shadowbox-69f43135bb170\"><div class=\"ld-container container\"><div class=\"row ld-row ld-row-outer\"><div class=\"wpb_column vc_column_container vc_col-sm-12 liquid-column-69f43135bb665\"><div class=\"vc_column-inner  vc_custom_1770211954362\" ><div class=\"wpb_wrapper\"  ><style>.ld_fancy_heading_69f43135bb811 h1{color:#262528;}.ld_fancy_heading_69f43135bb811 h1 {margin-bottom:0px !important;  } .ld_fancy_heading_69f43135bb811 .lqd-highlight-inner{height:0.275em!important;bottom:0px!important;}.ld_fancy_heading_69f43135bb811 h1 {margin-bottom:0px !important;  } <\/style><div class=\"ld-fancy-heading text-center ld_fancy_heading_69f43135bb811\">\n\t<h1 class=\"ld-fh-element lqd-highlight-underline lqd-highlight-grow-left text-decoration-default\"   >  HER MAJESTY MARGARETA EMBRACES THE CAUSE OF ROMANIA<\/h1><\/div><style>.ld_spacer_69f43135bb9e6{height:80px;}<\/style>\n<div class=\"ld-empty-space ld_spacer_69f43135bb9e6\"><\/div><style>.ld_fancy_heading_69f43135bbb82 p{color:#262528;}.ld_fancy_heading_69f43135bbb82 .lqd-highlight-inner{height:0.275em!important;bottom:0px!important;}<\/style><div class=\"ld-fancy-heading ld_fancy_heading_69f43135bbb82\">\n\t<p class=\"ld-fh-element lqd-highlight-underline lqd-highlight-grow-left text-decoration-default lqd-split-lines\"   data-split-text=\"true\" data-split-options='{\"type\":\"lines\"}'>  <\/p>\n<p style=\"text-align: justify\">In August 1989, as it became evident that change was imminent in Eastern Europe, Her Majesty Margareta left the United Nations to dedicate herself fully to the cause of Romania, working alongside her father. January 18, 1990, and the emotion she felt when setting foot on Romanian soil for the first time\u2014on that \u201cpreviously forbidden planet\u201d that was, in fact, her own country\u2014would remain forever engraved in her memory. She would never forget the sadness she felt when visiting, together with her sister Sofia, orphanages and nursing homes in Romania, where children and older people lived in deplorable conditions.<\/p>\n<p style=\"text-align: justify\">Her response to these harsh realities was the Margareta of Romania Royal Foundation, a charitable organization she established in 1990 together with her father, King Michael. Through the Foundation, Her Majesty sought\u2014 with idealism and courage\u2014 to contribute to positive change in the lives of Romania\u2019s most vulnerable people: older adults, abandoned children, families in difficulty, while also offering additional opportunities to talented young people. In 2018, the Foundation celebrated 28 years of experience, good deeds, and successful projects, having helped tens of thousands of people and invested \u20ac12 million in Romania since 1990.<\/p>\n<p style=\"text-align: justify\">Throughout the 1990s, Her Majesty\u2019s main concerns included fundraising abroad for the Foundation and participating in numerous public events and engagements, often representing her father. In 1997 and 2002, Her Majesty Margareta accompanied the King on tours to many European countries, as well as to the United States and Canada, in support of Romania\u2019s integration into NATO.<\/p>\n<p style=\"text-align: justify\">In 1994, during a visit to one of the orphanages supported by the Foundation, Margareta, Custodian of the Crown, met Radu\u2014today Prince Radu of Romania\u2014who at the time was coordinating an art therapy project led by Ion Caramitru, with the support of the Royal Foundation. The two married in 1996 and spent the first years of their marriage between Romania, Switzerland, and other European countries, traveling to support the Foundation\u2019s projects, Romania\u2019s international diplomatic cause, and Prince Radu\u2019s artistic tours.<\/p>\n<p style=\"text-align: justify\">Since 2001, Her Majesty Margareta and Prince Radu have lived at Elisabeta Palace, carrying out their public engagements in the capital, across the country, and abroad, contributing to Romania\u2019s modernization, reconciliation with its past, and integration into the European and Atlantic family of nations.<\/p>\n<p style=\"text-align: justify\">In 2008, Her Majesty experienced two deeply emotional moments alongside her parents and Prince Radu: King Michael\u2019s return to Pele\u0219 Castle after 60 years, and the \u201cDiamond Wedding\u201d anniversary of King Michael and Queen Anne.<\/p>\n<p><\/p><\/div><style>.ld_spacer_69f43135bbdfc{height:80px;}<\/style>\n<div class=\"ld-empty-space ld_spacer_69f43135bbdfc\"><\/div><\/div><\/div><\/div><\/div><\/div><\/section><style>@media (min-width: 1200px) { .liquid-row-responsive-69f43135bc247 {padding-top:0px !important;  }  }    <\/style><section class=\"vc_row vc_custom_1770211940883 liquid-row-responsive-69f43135bc247 liquid-row-shadowbox-69f43135bc265\"><div class=\"ld-container container\"><div class=\"row ld-row ld-row-outer\"><div class=\"wpb_column vc_column_container vc_col-sm-12 liquid-column-69f43135bc733\"><div class=\"vc_column-inner\" ><div class=\"wpb_wrapper\"  ><style>.ld_fancy_heading_69f43135bc8cb h1{color:rgb(0, 0, 0);}.ld_fancy_heading_69f43135bc8cb h1 {margin-bottom:0px !important;  } .ld_fancy_heading_69f43135bc8cb .lqd-highlight-inner{height:0.275em!important;bottom:0px!important;}.ld_fancy_heading_69f43135bc8cb h1 {margin-bottom:0px !important;  } <\/style><div class=\"ld-fancy-heading text-center ld_fancy_heading_69f43135bc8cb\">\n\t<h1 class=\"ld-fh-element lqd-highlight-underline lqd-highlight-grow-left text-decoration-default\"   >  SOCIAL ENGAGEMENT<\/h1><\/div><style>.ld_spacer_69f43135bca6a{height:80px;}<\/style>\n<div class=\"ld-empty-space ld_spacer_69f43135bca6a\"><\/div><style>.ld_fancy_heading_69f43135bcbf6 p{color:rgb(0, 0, 0);}.ld_fancy_heading_69f43135bcbf6 .lqd-highlight-inner{height:0.275em!important;bottom:0px!important;}<\/style><div class=\"ld-fancy-heading ld_fancy_heading_69f43135bcbf6\">\n\t<p class=\"ld-fh-element lqd-highlight-underline lqd-highlight-grow-left text-decoration-default lqd-split-lines\"   data-split-text=\"true\" data-split-options='{\"type\":\"lines\"}'>  <\/p>\n<p style=\"text-align: justify\">Her Majesty Margareta is the President of The Margareta of Romania Royal Foundation, Honorary President of the Romanian Athletics Foundation, as well as President of the \u201cHouse of Her Majesty\u201d Association and the Royal Collection Foundation.<\/p>\n<p style=\"text-align: justify\">Her Majesty has granted High Patronage to the Romanian Red Cross Society, the Romanian Olympic and Sports Committee, the Romanian Rugby Federation, the Romanian Swimming and Modern Pentathlon Federation, the Romanian Rowing Federation, the Romanian Oin\u0103 Federation, the National Council of Students, the Logistic Battalion of the 17th Mechanized Brigade of the Republic of Poland, the \u201cDuke of Edinburgh International Award Romania\u201d organization, the Enescu Society in London, the Transylvania Fest Festival, the NEXT International Film Festival, the \u201cSighi\u0219oara Medieval\u0103\u201d Festival, the student professional competition \u201cAgronomiada\u201d, the Ro\u0219ia Montan\u0103 Cultural Foundation, the \u201cMark Twain\u201d International Theatre Festival for Children and Youth, the National Initiative \u201cLet\u2019s Do Good Deeds in Romania\u201d, the \u201cChristmas Lectures\u201d conference at the Romanian Athenaeum, the \u201cGrand Prix Nova\u201d International Radio Drama Festival, Transylvania College in Cluj, the \u201cKangaroo\u201d School Competitions, the annual \u201cPeople of the Year\u201d Gala, the Institute for the Investigation of Communist Crimes and the Memory of the Romanian Exile, the Romanian Cycling Federation, the National Museum of the Romanian Peasant, and the \u201cDimitrie Gusti\u201d National Village Museum.<\/p>\n<p style=\"text-align: justify\">Since June 2005, School No. 114 in Bucharest has borne her name. Her Majesty Margareta and Prince Radu offer eight royal scholarships: the \u201cKing Carol I\u201d Scholarship and the \u201cQueen Elisabeth\u201d Scholarship (annually, for two students of the Bucharest University of Economic Studies), the \u201cKing Ferdinand I\u201d Scholarship and the \u201cQueen Maria\u201d Scholarship (annually, for two students of the University of Chi\u0219in\u0103u), the \u201cKing Mihai I\u201d Scholarship and the \u201cQueen Ana\u201d Scholarship (annually, for two students of the University of Agronomic Sciences and Veterinary Medicine of Bucharest), and the \u201cKing Mihai I\u201d Scholarship and the \u201cQueen Ana\u201d Scholarship (annually, for two students of the State Agrarian University of Chi\u0219in\u0103u).<\/p>\n<p><\/p><\/div><style>.ld_spacer_69f43135bce0e{height:80px;}<\/style>\n<div class=\"ld-empty-space ld_spacer_69f43135bce0e\"><\/div><\/div><\/div><\/div><\/div><\/div><\/section><style>@media (min-width: 1200px) { .liquid-row-responsive-69f43135bd24e {padding-top:0px !important; padding-right:0px !important; padding-bottom:0px !important; padding-left:0px !important;  }  }    <\/style><section class=\"vc_row vc_custom_1770211916324 liquid-row-responsive-69f43135bd24e liquid-row-shadowbox-69f43135bd270\"><div class=\"ld-container container\"><div class=\"row ld-row ld-row-outer\"><div class=\"wpb_column vc_column_container vc_col-sm-12 liquid-column-69f43135bd728\"><div class=\"vc_column-inner\" ><div class=\"wpb_wrapper\"  ><style>.ld_fancy_heading_69f43135bd904 h1{color:#262528;}.ld_fancy_heading_69f43135bd904 h1 {margin-bottom:0px !important;  } .ld_fancy_heading_69f43135bd904 .lqd-highlight-inner{height:0.275em!important;bottom:0px!important;}.ld_fancy_heading_69f43135bd904 h1 {margin-bottom:0px !important;  } <\/style><div class=\"ld-fancy-heading text-center ld_fancy_heading_69f43135bd904\">\n\t<h1 class=\"ld-fh-element lqd-highlight-underline lqd-highlight-grow-left text-decoration-default\"   >  PERSONALITY<\/h1><\/div><style>.ld_spacer_69f43135bdaa5{height:80px;}<\/style>\n<div class=\"ld-empty-space ld_spacer_69f43135bdaa5\"><\/div><style>.ld_fancy_heading_69f43135bdc31 p{color:#262528;}.ld_fancy_heading_69f43135bdc31 .lqd-highlight-inner{height:0.275em!important;bottom:0px!important;}<\/style><div class=\"ld-fancy-heading ld_fancy_heading_69f43135bdc31\">\n\t<p class=\"ld-fh-element lqd-highlight-underline lqd-highlight-grow-left text-decoration-default lqd-split-lines\"   data-split-text=\"true\" data-split-options='{\"type\":\"lines\"}'>  <\/p>\n<p style=\"text-align: justify\">Her Majesty Margareta enjoys films, reading, photography, and good music. She loves animals and has a passion for interior decoration and Italian cuisine. She enjoys swimming and generally prefers summer sports. In her youth, she practiced horseback riding, tennis, and hockey. She is happiest when relaxed, and especially when surrounded by the people she loves.<\/p>\n<p style=\"text-align: justify\">She has lived and traveled in diverse countries and cultures, meeting people from all walks of life\u2014from world-renowned figures to ordinary individuals, whose spiritual richness she values equally. She appreciates people \u201cwho speak the truth, behave naturally, and do not seek to flatter.\u201d She dislikes those who always seek to control everything. A sense of humor is a quality she greatly values in others. Friendship, she says, \u201cis not chosen\u2014it simply happens, and it is very much like love.\u201d<\/p>\n<p><\/p><\/div><style>.ld_spacer_69f43135bde2d{height:80px;}<\/style>\n<div class=\"ld-empty-space ld_spacer_69f43135bde2d\"><\/div><\/div><\/div><\/div><\/div><\/div><\/section>","protected":false},"excerpt":{"rendered":"MAJESTATEA SA MARGARETA CUSTODELE COROANEI ROM\u00c2NE O COPIL\u0102RIE DEPARTE DE \u021aAR\u0102 Majestatea Sa Margareta, Custodele Coroanei rom\u00e2ne se na\u0219te la Lausanne, \u00een Elve\u021bia, pe 26 martie 1949. Este prima fiica a Regelui Mihai \u0219i a Reginei Ana ai Rom\u00e2niei. A fost desemnat\u0103 Principes\u0103 Mo\u0219tenitoare \u00een anul 1997 \u0219i Custodele Coroanei rom\u00e2ne \u00een anul 2007. S-a [...]","protected":false},"author":1,"featured_media":0,"parent":0,"menu_order":0,"comment_status":"closed","ping_status":"closed","template":"","meta":{"footnotes":""},"class_list":["post-8884","page","type-page","status-publish","hentry"],"_links":{"self":[{"href":"https:\/\/fundatiaregala.ro\/en\/wp-json\/wp\/v2\/pages\/8884","targetHints":{"allow":["GET"]}}],"collection":[{"href":"https:\/\/fundatiaregala.ro\/en\/wp-json\/wp\/v2\/pages"}],"about":[{"href":"https:\/\/fundatiaregala.ro\/en\/wp-json\/wp\/v2\/types\/page"}],"author":[{"embeddable":true,"href":"https:\/\/fundatiaregala.ro\/en\/wp-json\/wp\/v2\/users\/1"}],"replies":[{"embeddable":true,"href":"https:\/\/fundatiaregala.ro\/en\/wp-json\/wp\/v2\/comments?post=8884"}],"version-history":[{"count":91,"href":"https:\/\/fundatiaregala.ro\/en\/wp-json\/wp\/v2\/pages\/8884\/revisions"}],"predecessor-version":[{"id":39475,"href":"https:\/\/fundatiaregala.ro\/en\/wp-json\/wp\/v2\/pages\/8884\/revisions\/39475"}],"wp:attachment":[{"href":"https:\/\/fundatiaregala.ro\/en\/wp-json\/wp\/v2\/media?parent=8884"}],"curies":[{"name":"wp","href":"https:\/\/api.w.org\/{rel}","templated":true}]}}